{"version":"1.0","provider_name":"La Ruche industrielle","provider_url":"https:\/\/larucheindustrielle.fr\/fr\/","title":"\u00c9v\u00e8nement annuel 2023 : une journ\u00e9e pleine de promesses - La Ruche industrielle","type":"rich","width":600,"height":338,"html":"<blockquote class=\"wp-embedded-content\" data-secret=\"OMzVryv5mY\"><a href=\"https:\/\/larucheindustrielle.fr\/fr\/evenement-annuel-2023\/\">\u00c9v\u00e8nement annuel 2023 : une journ\u00e9e pleine de promesses<\/a><\/blockquote><iframe sandbox=\"allow-scripts\" security=\"restricted\" src=\"https:\/\/larucheindustrielle.fr\/fr\/evenement-annuel-2023\/embed\/#?secret=OMzVryv5mY\" width=\"600\" height=\"338\" title=\"\u00ab\u00a0\u00c9v\u00e8nement annuel 2023 : une journ\u00e9e pleine de promesses\u00a0\u00bb &#8212; La Ruche industrielle\" data-secret=\"OMzVryv5mY\" frameborder=\"0\" marginwidth=\"0\" marginheight=\"0\" scrolling=\"no\" class=\"wp-embedded-content\"><\/iframe><script type=\"text\/javascript\">\n\/* <![CDATA[ *\/\n\/*! This file is auto-generated *\/\n!function(d,l){\"use strict\";l.querySelector&&d.addEventListener&&\"undefined\"!=typeof URL&&(d.wp=d.wp||{},d.wp.receiveEmbedMessage||(d.wp.receiveEmbedMessage=function(e){var t=e.data;if((t||t.secret||t.message||t.value)&&!\/[^a-zA-Z0-9]\/.test(t.secret)){for(var s,r,n,a=l.querySelectorAll('iframe[data-secret=\"'+t.secret+'\"]'),o=l.querySelectorAll('blockquote[data-secret=\"'+t.secret+'\"]'),c=new RegExp(\"^https?:$\",\"i\"),i=0;i<o.length;i++)o[i].style.display=\"none\";for(i=0;i<a.length;i++)s=a[i],e.source===s.contentWindow&&(s.removeAttribute(\"style\"),\"height\"===t.message?(1e3<(r=parseInt(t.value,10))?r=1e3:~~r<200&&(r=200),s.height=r):\"link\"===t.message&&(r=new URL(s.getAttribute(\"src\")),n=new URL(t.value),c.test(n.protocol))&&n.host===r.host&&l.activeElement===s&&(d.top.location.href=t.value))}},d.addEventListener(\"message\",d.wp.receiveEmbedMessage,!1),l.addEventListener(\"DOMContentLoaded\",function(){for(var e,t,s=l.querySelectorAll(\"iframe.wp-embedded-content\"),r=0;r<s.length;r++)(t=(e=s[r]).getAttribute(\"data-secret\"))||(t=Math.random().toString(36).substring(2,12),e.src+=\"#?secret=\"+t,e.setAttribute(\"data-secret\",t)),e.contentWindow.postMessage({message:\"ready\",secret:t},\"*\")},!1)))}(window,document);\n\/\/# sourceURL=https:\/\/larucheindustrielle.fr\/wp-includes\/js\/wp-embed.min.js\n\/* ]]> *\/\n<\/script>\n","thumbnail_url":"https:\/\/larucheindustrielle.fr\/wp-content\/uploads\/2023\/06\/La-ruche-industrielle-evenement.jpg","thumbnail_width":1920,"thumbnail_height":1280,"description":"La Ruche Industrielle \u00e9tait en effervescence jeudi 22 juin pour son \u00e9v\u00e8nement annuel avec un programme cousu main pour ses adh\u00e9rents. Une journ\u00e9e pour rassembler la communaut\u00e9 des industriels qui jouent collectif pour construire l\u2019industrie de demain ! 300 personnes des 17 entreprises\/organisations membres et des partenaires \u00e9taient pr\u00e9sents. Retour en images et en vid\u00e9o sur les temps forts."}