{"id":10208,"date":"2026-04-01T11:27:05","date_gmt":"2026-04-01T09:27:05","guid":{"rendered":"https:\/\/larucheindustrielle.fr\/fr\/?post_type=evenement&#038;p=10208"},"modified":"2026-04-23T14:45:30","modified_gmt":"2026-04-23T12:45:30","slug":"attire-un-talent-2026","status":"publish","type":"evenement","link":"https:\/\/larucheindustrielle.fr\/fr\/evenement\/attire-un-talent-2026\/","title":{"rendered":"#AttireUnTalent :  Captez, Engagez, Fid\u00e9lisez !"},"content":{"rendered":"<h5><strong><img loading=\"lazy\" decoding=\"async\" class=\"aligncenter wp-image-10358 size-large\" src=\"https:\/\/larucheindustrielle.fr\/wp-content\/uploads\/2026\/04\/Banniere-Attire-un-Talent-1024x203.png\" alt=\"\" width=\"1024\" height=\"203\" srcset=\"https:\/\/larucheindustrielle.fr\/wp-content\/uploads\/2026\/04\/Banniere-Attire-un-Talent-980x194.png 980w, https:\/\/larucheindustrielle.fr\/wp-content\/uploads\/2026\/04\/Banniere-Attire-un-Talent-480x95.png 480w\" sizes=\"(min-width: 0px) and (max-width: 480px) 480px, (min-width: 481px) and (max-width: 980px) 980px, (min-width: 981px) 1024px, 100vw\" \/><\/strong><\/h5>\n<h5><\/h5>\n<h5><strong>Un \u00e9v\u00e9nement d\u00e9di\u00e9 aux dirigeants, DRH et managers organis\u00e9 en partenariat Apec \/ La Ruche Industrielle<\/strong><\/h5>\n<p>Les entreprises font actuellement face \u00e0 plusieurs d\u00e9fis : tensions persistantes sur le recrutement, attentes des collaborateurs qui \u00e9voluent, transformations \u00e9conomiques et organisationnelles.\u00a0Aujourd\u2019hui, les entreprises doivent agir sur trois leviers essentiels :<\/p>\n<ul>\n<li><b>Capter<\/b> les talents : Comment attirer les talents dans un march\u00e9 sous tension ?<\/li>\n<li><b>Engager<\/b> les collaborateurs : Comment maintenir l\u2019engagement des \u00e9quipes ?<\/li>\n<li><b>Fid\u00e9liser<\/b> dans la dur\u00e9e :Comment donner envie aux collaborateurs de rester et de se projeter ?<\/li>\n<\/ul>\n<p>&nbsp;<\/p>\n<p><b>Au programme :<\/b><\/p>\n<p>A partir de 8h30 : Accueil des participants<\/p>\n<p>9h : Mots de bienvenue des organisateurs, APEC Auvergne Rh\u00f4ne-Alpes et La Ruche Industrielle<br \/>\nConf\u00e9rence d&rsquo;ouverture (speaker \u00e0 venir)<\/p>\n<p>10h : Tables rondes th\u00e9matiques<\/p>\n<ul>\n<li><strong>Transparence des r\u00e9mun\u00e9rations<br \/>\n<\/strong>La transparence des r\u00e9mun\u00e9rations n\u2019est plus un sujet th\u00e9orique. Entre cadre juridique, \u00e9volution des obligations et pr\u00e9paration op\u00e9rationnelle, cette table ronde aidera les entreprises \u00e0 comprendre ce qui arrive et \u00e0 engager d\u00e8s maintenant les premi\u00e8res actions concr\u00e8tes.<\/li>\n<li><strong>IA &amp; RH : quels usages utiles aujourd\u2019hui, quelles r\u00e8gles poser, quelle place laisser \u00e0 l\u2019humain ?<br \/>\n<\/strong>L\u2019IA s\u2019invite d\u00e9j\u00e0 dans les pratiques RH. L\u2019enjeu n\u2019est plus seulement de tester des outils, mais de savoir o\u00f9 ils sont utiles, quelles r\u00e8gles poser et comment garder une d\u00e9cision RH ma\u00eetris\u00e9e, conforme et humaine.<\/li>\n<li><strong>Fid\u00e9lisation &amp; management<br \/>\n<\/strong>Face \u00e0 l\u2019\u00e9volution du rapport au travail, fid\u00e9liser suppose de faire \u00e9voluer le management. Cette table ronde permettra d\u2019identifier des leviers concrets pour renforcer l\u2019engagement, la qualit\u00e9 de la relation manag\u00e9riale et la fid\u00e9lisation des \u00e9quipes.<\/li>\n<\/ul>\n<p>A partir de 12h30 : Temps d&rsquo;\u00e9changes, rencontres\/stands partenaires, networking<\/p>\n<p>14h : Fin de l\u2019\u00e9v\u00e8nement<\/p>\n<p><strong>Informations pratiques :<\/strong><\/p>\n<ul>\n<li>\u00c9v\u00e8nement gratuit sur inscription (lien d&rsquo;inscription \u00e0 venir)<\/li>\n<li>Informations compl\u00e9mentaires aupr\u00e8s de Doreen VIALA, Office Manager : <a href=\"mailto:doreen.viala@larucheindustrielle.fr\" target=\"_blank\" rel=\"noopener\">doreen.viala@larucheindustrielle.fr<\/a><\/li>\n<\/ul>\n<p><a href=\"https:\/\/larucheindustrielle.fr\/fr\/acces\/\"><img loading=\"lazy\" decoding=\"async\" class=\"wp-image-8584 aligncenter\" src=\"https:\/\/larucheindustrielle.fr\/wp-content\/uploads\/2025\/03\/Mobilite-douce-visuel.png\" alt=\"\" width=\"615\" height=\"462\" \/><\/a><\/p>\n","protected":false},"excerpt":{"rendered":"<p>Un \u00e9v\u00e9nement d\u00e9di\u00e9 aux dirigeants, DRH et managers de PME et organis\u00e9 en partenariat Apec \/ La Ruche Industrielle <\/p>\n","protected":false},"featured_media":9276,"template":"","meta":{"_acf_changed":false,"_et_pb_use_builder":"","_et_pb_old_content":"","_et_gb_content_width":""},"categories":[14],"tags":[37],"class_list":["post-10208","evenement","type-evenement","status-publish","has-post-thumbnail","hentry","category-prochainement","tag-evenement-ouvert-a-tous"],"acf":[],"yoast_head":"<!-- This site is optimized with the Yoast SEO plugin v27.4 - https:\/\/yoast.com\/product\/yoast-seo-wordpress\/ -->\n<title>#AttireUnTalent : Captez, Engagez, Fid\u00e9lisez ! - La Ruche industrielle<\/title>\n<meta name=\"robots\" content=\"index, follow, max-snippet:-1, max-image-preview:large, max-video-preview:-1\" \/>\n<link rel=\"canonical\" href=\"https:\/\/larucheindustrielle.fr\/fr\/evenement\/attire-un-talent-2026\/\" \/>\n<meta property=\"og:locale\" content=\"fr_FR\" \/>\n<meta property=\"og:type\" content=\"article\" \/>\n<meta property=\"og:title\" content=\"#AttireUnTalent : Captez, Engagez, Fid\u00e9lisez ! - La Ruche industrielle\" \/>\n<meta property=\"og:description\" content=\"Un \u00e9v\u00e9nement d\u00e9di\u00e9 aux dirigeants, DRH et managers de PME et organis\u00e9 en partenariat Apec \/ La Ruche Industrielle\" \/>\n<meta property=\"og:url\" content=\"https:\/\/larucheindustrielle.fr\/fr\/evenement\/attire-un-talent-2026\/\" \/>\n<meta property=\"og:site_name\" content=\"La Ruche industrielle\" \/>\n<meta property=\"article:modified_time\" content=\"2026-04-23T12:45:30+00:00\" \/>\n<meta property=\"og:image\" content=\"https:\/\/larucheindustrielle.fr\/wp-content\/uploads\/2025\/11\/085C3FD3-45D9-49C5-AB67-15967E2D82AE_1_105_c.jpeg\" \/>\n\t<meta property=\"og:image:width\" content=\"1024\" \/>\n\t<meta property=\"og:image:height\" content=\"768\" \/>\n\t<meta property=\"og:image:type\" content=\"image\/jpeg\" \/>\n<meta name=\"twitter:card\" content=\"summary_large_image\" \/>\n<meta name=\"twitter:site\" content=\"@LaRucheIndus\" \/>\n<meta name=\"twitter:label1\" content=\"Dur\u00e9e de lecture estim\u00e9e\" \/>\n\t<meta name=\"twitter:data1\" content=\"2 minutes\" \/>\n<script type=\"application\/ld+json\" class=\"yoast-schema-graph\">{\"@context\":\"https:\\\/\\\/schema.org\",\"@graph\":[{\"@type\":\"WebPage\",\"@id\":\"https:\\\/\\\/larucheindustrielle.fr\\\/fr\\\/evenement\\\/attire-un-talent-2026\\\/\",\"url\":\"https:\\\/\\\/larucheindustrielle.fr\\\/fr\\\/evenement\\\/attire-un-talent-2026\\\/\",\"name\":\"#AttireUnTalent : Captez, Engagez, Fid\u00e9lisez ! - La Ruche industrielle\",\"isPartOf\":{\"@id\":\"https:\\\/\\\/larucheindustrielle.fr\\\/fr\\\/#website\"},\"primaryImageOfPage\":{\"@id\":\"https:\\\/\\\/larucheindustrielle.fr\\\/fr\\\/evenement\\\/attire-un-talent-2026\\\/#primaryimage\"},\"image\":{\"@id\":\"https:\\\/\\\/larucheindustrielle.fr\\\/fr\\\/evenement\\\/attire-un-talent-2026\\\/#primaryimage\"},\"thumbnailUrl\":\"https:\\\/\\\/larucheindustrielle.fr\\\/wp-content\\\/uploads\\\/2025\\\/11\\\/085C3FD3-45D9-49C5-AB67-15967E2D82AE_1_105_c.jpeg\",\"datePublished\":\"2026-04-01T09:27:05+00:00\",\"dateModified\":\"2026-04-23T12:45:30+00:00\",\"inLanguage\":\"fr-FR\",\"potentialAction\":[{\"@type\":\"ReadAction\",\"target\":[\"https:\\\/\\\/larucheindustrielle.fr\\\/fr\\\/evenement\\\/attire-un-talent-2026\\\/\"]}]},{\"@type\":\"ImageObject\",\"inLanguage\":\"fr-FR\",\"@id\":\"https:\\\/\\\/larucheindustrielle.fr\\\/fr\\\/evenement\\\/attire-un-talent-2026\\\/#primaryimage\",\"url\":\"https:\\\/\\\/larucheindustrielle.fr\\\/wp-content\\\/uploads\\\/2025\\\/11\\\/085C3FD3-45D9-49C5-AB67-15967E2D82AE_1_105_c.jpeg\",\"contentUrl\":\"https:\\\/\\\/larucheindustrielle.fr\\\/wp-content\\\/uploads\\\/2025\\\/11\\\/085C3FD3-45D9-49C5-AB67-15967E2D82AE_1_105_c.jpeg\",\"width\":1024,\"height\":768},{\"@type\":\"WebSite\",\"@id\":\"https:\\\/\\\/larucheindustrielle.fr\\\/fr\\\/#website\",\"url\":\"https:\\\/\\\/larucheindustrielle.fr\\\/fr\\\/\",\"name\":\"La Ruche industrielle\",\"description\":\"Ici, on construit ensemble l&#039;industrie du futur !\",\"publisher\":{\"@id\":\"https:\\\/\\\/larucheindustrielle.fr\\\/fr\\\/#organization\"},\"potentialAction\":[{\"@type\":\"SearchAction\",\"target\":{\"@type\":\"EntryPoint\",\"urlTemplate\":\"https:\\\/\\\/larucheindustrielle.fr\\\/fr\\\/?s={search_term_string}\"},\"query-input\":{\"@type\":\"PropertyValueSpecification\",\"valueRequired\":true,\"valueName\":\"search_term_string\"}}],\"inLanguage\":\"fr-FR\"},{\"@type\":\"Organization\",\"@id\":\"https:\\\/\\\/larucheindustrielle.fr\\\/fr\\\/#organization\",\"name\":\"La Ruche industrielle\",\"url\":\"https:\\\/\\\/larucheindustrielle.fr\\\/fr\\\/\",\"logo\":{\"@type\":\"ImageObject\",\"inLanguage\":\"fr-FR\",\"@id\":\"https:\\\/\\\/larucheindustrielle.fr\\\/fr\\\/#\\\/schema\\\/logo\\\/image\\\/\",\"url\":\"https:\\\/\\\/larucheindustrielle.fr\\\/wp-content\\\/uploads\\\/2023\\\/06\\\/Home-page-Logo-la-ruche-en-bois.jpg\",\"contentUrl\":\"https:\\\/\\\/larucheindustrielle.fr\\\/wp-content\\\/uploads\\\/2023\\\/06\\\/Home-page-Logo-la-ruche-en-bois.jpg\",\"width\":1280,\"height\":853,\"caption\":\"La Ruche industrielle\"},\"image\":{\"@id\":\"https:\\\/\\\/larucheindustrielle.fr\\\/fr\\\/#\\\/schema\\\/logo\\\/image\\\/\"},\"sameAs\":[\"https:\\\/\\\/x.com\\\/LaRucheIndus\",\"https:\\\/\\\/fr.linkedin.com\\\/company\\\/la-ruche-industrielle\",\"https:\\\/\\\/www.youtube.com\\\/@larucheindustrielle932\",\"https:\\\/\\\/www.instagram.com\\\/larucheindustrielle\\\/\"]}]}<\/script>\n<!-- \/ Yoast SEO plugin. -->","yoast_head_json":{"title":"#AttireUnTalent : Captez, Engagez, Fid\u00e9lisez ! - La Ruche industrielle","robots":{"index":"index","follow":"follow","max-snippet":"max-snippet:-1","max-image-preview":"max-image-preview:large","max-video-preview":"max-video-preview:-1"},"canonical":"https:\/\/larucheindustrielle.fr\/fr\/evenement\/attire-un-talent-2026\/","og_locale":"fr_FR","og_type":"article","og_title":"#AttireUnTalent : Captez, Engagez, Fid\u00e9lisez ! - La Ruche industrielle","og_description":"Un \u00e9v\u00e9nement d\u00e9di\u00e9 aux dirigeants, DRH et managers de PME et organis\u00e9 en partenariat Apec \/ La Ruche Industrielle","og_url":"https:\/\/larucheindustrielle.fr\/fr\/evenement\/attire-un-talent-2026\/","og_site_name":"La Ruche industrielle","article_modified_time":"2026-04-23T12:45:30+00:00","og_image":[{"width":1024,"height":768,"url":"https:\/\/larucheindustrielle.fr\/wp-content\/uploads\/2025\/11\/085C3FD3-45D9-49C5-AB67-15967E2D82AE_1_105_c.jpeg","type":"image\/jpeg"}],"twitter_card":"summary_large_image","twitter_site":"@LaRucheIndus","twitter_misc":{"Dur\u00e9e de lecture estim\u00e9e":"2 minutes"},"schema":{"@context":"https:\/\/schema.org","@graph":[{"@type":"WebPage","@id":"https:\/\/larucheindustrielle.fr\/fr\/evenement\/attire-un-talent-2026\/","url":"https:\/\/larucheindustrielle.fr\/fr\/evenement\/attire-un-talent-2026\/","name":"#AttireUnTalent : Captez, Engagez, Fid\u00e9lisez ! - La Ruche industrielle","isPartOf":{"@id":"https:\/\/larucheindustrielle.fr\/fr\/#website"},"primaryImageOfPage":{"@id":"https:\/\/larucheindustrielle.fr\/fr\/evenement\/attire-un-talent-2026\/#primaryimage"},"image":{"@id":"https:\/\/larucheindustrielle.fr\/fr\/evenement\/attire-un-talent-2026\/#primaryimage"},"thumbnailUrl":"https:\/\/larucheindustrielle.fr\/wp-content\/uploads\/2025\/11\/085C3FD3-45D9-49C5-AB67-15967E2D82AE_1_105_c.jpeg","datePublished":"2026-04-01T09:27:05+00:00","dateModified":"2026-04-23T12:45:30+00:00","inLanguage":"fr-FR","potentialAction":[{"@type":"ReadAction","target":["https:\/\/larucheindustrielle.fr\/fr\/evenement\/attire-un-talent-2026\/"]}]},{"@type":"ImageObject","inLanguage":"fr-FR","@id":"https:\/\/larucheindustrielle.fr\/fr\/evenement\/attire-un-talent-2026\/#primaryimage","url":"https:\/\/larucheindustrielle.fr\/wp-content\/uploads\/2025\/11\/085C3FD3-45D9-49C5-AB67-15967E2D82AE_1_105_c.jpeg","contentUrl":"https:\/\/larucheindustrielle.fr\/wp-content\/uploads\/2025\/11\/085C3FD3-45D9-49C5-AB67-15967E2D82AE_1_105_c.jpeg","width":1024,"height":768},{"@type":"WebSite","@id":"https:\/\/larucheindustrielle.fr\/fr\/#website","url":"https:\/\/larucheindustrielle.fr\/fr\/","name":"La Ruche industrielle","description":"Ici, on construit ensemble l&#039;industrie du futur !","publisher":{"@id":"https:\/\/larucheindustrielle.fr\/fr\/#organization"},"potentialAction":[{"@type":"SearchAction","target":{"@type":"EntryPoint","urlTemplate":"https:\/\/larucheindustrielle.fr\/fr\/?s={search_term_string}"},"query-input":{"@type":"PropertyValueSpecification","valueRequired":true,"valueName":"search_term_string"}}],"inLanguage":"fr-FR"},{"@type":"Organization","@id":"https:\/\/larucheindustrielle.fr\/fr\/#organization","name":"La Ruche industrielle","url":"https:\/\/larucheindustrielle.fr\/fr\/","logo":{"@type":"ImageObject","inLanguage":"fr-FR","@id":"https:\/\/larucheindustrielle.fr\/fr\/#\/schema\/logo\/image\/","url":"https:\/\/larucheindustrielle.fr\/wp-content\/uploads\/2023\/06\/Home-page-Logo-la-ruche-en-bois.jpg","contentUrl":"https:\/\/larucheindustrielle.fr\/wp-content\/uploads\/2023\/06\/Home-page-Logo-la-ruche-en-bois.jpg","width":1280,"height":853,"caption":"La Ruche industrielle"},"image":{"@id":"https:\/\/larucheindustrielle.fr\/fr\/#\/schema\/logo\/image\/"},"sameAs":["https:\/\/x.com\/LaRucheIndus","https:\/\/fr.linkedin.com\/company\/la-ruche-industrielle","https:\/\/www.youtube.com\/@larucheindustrielle932","https:\/\/www.instagram.com\/larucheindustrielle\/"]}]}},"publishpress_future_action":{"enabled":true,"date":"2026-06-13 07:00:00","action":"category","newStatus":"draft","terms":[13],"taxonomy":"category","extraData":[]},"publishpress_future_workflow_manual_trigger":{"enabledWorkflows":[]},"_links":{"self":[{"href":"https:\/\/larucheindustrielle.fr\/fr\/wp-json\/wp\/v2\/evenement\/10208","targetHints":{"allow":["GET"]}}],"collection":[{"href":"https:\/\/larucheindustrielle.fr\/fr\/wp-json\/wp\/v2\/evenement"}],"about":[{"href":"https:\/\/larucheindustrielle.fr\/fr\/wp-json\/wp\/v2\/types\/evenement"}],"wp:featuredmedia":[{"embeddable":true,"href":"https:\/\/larucheindustrielle.fr\/fr\/wp-json\/wp\/v2\/media\/9276"}],"wp:attachment":[{"href":"https:\/\/larucheindustrielle.fr\/fr\/wp-json\/wp\/v2\/media?parent=10208"}],"wp:term":[{"taxonomy":"category","embeddable":true,"href":"https:\/\/larucheindustrielle.fr\/fr\/wp-json\/wp\/v2\/categories?post=10208"},{"taxonomy":"post_tag","embeddable":true,"href":"https:\/\/larucheindustrielle.fr\/fr\/wp-json\/wp\/v2\/tags?post=10208"}],"curies":[{"name":"wp","href":"https:\/\/api.w.org\/{rel}","templated":true}]}}