{"id":3814,"date":"2023-09-06T15:51:39","date_gmt":"2023-09-06T13:51:39","guid":{"rendered":"https:\/\/larucheindustrielle.fr\/fr\/?post_type=evenement&#038;p=3814"},"modified":"2023-11-30T15:03:16","modified_gmt":"2023-11-30T14:03:16","slug":"semaine-industrie-pme","status":"publish","type":"evenement","link":"https:\/\/larucheindustrielle.fr\/fr\/evenement\/semaine-industrie-pme\/","title":{"rendered":"Matin\u00e9e d&rsquo;\u00e9changes sp\u00e9ciale PME-TPE &#8211; Comment les PME s\u2019engagent dans une industrie en \u00e9volution permanente ?"},"content":{"rendered":"<p><img loading=\"lazy\" decoding=\"async\" class=\"alignnone wp-image-3999 \" src=\"https:\/\/larucheindustrielle.fr\/wp-content\/uploads\/2023\/09\/2023-Visuel-SDI-PME-PNG-1024x1024.png\" alt=\"\" width=\"656\" height=\"656\" \/><\/p>\n<p>Organis\u00e9 par le Ministre de l\u2019\u00c9conomie, des Finances et de la Souverainet\u00e9 industrielle et num\u00e9rique, <strong>La Semaine l\u2019industrie aura lieu du 27 novembre au 3 d\u00e9cembre 2023<\/strong>. Cette 12e \u00e9dition sera plac\u00e9e sous le signe de la rencontre et de l\u2019invitation \u00e0 d\u00e9couvrir les fili\u00e8res, les m\u00e9tiers, les parcours et les femmes et les hommes qui font l\u2019industrie.<\/p>\n<h4>Dans ce cadre, La Ruche Industrielle, la M\u00e9tropole de Lyon et l&rsquo;UIMM Lyon Rh\u00f4ne et la MMIE convient les PME et TPE industrielles \u00e0 une <strong>matin\u00e9e d&rsquo;\u00e9changes et networking<\/strong> <strong>:<\/strong><\/h4>\n<ul>\n<li><strong> le 28 novembre <\/strong><\/li>\n<li><strong>de 8h30 \u00e0 13h <\/strong><\/li>\n<li><strong>\u00e0 La Ruche Industrielle \u00e0 V\u00e9nissieux<br \/>\n<\/strong><\/li>\n<\/ul>\n<p>&nbsp;<\/p>\n<p><strong>Au programme :<\/strong><\/p>\n<p class=\"cvGsUA direction-ltr align-center para-style-body\"><span class=\"OYPEnA text-decoration-none text-strikethrough-none\">8h30 : Accueil caf\u00e9<\/span><\/p>\n<p class=\"cvGsUA direction-ltr align-center para-style-body\"><span class=\"OYPEnA text-decoration-none text-strikethrough-none\">9h-10h30 : Table ronde \u201cLes PME s\u2019engagent\u201d a<\/span><span class=\"OYPEnA text-decoration-none text-strikethrough-none\">nim\u00e9e par <\/span><span class=\"OYPEnA text-decoration-none text-strikethrough-none\">Caroline Felix, La Ruche Industrielle et av<\/span><span class=\"OYPEnA text-decoration-none text-strikethrough-none\">ec les t\u00e9moignages de : <\/span><\/p>\n<ul>\n<li><span class=\"OYPEnA text-decoration-none text-strikethrough-none\">Fen Quian Mi &#8211; ADVANTELEC<\/span><\/li>\n<li class=\"cvGsUA direction-ltr align-center para-style-body\"><span class=\"OYPEnA text-decoration-none text-strikethrough-none\">Marie Fontaines &#8211;<\/span> <span class=\"OYPEnA text-decoration-none text-strikethrough-none\">TECHNE <\/span><\/li>\n<li class=\"cvGsUA direction-ltr align-center para-style-body\"><span class=\"OYPEnA text-decoration-none text-strikethrough-none\">Gabrielle Hugon &#8211; MALTIVOR<\/span><\/li>\n<li class=\"cvGsUA direction-ltr align-center para-style-body\"><span class=\"OYPEnA text-decoration-none text-strikethrough-none\">S\u00e9bastien Ricci &#8211; MOB-ENERGY<\/span><\/li>\n<li class=\"cvGsUA direction-ltr align-center para-style-body\"><span class=\"OYPEnA text-decoration-none text-strikethrough-none\"><span class=\"OYPEnA text-decoration-none text-strikethrough-none\">Camille Vigne &#8211; MAISON MABILLE<\/span><\/span><\/li>\n<\/ul>\n<p><strong>\u00c9coutez les patronnes et les patrons inspirant(e)s qui portent des visions engag\u00e9es<\/strong> d&rsquo;excellence et de durabilit\u00e9 au sein de leurs entreprises !<\/p>\n<p><img loading=\"lazy\" decoding=\"async\" class=\"alignnone wp-image-4002 size-large\" src=\"https:\/\/larucheindustrielle.fr\/wp-content\/uploads\/2023\/09\/table-ronde-PME-TPE-1024x581.png\" alt=\"\" width=\"1024\" height=\"581\" srcset=\"https:\/\/larucheindustrielle.fr\/wp-content\/uploads\/2023\/09\/table-ronde-PME-TPE-1024x581.png 1024w, https:\/\/larucheindustrielle.fr\/wp-content\/uploads\/2023\/09\/table-ronde-PME-TPE-980x556.png 980w, https:\/\/larucheindustrielle.fr\/wp-content\/uploads\/2023\/09\/table-ronde-PME-TPE-480x273.png 480w\" sizes=\"(min-width: 0px) and (max-width: 480px) 480px, (min-width: 481px) and (max-width: 980px) 980px, (min-width: 981px) 1024px, 100vw\" \/><\/p>\n<p class=\"cvGsUA direction-ltr align-center para-style-body\"><span class=\"OYPEnA text-decoration-none text-strikethrough-none\">10h30-12h15 :<\/span><strong>D\u00e9couvrez une s\u00e9lection de projets et de programmes qui permettent le d\u00e9veloppement interne des comp\u00e9tences : <\/strong>\u00c9conomie circulaire, Cybers\u00e9curit\u00e9, Marque employeur, Vision 3D, Formations technicien de maintenance et Leaders transformant, l&rsquo;offre de Transformation Durable des Entreprises pour les entreprises du territoire<\/p>\n<p class=\"cvGsUA direction-ltr align-center para-style-body\"><span class=\"OYPEnA text-decoration-none text-strikethrough-none\">12h15 \u201313h : Ap\u00e9ritif, \u00e9changes et networking<\/span><\/p>\n<blockquote><p><strong>&gt; Participation gratuite, inscription obligatoire. La billeterie est close. Si vous \u00eates une TPE-PME industrielle, merci d&rsquo;adresser un mail \u00e0 <a href=\"mailto:contact@larucheindustrielle.fr\" target=\"_blank\" rel=\"noopener\">contact@larucheindustrielle.fr<\/a><br \/>\n<\/strong><\/p><\/blockquote>\n<p>Un \u00e9v\u00e8nement organis\u00e9 en parall\u00e8le du <a href=\"https:\/\/larucheindustrielle.fr\/fr\/evenement\/semaine-de-lindustrie-portes-ouvertes-grand-public\/\" target=\"_blank\" rel=\"noopener\">Forum des m\u00e9tiers de l&rsquo;industrie<\/a><\/p>\n","protected":false},"excerpt":{"rendered":"<p>La Ruche Industrielle convie les jeunes et les personnes en recherche d&#8217;emploi ou en reconversion \u00e0 une matin\u00e9e d&rsquo;\u00e9changes TPE-PME de l&rsquo;industrie.<br \/>\nUn \u00e9v\u00e8nement organis\u00e9 en lien avec la M\u00e9tropole de Lyon, l&rsquo;UIMM Lyon Rh\u00f4ne et la MMIE.<\/p>\n","protected":false},"featured_media":3999,"template":"","meta":{"_acf_changed":false,"_et_pb_use_builder":"","_et_pb_old_content":"","_et_gb_content_width":""},"categories":[13],"tags":[],"class_list":["post-3814","evenement","type-evenement","status-publish","has-post-thumbnail","hentry","category-passe"],"acf":[],"yoast_head":"<!-- This site is optimized with the Yoast SEO plugin v27.4 - https:\/\/yoast.com\/product\/yoast-seo-wordpress\/ -->\n<title>Matin\u00e9e d&#039;\u00e9changes sp\u00e9ciale PME-TPE - Comment les PME s\u2019engagent dans une industrie en \u00e9volution permanente ? - La Ruche industrielle<\/title>\n<meta name=\"robots\" content=\"index, follow, max-snippet:-1, max-image-preview:large, max-video-preview:-1\" \/>\n<link rel=\"canonical\" href=\"https:\/\/larucheindustrielle.fr\/fr\/evenement\/semaine-industrie-pme\/\" \/>\n<meta property=\"og:locale\" content=\"fr_FR\" \/>\n<meta property=\"og:type\" content=\"article\" \/>\n<meta property=\"og:title\" content=\"Matin\u00e9e d&#039;\u00e9changes sp\u00e9ciale PME-TPE - Comment les PME s\u2019engagent dans une industrie en \u00e9volution permanente ? - La Ruche industrielle\" \/>\n<meta property=\"og:description\" content=\"La Ruche Industrielle convie les jeunes et les personnes en recherche d&#039;emploi ou en reconversion \u00e0 une matin\u00e9e d&#039;\u00e9changes TPE-PME de l&#039;industrie. Un \u00e9v\u00e8nement organis\u00e9 en lien avec la M\u00e9tropole de Lyon, l&#039;UIMM Lyon Rh\u00f4ne et la MMIE.\" \/>\n<meta property=\"og:url\" content=\"https:\/\/larucheindustrielle.fr\/fr\/evenement\/semaine-industrie-pme\/\" \/>\n<meta property=\"og:site_name\" content=\"La Ruche industrielle\" \/>\n<meta property=\"article:modified_time\" content=\"2023-11-30T14:03:16+00:00\" \/>\n<meta property=\"og:image\" content=\"https:\/\/larucheindustrielle.fr\/wp-content\/uploads\/2023\/09\/2023-Visuel-SDI-PME-PNG.png\" \/>\n\t<meta property=\"og:image:width\" content=\"1080\" \/>\n\t<meta property=\"og:image:height\" content=\"1080\" \/>\n\t<meta property=\"og:image:type\" content=\"image\/png\" \/>\n<meta name=\"twitter:card\" content=\"summary_large_image\" \/>\n<meta name=\"twitter:site\" content=\"@LaRucheIndus\" \/>\n<meta name=\"twitter:label1\" content=\"Dur\u00e9e de lecture estim\u00e9e\" \/>\n\t<meta name=\"twitter:data1\" content=\"2 minutes\" \/>\n<script type=\"application\/ld+json\" class=\"yoast-schema-graph\">{\"@context\":\"https:\\\/\\\/schema.org\",\"@graph\":[{\"@type\":\"WebPage\",\"@id\":\"https:\\\/\\\/larucheindustrielle.fr\\\/fr\\\/evenement\\\/semaine-industrie-pme\\\/\",\"url\":\"https:\\\/\\\/larucheindustrielle.fr\\\/fr\\\/evenement\\\/semaine-industrie-pme\\\/\",\"name\":\"Matin\u00e9e d'\u00e9changes sp\u00e9ciale PME-TPE - Comment les PME s\u2019engagent dans une industrie en \u00e9volution permanente ? - La Ruche industrielle\",\"isPartOf\":{\"@id\":\"https:\\\/\\\/larucheindustrielle.fr\\\/fr\\\/#website\"},\"primaryImageOfPage\":{\"@id\":\"https:\\\/\\\/larucheindustrielle.fr\\\/fr\\\/evenement\\\/semaine-industrie-pme\\\/#primaryimage\"},\"image\":{\"@id\":\"https:\\\/\\\/larucheindustrielle.fr\\\/fr\\\/evenement\\\/semaine-industrie-pme\\\/#primaryimage\"},\"thumbnailUrl\":\"https:\\\/\\\/larucheindustrielle.fr\\\/wp-content\\\/uploads\\\/2023\\\/09\\\/2023-Visuel-SDI-PME-PNG.png\",\"datePublished\":\"2023-09-06T13:51:39+00:00\",\"dateModified\":\"2023-11-30T14:03:16+00:00\",\"inLanguage\":\"fr-FR\",\"potentialAction\":[{\"@type\":\"ReadAction\",\"target\":[\"https:\\\/\\\/larucheindustrielle.fr\\\/fr\\\/evenement\\\/semaine-industrie-pme\\\/\"]}]},{\"@type\":\"ImageObject\",\"inLanguage\":\"fr-FR\",\"@id\":\"https:\\\/\\\/larucheindustrielle.fr\\\/fr\\\/evenement\\\/semaine-industrie-pme\\\/#primaryimage\",\"url\":\"https:\\\/\\\/larucheindustrielle.fr\\\/wp-content\\\/uploads\\\/2023\\\/09\\\/2023-Visuel-SDI-PME-PNG.png\",\"contentUrl\":\"https:\\\/\\\/larucheindustrielle.fr\\\/wp-content\\\/uploads\\\/2023\\\/09\\\/2023-Visuel-SDI-PME-PNG.png\",\"width\":1080,\"height\":1080},{\"@type\":\"WebSite\",\"@id\":\"https:\\\/\\\/larucheindustrielle.fr\\\/fr\\\/#website\",\"url\":\"https:\\\/\\\/larucheindustrielle.fr\\\/fr\\\/\",\"name\":\"La Ruche industrielle\",\"description\":\"Ici, on construit ensemble l&#039;industrie du futur !\",\"publisher\":{\"@id\":\"https:\\\/\\\/larucheindustrielle.fr\\\/fr\\\/#organization\"},\"potentialAction\":[{\"@type\":\"SearchAction\",\"target\":{\"@type\":\"EntryPoint\",\"urlTemplate\":\"https:\\\/\\\/larucheindustrielle.fr\\\/fr\\\/?s={search_term_string}\"},\"query-input\":{\"@type\":\"PropertyValueSpecification\",\"valueRequired\":true,\"valueName\":\"search_term_string\"}}],\"inLanguage\":\"fr-FR\"},{\"@type\":\"Organization\",\"@id\":\"https:\\\/\\\/larucheindustrielle.fr\\\/fr\\\/#organization\",\"name\":\"La Ruche industrielle\",\"url\":\"https:\\\/\\\/larucheindustrielle.fr\\\/fr\\\/\",\"logo\":{\"@type\":\"ImageObject\",\"inLanguage\":\"fr-FR\",\"@id\":\"https:\\\/\\\/larucheindustrielle.fr\\\/fr\\\/#\\\/schema\\\/logo\\\/image\\\/\",\"url\":\"https:\\\/\\\/larucheindustrielle.fr\\\/wp-content\\\/uploads\\\/2023\\\/06\\\/Home-page-Logo-la-ruche-en-bois.jpg\",\"contentUrl\":\"https:\\\/\\\/larucheindustrielle.fr\\\/wp-content\\\/uploads\\\/2023\\\/06\\\/Home-page-Logo-la-ruche-en-bois.jpg\",\"width\":1280,\"height\":853,\"caption\":\"La Ruche industrielle\"},\"image\":{\"@id\":\"https:\\\/\\\/larucheindustrielle.fr\\\/fr\\\/#\\\/schema\\\/logo\\\/image\\\/\"},\"sameAs\":[\"https:\\\/\\\/x.com\\\/LaRucheIndus\",\"https:\\\/\\\/fr.linkedin.com\\\/company\\\/la-ruche-industrielle\",\"https:\\\/\\\/www.youtube.com\\\/@larucheindustrielle932\",\"https:\\\/\\\/www.instagram.com\\\/larucheindustrielle\\\/\"]}]}<\/script>\n<!-- \/ Yoast SEO plugin. -->","yoast_head_json":{"title":"Matin\u00e9e d'\u00e9changes sp\u00e9ciale PME-TPE - Comment les PME s\u2019engagent dans une industrie en \u00e9volution permanente ? - La Ruche industrielle","robots":{"index":"index","follow":"follow","max-snippet":"max-snippet:-1","max-image-preview":"max-image-preview:large","max-video-preview":"max-video-preview:-1"},"canonical":"https:\/\/larucheindustrielle.fr\/fr\/evenement\/semaine-industrie-pme\/","og_locale":"fr_FR","og_type":"article","og_title":"Matin\u00e9e d'\u00e9changes sp\u00e9ciale PME-TPE - Comment les PME s\u2019engagent dans une industrie en \u00e9volution permanente ? - La Ruche industrielle","og_description":"La Ruche Industrielle convie les jeunes et les personnes en recherche d'emploi ou en reconversion \u00e0 une matin\u00e9e d'\u00e9changes TPE-PME de l'industrie. Un \u00e9v\u00e8nement organis\u00e9 en lien avec la M\u00e9tropole de Lyon, l'UIMM Lyon Rh\u00f4ne et la MMIE.","og_url":"https:\/\/larucheindustrielle.fr\/fr\/evenement\/semaine-industrie-pme\/","og_site_name":"La Ruche industrielle","article_modified_time":"2023-11-30T14:03:16+00:00","og_image":[{"width":1080,"height":1080,"url":"https:\/\/larucheindustrielle.fr\/wp-content\/uploads\/2023\/09\/2023-Visuel-SDI-PME-PNG.png","type":"image\/png"}],"twitter_card":"summary_large_image","twitter_site":"@LaRucheIndus","twitter_misc":{"Dur\u00e9e de lecture estim\u00e9e":"2 minutes"},"schema":{"@context":"https:\/\/schema.org","@graph":[{"@type":"WebPage","@id":"https:\/\/larucheindustrielle.fr\/fr\/evenement\/semaine-industrie-pme\/","url":"https:\/\/larucheindustrielle.fr\/fr\/evenement\/semaine-industrie-pme\/","name":"Matin\u00e9e d'\u00e9changes sp\u00e9ciale PME-TPE - Comment les PME s\u2019engagent dans une industrie en \u00e9volution permanente ? - La Ruche industrielle","isPartOf":{"@id":"https:\/\/larucheindustrielle.fr\/fr\/#website"},"primaryImageOfPage":{"@id":"https:\/\/larucheindustrielle.fr\/fr\/evenement\/semaine-industrie-pme\/#primaryimage"},"image":{"@id":"https:\/\/larucheindustrielle.fr\/fr\/evenement\/semaine-industrie-pme\/#primaryimage"},"thumbnailUrl":"https:\/\/larucheindustrielle.fr\/wp-content\/uploads\/2023\/09\/2023-Visuel-SDI-PME-PNG.png","datePublished":"2023-09-06T13:51:39+00:00","dateModified":"2023-11-30T14:03:16+00:00","inLanguage":"fr-FR","potentialAction":[{"@type":"ReadAction","target":["https:\/\/larucheindustrielle.fr\/fr\/evenement\/semaine-industrie-pme\/"]}]},{"@type":"ImageObject","inLanguage":"fr-FR","@id":"https:\/\/larucheindustrielle.fr\/fr\/evenement\/semaine-industrie-pme\/#primaryimage","url":"https:\/\/larucheindustrielle.fr\/wp-content\/uploads\/2023\/09\/2023-Visuel-SDI-PME-PNG.png","contentUrl":"https:\/\/larucheindustrielle.fr\/wp-content\/uploads\/2023\/09\/2023-Visuel-SDI-PME-PNG.png","width":1080,"height":1080},{"@type":"WebSite","@id":"https:\/\/larucheindustrielle.fr\/fr\/#website","url":"https:\/\/larucheindustrielle.fr\/fr\/","name":"La Ruche industrielle","description":"Ici, on construit ensemble l&#039;industrie du futur !","publisher":{"@id":"https:\/\/larucheindustrielle.fr\/fr\/#organization"},"potentialAction":[{"@type":"SearchAction","target":{"@type":"EntryPoint","urlTemplate":"https:\/\/larucheindustrielle.fr\/fr\/?s={search_term_string}"},"query-input":{"@type":"PropertyValueSpecification","valueRequired":true,"valueName":"search_term_string"}}],"inLanguage":"fr-FR"},{"@type":"Organization","@id":"https:\/\/larucheindustrielle.fr\/fr\/#organization","name":"La Ruche industrielle","url":"https:\/\/larucheindustrielle.fr\/fr\/","logo":{"@type":"ImageObject","inLanguage":"fr-FR","@id":"https:\/\/larucheindustrielle.fr\/fr\/#\/schema\/logo\/image\/","url":"https:\/\/larucheindustrielle.fr\/wp-content\/uploads\/2023\/06\/Home-page-Logo-la-ruche-en-bois.jpg","contentUrl":"https:\/\/larucheindustrielle.fr\/wp-content\/uploads\/2023\/06\/Home-page-Logo-la-ruche-en-bois.jpg","width":1280,"height":853,"caption":"La Ruche industrielle"},"image":{"@id":"https:\/\/larucheindustrielle.fr\/fr\/#\/schema\/logo\/image\/"},"sameAs":["https:\/\/x.com\/LaRucheIndus","https:\/\/fr.linkedin.com\/company\/la-ruche-industrielle","https:\/\/www.youtube.com\/@larucheindustrielle932","https:\/\/www.instagram.com\/larucheindustrielle\/"]}]}},"publishpress_future_action":{"enabled":false,"date":"2026-05-04 16:31:50","action":"category","newStatus":"draft","terms":[13],"taxonomy":"category","extraData":[]},"publishpress_future_workflow_manual_trigger":{"enabledWorkflows":[]},"_links":{"self":[{"href":"https:\/\/larucheindustrielle.fr\/fr\/wp-json\/wp\/v2\/evenement\/3814","targetHints":{"allow":["GET"]}}],"collection":[{"href":"https:\/\/larucheindustrielle.fr\/fr\/wp-json\/wp\/v2\/evenement"}],"about":[{"href":"https:\/\/larucheindustrielle.fr\/fr\/wp-json\/wp\/v2\/types\/evenement"}],"wp:featuredmedia":[{"embeddable":true,"href":"https:\/\/larucheindustrielle.fr\/fr\/wp-json\/wp\/v2\/media\/3999"}],"wp:attachment":[{"href":"https:\/\/larucheindustrielle.fr\/fr\/wp-json\/wp\/v2\/media?parent=3814"}],"wp:term":[{"taxonomy":"category","embeddable":true,"href":"https:\/\/larucheindustrielle.fr\/fr\/wp-json\/wp\/v2\/categories?post=3814"},{"taxonomy":"post_tag","embeddable":true,"href":"https:\/\/larucheindustrielle.fr\/fr\/wp-json\/wp\/v2\/tags?post=3814"}],"curies":[{"name":"wp","href":"https:\/\/api.w.org\/{rel}","templated":true}]}}