{"id":4259,"date":"2023-12-07T09:43:30","date_gmt":"2023-12-07T08:43:30","guid":{"rendered":"https:\/\/larucheindustrielle.fr\/fr\/?post_type=evenement&#038;p=4259"},"modified":"2024-02-12T09:32:07","modified_gmt":"2024-02-12T08:32:07","slug":"projet-optimisation-energetique-restitution-de-fin-de-projet","status":"publish","type":"evenement","link":"https:\/\/larucheindustrielle.fr\/fr\/evenement\/projet-optimisation-energetique-restitution-de-fin-de-projet\/","title":{"rendered":"Projet Optimisation \u00e9nerg\u00e9tique : Restitution de fin de projet"},"content":{"rendered":"<p><img loading=\"lazy\" decoding=\"async\" class=\"aligncenter wp-image-4269 \" src=\"https:\/\/larucheindustrielle.fr\/wp-content\/uploads\/2023\/12\/Visuel-1024x576.jpg\" alt=\"\" width=\"654\" height=\"368\" \/><\/p>\n<p>RDV le 8 f\u00e9vrier 2024 \u00e0 La Ruche Industrielle pour le<strong>\u00a0temps fort organis\u00e9 par l\u2019\u00e9quipe Projet \u00ab Optimisation \u00e9nerg\u00e9tique des b\u00e2timents et process industriels \u00bb<\/strong>\u00a0!<\/p>\n<p>Apr\u00e8s plus d\u2019un an de projet, les \u00e9quipiers projets partageront aux industriels de La Ruche :<\/p>\n<ul>\n<li>Les enjeux li\u00e9s \u00e0 l&rsquo;\u00e9nergie,<\/li>\n<li>Le contexte r\u00e9glementaire,<\/li>\n<li>Les retours d&rsquo;exp\u00e9rience de solutions mises en place pour r\u00e9duire ses consommations !<\/li>\n<li>Leurs apprentissages &amp; convictions<\/li>\n<\/ul>\n<p>&nbsp;<\/p>\n<h4><strong>\ud83e\udeab| Pourquoi un projet sur l&rsquo;optimisation des consommations d&rsquo;\u00e9nergie ?<br \/>\n<\/strong><\/h4>\n<p>Hausse globale des co\u00fbts de l&rsquo;\u00e9nergie, risques sur les approvisionnements, n\u00e9cessit\u00e9 de sortir des \u00e9nergies fossiles et essor des renouvelables\u2026 les nombreux d\u00e9fis autour de l&rsquo;\u00e9nergie ont mis en lumi\u00e8re<strong> l&rsquo;importance de ma\u00eetriser d\u00e8s \u00e0 pr\u00e9sent nos consommations d&rsquo;\u00e9nergies<\/strong> !<\/p>\n<p>Que ce soient les b\u00e2timents ou les processus de fabrication, nombreuses sont les sources de consommations dans l&rsquo;industrie, repr\u00e9sentant un potentiel important de r\u00e9duction.<\/p>\n<p>Cela est d&rsquo;autant plus important que la consommation d&rsquo;\u00e9nergies, notamment fossiles, est fortement \u00e9mettrice de gaz \u00e0 effet de serre : r\u00e9duire ses consommations, c&rsquo;est agir pour tenir notre trajectoire de d\u00e9carbonation.<\/p>\n<p>Aldes, Bosch Rexroth, EFI, Fives, Groupe SEB, Haulotte, Montabert, SNCF, Volvo-Renault Trucks et les partenaires sollicit\u00e9s se sont mobilis\u00e9s depuis octobre 2022 pour :<\/p>\n<ul>\n<li>Partager et enrichir mutuellement leurs plans d\u2019actions<\/li>\n<li>Identifier et travailler sur les solutions (mat\u00e9rielles, logicielles ou humaines) \u00e0 mettre en \u0153uvre<\/li>\n<li>Monter en comp\u00e9tences sur\u00a0les \u00e9volutions r\u00e9glementaires et financements mobilisables.<\/li>\n<\/ul>\n<p>Cet \u00e9v\u00e9nement vous permettra de<strong> d\u00e9couvrir les principaux enseignements du projet et d&rsquo;identifier des solutions d\u00e9ployables dans vos usines<\/strong> !<\/p>\n<p>&nbsp;<\/p>\n<h4><strong>\ud83d\udce3<\/strong><strong> | Le programme<\/strong><\/h4>\n<p><strong>8h45 \u2013 Accueil caf\u00e9<\/strong><\/p>\n<p><strong>9h15-10h \u00a0\u2013\u00a0Mot de bienvenue et pr\u00e9sentation du projet<\/strong><\/p>\n<ul>\n<li>Contexte et objectifs du projet<\/li>\n<li>Enjeux li\u00e9s \u00e0 l&rsquo;\u00e9nergie : financiers, environnementaux, r\u00e9glementaires, \u2026<\/li>\n<\/ul>\n<p><strong>10h-12h15 \u2013 Pr\u00e9sentation des actions et solutions pour r\u00e9duire ses consommations d&rsquo;\u00e9nergie par les membres du groupe projet (stands)<\/strong><\/p>\n<ul>\n<li>Mesure et suivi des consommations &#8211; Bosch Rexroth, Aldes, Groupe SEB<\/li>\n<li>Pilotage automatis\u00e9 des \u00e9quipements par GTB &#8211; Haulotte, Montabert<\/li>\n<li>Projets d&rsquo;efficacit\u00e9 \u00e9nerg\u00e9tique &#8211; SNCF, Haulotte, Fives<\/li>\n<li>Sobri\u00e9t\u00e9, sensibilisation et accompagnement au changement &#8211; SEB, ALEC Lyon<\/li>\n<li>\u00c9nergies renouvelables et de r\u00e9cup\u00e9ration &#8211; Volvo, Bosch Rexroth<\/li>\n<\/ul>\n<p><strong>12h15-12h45 &#8211; Conclusions sur les apprentissages et convictions<\/strong><\/p>\n<p><strong>12h45-14h\u00a0\u2013 Buffet convivial et \u00e9changes informels<\/strong><\/p>\n<p><strong>Bonus de 14h-16h \u2013 Visite d\u2019usine Bosch Rexroth de V\u00e9nissieux : <\/strong>visite du site de production des distributeurs hydrauliques orient\u00e9e sur l&rsquo;\u00e9nergie (\u00e9clairage LED, d\u00e9stratificateurs, nouveau compresseur avec syst\u00e8me de r\u00e9cup\u00e9ration d\u2019\u00e9nergie\u2026).<br \/>\n=&gt; Nombre de places limit\u00e9es \u00e0 15 personnes pour la visite. Seuls les premiers inscrits pourront faire la visite et nous vous remercions par avance de vous inscrire seulement si vous \u00eates s\u00fbrs d&rsquo;\u00eatre disponibles \ud83d\ude42<\/p>\n<p>&nbsp;<\/p>\n<h4><strong>\u26a0<\/strong><strong> | Informations pratiques<br \/>\n<\/strong><\/h4>\n<ul>\n<li>\u00c9v\u00e9nement gratuit r\u00e9serv\u00e9 aux collaborateurs des entreprises adh\u00e9rentes de La Ruche.<\/li>\n<li>Nous vous attendons nombreux pour partager les conclusions de ce projet \u00e0 l&rsquo;occasion de ce moment convivial !<\/li>\n<\/ul>\n","protected":false},"excerpt":{"rendered":"<p>RDV le 08 f\u00e9vrier \u00e0 La Ruche Industrielle pour le temps fort organis\u00e9 par l\u2019\u00e9quipe projet \u00ab Optimisation \u00e9nerg\u00e9tique des b\u00e2timents et processus industriels \u00bb !<\/p>\n","protected":false},"featured_media":4269,"template":"","meta":{"_acf_changed":false,"_et_pb_use_builder":"","_et_pb_old_content":"","_et_gb_content_width":""},"categories":[13],"tags":[],"class_list":["post-4259","evenement","type-evenement","status-publish","has-post-thumbnail","hentry","category-passe"],"acf":[],"yoast_head":"<!-- This site is optimized with the Yoast SEO plugin v27.4 - https:\/\/yoast.com\/product\/yoast-seo-wordpress\/ -->\n<title>Projet Optimisation \u00e9nerg\u00e9tique : Restitution de fin de projet - La Ruche industrielle<\/title>\n<meta name=\"description\" content=\"Le 08 f\u00e9vrier \u00e0 La Ruche Industrielle : Restitution de fin de projet Optimisation \u00e9nerg\u00e9tique des b\u00e2timents et processus industriels !\" \/>\n<meta name=\"robots\" content=\"index, follow, max-snippet:-1, max-image-preview:large, max-video-preview:-1\" \/>\n<link rel=\"canonical\" href=\"https:\/\/larucheindustrielle.fr\/fr\/evenement\/projet-optimisation-energetique-restitution-de-fin-de-projet\/\" \/>\n<meta property=\"og:locale\" content=\"fr_FR\" \/>\n<meta property=\"og:type\" content=\"article\" \/>\n<meta property=\"og:title\" content=\"Projet Optimisation \u00e9nerg\u00e9tique : Restitution de fin de projet - La Ruche industrielle\" \/>\n<meta property=\"og:description\" content=\"Le 08 f\u00e9vrier \u00e0 La Ruche Industrielle : Restitution de fin de projet Optimisation \u00e9nerg\u00e9tique des b\u00e2timents et processus industriels !\" \/>\n<meta property=\"og:url\" content=\"https:\/\/larucheindustrielle.fr\/fr\/evenement\/projet-optimisation-energetique-restitution-de-fin-de-projet\/\" \/>\n<meta property=\"og:site_name\" content=\"La Ruche industrielle\" \/>\n<meta property=\"article:modified_time\" content=\"2024-02-12T08:32:07+00:00\" \/>\n<meta property=\"og:image\" content=\"https:\/\/larucheindustrielle.fr\/wp-content\/uploads\/2023\/12\/Visuel.jpg\" \/>\n\t<meta property=\"og:image:width\" content=\"1920\" \/>\n\t<meta property=\"og:image:height\" content=\"1080\" \/>\n\t<meta property=\"og:image:type\" content=\"image\/jpeg\" \/>\n<meta name=\"twitter:card\" content=\"summary_large_image\" \/>\n<meta name=\"twitter:site\" content=\"@LaRucheIndus\" \/>\n<meta name=\"twitter:label1\" content=\"Dur\u00e9e de lecture estim\u00e9e\" \/>\n\t<meta name=\"twitter:data1\" content=\"3 minutes\" \/>\n<script type=\"application\/ld+json\" class=\"yoast-schema-graph\">{\"@context\":\"https:\\\/\\\/schema.org\",\"@graph\":[{\"@type\":\"WebPage\",\"@id\":\"https:\\\/\\\/larucheindustrielle.fr\\\/fr\\\/evenement\\\/projet-optimisation-energetique-restitution-de-fin-de-projet\\\/\",\"url\":\"https:\\\/\\\/larucheindustrielle.fr\\\/fr\\\/evenement\\\/projet-optimisation-energetique-restitution-de-fin-de-projet\\\/\",\"name\":\"Projet Optimisation \u00e9nerg\u00e9tique : Restitution de fin de projet - La Ruche industrielle\",\"isPartOf\":{\"@id\":\"https:\\\/\\\/larucheindustrielle.fr\\\/fr\\\/#website\"},\"primaryImageOfPage\":{\"@id\":\"https:\\\/\\\/larucheindustrielle.fr\\\/fr\\\/evenement\\\/projet-optimisation-energetique-restitution-de-fin-de-projet\\\/#primaryimage\"},\"image\":{\"@id\":\"https:\\\/\\\/larucheindustrielle.fr\\\/fr\\\/evenement\\\/projet-optimisation-energetique-restitution-de-fin-de-projet\\\/#primaryimage\"},\"thumbnailUrl\":\"https:\\\/\\\/larucheindustrielle.fr\\\/wp-content\\\/uploads\\\/2023\\\/12\\\/Visuel.jpg\",\"datePublished\":\"2023-12-07T08:43:30+00:00\",\"dateModified\":\"2024-02-12T08:32:07+00:00\",\"description\":\"Le 08 f\u00e9vrier \u00e0 La Ruche Industrielle : Restitution de fin de projet Optimisation \u00e9nerg\u00e9tique des b\u00e2timents et processus industriels !\",\"inLanguage\":\"fr-FR\",\"potentialAction\":[{\"@type\":\"ReadAction\",\"target\":[\"https:\\\/\\\/larucheindustrielle.fr\\\/fr\\\/evenement\\\/projet-optimisation-energetique-restitution-de-fin-de-projet\\\/\"]}]},{\"@type\":\"ImageObject\",\"inLanguage\":\"fr-FR\",\"@id\":\"https:\\\/\\\/larucheindustrielle.fr\\\/fr\\\/evenement\\\/projet-optimisation-energetique-restitution-de-fin-de-projet\\\/#primaryimage\",\"url\":\"https:\\\/\\\/larucheindustrielle.fr\\\/wp-content\\\/uploads\\\/2023\\\/12\\\/Visuel.jpg\",\"contentUrl\":\"https:\\\/\\\/larucheindustrielle.fr\\\/wp-content\\\/uploads\\\/2023\\\/12\\\/Visuel.jpg\",\"width\":1920,\"height\":1080},{\"@type\":\"WebSite\",\"@id\":\"https:\\\/\\\/larucheindustrielle.fr\\\/fr\\\/#website\",\"url\":\"https:\\\/\\\/larucheindustrielle.fr\\\/fr\\\/\",\"name\":\"La Ruche industrielle\",\"description\":\"Ici, on construit ensemble l&#039;industrie du futur !\",\"publisher\":{\"@id\":\"https:\\\/\\\/larucheindustrielle.fr\\\/fr\\\/#organization\"},\"potentialAction\":[{\"@type\":\"SearchAction\",\"target\":{\"@type\":\"EntryPoint\",\"urlTemplate\":\"https:\\\/\\\/larucheindustrielle.fr\\\/fr\\\/?s={search_term_string}\"},\"query-input\":{\"@type\":\"PropertyValueSpecification\",\"valueRequired\":true,\"valueName\":\"search_term_string\"}}],\"inLanguage\":\"fr-FR\"},{\"@type\":\"Organization\",\"@id\":\"https:\\\/\\\/larucheindustrielle.fr\\\/fr\\\/#organization\",\"name\":\"La Ruche industrielle\",\"url\":\"https:\\\/\\\/larucheindustrielle.fr\\\/fr\\\/\",\"logo\":{\"@type\":\"ImageObject\",\"inLanguage\":\"fr-FR\",\"@id\":\"https:\\\/\\\/larucheindustrielle.fr\\\/fr\\\/#\\\/schema\\\/logo\\\/image\\\/\",\"url\":\"https:\\\/\\\/larucheindustrielle.fr\\\/wp-content\\\/uploads\\\/2023\\\/06\\\/Home-page-Logo-la-ruche-en-bois.jpg\",\"contentUrl\":\"https:\\\/\\\/larucheindustrielle.fr\\\/wp-content\\\/uploads\\\/2023\\\/06\\\/Home-page-Logo-la-ruche-en-bois.jpg\",\"width\":1280,\"height\":853,\"caption\":\"La Ruche industrielle\"},\"image\":{\"@id\":\"https:\\\/\\\/larucheindustrielle.fr\\\/fr\\\/#\\\/schema\\\/logo\\\/image\\\/\"},\"sameAs\":[\"https:\\\/\\\/x.com\\\/LaRucheIndus\",\"https:\\\/\\\/fr.linkedin.com\\\/company\\\/la-ruche-industrielle\",\"https:\\\/\\\/www.youtube.com\\\/@larucheindustrielle932\",\"https:\\\/\\\/www.instagram.com\\\/larucheindustrielle\\\/\"]}]}<\/script>\n<!-- \/ Yoast SEO plugin. -->","yoast_head_json":{"title":"Projet Optimisation \u00e9nerg\u00e9tique : Restitution de fin de projet - La Ruche industrielle","description":"Le 08 f\u00e9vrier \u00e0 La Ruche Industrielle : Restitution de fin de projet Optimisation \u00e9nerg\u00e9tique des b\u00e2timents et processus industriels !","robots":{"index":"index","follow":"follow","max-snippet":"max-snippet:-1","max-image-preview":"max-image-preview:large","max-video-preview":"max-video-preview:-1"},"canonical":"https:\/\/larucheindustrielle.fr\/fr\/evenement\/projet-optimisation-energetique-restitution-de-fin-de-projet\/","og_locale":"fr_FR","og_type":"article","og_title":"Projet Optimisation \u00e9nerg\u00e9tique : Restitution de fin de projet - La Ruche industrielle","og_description":"Le 08 f\u00e9vrier \u00e0 La Ruche Industrielle : Restitution de fin de projet Optimisation \u00e9nerg\u00e9tique des b\u00e2timents et processus industriels !","og_url":"https:\/\/larucheindustrielle.fr\/fr\/evenement\/projet-optimisation-energetique-restitution-de-fin-de-projet\/","og_site_name":"La Ruche industrielle","article_modified_time":"2024-02-12T08:32:07+00:00","og_image":[{"width":1920,"height":1080,"url":"https:\/\/larucheindustrielle.fr\/wp-content\/uploads\/2023\/12\/Visuel.jpg","type":"image\/jpeg"}],"twitter_card":"summary_large_image","twitter_site":"@LaRucheIndus","twitter_misc":{"Dur\u00e9e de lecture estim\u00e9e":"3 minutes"},"schema":{"@context":"https:\/\/schema.org","@graph":[{"@type":"WebPage","@id":"https:\/\/larucheindustrielle.fr\/fr\/evenement\/projet-optimisation-energetique-restitution-de-fin-de-projet\/","url":"https:\/\/larucheindustrielle.fr\/fr\/evenement\/projet-optimisation-energetique-restitution-de-fin-de-projet\/","name":"Projet Optimisation \u00e9nerg\u00e9tique : Restitution de fin de projet - La Ruche industrielle","isPartOf":{"@id":"https:\/\/larucheindustrielle.fr\/fr\/#website"},"primaryImageOfPage":{"@id":"https:\/\/larucheindustrielle.fr\/fr\/evenement\/projet-optimisation-energetique-restitution-de-fin-de-projet\/#primaryimage"},"image":{"@id":"https:\/\/larucheindustrielle.fr\/fr\/evenement\/projet-optimisation-energetique-restitution-de-fin-de-projet\/#primaryimage"},"thumbnailUrl":"https:\/\/larucheindustrielle.fr\/wp-content\/uploads\/2023\/12\/Visuel.jpg","datePublished":"2023-12-07T08:43:30+00:00","dateModified":"2024-02-12T08:32:07+00:00","description":"Le 08 f\u00e9vrier \u00e0 La Ruche Industrielle : Restitution de fin de projet Optimisation \u00e9nerg\u00e9tique des b\u00e2timents et processus industriels !","inLanguage":"fr-FR","potentialAction":[{"@type":"ReadAction","target":["https:\/\/larucheindustrielle.fr\/fr\/evenement\/projet-optimisation-energetique-restitution-de-fin-de-projet\/"]}]},{"@type":"ImageObject","inLanguage":"fr-FR","@id":"https:\/\/larucheindustrielle.fr\/fr\/evenement\/projet-optimisation-energetique-restitution-de-fin-de-projet\/#primaryimage","url":"https:\/\/larucheindustrielle.fr\/wp-content\/uploads\/2023\/12\/Visuel.jpg","contentUrl":"https:\/\/larucheindustrielle.fr\/wp-content\/uploads\/2023\/12\/Visuel.jpg","width":1920,"height":1080},{"@type":"WebSite","@id":"https:\/\/larucheindustrielle.fr\/fr\/#website","url":"https:\/\/larucheindustrielle.fr\/fr\/","name":"La Ruche industrielle","description":"Ici, on construit ensemble l&#039;industrie du futur !","publisher":{"@id":"https:\/\/larucheindustrielle.fr\/fr\/#organization"},"potentialAction":[{"@type":"SearchAction","target":{"@type":"EntryPoint","urlTemplate":"https:\/\/larucheindustrielle.fr\/fr\/?s={search_term_string}"},"query-input":{"@type":"PropertyValueSpecification","valueRequired":true,"valueName":"search_term_string"}}],"inLanguage":"fr-FR"},{"@type":"Organization","@id":"https:\/\/larucheindustrielle.fr\/fr\/#organization","name":"La Ruche industrielle","url":"https:\/\/larucheindustrielle.fr\/fr\/","logo":{"@type":"ImageObject","inLanguage":"fr-FR","@id":"https:\/\/larucheindustrielle.fr\/fr\/#\/schema\/logo\/image\/","url":"https:\/\/larucheindustrielle.fr\/wp-content\/uploads\/2023\/06\/Home-page-Logo-la-ruche-en-bois.jpg","contentUrl":"https:\/\/larucheindustrielle.fr\/wp-content\/uploads\/2023\/06\/Home-page-Logo-la-ruche-en-bois.jpg","width":1280,"height":853,"caption":"La Ruche industrielle"},"image":{"@id":"https:\/\/larucheindustrielle.fr\/fr\/#\/schema\/logo\/image\/"},"sameAs":["https:\/\/x.com\/LaRucheIndus","https:\/\/fr.linkedin.com\/company\/la-ruche-industrielle","https:\/\/www.youtube.com\/@larucheindustrielle932","https:\/\/www.instagram.com\/larucheindustrielle\/"]}]}},"publishpress_future_action":{"enabled":false,"date":"2026-05-04 16:34:32","action":"category","newStatus":"draft","terms":[13],"taxonomy":"category","extraData":[]},"publishpress_future_workflow_manual_trigger":{"enabledWorkflows":[]},"_links":{"self":[{"href":"https:\/\/larucheindustrielle.fr\/fr\/wp-json\/wp\/v2\/evenement\/4259","targetHints":{"allow":["GET"]}}],"collection":[{"href":"https:\/\/larucheindustrielle.fr\/fr\/wp-json\/wp\/v2\/evenement"}],"about":[{"href":"https:\/\/larucheindustrielle.fr\/fr\/wp-json\/wp\/v2\/types\/evenement"}],"wp:featuredmedia":[{"embeddable":true,"href":"https:\/\/larucheindustrielle.fr\/fr\/wp-json\/wp\/v2\/media\/4269"}],"wp:attachment":[{"href":"https:\/\/larucheindustrielle.fr\/fr\/wp-json\/wp\/v2\/media?parent=4259"}],"wp:term":[{"taxonomy":"category","embeddable":true,"href":"https:\/\/larucheindustrielle.fr\/fr\/wp-json\/wp\/v2\/categories?post=4259"},{"taxonomy":"post_tag","embeddable":true,"href":"https:\/\/larucheindustrielle.fr\/fr\/wp-json\/wp\/v2\/tags?post=4259"}],"curies":[{"name":"wp","href":"https:\/\/api.w.org\/{rel}","templated":true}]}}