{"id":4283,"date":"2023-12-13T12:02:05","date_gmt":"2023-12-13T11:02:05","guid":{"rendered":"https:\/\/larucheindustrielle.fr\/fr\/?post_type=evenement&#038;p=4283"},"modified":"2024-06-04T13:04:36","modified_gmt":"2024-06-04T11:04:36","slug":"evenement-annuel-adherents-2024","status":"publish","type":"evenement","link":"https:\/\/larucheindustrielle.fr\/fr\/evenement\/evenement-annuel-adherents-2024\/","title":{"rendered":"\u00c9v\u00e8nement annuel adh\u00e9rents 2024"},"content":{"rendered":"<p><img loading=\"lazy\" decoding=\"async\" class=\"aligncenter wp-image-5479 size-large\" src=\"https:\/\/larucheindustrielle.fr\/wp-content\/uploads\/2023\/12\/REX-GEANT-2024-TETIERE-MAILING-1024x264.png\" alt=\"\" width=\"1024\" height=\"264\" \/><\/p>\n<h2><\/h2>\n<h2>\ud83d\udc1d\u2600\ufe0f\u00a0 <strong>\u00c9v\u00e8nement annuel <\/strong>\ud83d\udc1d\u2600\ufe0f<\/h2>\n<h2><strong>La Ruche Industrielle invite ses adh\u00e9rents \u00e0 une journ\u00e9e exceptionnelle REX G\u00c9ANT et SOIR\u00c9E ANNIVERSAIRE le 27 juin<br \/>\n<\/strong><\/h2>\n<hr \/>\n<p>Participez \u00e0 la journ\u00e9e des collaborateurs des adh\u00e9rents de La Ruche Industrielle&#8230;<\/p>\n<p>Une journ\u00e9e d\u2019\u00e9change et de (re)d\u00e9couverte <strong>sous forme de REX (Retour d\u2019EXp\u00e9rience)<\/strong> pour partager largement les apprentissages des projets inter-entreprises, r\u00e9alis\u00e9s ou en cours, men\u00e9s dans La Ruche Industrielle, suivie d&rsquo;une soir\u00e9e festive.<\/p>\n<p><strong>Au programme :<\/strong><\/p>\n<blockquote>\n<h5>De 14 \u00e0 18h&#8230; Douze stands Projets Ruche et programmes de la transformation :<\/h5>\n<ul>\n<li>\u00c9conomie circulaire,<\/li>\n<li>Optimisation \u00e9nerg\u00e9tique,<\/li>\n<li>Marque employeur,<\/li>\n<li>IA g\u00e9n\u00e9rative,<\/li>\n<li>Continuit\u00e9 num\u00e9rique et r\u00e9conciliation des donn\u00e9es,<\/li>\n<li>Lignes flexibles multi-produits,<\/li>\n<li>Cybers\u00e9curit\u00e9 industrielle,<\/li>\n<li>R\u00e9alit\u00e9 virtuelle, mixte et augment\u00e9e,<\/li>\n<li>Boostart, Leaders transformants, technicien de maintenance,<\/li>\n<li>Activit\u00e9s : afterworks, conf\u00e9rences\u2026<\/li>\n<\/ul>\n<h5>\ud83c\udf82 \ud83c\udfb6A 18h30 : Lancement de la soir\u00e9e anniversaire avec de nombreuses surprises<\/h5>\n<p>5 ans que La Ruche transforme l&rsquo;industrie !<\/p>\n<ul>\n<li>Buffet champ\u00eatre, gourmandises, DJ, ambiance assur\u00e9e !<\/li>\n<\/ul>\n<\/blockquote>\n<h5><\/h5>\n<ul>\n<li>\n<h5><strong>Pour vous inscrire aux stands : <a href=\"https:\/\/larucheindustrielle.fr\/fr\/coordinateurs-ambassadeurs\/\" target=\"_blank\" rel=\"noopener\">merci de vous rapprocher de vos coordinateurs Projets ou Ambassadeurs<\/a><\/strong><\/h5>\n<p>Stands r\u00e9serv\u00e9s aux adh\u00e9rents de La Ruche Industrielle (inscription obligatoire)<\/li>\n<li>\n<h5><strong>Pour vous inscrire \u00e0 la soir\u00e9e anniversaire : <a href=\"https:\/\/www.helloasso.com\/associations\/la-ruche-industrielle\/evenements\/evenement-annuel-2024-la-ruche-fete-ses-5-ans\" target=\"_blank\" rel=\"noopener\">merci de vous inscrire via ce lien<\/a> <\/strong><\/h5>\n<p>Soir\u00e9e anniversaire r\u00e9serv\u00e9e aux adh\u00e9rents de La Ruche Industrielle et aux collaborateurs USIN (inscription obligatoire)<\/li>\n<\/ul>\n<p>&nbsp;<\/p>\n<p>\u2753Pour toute question compl\u00e9mentaire, merci d\u2019adresser un mail \u00e0 <a href=\"mailto:contact@larucheindustrielle.fr\" target=\"_blank\" rel=\"noopener\">contact@larucheindustrielle.fr<\/a><\/p>\n<h5><strong>Revivez l&rsquo;\u00e9dition 2023 :<\/strong><\/h5>\n<p><iframe loading=\"lazy\" title=\"YouTube video player\" src=\"https:\/\/www.youtube.com\/embed\/-y-pPTu5CUg?si=0jpG28UeynKVCkLU\" width=\"560\" height=\"315\" frameborder=\"0\" allowfullscreen=\"allowfullscreen\"><\/iframe><\/p>\n<p>&nbsp;<\/p>\n","protected":false},"excerpt":{"rendered":"<p>Participez \u00e0 la journ\u00e9e des collaborateurs des adh\u00e9rents de La Ruche Industrielle\u202f! <\/p>\n","protected":false},"featured_media":5506,"template":"","meta":{"_acf_changed":false,"_et_pb_use_builder":"off","_et_pb_old_content":"","_et_gb_content_width":""},"categories":[13],"tags":[],"class_list":["post-4283","evenement","type-evenement","status-publish","has-post-thumbnail","hentry","category-passe"],"acf":[],"yoast_head":"<!-- This site is optimized with the Yoast SEO plugin v27.4 - https:\/\/yoast.com\/product\/yoast-seo-wordpress\/ -->\n<title>\u00c9v\u00e8nement annuel adh\u00e9rents 2024 - La Ruche industrielle<\/title>\n<meta name=\"description\" content=\"Une journ\u00e9e de partages, d&#039;\u00e9changes sous forme de Retour d\u2019EXp\u00e9riences des projets de La Ruche Industrielle, suivie d&#039;une soir\u00e9e festive.\" \/>\n<meta name=\"robots\" content=\"index, follow, max-snippet:-1, max-image-preview:large, max-video-preview:-1\" \/>\n<link rel=\"canonical\" href=\"https:\/\/larucheindustrielle.fr\/fr\/evenement\/evenement-annuel-adherents-2024\/\" \/>\n<meta property=\"og:locale\" content=\"fr_FR\" \/>\n<meta property=\"og:type\" content=\"article\" \/>\n<meta property=\"og:title\" content=\"\u00c9v\u00e8nement annuel adh\u00e9rents 2024 - La Ruche industrielle\" \/>\n<meta property=\"og:description\" content=\"Une journ\u00e9e de partages, d&#039;\u00e9changes sous forme de Retour d\u2019EXp\u00e9riences des projets de La Ruche Industrielle, suivie d&#039;une soir\u00e9e festive.\" \/>\n<meta property=\"og:url\" content=\"https:\/\/larucheindustrielle.fr\/fr\/evenement\/evenement-annuel-adherents-2024\/\" \/>\n<meta property=\"og:site_name\" content=\"La Ruche industrielle\" \/>\n<meta property=\"article:modified_time\" content=\"2024-06-04T11:04:36+00:00\" \/>\n<meta property=\"og:image\" content=\"https:\/\/larucheindustrielle.fr\/wp-content\/uploads\/2023\/12\/REX-GEANT-2024-SIGNATURE-EMAIL.png\" \/>\n\t<meta property=\"og:image:width\" content=\"4168\" \/>\n\t<meta property=\"og:image:height\" content=\"1737\" \/>\n\t<meta property=\"og:image:type\" content=\"image\/png\" \/>\n<meta name=\"twitter:card\" content=\"summary_large_image\" \/>\n<meta name=\"twitter:site\" content=\"@LaRucheIndus\" \/>\n<meta name=\"twitter:label1\" content=\"Dur\u00e9e de lecture estim\u00e9e\" \/>\n\t<meta name=\"twitter:data1\" content=\"2 minutes\" \/>\n<script type=\"application\/ld+json\" class=\"yoast-schema-graph\">{\"@context\":\"https:\\\/\\\/schema.org\",\"@graph\":[{\"@type\":\"WebPage\",\"@id\":\"https:\\\/\\\/larucheindustrielle.fr\\\/fr\\\/evenement\\\/evenement-annuel-adherents-2024\\\/\",\"url\":\"https:\\\/\\\/larucheindustrielle.fr\\\/fr\\\/evenement\\\/evenement-annuel-adherents-2024\\\/\",\"name\":\"\u00c9v\u00e8nement annuel adh\u00e9rents 2024 - La Ruche industrielle\",\"isPartOf\":{\"@id\":\"https:\\\/\\\/larucheindustrielle.fr\\\/fr\\\/#website\"},\"primaryImageOfPage\":{\"@id\":\"https:\\\/\\\/larucheindustrielle.fr\\\/fr\\\/evenement\\\/evenement-annuel-adherents-2024\\\/#primaryimage\"},\"image\":{\"@id\":\"https:\\\/\\\/larucheindustrielle.fr\\\/fr\\\/evenement\\\/evenement-annuel-adherents-2024\\\/#primaryimage\"},\"thumbnailUrl\":\"https:\\\/\\\/larucheindustrielle.fr\\\/wp-content\\\/uploads\\\/2023\\\/12\\\/REX-GEANT-2024-SIGNATURE-EMAIL.png\",\"datePublished\":\"2023-12-13T11:02:05+00:00\",\"dateModified\":\"2024-06-04T11:04:36+00:00\",\"description\":\"Une journ\u00e9e de partages, d'\u00e9changes sous forme de Retour d\u2019EXp\u00e9riences des projets de La Ruche Industrielle, suivie d'une soir\u00e9e festive.\",\"inLanguage\":\"fr-FR\",\"potentialAction\":[{\"@type\":\"ReadAction\",\"target\":[\"https:\\\/\\\/larucheindustrielle.fr\\\/fr\\\/evenement\\\/evenement-annuel-adherents-2024\\\/\"]}]},{\"@type\":\"ImageObject\",\"inLanguage\":\"fr-FR\",\"@id\":\"https:\\\/\\\/larucheindustrielle.fr\\\/fr\\\/evenement\\\/evenement-annuel-adherents-2024\\\/#primaryimage\",\"url\":\"https:\\\/\\\/larucheindustrielle.fr\\\/wp-content\\\/uploads\\\/2023\\\/12\\\/REX-GEANT-2024-SIGNATURE-EMAIL.png\",\"contentUrl\":\"https:\\\/\\\/larucheindustrielle.fr\\\/wp-content\\\/uploads\\\/2023\\\/12\\\/REX-GEANT-2024-SIGNATURE-EMAIL.png\",\"width\":4168,\"height\":1737},{\"@type\":\"WebSite\",\"@id\":\"https:\\\/\\\/larucheindustrielle.fr\\\/fr\\\/#website\",\"url\":\"https:\\\/\\\/larucheindustrielle.fr\\\/fr\\\/\",\"name\":\"La Ruche industrielle\",\"description\":\"Ici, on construit ensemble l&#039;industrie du futur !\",\"publisher\":{\"@id\":\"https:\\\/\\\/larucheindustrielle.fr\\\/fr\\\/#organization\"},\"potentialAction\":[{\"@type\":\"SearchAction\",\"target\":{\"@type\":\"EntryPoint\",\"urlTemplate\":\"https:\\\/\\\/larucheindustrielle.fr\\\/fr\\\/?s={search_term_string}\"},\"query-input\":{\"@type\":\"PropertyValueSpecification\",\"valueRequired\":true,\"valueName\":\"search_term_string\"}}],\"inLanguage\":\"fr-FR\"},{\"@type\":\"Organization\",\"@id\":\"https:\\\/\\\/larucheindustrielle.fr\\\/fr\\\/#organization\",\"name\":\"La Ruche industrielle\",\"url\":\"https:\\\/\\\/larucheindustrielle.fr\\\/fr\\\/\",\"logo\":{\"@type\":\"ImageObject\",\"inLanguage\":\"fr-FR\",\"@id\":\"https:\\\/\\\/larucheindustrielle.fr\\\/fr\\\/#\\\/schema\\\/logo\\\/image\\\/\",\"url\":\"https:\\\/\\\/larucheindustrielle.fr\\\/wp-content\\\/uploads\\\/2023\\\/06\\\/Home-page-Logo-la-ruche-en-bois.jpg\",\"contentUrl\":\"https:\\\/\\\/larucheindustrielle.fr\\\/wp-content\\\/uploads\\\/2023\\\/06\\\/Home-page-Logo-la-ruche-en-bois.jpg\",\"width\":1280,\"height\":853,\"caption\":\"La Ruche industrielle\"},\"image\":{\"@id\":\"https:\\\/\\\/larucheindustrielle.fr\\\/fr\\\/#\\\/schema\\\/logo\\\/image\\\/\"},\"sameAs\":[\"https:\\\/\\\/x.com\\\/LaRucheIndus\",\"https:\\\/\\\/fr.linkedin.com\\\/company\\\/la-ruche-industrielle\",\"https:\\\/\\\/www.youtube.com\\\/@larucheindustrielle932\",\"https:\\\/\\\/www.instagram.com\\\/larucheindustrielle\\\/\"]}]}<\/script>\n<!-- \/ Yoast SEO plugin. -->","yoast_head_json":{"title":"\u00c9v\u00e8nement annuel adh\u00e9rents 2024 - La Ruche industrielle","description":"Une journ\u00e9e de partages, d'\u00e9changes sous forme de Retour d\u2019EXp\u00e9riences des projets de La Ruche Industrielle, suivie d'une soir\u00e9e festive.","robots":{"index":"index","follow":"follow","max-snippet":"max-snippet:-1","max-image-preview":"max-image-preview:large","max-video-preview":"max-video-preview:-1"},"canonical":"https:\/\/larucheindustrielle.fr\/fr\/evenement\/evenement-annuel-adherents-2024\/","og_locale":"fr_FR","og_type":"article","og_title":"\u00c9v\u00e8nement annuel adh\u00e9rents 2024 - La Ruche industrielle","og_description":"Une journ\u00e9e de partages, d'\u00e9changes sous forme de Retour d\u2019EXp\u00e9riences des projets de La Ruche Industrielle, suivie d'une soir\u00e9e festive.","og_url":"https:\/\/larucheindustrielle.fr\/fr\/evenement\/evenement-annuel-adherents-2024\/","og_site_name":"La Ruche industrielle","article_modified_time":"2024-06-04T11:04:36+00:00","og_image":[{"width":4168,"height":1737,"url":"https:\/\/larucheindustrielle.fr\/wp-content\/uploads\/2023\/12\/REX-GEANT-2024-SIGNATURE-EMAIL.png","type":"image\/png"}],"twitter_card":"summary_large_image","twitter_site":"@LaRucheIndus","twitter_misc":{"Dur\u00e9e de lecture estim\u00e9e":"2 minutes"},"schema":{"@context":"https:\/\/schema.org","@graph":[{"@type":"WebPage","@id":"https:\/\/larucheindustrielle.fr\/fr\/evenement\/evenement-annuel-adherents-2024\/","url":"https:\/\/larucheindustrielle.fr\/fr\/evenement\/evenement-annuel-adherents-2024\/","name":"\u00c9v\u00e8nement annuel adh\u00e9rents 2024 - La Ruche industrielle","isPartOf":{"@id":"https:\/\/larucheindustrielle.fr\/fr\/#website"},"primaryImageOfPage":{"@id":"https:\/\/larucheindustrielle.fr\/fr\/evenement\/evenement-annuel-adherents-2024\/#primaryimage"},"image":{"@id":"https:\/\/larucheindustrielle.fr\/fr\/evenement\/evenement-annuel-adherents-2024\/#primaryimage"},"thumbnailUrl":"https:\/\/larucheindustrielle.fr\/wp-content\/uploads\/2023\/12\/REX-GEANT-2024-SIGNATURE-EMAIL.png","datePublished":"2023-12-13T11:02:05+00:00","dateModified":"2024-06-04T11:04:36+00:00","description":"Une journ\u00e9e de partages, d'\u00e9changes sous forme de Retour d\u2019EXp\u00e9riences des projets de La Ruche Industrielle, suivie d'une soir\u00e9e festive.","inLanguage":"fr-FR","potentialAction":[{"@type":"ReadAction","target":["https:\/\/larucheindustrielle.fr\/fr\/evenement\/evenement-annuel-adherents-2024\/"]}]},{"@type":"ImageObject","inLanguage":"fr-FR","@id":"https:\/\/larucheindustrielle.fr\/fr\/evenement\/evenement-annuel-adherents-2024\/#primaryimage","url":"https:\/\/larucheindustrielle.fr\/wp-content\/uploads\/2023\/12\/REX-GEANT-2024-SIGNATURE-EMAIL.png","contentUrl":"https:\/\/larucheindustrielle.fr\/wp-content\/uploads\/2023\/12\/REX-GEANT-2024-SIGNATURE-EMAIL.png","width":4168,"height":1737},{"@type":"WebSite","@id":"https:\/\/larucheindustrielle.fr\/fr\/#website","url":"https:\/\/larucheindustrielle.fr\/fr\/","name":"La Ruche industrielle","description":"Ici, on construit ensemble l&#039;industrie du futur !","publisher":{"@id":"https:\/\/larucheindustrielle.fr\/fr\/#organization"},"potentialAction":[{"@type":"SearchAction","target":{"@type":"EntryPoint","urlTemplate":"https:\/\/larucheindustrielle.fr\/fr\/?s={search_term_string}"},"query-input":{"@type":"PropertyValueSpecification","valueRequired":true,"valueName":"search_term_string"}}],"inLanguage":"fr-FR"},{"@type":"Organization","@id":"https:\/\/larucheindustrielle.fr\/fr\/#organization","name":"La Ruche industrielle","url":"https:\/\/larucheindustrielle.fr\/fr\/","logo":{"@type":"ImageObject","inLanguage":"fr-FR","@id":"https:\/\/larucheindustrielle.fr\/fr\/#\/schema\/logo\/image\/","url":"https:\/\/larucheindustrielle.fr\/wp-content\/uploads\/2023\/06\/Home-page-Logo-la-ruche-en-bois.jpg","contentUrl":"https:\/\/larucheindustrielle.fr\/wp-content\/uploads\/2023\/06\/Home-page-Logo-la-ruche-en-bois.jpg","width":1280,"height":853,"caption":"La Ruche industrielle"},"image":{"@id":"https:\/\/larucheindustrielle.fr\/fr\/#\/schema\/logo\/image\/"},"sameAs":["https:\/\/x.com\/LaRucheIndus","https:\/\/fr.linkedin.com\/company\/la-ruche-industrielle","https:\/\/www.youtube.com\/@larucheindustrielle932","https:\/\/www.instagram.com\/larucheindustrielle\/"]}]}},"publishpress_future_action":{"enabled":false,"date":"2026-05-04 15:14:27","action":"category","newStatus":"draft","terms":[13],"taxonomy":"category","extraData":[]},"publishpress_future_workflow_manual_trigger":{"enabledWorkflows":[]},"_links":{"self":[{"href":"https:\/\/larucheindustrielle.fr\/fr\/wp-json\/wp\/v2\/evenement\/4283","targetHints":{"allow":["GET"]}}],"collection":[{"href":"https:\/\/larucheindustrielle.fr\/fr\/wp-json\/wp\/v2\/evenement"}],"about":[{"href":"https:\/\/larucheindustrielle.fr\/fr\/wp-json\/wp\/v2\/types\/evenement"}],"wp:featuredmedia":[{"embeddable":true,"href":"https:\/\/larucheindustrielle.fr\/fr\/wp-json\/wp\/v2\/media\/5506"}],"wp:attachment":[{"href":"https:\/\/larucheindustrielle.fr\/fr\/wp-json\/wp\/v2\/media?parent=4283"}],"wp:term":[{"taxonomy":"category","embeddable":true,"href":"https:\/\/larucheindustrielle.fr\/fr\/wp-json\/wp\/v2\/categories?post=4283"},{"taxonomy":"post_tag","embeddable":true,"href":"https:\/\/larucheindustrielle.fr\/fr\/wp-json\/wp\/v2\/tags?post=4283"}],"curies":[{"name":"wp","href":"https:\/\/api.w.org\/{rel}","templated":true}]}}