{"id":4287,"date":"2024-09-13T12:15:40","date_gmt":"2024-09-13T10:15:40","guid":{"rendered":"https:\/\/larucheindustrielle.fr\/fr\/?post_type=evenement&#038;p=4287"},"modified":"2025-02-21T09:57:55","modified_gmt":"2025-02-21T08:57:55","slug":"salon-xr-days-2024","status":"publish","type":"evenement","link":"https:\/\/larucheindustrielle.fr\/fr\/evenement\/salon-xr-days-2024\/","title":{"rendered":"Salon XR DAYS 2024"},"content":{"rendered":"<h1><img loading=\"lazy\" decoding=\"async\" class=\"aligncenter wp-image-6293 size-large\" src=\"https:\/\/larucheindustrielle.fr\/wp-content\/uploads\/2024\/09\/tetiere-xr-days-2024-1024x265.png\" alt=\"\" width=\"1024\" height=\"265\" srcset=\"https:\/\/larucheindustrielle.fr\/wp-content\/uploads\/2024\/09\/tetiere-xr-days-2024-980x254.png 980w, https:\/\/larucheindustrielle.fr\/wp-content\/uploads\/2024\/09\/tetiere-xr-days-2024-480x124.png 480w\" sizes=\"(min-width: 0px) and (max-width: 480px) 480px, (min-width: 481px) and (max-width: 980px) 980px, (min-width: 981px) 1024px, 100vw\" \/><\/h1>\n<h4>L&rsquo;\u00e9dition 2024 aura lieu les 15 et 16 octobre \u00e0 V\u00e9nissieux, pr\u00e8s de Lyon. Un \u00e9v\u00e8nement au service des industriels, organis\u00e9 par la communaut\u00e9 XR, anim\u00e9 par la Ruche Industrielle.<\/h4>\n<p>&nbsp;<\/p>\n<p><strong>Comment industrialiser R\u00e9alit\u00e9 Augment\u00e9e, R\u00e9alit\u00e9 Virtuelle et R\u00e9alit\u00e9 Mixte ?<\/strong><\/p>\n<p><strong>Deux jours pour rencontrer la communaut\u00e9 XR de la Ruche : les industriels, les experts partenaires technologiques, la communaut\u00e9 scientifique du secteur, pour partager, \u00e9changer et viser la transformation !<\/strong><\/p>\n<p>L\u2019objectif des XR DAYS :<br \/>\n\u2022 d\u00e9couvrir des cas d\u2019usages industriels concrets, des retours d\u2019exp\u00e9rience,<br \/>\n\u2022 assister \u00e0 des d\u00e9mos d\u2019entreprises vari\u00e9es qui ont impl\u00e9ment\u00e9,<br \/>\n\u2022 rencontrer des partenaires technologiques, tester leur mat\u00e9riel, leurs derni\u00e8res innovations,<br \/>\n\u2022 assister \u00e0 des conf\u00e9rences inspirantes&#8230;<\/p>\n<p>Pour <strong>voir, toucher, comprendre&#8230;<\/strong><\/p>\n<p>Si vous n\u2019avez encore jamais assist\u00e9 aux <strong data-start=\"521\" data-end=\"532\">XR DAYS<\/strong>, c\u2019est l\u2019occasion parfaite de plonger dans cet univers via notre <a href=\"https:\/\/larucheindustrielle.fr\/wp-content\/uploads\/2025\/02\/XR-DAYS-Journal-de-levenement-.pdf\">journal de l&rsquo;\u00e9v\u00e8nement.<\/a><\/p>\n<h1 style=\"text-align: center;\"><a href=\"https:\/\/larucheindustrielle.fr\/wp-content\/uploads\/2024\/10\/programme_xr_days_2024-2.pdf\" target=\"_blank\" rel=\"noopener\">Consultez le programme complet\u00a0<\/a><\/h1>\n<p style=\"text-align: center;\"><strong>Les XR DAYS sont victimes de leur succ\u00e8s ! L&rsquo;\u00e9v\u00e8nement \u00e0 guichet ferm\u00e9.<br \/>\n<\/strong><strong>Si vous souhaitez vous inscrire, adressez-nous un mail mais nous ne pouvons pas garantir votre acc\u00e8s (\u00e9tude au cas par cas).<\/strong><\/p>\n<p style=\"text-align: center;\">Merci de votre compr\u00e9hension.<\/p>\n<p>&nbsp;<\/p>\n<h4>L&rsquo;\u00e9dition 2023 a r\u00e9unit 600 visiteurs et 40 partenaires exposants\u00a0 !<\/h4>\n<h4><iframe loading=\"lazy\" title=\"YouTube video player\" src=\"https:\/\/www.youtube.com\/embed\/J2CgKMzfkBM?si=OhYU1DJTnHLwinCE\" width=\"560\" height=\"315\" frameborder=\"0\" allowfullscreen=\"allowfullscreen\"><\/iframe><\/h4>\n<ul>\n<li>\n<h4><a href=\"https:\/\/larucheindustrielle.fr\/fr\/xr-days-2023\/\" target=\"_blank\" rel=\"noopener\">En savoir plus sur l&rsquo;\u00e9dition 2023<\/a><\/h4>\n<\/li>\n<li>\n<h4><a href=\"https:\/\/larucheindustrielle.fr\/fr\/xr-days-2023-conferences\/\" target=\"_blank\" rel=\"noopener\">Visionner les conf\u00e9rences 2023<\/a><\/h4>\n<\/li>\n<li>\n<h4><a href=\"https:\/\/larucheindustrielle.fr\/fr\/xr-days-2024-toutes-les-conferences-en-videos\/\" target=\"_blank\" rel=\"noopener\">Visionner les conf\u00e9rences 2024<\/a><\/h4>\n<\/li>\n<\/ul>\n<p>\u2753Pour toute question compl\u00e9mentaire, merci d\u2019adresser un mail \u00e0 <a href=\"mailto:contact@larucheindustrielle.fr\" target=\"_blank\" rel=\"noopener\">contact@larucheindustrielle.fr<\/a><\/p>\n","protected":false},"excerpt":{"rendered":"<p>L&rsquo;\u00e9dition 2024 des XR DAYS aura lieu les 15 et 16 octobre \u00e0 V\u00e9nissieux, pr\u00e8s de Lyon.<br \/>\nUn \u00e9v\u00e8nement au service des industriels, organis\u00e9 par la communaut\u00e9 XR, anim\u00e9 par la Ruche Industrielle.<\/p>\n","protected":false},"featured_media":5519,"template":"","meta":{"_acf_changed":false,"_et_pb_use_builder":"","_et_pb_old_content":"","_et_gb_content_width":""},"categories":[13],"tags":[],"class_list":["post-4287","evenement","type-evenement","status-publish","has-post-thumbnail","hentry","category-passe"],"acf":[],"yoast_head":"<!-- This site is optimized with the Yoast SEO plugin v27.4 - https:\/\/yoast.com\/product\/yoast-seo-wordpress\/ -->\n<title>Salon XR DAYS 2024 - La Ruche industrielle<\/title>\n<meta name=\"robots\" content=\"index, follow, max-snippet:-1, max-image-preview:large, max-video-preview:-1\" \/>\n<link rel=\"canonical\" href=\"https:\/\/larucheindustrielle.fr\/fr\/evenement\/salon-xr-days-2024\/\" \/>\n<meta property=\"og:locale\" content=\"fr_FR\" \/>\n<meta property=\"og:type\" content=\"article\" \/>\n<meta property=\"og:title\" content=\"Salon XR DAYS 2024 - La Ruche industrielle\" \/>\n<meta property=\"og:description\" content=\"L&#039;\u00e9dition 2024 des XR DAYS aura lieu les 15 et 16 octobre \u00e0 V\u00e9nissieux, pr\u00e8s de Lyon. Un \u00e9v\u00e8nement au service des industriels, organis\u00e9 par la communaut\u00e9 XR, anim\u00e9 par la Ruche Industrielle.\" \/>\n<meta property=\"og:url\" content=\"https:\/\/larucheindustrielle.fr\/fr\/evenement\/salon-xr-days-2024\/\" \/>\n<meta property=\"og:site_name\" content=\"La Ruche industrielle\" \/>\n<meta property=\"article:modified_time\" content=\"2025-02-21T08:57:55+00:00\" \/>\n<meta property=\"og:image\" content=\"https:\/\/larucheindustrielle.fr\/wp-content\/uploads\/2023\/12\/tetiere-xr-days.png\" \/>\n\t<meta property=\"og:image:width\" content=\"1347\" \/>\n\t<meta property=\"og:image:height\" content=\"878\" \/>\n\t<meta property=\"og:image:type\" content=\"image\/png\" \/>\n<meta name=\"twitter:card\" content=\"summary_large_image\" \/>\n<meta name=\"twitter:site\" content=\"@LaRucheIndus\" \/>\n<meta name=\"twitter:label1\" content=\"Dur\u00e9e de lecture estim\u00e9e\" \/>\n\t<meta name=\"twitter:data1\" content=\"2 minutes\" \/>\n<script type=\"application\/ld+json\" class=\"yoast-schema-graph\">{\"@context\":\"https:\\\/\\\/schema.org\",\"@graph\":[{\"@type\":\"WebPage\",\"@id\":\"https:\\\/\\\/larucheindustrielle.fr\\\/fr\\\/evenement\\\/salon-xr-days-2024\\\/\",\"url\":\"https:\\\/\\\/larucheindustrielle.fr\\\/fr\\\/evenement\\\/salon-xr-days-2024\\\/\",\"name\":\"Salon XR DAYS 2024 - La Ruche industrielle\",\"isPartOf\":{\"@id\":\"https:\\\/\\\/larucheindustrielle.fr\\\/fr\\\/#website\"},\"primaryImageOfPage\":{\"@id\":\"https:\\\/\\\/larucheindustrielle.fr\\\/fr\\\/evenement\\\/salon-xr-days-2024\\\/#primaryimage\"},\"image\":{\"@id\":\"https:\\\/\\\/larucheindustrielle.fr\\\/fr\\\/evenement\\\/salon-xr-days-2024\\\/#primaryimage\"},\"thumbnailUrl\":\"https:\\\/\\\/larucheindustrielle.fr\\\/wp-content\\\/uploads\\\/2023\\\/12\\\/tetiere-xr-days.png\",\"datePublished\":\"2024-09-13T10:15:40+00:00\",\"dateModified\":\"2025-02-21T08:57:55+00:00\",\"inLanguage\":\"fr-FR\",\"potentialAction\":[{\"@type\":\"ReadAction\",\"target\":[\"https:\\\/\\\/larucheindustrielle.fr\\\/fr\\\/evenement\\\/salon-xr-days-2024\\\/\"]}]},{\"@type\":\"ImageObject\",\"inLanguage\":\"fr-FR\",\"@id\":\"https:\\\/\\\/larucheindustrielle.fr\\\/fr\\\/evenement\\\/salon-xr-days-2024\\\/#primaryimage\",\"url\":\"https:\\\/\\\/larucheindustrielle.fr\\\/wp-content\\\/uploads\\\/2023\\\/12\\\/tetiere-xr-days.png\",\"contentUrl\":\"https:\\\/\\\/larucheindustrielle.fr\\\/wp-content\\\/uploads\\\/2023\\\/12\\\/tetiere-xr-days.png\",\"width\":1347,\"height\":878},{\"@type\":\"WebSite\",\"@id\":\"https:\\\/\\\/larucheindustrielle.fr\\\/fr\\\/#website\",\"url\":\"https:\\\/\\\/larucheindustrielle.fr\\\/fr\\\/\",\"name\":\"La Ruche industrielle\",\"description\":\"Ici, on construit ensemble l&#039;industrie du futur !\",\"publisher\":{\"@id\":\"https:\\\/\\\/larucheindustrielle.fr\\\/fr\\\/#organization\"},\"potentialAction\":[{\"@type\":\"SearchAction\",\"target\":{\"@type\":\"EntryPoint\",\"urlTemplate\":\"https:\\\/\\\/larucheindustrielle.fr\\\/fr\\\/?s={search_term_string}\"},\"query-input\":{\"@type\":\"PropertyValueSpecification\",\"valueRequired\":true,\"valueName\":\"search_term_string\"}}],\"inLanguage\":\"fr-FR\"},{\"@type\":\"Organization\",\"@id\":\"https:\\\/\\\/larucheindustrielle.fr\\\/fr\\\/#organization\",\"name\":\"La Ruche industrielle\",\"url\":\"https:\\\/\\\/larucheindustrielle.fr\\\/fr\\\/\",\"logo\":{\"@type\":\"ImageObject\",\"inLanguage\":\"fr-FR\",\"@id\":\"https:\\\/\\\/larucheindustrielle.fr\\\/fr\\\/#\\\/schema\\\/logo\\\/image\\\/\",\"url\":\"https:\\\/\\\/larucheindustrielle.fr\\\/wp-content\\\/uploads\\\/2023\\\/06\\\/Home-page-Logo-la-ruche-en-bois.jpg\",\"contentUrl\":\"https:\\\/\\\/larucheindustrielle.fr\\\/wp-content\\\/uploads\\\/2023\\\/06\\\/Home-page-Logo-la-ruche-en-bois.jpg\",\"width\":1280,\"height\":853,\"caption\":\"La Ruche industrielle\"},\"image\":{\"@id\":\"https:\\\/\\\/larucheindustrielle.fr\\\/fr\\\/#\\\/schema\\\/logo\\\/image\\\/\"},\"sameAs\":[\"https:\\\/\\\/x.com\\\/LaRucheIndus\",\"https:\\\/\\\/fr.linkedin.com\\\/company\\\/la-ruche-industrielle\",\"https:\\\/\\\/www.youtube.com\\\/@larucheindustrielle932\",\"https:\\\/\\\/www.instagram.com\\\/larucheindustrielle\\\/\"]}]}<\/script>\n<!-- \/ Yoast SEO plugin. -->","yoast_head_json":{"title":"Salon XR DAYS 2024 - La Ruche industrielle","robots":{"index":"index","follow":"follow","max-snippet":"max-snippet:-1","max-image-preview":"max-image-preview:large","max-video-preview":"max-video-preview:-1"},"canonical":"https:\/\/larucheindustrielle.fr\/fr\/evenement\/salon-xr-days-2024\/","og_locale":"fr_FR","og_type":"article","og_title":"Salon XR DAYS 2024 - La Ruche industrielle","og_description":"L'\u00e9dition 2024 des XR DAYS aura lieu les 15 et 16 octobre \u00e0 V\u00e9nissieux, pr\u00e8s de Lyon. Un \u00e9v\u00e8nement au service des industriels, organis\u00e9 par la communaut\u00e9 XR, anim\u00e9 par la Ruche Industrielle.","og_url":"https:\/\/larucheindustrielle.fr\/fr\/evenement\/salon-xr-days-2024\/","og_site_name":"La Ruche industrielle","article_modified_time":"2025-02-21T08:57:55+00:00","og_image":[{"width":1347,"height":878,"url":"https:\/\/larucheindustrielle.fr\/wp-content\/uploads\/2023\/12\/tetiere-xr-days.png","type":"image\/png"}],"twitter_card":"summary_large_image","twitter_site":"@LaRucheIndus","twitter_misc":{"Dur\u00e9e de lecture estim\u00e9e":"2 minutes"},"schema":{"@context":"https:\/\/schema.org","@graph":[{"@type":"WebPage","@id":"https:\/\/larucheindustrielle.fr\/fr\/evenement\/salon-xr-days-2024\/","url":"https:\/\/larucheindustrielle.fr\/fr\/evenement\/salon-xr-days-2024\/","name":"Salon XR DAYS 2024 - La Ruche industrielle","isPartOf":{"@id":"https:\/\/larucheindustrielle.fr\/fr\/#website"},"primaryImageOfPage":{"@id":"https:\/\/larucheindustrielle.fr\/fr\/evenement\/salon-xr-days-2024\/#primaryimage"},"image":{"@id":"https:\/\/larucheindustrielle.fr\/fr\/evenement\/salon-xr-days-2024\/#primaryimage"},"thumbnailUrl":"https:\/\/larucheindustrielle.fr\/wp-content\/uploads\/2023\/12\/tetiere-xr-days.png","datePublished":"2024-09-13T10:15:40+00:00","dateModified":"2025-02-21T08:57:55+00:00","inLanguage":"fr-FR","potentialAction":[{"@type":"ReadAction","target":["https:\/\/larucheindustrielle.fr\/fr\/evenement\/salon-xr-days-2024\/"]}]},{"@type":"ImageObject","inLanguage":"fr-FR","@id":"https:\/\/larucheindustrielle.fr\/fr\/evenement\/salon-xr-days-2024\/#primaryimage","url":"https:\/\/larucheindustrielle.fr\/wp-content\/uploads\/2023\/12\/tetiere-xr-days.png","contentUrl":"https:\/\/larucheindustrielle.fr\/wp-content\/uploads\/2023\/12\/tetiere-xr-days.png","width":1347,"height":878},{"@type":"WebSite","@id":"https:\/\/larucheindustrielle.fr\/fr\/#website","url":"https:\/\/larucheindustrielle.fr\/fr\/","name":"La Ruche industrielle","description":"Ici, on construit ensemble l&#039;industrie du futur !","publisher":{"@id":"https:\/\/larucheindustrielle.fr\/fr\/#organization"},"potentialAction":[{"@type":"SearchAction","target":{"@type":"EntryPoint","urlTemplate":"https:\/\/larucheindustrielle.fr\/fr\/?s={search_term_string}"},"query-input":{"@type":"PropertyValueSpecification","valueRequired":true,"valueName":"search_term_string"}}],"inLanguage":"fr-FR"},{"@type":"Organization","@id":"https:\/\/larucheindustrielle.fr\/fr\/#organization","name":"La Ruche industrielle","url":"https:\/\/larucheindustrielle.fr\/fr\/","logo":{"@type":"ImageObject","inLanguage":"fr-FR","@id":"https:\/\/larucheindustrielle.fr\/fr\/#\/schema\/logo\/image\/","url":"https:\/\/larucheindustrielle.fr\/wp-content\/uploads\/2023\/06\/Home-page-Logo-la-ruche-en-bois.jpg","contentUrl":"https:\/\/larucheindustrielle.fr\/wp-content\/uploads\/2023\/06\/Home-page-Logo-la-ruche-en-bois.jpg","width":1280,"height":853,"caption":"La Ruche industrielle"},"image":{"@id":"https:\/\/larucheindustrielle.fr\/fr\/#\/schema\/logo\/image\/"},"sameAs":["https:\/\/x.com\/LaRucheIndus","https:\/\/fr.linkedin.com\/company\/la-ruche-industrielle","https:\/\/www.youtube.com\/@larucheindustrielle932","https:\/\/www.instagram.com\/larucheindustrielle\/"]}]}},"publishpress_future_action":{"enabled":false,"date":"2026-05-04 13:59:27","action":"category","newStatus":"draft","terms":[13],"taxonomy":"category","extraData":[]},"publishpress_future_workflow_manual_trigger":{"enabledWorkflows":[]},"_links":{"self":[{"href":"https:\/\/larucheindustrielle.fr\/fr\/wp-json\/wp\/v2\/evenement\/4287","targetHints":{"allow":["GET"]}}],"collection":[{"href":"https:\/\/larucheindustrielle.fr\/fr\/wp-json\/wp\/v2\/evenement"}],"about":[{"href":"https:\/\/larucheindustrielle.fr\/fr\/wp-json\/wp\/v2\/types\/evenement"}],"wp:featuredmedia":[{"embeddable":true,"href":"https:\/\/larucheindustrielle.fr\/fr\/wp-json\/wp\/v2\/media\/5519"}],"wp:attachment":[{"href":"https:\/\/larucheindustrielle.fr\/fr\/wp-json\/wp\/v2\/media?parent=4287"}],"wp:term":[{"taxonomy":"category","embeddable":true,"href":"https:\/\/larucheindustrielle.fr\/fr\/wp-json\/wp\/v2\/categories?post=4287"},{"taxonomy":"post_tag","embeddable":true,"href":"https:\/\/larucheindustrielle.fr\/fr\/wp-json\/wp\/v2\/tags?post=4287"}],"curies":[{"name":"wp","href":"https:\/\/api.w.org\/{rel}","templated":true}]}}