{"id":4416,"date":"2024-01-10T14:45:09","date_gmt":"2024-01-10T13:45:09","guid":{"rendered":"https:\/\/larucheindustrielle.fr\/fr\/?post_type=evenement&#038;p=4416"},"modified":"2024-01-10T14:49:35","modified_gmt":"2024-01-10T13:49:35","slug":"afterwork-kolinkis-posture-manageriale","status":"publish","type":"evenement","link":"https:\/\/larucheindustrielle.fr\/fr\/evenement\/afterwork-kolinkis-posture-manageriale\/","title":{"rendered":"Afterwork : La posture manag\u00e9riale (complet)"},"content":{"rendered":"<p><img loading=\"lazy\" decoding=\"async\" class=\"alignnone size-medium wp-image-1637\" src=\"https:\/\/larucheindustrielle.fr\/wp-content\/uploads\/2023\/04\/Ateliers-KOLINKIS-miniature-1-300x221.jpg\" alt=\"\" width=\"300\" height=\"221\" \/><\/p>\n<p><strong>La posture manag\u00e9riale<\/strong><\/p>\n<p>Quelle posture adopter pour embarquer, convaincre, recadrer, s\u00e9curiser ou lib\u00e9rer les prises d\u2019initatives. Toutes ces qualit\u00e9s requi\u00e8rent une posture flexible et employ\u00e9e en conscience.<\/p>\n<p>Gr\u00e2ce au th\u00e9\u00e2tre d\u2019improvisation, nous explorerons ensemble plusieurs niveau de posture et verrons comment adapter selon la situation rencontr\u00e9e.<\/p>\n<p><strong>AFTERWORK COMPLET<\/strong><\/p>\n<p><strong>Tarifs :<\/strong><\/p>\n<ul>\n<li style=\"list-style-type: none;\">\n<ul>\n<li>Sans frais pour les salari\u00e9s des entreprises membres de la Ruche industrielle.<\/li>\n<li>5\u20ac, si vous \u00eates un particulier ou salari\u00e9 d\u2019une entreprise non adh\u00e9rente.<\/li>\n<\/ul>\n<\/li>\n<\/ul>\n<p><em>Veillez \u00e0 venir en tenue confortable et <strong>chaussures plates et ferm\u00e9es.<\/strong><\/em><\/p>\n","protected":false},"excerpt":{"rendered":"<p>La posture manag\u00e9riale Quelle posture adopter pour embarquer, convaincre, recadrer, s\u00e9curiser ou lib\u00e9rer les prises d\u2019initatives. Toutes ces qualit\u00e9s requi\u00e8rent une posture flexible et employ\u00e9e en conscience. Gr\u00e2ce au th\u00e9\u00e2tre d\u2019improvisation, nous explorerons ensemble plusieurs niveau de posture et verrons comment adapter selon la situation rencontr\u00e9e. AFTERWORK COMPLET Tarifs : Sans frais pour les salari\u00e9s [&hellip;]<\/p>\n","protected":false},"featured_media":1637,"template":"","meta":{"_acf_changed":false,"_et_pb_use_builder":"","_et_pb_old_content":"","_et_gb_content_width":""},"categories":[13],"tags":[],"class_list":["post-4416","evenement","type-evenement","status-publish","has-post-thumbnail","hentry","category-passe"],"acf":[],"yoast_head":"<!-- This site is optimized with the Yoast SEO plugin v27.4 - https:\/\/yoast.com\/product\/yoast-seo-wordpress\/ -->\n<title>Afterwork : La posture manag\u00e9riale (complet) - La Ruche industrielle<\/title>\n<meta name=\"robots\" content=\"index, follow, max-snippet:-1, max-image-preview:large, max-video-preview:-1\" \/>\n<link rel=\"canonical\" href=\"https:\/\/larucheindustrielle.fr\/fr\/evenement\/afterwork-kolinkis-posture-manageriale\/\" \/>\n<meta property=\"og:locale\" content=\"fr_FR\" \/>\n<meta property=\"og:type\" content=\"article\" \/>\n<meta property=\"og:title\" content=\"Afterwork : La posture manag\u00e9riale (complet) - La Ruche industrielle\" \/>\n<meta property=\"og:description\" content=\"La posture manag\u00e9riale Quelle posture adopter pour embarquer, convaincre, recadrer, s\u00e9curiser ou lib\u00e9rer les prises d\u2019initatives. Toutes ces qualit\u00e9s requi\u00e8rent une posture flexible et employ\u00e9e en conscience. Gr\u00e2ce au th\u00e9\u00e2tre d\u2019improvisation, nous explorerons ensemble plusieurs niveau de posture et verrons comment adapter selon la situation rencontr\u00e9e. AFTERWORK COMPLET Tarifs : Sans frais pour les salari\u00e9s [&hellip;]\" \/>\n<meta property=\"og:url\" content=\"https:\/\/larucheindustrielle.fr\/fr\/evenement\/afterwork-kolinkis-posture-manageriale\/\" \/>\n<meta property=\"og:site_name\" content=\"La Ruche industrielle\" \/>\n<meta property=\"article:modified_time\" content=\"2024-01-10T13:49:35+00:00\" \/>\n<meta property=\"og:image\" content=\"https:\/\/larucheindustrielle.fr\/wp-content\/uploads\/2023\/04\/Ateliers-KOLINKIS-miniature-1.jpg\" \/>\n\t<meta property=\"og:image:width\" content=\"1280\" \/>\n\t<meta property=\"og:image:height\" content=\"943\" \/>\n\t<meta property=\"og:image:type\" content=\"image\/jpeg\" \/>\n<meta name=\"twitter:card\" content=\"summary_large_image\" \/>\n<meta name=\"twitter:site\" content=\"@LaRucheIndus\" \/>\n<meta name=\"twitter:label1\" content=\"Dur\u00e9e de lecture estim\u00e9e\" \/>\n\t<meta name=\"twitter:data1\" content=\"1 minute\" \/>\n<script type=\"application\/ld+json\" class=\"yoast-schema-graph\">{\"@context\":\"https:\\\/\\\/schema.org\",\"@graph\":[{\"@type\":\"WebPage\",\"@id\":\"https:\\\/\\\/larucheindustrielle.fr\\\/fr\\\/evenement\\\/afterwork-kolinkis-posture-manageriale\\\/\",\"url\":\"https:\\\/\\\/larucheindustrielle.fr\\\/fr\\\/evenement\\\/afterwork-kolinkis-posture-manageriale\\\/\",\"name\":\"Afterwork : La posture manag\u00e9riale (complet) - La Ruche industrielle\",\"isPartOf\":{\"@id\":\"https:\\\/\\\/larucheindustrielle.fr\\\/fr\\\/#website\"},\"primaryImageOfPage\":{\"@id\":\"https:\\\/\\\/larucheindustrielle.fr\\\/fr\\\/evenement\\\/afterwork-kolinkis-posture-manageriale\\\/#primaryimage\"},\"image\":{\"@id\":\"https:\\\/\\\/larucheindustrielle.fr\\\/fr\\\/evenement\\\/afterwork-kolinkis-posture-manageriale\\\/#primaryimage\"},\"thumbnailUrl\":\"https:\\\/\\\/larucheindustrielle.fr\\\/wp-content\\\/uploads\\\/2023\\\/04\\\/Ateliers-KOLINKIS-miniature-1.jpg\",\"datePublished\":\"2024-01-10T13:45:09+00:00\",\"dateModified\":\"2024-01-10T13:49:35+00:00\",\"inLanguage\":\"fr-FR\",\"potentialAction\":[{\"@type\":\"ReadAction\",\"target\":[\"https:\\\/\\\/larucheindustrielle.fr\\\/fr\\\/evenement\\\/afterwork-kolinkis-posture-manageriale\\\/\"]}]},{\"@type\":\"ImageObject\",\"inLanguage\":\"fr-FR\",\"@id\":\"https:\\\/\\\/larucheindustrielle.fr\\\/fr\\\/evenement\\\/afterwork-kolinkis-posture-manageriale\\\/#primaryimage\",\"url\":\"https:\\\/\\\/larucheindustrielle.fr\\\/wp-content\\\/uploads\\\/2023\\\/04\\\/Ateliers-KOLINKIS-miniature-1.jpg\",\"contentUrl\":\"https:\\\/\\\/larucheindustrielle.fr\\\/wp-content\\\/uploads\\\/2023\\\/04\\\/Ateliers-KOLINKIS-miniature-1.jpg\",\"width\":1280,\"height\":943},{\"@type\":\"WebSite\",\"@id\":\"https:\\\/\\\/larucheindustrielle.fr\\\/fr\\\/#website\",\"url\":\"https:\\\/\\\/larucheindustrielle.fr\\\/fr\\\/\",\"name\":\"La Ruche industrielle\",\"description\":\"Ici, on construit ensemble l&#039;industrie du futur !\",\"publisher\":{\"@id\":\"https:\\\/\\\/larucheindustrielle.fr\\\/fr\\\/#organization\"},\"potentialAction\":[{\"@type\":\"SearchAction\",\"target\":{\"@type\":\"EntryPoint\",\"urlTemplate\":\"https:\\\/\\\/larucheindustrielle.fr\\\/fr\\\/?s={search_term_string}\"},\"query-input\":{\"@type\":\"PropertyValueSpecification\",\"valueRequired\":true,\"valueName\":\"search_term_string\"}}],\"inLanguage\":\"fr-FR\"},{\"@type\":\"Organization\",\"@id\":\"https:\\\/\\\/larucheindustrielle.fr\\\/fr\\\/#organization\",\"name\":\"La Ruche industrielle\",\"url\":\"https:\\\/\\\/larucheindustrielle.fr\\\/fr\\\/\",\"logo\":{\"@type\":\"ImageObject\",\"inLanguage\":\"fr-FR\",\"@id\":\"https:\\\/\\\/larucheindustrielle.fr\\\/fr\\\/#\\\/schema\\\/logo\\\/image\\\/\",\"url\":\"https:\\\/\\\/larucheindustrielle.fr\\\/wp-content\\\/uploads\\\/2023\\\/06\\\/Home-page-Logo-la-ruche-en-bois.jpg\",\"contentUrl\":\"https:\\\/\\\/larucheindustrielle.fr\\\/wp-content\\\/uploads\\\/2023\\\/06\\\/Home-page-Logo-la-ruche-en-bois.jpg\",\"width\":1280,\"height\":853,\"caption\":\"La Ruche industrielle\"},\"image\":{\"@id\":\"https:\\\/\\\/larucheindustrielle.fr\\\/fr\\\/#\\\/schema\\\/logo\\\/image\\\/\"},\"sameAs\":[\"https:\\\/\\\/x.com\\\/LaRucheIndus\",\"https:\\\/\\\/fr.linkedin.com\\\/company\\\/la-ruche-industrielle\",\"https:\\\/\\\/www.youtube.com\\\/@larucheindustrielle932\",\"https:\\\/\\\/www.instagram.com\\\/larucheindustrielle\\\/\"]}]}<\/script>\n<!-- \/ Yoast SEO plugin. -->","yoast_head_json":{"title":"Afterwork : La posture manag\u00e9riale (complet) - La Ruche industrielle","robots":{"index":"index","follow":"follow","max-snippet":"max-snippet:-1","max-image-preview":"max-image-preview:large","max-video-preview":"max-video-preview:-1"},"canonical":"https:\/\/larucheindustrielle.fr\/fr\/evenement\/afterwork-kolinkis-posture-manageriale\/","og_locale":"fr_FR","og_type":"article","og_title":"Afterwork : La posture manag\u00e9riale (complet) - La Ruche industrielle","og_description":"La posture manag\u00e9riale Quelle posture adopter pour embarquer, convaincre, recadrer, s\u00e9curiser ou lib\u00e9rer les prises d\u2019initatives. Toutes ces qualit\u00e9s requi\u00e8rent une posture flexible et employ\u00e9e en conscience. Gr\u00e2ce au th\u00e9\u00e2tre d\u2019improvisation, nous explorerons ensemble plusieurs niveau de posture et verrons comment adapter selon la situation rencontr\u00e9e. AFTERWORK COMPLET Tarifs : Sans frais pour les salari\u00e9s [&hellip;]","og_url":"https:\/\/larucheindustrielle.fr\/fr\/evenement\/afterwork-kolinkis-posture-manageriale\/","og_site_name":"La Ruche industrielle","article_modified_time":"2024-01-10T13:49:35+00:00","og_image":[{"width":1280,"height":943,"url":"https:\/\/larucheindustrielle.fr\/wp-content\/uploads\/2023\/04\/Ateliers-KOLINKIS-miniature-1.jpg","type":"image\/jpeg"}],"twitter_card":"summary_large_image","twitter_site":"@LaRucheIndus","twitter_misc":{"Dur\u00e9e de lecture estim\u00e9e":"1 minute"},"schema":{"@context":"https:\/\/schema.org","@graph":[{"@type":"WebPage","@id":"https:\/\/larucheindustrielle.fr\/fr\/evenement\/afterwork-kolinkis-posture-manageriale\/","url":"https:\/\/larucheindustrielle.fr\/fr\/evenement\/afterwork-kolinkis-posture-manageriale\/","name":"Afterwork : La posture manag\u00e9riale (complet) - La Ruche industrielle","isPartOf":{"@id":"https:\/\/larucheindustrielle.fr\/fr\/#website"},"primaryImageOfPage":{"@id":"https:\/\/larucheindustrielle.fr\/fr\/evenement\/afterwork-kolinkis-posture-manageriale\/#primaryimage"},"image":{"@id":"https:\/\/larucheindustrielle.fr\/fr\/evenement\/afterwork-kolinkis-posture-manageriale\/#primaryimage"},"thumbnailUrl":"https:\/\/larucheindustrielle.fr\/wp-content\/uploads\/2023\/04\/Ateliers-KOLINKIS-miniature-1.jpg","datePublished":"2024-01-10T13:45:09+00:00","dateModified":"2024-01-10T13:49:35+00:00","inLanguage":"fr-FR","potentialAction":[{"@type":"ReadAction","target":["https:\/\/larucheindustrielle.fr\/fr\/evenement\/afterwork-kolinkis-posture-manageriale\/"]}]},{"@type":"ImageObject","inLanguage":"fr-FR","@id":"https:\/\/larucheindustrielle.fr\/fr\/evenement\/afterwork-kolinkis-posture-manageriale\/#primaryimage","url":"https:\/\/larucheindustrielle.fr\/wp-content\/uploads\/2023\/04\/Ateliers-KOLINKIS-miniature-1.jpg","contentUrl":"https:\/\/larucheindustrielle.fr\/wp-content\/uploads\/2023\/04\/Ateliers-KOLINKIS-miniature-1.jpg","width":1280,"height":943},{"@type":"WebSite","@id":"https:\/\/larucheindustrielle.fr\/fr\/#website","url":"https:\/\/larucheindustrielle.fr\/fr\/","name":"La Ruche industrielle","description":"Ici, on construit ensemble l&#039;industrie du futur !","publisher":{"@id":"https:\/\/larucheindustrielle.fr\/fr\/#organization"},"potentialAction":[{"@type":"SearchAction","target":{"@type":"EntryPoint","urlTemplate":"https:\/\/larucheindustrielle.fr\/fr\/?s={search_term_string}"},"query-input":{"@type":"PropertyValueSpecification","valueRequired":true,"valueName":"search_term_string"}}],"inLanguage":"fr-FR"},{"@type":"Organization","@id":"https:\/\/larucheindustrielle.fr\/fr\/#organization","name":"La Ruche industrielle","url":"https:\/\/larucheindustrielle.fr\/fr\/","logo":{"@type":"ImageObject","inLanguage":"fr-FR","@id":"https:\/\/larucheindustrielle.fr\/fr\/#\/schema\/logo\/image\/","url":"https:\/\/larucheindustrielle.fr\/wp-content\/uploads\/2023\/06\/Home-page-Logo-la-ruche-en-bois.jpg","contentUrl":"https:\/\/larucheindustrielle.fr\/wp-content\/uploads\/2023\/06\/Home-page-Logo-la-ruche-en-bois.jpg","width":1280,"height":853,"caption":"La Ruche industrielle"},"image":{"@id":"https:\/\/larucheindustrielle.fr\/fr\/#\/schema\/logo\/image\/"},"sameAs":["https:\/\/x.com\/LaRucheIndus","https:\/\/fr.linkedin.com\/company\/la-ruche-industrielle","https:\/\/www.youtube.com\/@larucheindustrielle932","https:\/\/www.instagram.com\/larucheindustrielle\/"]}]}},"publishpress_future_action":{"enabled":false,"date":"2026-05-04 16:27:55","action":"category","newStatus":"draft","terms":[13],"taxonomy":"category","extraData":[]},"publishpress_future_workflow_manual_trigger":{"enabledWorkflows":[]},"_links":{"self":[{"href":"https:\/\/larucheindustrielle.fr\/fr\/wp-json\/wp\/v2\/evenement\/4416","targetHints":{"allow":["GET"]}}],"collection":[{"href":"https:\/\/larucheindustrielle.fr\/fr\/wp-json\/wp\/v2\/evenement"}],"about":[{"href":"https:\/\/larucheindustrielle.fr\/fr\/wp-json\/wp\/v2\/types\/evenement"}],"wp:featuredmedia":[{"embeddable":true,"href":"https:\/\/larucheindustrielle.fr\/fr\/wp-json\/wp\/v2\/media\/1637"}],"wp:attachment":[{"href":"https:\/\/larucheindustrielle.fr\/fr\/wp-json\/wp\/v2\/media?parent=4416"}],"wp:term":[{"taxonomy":"category","embeddable":true,"href":"https:\/\/larucheindustrielle.fr\/fr\/wp-json\/wp\/v2\/categories?post=4416"},{"taxonomy":"post_tag","embeddable":true,"href":"https:\/\/larucheindustrielle.fr\/fr\/wp-json\/wp\/v2\/tags?post=4416"}],"curies":[{"name":"wp","href":"https:\/\/api.w.org\/{rel}","templated":true}]}}