{"id":4592,"date":"2024-02-13T09:24:30","date_gmt":"2024-02-13T08:24:30","guid":{"rendered":"https:\/\/larucheindustrielle.fr\/fr\/?post_type=evenement&#038;p=4592"},"modified":"2024-03-20T08:34:21","modified_gmt":"2024-03-20T07:34:21","slug":"developpement-produits-plus-durables","status":"publish","type":"evenement","link":"https:\/\/larucheindustrielle.fr\/fr\/evenement\/developpement-produits-plus-durables\/","title":{"rendered":"Vers un d\u00e9veloppement de produits plus durables"},"content":{"rendered":"<p data-ccp-props=\"{&quot;335551550&quot;:1,&quot;335551620&quot;:1,&quot;335559683&quot;:0,&quot;335559685&quot;:0,&quot;335559731&quot;:0,&quot;335559737&quot;:0,&quot;335562764&quot;:2,&quot;335562765&quot;:1,&quot;335562766&quot;:4,&quot;335562767&quot;:0,&quot;335562768&quot;:4,&quot;335562769&quot;:0}\"><img loading=\"lazy\" decoding=\"async\" class=\"aligncenter wp-image-4593\" src=\"https:\/\/larucheindustrielle.fr\/wp-content\/uploads\/2024\/02\/Banniere1200x628_eventsustainability-1024x536.png\" alt=\"\" width=\"700\" height=\"366\" \/><\/p>\n<h2>Exploitez votre pouvoir de cr\u00e9er des produits plus durables<\/h2>\n<p>Rejoignez-nous le 14 mars 2024 de 10h \u00e0 15h \u00e0 la Ruche Industrielle \u00e0 Lyon, pour participer \u00e0 un \u00e9v\u00e8nement exclusif organis\u00e9 par PTC : \u00ab\u00a0Vers un D\u00e9veloppement de Produits Plus Durables\u00a0\u00bb.<\/p>\n<p>Ensemble, explorons les opportunit\u00e9s de concevoir des produits plus durables et respectueux de l\u2019environnement.<\/p>\n<p><strong>Pourquoi participer ? <\/strong>Rencontrez des pairs industriels, \u00e9changez avec des experts du domaine et collaborez avec les partenaires de PTC pour discuter des d\u00e9fis et des retours d&rsquo;exp\u00e9rience autour du d\u00e9veloppement durable dans l&rsquo;industrie.<\/p>\n<p>Dave Duncan, Vice-Pr\u00e9sident de la Durabilit\u00e9 chez PTC, sera notre h\u00f4te et partagera des perspectives cl\u00e9s sur la durabilit\u00e9 des produits.<\/p>\n<p><strong>Programme :<\/strong><\/p>\n<ul>\n<li>9h30 Caf\u00e9 d\u2019accueil<\/li>\n<li>10h Mot de bienvenue par Olivier Helterlin, Vice President Customer Success EMEIA &#8211; PDG France, PTC et Bertrand Felix, Co-fondateur et responsable des projets, La Ruche Industrielle<\/li>\n<li>10h15 Pl\u00e9ni\u00e8re | Am\u00e9liorer la durabilit\u00e9 des produits (session en anglais) &#8211; Dave Duncan, Vice President of Sustainability<\/li>\n<li>10h45 Table ronde | Durabilit\u00e9 dans l\u2019ing\u00e9nierie de conception<br \/>\nMod\u00e9r\u00e9e par Pascal Tailhan, Expert en Transformation Num\u00e9rique et Transition Ecologique Industrielle, PTC, avec :<br \/>\nLaurent Tissot, Digital Strategy Principal, Volvo Group<br \/>\nVincent Ligneau, Directeur R&amp;D, Bosch Rexroth<br \/>\nGwendoline Trujillo Visbal, Head of Sales \u2013 Europe, Makersite<\/li>\n<li>11h30 Pl\u00e9ni\u00e8re | Construire la voiture solaire la plus performante au monde par Dries De Saegher, Team Manager, Innoptus Solar Team<\/li>\n<li>12h Table ronde | Vers une industrie plus durable et circulaire<br \/>\nMod\u00e9r\u00e9e par Quentin Rivi\u00e8re, IOT Senior Solution Consultant, PTC, avec :<br \/>\nChristine Champoiral, Directrice G\u00e9n\u00e9rale, Montabert<br \/>\nJean-Fran\u00e7ois Longin, General Manager Europe, EFI Automotive<\/li>\n<li>12:45 D\u00e9jeuner de networking<\/li>\n<li>13h45 Table ronde | Impact op\u00e9rationnel de la CSRD<br \/>\nMod\u00e9r\u00e9e par S\u00e9bastien Letorey, Partner &amp; Alliance Strategy Manager, PTC, avec :<br \/>\nGuido Carati, Directeur Audit &amp; ESG Assurance, Deloitte<br \/>\nLaurence Delbrel-Houeix, Responsable Assurances \u2013 Gestion des Risques Industriels et Coordination RSE Groupe, Groupe M\u00e9canique D\u00e9coupage \/ GMD<\/li>\n<li>14h30 Mot de la fin (session en anglais) par Dave Duncan, Vice President of Sustainability et Olivier Helterlin, Vice President Customer Success EMEIA &#8211; PDG France, PTC<\/li>\n<li>A partir de 15h Networking et \u00e9changes individuels<\/li>\n<\/ul>\n<p><strong>Lieu :<\/strong> La Ruche Industrielle 41 Bd Marcel Sembat, 69200 V\u00e9nissieux<\/p>\n<p>Ne manquez pas cette opportunit\u00e9 unique de contribuer \u00e0 l&rsquo;avenir durable de l&rsquo;industrie. R\u00e9servez votre place d\u00e8s aujourd&rsquo;hui !<\/p>\n","protected":false},"excerpt":{"rendered":"<p>RDV le 14 mars \u00e0 La Ruche Industrielle pour ce temps fort organis\u00e9 avec PTC.<\/p>\n","protected":false},"featured_media":4593,"template":"","meta":{"_acf_changed":false,"_et_pb_use_builder":"","_et_pb_old_content":"","_et_gb_content_width":""},"categories":[13],"tags":[],"class_list":["post-4592","evenement","type-evenement","status-publish","has-post-thumbnail","hentry","category-passe"],"acf":[],"yoast_head":"<!-- This site is optimized with the Yoast SEO plugin v27.4 - https:\/\/yoast.com\/product\/yoast-seo-wordpress\/ -->\n<title>Vers un d\u00e9veloppement de produits plus durables - La Ruche industrielle<\/title>\n<meta name=\"description\" content=\"Ce temps fort organis\u00e9 \u00e0 l\u2019occasion de la journ\u00e9e internationale des droits de la femme est d\u00e9di\u00e9 \u00e0 la mixit\u00e9 dans les m\u00e9tiers en tension.\u200b\" \/>\n<meta name=\"robots\" content=\"index, follow, max-snippet:-1, max-image-preview:large, max-video-preview:-1\" \/>\n<link rel=\"canonical\" href=\"https:\/\/larucheindustrielle.fr\/fr\/evenement\/developpement-produits-plus-durables\/\" \/>\n<meta property=\"og:locale\" content=\"fr_FR\" \/>\n<meta property=\"og:type\" content=\"article\" \/>\n<meta property=\"og:title\" content=\"Vers un d\u00e9veloppement de produits plus durables - La Ruche industrielle\" \/>\n<meta property=\"og:description\" content=\"Ce temps fort organis\u00e9 \u00e0 l\u2019occasion de la journ\u00e9e internationale des droits de la femme est d\u00e9di\u00e9 \u00e0 la mixit\u00e9 dans les m\u00e9tiers en tension.\u200b\" \/>\n<meta property=\"og:url\" content=\"https:\/\/larucheindustrielle.fr\/fr\/evenement\/developpement-produits-plus-durables\/\" \/>\n<meta property=\"og:site_name\" content=\"La Ruche industrielle\" \/>\n<meta property=\"article:modified_time\" content=\"2024-03-20T07:34:21+00:00\" \/>\n<meta property=\"og:image\" content=\"https:\/\/larucheindustrielle.fr\/wp-content\/uploads\/2024\/02\/Banniere1200x628_eventsustainability.png\" \/>\n\t<meta property=\"og:image:width\" content=\"1200\" \/>\n\t<meta property=\"og:image:height\" content=\"628\" \/>\n\t<meta property=\"og:image:type\" content=\"image\/png\" \/>\n<meta name=\"twitter:card\" content=\"summary_large_image\" \/>\n<meta name=\"twitter:site\" content=\"@LaRucheIndus\" \/>\n<meta name=\"twitter:label1\" content=\"Dur\u00e9e de lecture estim\u00e9e\" \/>\n\t<meta name=\"twitter:data1\" content=\"3 minutes\" \/>\n<script type=\"application\/ld+json\" class=\"yoast-schema-graph\">{\"@context\":\"https:\\\/\\\/schema.org\",\"@graph\":[{\"@type\":\"WebPage\",\"@id\":\"https:\\\/\\\/larucheindustrielle.fr\\\/fr\\\/evenement\\\/developpement-produits-plus-durables\\\/\",\"url\":\"https:\\\/\\\/larucheindustrielle.fr\\\/fr\\\/evenement\\\/developpement-produits-plus-durables\\\/\",\"name\":\"Vers un d\u00e9veloppement de produits plus durables - La Ruche industrielle\",\"isPartOf\":{\"@id\":\"https:\\\/\\\/larucheindustrielle.fr\\\/fr\\\/#website\"},\"primaryImageOfPage\":{\"@id\":\"https:\\\/\\\/larucheindustrielle.fr\\\/fr\\\/evenement\\\/developpement-produits-plus-durables\\\/#primaryimage\"},\"image\":{\"@id\":\"https:\\\/\\\/larucheindustrielle.fr\\\/fr\\\/evenement\\\/developpement-produits-plus-durables\\\/#primaryimage\"},\"thumbnailUrl\":\"https:\\\/\\\/larucheindustrielle.fr\\\/wp-content\\\/uploads\\\/2024\\\/02\\\/Banniere1200x628_eventsustainability.png\",\"datePublished\":\"2024-02-13T08:24:30+00:00\",\"dateModified\":\"2024-03-20T07:34:21+00:00\",\"description\":\"Ce temps fort organis\u00e9 \u00e0 l\u2019occasion de la journ\u00e9e internationale des droits de la femme est d\u00e9di\u00e9 \u00e0 la mixit\u00e9 dans les m\u00e9tiers en tension.\u200b\",\"inLanguage\":\"fr-FR\",\"potentialAction\":[{\"@type\":\"ReadAction\",\"target\":[\"https:\\\/\\\/larucheindustrielle.fr\\\/fr\\\/evenement\\\/developpement-produits-plus-durables\\\/\"]}]},{\"@type\":\"ImageObject\",\"inLanguage\":\"fr-FR\",\"@id\":\"https:\\\/\\\/larucheindustrielle.fr\\\/fr\\\/evenement\\\/developpement-produits-plus-durables\\\/#primaryimage\",\"url\":\"https:\\\/\\\/larucheindustrielle.fr\\\/wp-content\\\/uploads\\\/2024\\\/02\\\/Banniere1200x628_eventsustainability.png\",\"contentUrl\":\"https:\\\/\\\/larucheindustrielle.fr\\\/wp-content\\\/uploads\\\/2024\\\/02\\\/Banniere1200x628_eventsustainability.png\",\"width\":1200,\"height\":628},{\"@type\":\"WebSite\",\"@id\":\"https:\\\/\\\/larucheindustrielle.fr\\\/fr\\\/#website\",\"url\":\"https:\\\/\\\/larucheindustrielle.fr\\\/fr\\\/\",\"name\":\"La Ruche industrielle\",\"description\":\"Ici, on construit ensemble l&#039;industrie du futur !\",\"publisher\":{\"@id\":\"https:\\\/\\\/larucheindustrielle.fr\\\/fr\\\/#organization\"},\"potentialAction\":[{\"@type\":\"SearchAction\",\"target\":{\"@type\":\"EntryPoint\",\"urlTemplate\":\"https:\\\/\\\/larucheindustrielle.fr\\\/fr\\\/?s={search_term_string}\"},\"query-input\":{\"@type\":\"PropertyValueSpecification\",\"valueRequired\":true,\"valueName\":\"search_term_string\"}}],\"inLanguage\":\"fr-FR\"},{\"@type\":\"Organization\",\"@id\":\"https:\\\/\\\/larucheindustrielle.fr\\\/fr\\\/#organization\",\"name\":\"La Ruche industrielle\",\"url\":\"https:\\\/\\\/larucheindustrielle.fr\\\/fr\\\/\",\"logo\":{\"@type\":\"ImageObject\",\"inLanguage\":\"fr-FR\",\"@id\":\"https:\\\/\\\/larucheindustrielle.fr\\\/fr\\\/#\\\/schema\\\/logo\\\/image\\\/\",\"url\":\"https:\\\/\\\/larucheindustrielle.fr\\\/wp-content\\\/uploads\\\/2023\\\/06\\\/Home-page-Logo-la-ruche-en-bois.jpg\",\"contentUrl\":\"https:\\\/\\\/larucheindustrielle.fr\\\/wp-content\\\/uploads\\\/2023\\\/06\\\/Home-page-Logo-la-ruche-en-bois.jpg\",\"width\":1280,\"height\":853,\"caption\":\"La Ruche industrielle\"},\"image\":{\"@id\":\"https:\\\/\\\/larucheindustrielle.fr\\\/fr\\\/#\\\/schema\\\/logo\\\/image\\\/\"},\"sameAs\":[\"https:\\\/\\\/x.com\\\/LaRucheIndus\",\"https:\\\/\\\/fr.linkedin.com\\\/company\\\/la-ruche-industrielle\",\"https:\\\/\\\/www.youtube.com\\\/@larucheindustrielle932\",\"https:\\\/\\\/www.instagram.com\\\/larucheindustrielle\\\/\"]}]}<\/script>\n<!-- \/ Yoast SEO plugin. -->","yoast_head_json":{"title":"Vers un d\u00e9veloppement de produits plus durables - La Ruche industrielle","description":"Ce temps fort organis\u00e9 \u00e0 l\u2019occasion de la journ\u00e9e internationale des droits de la femme est d\u00e9di\u00e9 \u00e0 la mixit\u00e9 dans les m\u00e9tiers en tension.\u200b","robots":{"index":"index","follow":"follow","max-snippet":"max-snippet:-1","max-image-preview":"max-image-preview:large","max-video-preview":"max-video-preview:-1"},"canonical":"https:\/\/larucheindustrielle.fr\/fr\/evenement\/developpement-produits-plus-durables\/","og_locale":"fr_FR","og_type":"article","og_title":"Vers un d\u00e9veloppement de produits plus durables - La Ruche industrielle","og_description":"Ce temps fort organis\u00e9 \u00e0 l\u2019occasion de la journ\u00e9e internationale des droits de la femme est d\u00e9di\u00e9 \u00e0 la mixit\u00e9 dans les m\u00e9tiers en tension.\u200b","og_url":"https:\/\/larucheindustrielle.fr\/fr\/evenement\/developpement-produits-plus-durables\/","og_site_name":"La Ruche industrielle","article_modified_time":"2024-03-20T07:34:21+00:00","og_image":[{"width":1200,"height":628,"url":"https:\/\/larucheindustrielle.fr\/wp-content\/uploads\/2024\/02\/Banniere1200x628_eventsustainability.png","type":"image\/png"}],"twitter_card":"summary_large_image","twitter_site":"@LaRucheIndus","twitter_misc":{"Dur\u00e9e de lecture estim\u00e9e":"3 minutes"},"schema":{"@context":"https:\/\/schema.org","@graph":[{"@type":"WebPage","@id":"https:\/\/larucheindustrielle.fr\/fr\/evenement\/developpement-produits-plus-durables\/","url":"https:\/\/larucheindustrielle.fr\/fr\/evenement\/developpement-produits-plus-durables\/","name":"Vers un d\u00e9veloppement de produits plus durables - La Ruche industrielle","isPartOf":{"@id":"https:\/\/larucheindustrielle.fr\/fr\/#website"},"primaryImageOfPage":{"@id":"https:\/\/larucheindustrielle.fr\/fr\/evenement\/developpement-produits-plus-durables\/#primaryimage"},"image":{"@id":"https:\/\/larucheindustrielle.fr\/fr\/evenement\/developpement-produits-plus-durables\/#primaryimage"},"thumbnailUrl":"https:\/\/larucheindustrielle.fr\/wp-content\/uploads\/2024\/02\/Banniere1200x628_eventsustainability.png","datePublished":"2024-02-13T08:24:30+00:00","dateModified":"2024-03-20T07:34:21+00:00","description":"Ce temps fort organis\u00e9 \u00e0 l\u2019occasion de la journ\u00e9e internationale des droits de la femme est d\u00e9di\u00e9 \u00e0 la mixit\u00e9 dans les m\u00e9tiers en tension.\u200b","inLanguage":"fr-FR","potentialAction":[{"@type":"ReadAction","target":["https:\/\/larucheindustrielle.fr\/fr\/evenement\/developpement-produits-plus-durables\/"]}]},{"@type":"ImageObject","inLanguage":"fr-FR","@id":"https:\/\/larucheindustrielle.fr\/fr\/evenement\/developpement-produits-plus-durables\/#primaryimage","url":"https:\/\/larucheindustrielle.fr\/wp-content\/uploads\/2024\/02\/Banniere1200x628_eventsustainability.png","contentUrl":"https:\/\/larucheindustrielle.fr\/wp-content\/uploads\/2024\/02\/Banniere1200x628_eventsustainability.png","width":1200,"height":628},{"@type":"WebSite","@id":"https:\/\/larucheindustrielle.fr\/fr\/#website","url":"https:\/\/larucheindustrielle.fr\/fr\/","name":"La Ruche industrielle","description":"Ici, on construit ensemble l&#039;industrie du futur !","publisher":{"@id":"https:\/\/larucheindustrielle.fr\/fr\/#organization"},"potentialAction":[{"@type":"SearchAction","target":{"@type":"EntryPoint","urlTemplate":"https:\/\/larucheindustrielle.fr\/fr\/?s={search_term_string}"},"query-input":{"@type":"PropertyValueSpecification","valueRequired":true,"valueName":"search_term_string"}}],"inLanguage":"fr-FR"},{"@type":"Organization","@id":"https:\/\/larucheindustrielle.fr\/fr\/#organization","name":"La Ruche industrielle","url":"https:\/\/larucheindustrielle.fr\/fr\/","logo":{"@type":"ImageObject","inLanguage":"fr-FR","@id":"https:\/\/larucheindustrielle.fr\/fr\/#\/schema\/logo\/image\/","url":"https:\/\/larucheindustrielle.fr\/wp-content\/uploads\/2023\/06\/Home-page-Logo-la-ruche-en-bois.jpg","contentUrl":"https:\/\/larucheindustrielle.fr\/wp-content\/uploads\/2023\/06\/Home-page-Logo-la-ruche-en-bois.jpg","width":1280,"height":853,"caption":"La Ruche industrielle"},"image":{"@id":"https:\/\/larucheindustrielle.fr\/fr\/#\/schema\/logo\/image\/"},"sameAs":["https:\/\/x.com\/LaRucheIndus","https:\/\/fr.linkedin.com\/company\/la-ruche-industrielle","https:\/\/www.youtube.com\/@larucheindustrielle932","https:\/\/www.instagram.com\/larucheindustrielle\/"]}]}},"publishpress_future_action":{"enabled":false,"date":"2026-05-04 15:10:01","action":"category","newStatus":"draft","terms":[13],"taxonomy":"category","extraData":[]},"publishpress_future_workflow_manual_trigger":{"enabledWorkflows":[]},"_links":{"self":[{"href":"https:\/\/larucheindustrielle.fr\/fr\/wp-json\/wp\/v2\/evenement\/4592","targetHints":{"allow":["GET"]}}],"collection":[{"href":"https:\/\/larucheindustrielle.fr\/fr\/wp-json\/wp\/v2\/evenement"}],"about":[{"href":"https:\/\/larucheindustrielle.fr\/fr\/wp-json\/wp\/v2\/types\/evenement"}],"wp:featuredmedia":[{"embeddable":true,"href":"https:\/\/larucheindustrielle.fr\/fr\/wp-json\/wp\/v2\/media\/4593"}],"wp:attachment":[{"href":"https:\/\/larucheindustrielle.fr\/fr\/wp-json\/wp\/v2\/media?parent=4592"}],"wp:term":[{"taxonomy":"category","embeddable":true,"href":"https:\/\/larucheindustrielle.fr\/fr\/wp-json\/wp\/v2\/categories?post=4592"},{"taxonomy":"post_tag","embeddable":true,"href":"https:\/\/larucheindustrielle.fr\/fr\/wp-json\/wp\/v2\/tags?post=4592"}],"curies":[{"name":"wp","href":"https:\/\/api.w.org\/{rel}","templated":true}]}}