{"id":5413,"date":"2024-04-17T16:16:22","date_gmt":"2024-04-17T14:16:22","guid":{"rendered":"https:\/\/larucheindustrielle.fr\/fr\/?post_type=evenement&#038;p=5413"},"modified":"2024-05-06T17:27:16","modified_gmt":"2024-05-06T15:27:16","slug":"projet-marque-employeur","status":"publish","type":"evenement","link":"https:\/\/larucheindustrielle.fr\/fr\/evenement\/projet-marque-employeur\/","title":{"rendered":"Projet Marque Employeur"},"content":{"rendered":"<p><img loading=\"lazy\" decoding=\"async\" class=\"aligncenter wp-image-5465 \" src=\"https:\/\/larucheindustrielle.fr\/wp-content\/uploads\/2024\/04\/Visuel-REX-ME-1024x575.png\" alt=\"\" width=\"714\" height=\"401\" \/><\/p>\n<p>RDV le 20 juin \u00e0 La Ruche Industrielle pour le <strong>temps fort organis\u00e9 par l\u2019\u00e9quipe projet \u00ab Marque employeur \u00bb !<\/strong><\/p>\n<p>Apr\u00e8s un an de projet, les \u00e9quipiers projets ainsi que les partenaires partageront aux industriels de La Ruche :<\/p>\n<ul>\n<li>Le<strong> contexte et le panorama du monde du travail actuel<\/strong> par des industriels<\/li>\n<li>Le <strong>partages de bonnes pratiques<\/strong> et <strong>recommandations<\/strong> en termes de recrutement sur des profils en tension<\/li>\n<li>Les <strong>retours d\u2019exp\u00e9riences et apprentissages<\/strong> dans les entreprises<\/li>\n<li>Des <strong>stands th\u00e9matiques<\/strong> sur les livrables co-d\u00e9velopper par les collaborateurs : recrutement, marketing RH, communication, IA, campus management \u2026<\/li>\n<\/ul>\n<p>Un projet r\u00e9alis\u00e9 avec notre partenaire : CHANGE FACTORY<\/p>\n<p>&nbsp;<\/p>\n<h4><strong>\ud83e\udeab| Pourquoi un projet sur la Marque Employeur ?<br \/>\n<\/strong><\/h4>\n<p>Changer l&rsquo;image de l&rsquo;industrie, faire conna\u00eetre nos m\u00e9tiers, nos enjeux, les grandes transformations \u00e0 l\u2019\u0153uvre, faire aimer l&rsquo;industrie au travers de sa Marque Employeur : venez d\u00e9couvrir le travail r\u00e9alis\u00e9 sur ces sujets par le groupe Projet Marque Employeur Ruche !<\/p>\n<p><strong>L&rsquo;\u00e9quipe Projet vous donne RDV le 20 juin pour vous pr\u00e9senter ses r\u00e9flexions et explorations sur ces sujets !<\/strong><\/p>\n<p>Au menu : place des r\u00e9seaux sociaux, attractivit\u00e9, rendre la communication li\u00e9e au recrutement attractive, fid\u00e9liser les\u00a0 collaborateurs, d\u00e9crypter la gen Z, utiliser le \u00ab\u00a0campus management\u00a0\u00bb des \u00e9coles d&rsquo;ing\u00e9nieurs&#8230;<\/p>\n<p><strong>Avec les t\u00e9moignages de Bosch Rexroth, EFI, Fives, INSA, Haulotte, Montabert, Volvo \/ Renault Trucks et la M\u00e9tropole de Lyon.<\/strong><\/p>\n<p>&nbsp;<\/p>\n<h4><strong>\ud83d\udce3<\/strong><strong> | Le programme<\/strong><\/h4>\n<p><em>A venir prochainement<\/em><\/p>\n<p>&nbsp;<\/p>\n<h4><strong>\u26a0<\/strong><strong> | Informations pratiques<br \/>\n<\/strong><\/h4>\n<ul>\n<li>\u00c9v\u00e9nement gratuit r\u00e9serv\u00e9 aux collaborateurs des entreprises adh\u00e9rentes de La Ruche.<\/li>\n<li>Nous vous attendons nombreux pour partager les conclusions de ce projet \u00e0 l&rsquo;occasion de ce moment convivial !<\/li>\n<\/ul>\n","protected":false},"excerpt":{"rendered":"<p>RDV le 20 juin \u00e0 La Ruche Industrielle pour le temps fort organis\u00e9 par l\u2019\u00e9quipe projet \u00ab Marque employeur \u00bb ! Un projet inter-entreprises de La Ruche Industrielle.<\/p>\n","protected":false},"featured_media":5513,"template":"","meta":{"_acf_changed":false,"_et_pb_use_builder":"","_et_pb_old_content":"","_et_gb_content_width":""},"categories":[17,13,34],"tags":[],"class_list":["post-5413","evenement","type-evenement","status-publish","has-post-thumbnail","hentry","category-evenements","category-passe","category-projets"],"acf":[],"yoast_head":"<!-- This site is optimized with the Yoast SEO plugin v27.4 - https:\/\/yoast.com\/product\/yoast-seo-wordpress\/ -->\n<title>Projet Marque Employeur - La Ruche industrielle<\/title>\n<meta name=\"description\" content=\"RDV le 20 juin pour le temps fort organis\u00e9 par l\u2019\u00e9quipe projet \u00ab Marque employeur \u00bb ! Un projet inter-entreprises de La Ruche Industrielle.\" \/>\n<meta name=\"robots\" content=\"index, follow, max-snippet:-1, max-image-preview:large, max-video-preview:-1\" \/>\n<link rel=\"canonical\" href=\"https:\/\/larucheindustrielle.fr\/fr\/evenement\/projet-marque-employeur\/\" \/>\n<meta property=\"og:locale\" content=\"fr_FR\" \/>\n<meta property=\"og:type\" content=\"article\" \/>\n<meta property=\"og:title\" content=\"Projet Marque Employeur - La Ruche industrielle\" \/>\n<meta property=\"og:description\" content=\"RDV le 20 juin pour le temps fort organis\u00e9 par l\u2019\u00e9quipe projet \u00ab Marque employeur \u00bb ! Un projet inter-entreprises de La Ruche Industrielle.\" \/>\n<meta property=\"og:url\" content=\"https:\/\/larucheindustrielle.fr\/fr\/evenement\/projet-marque-employeur\/\" \/>\n<meta property=\"og:site_name\" content=\"La Ruche industrielle\" \/>\n<meta property=\"article:modified_time\" content=\"2024-05-06T15:27:16+00:00\" \/>\n<meta property=\"og:image\" content=\"https:\/\/larucheindustrielle.fr\/wp-content\/uploads\/2024\/04\/Tetiere-REX-ME.png\" \/>\n\t<meta property=\"og:image:width\" content=\"1616\" \/>\n\t<meta property=\"og:image:height\" content=\"771\" \/>\n\t<meta property=\"og:image:type\" content=\"image\/png\" \/>\n<meta name=\"twitter:card\" content=\"summary_large_image\" \/>\n<meta name=\"twitter:site\" content=\"@LaRucheIndus\" \/>\n<meta name=\"twitter:label1\" content=\"Dur\u00e9e de lecture estim\u00e9e\" \/>\n\t<meta name=\"twitter:data1\" content=\"2 minutes\" \/>\n<script type=\"application\/ld+json\" class=\"yoast-schema-graph\">{\"@context\":\"https:\\\/\\\/schema.org\",\"@graph\":[{\"@type\":\"WebPage\",\"@id\":\"https:\\\/\\\/larucheindustrielle.fr\\\/fr\\\/evenement\\\/projet-marque-employeur\\\/\",\"url\":\"https:\\\/\\\/larucheindustrielle.fr\\\/fr\\\/evenement\\\/projet-marque-employeur\\\/\",\"name\":\"Projet Marque Employeur - La Ruche industrielle\",\"isPartOf\":{\"@id\":\"https:\\\/\\\/larucheindustrielle.fr\\\/fr\\\/#website\"},\"primaryImageOfPage\":{\"@id\":\"https:\\\/\\\/larucheindustrielle.fr\\\/fr\\\/evenement\\\/projet-marque-employeur\\\/#primaryimage\"},\"image\":{\"@id\":\"https:\\\/\\\/larucheindustrielle.fr\\\/fr\\\/evenement\\\/projet-marque-employeur\\\/#primaryimage\"},\"thumbnailUrl\":\"https:\\\/\\\/larucheindustrielle.fr\\\/wp-content\\\/uploads\\\/2024\\\/04\\\/Tetiere-REX-ME.png\",\"datePublished\":\"2024-04-17T14:16:22+00:00\",\"dateModified\":\"2024-05-06T15:27:16+00:00\",\"description\":\"RDV le 20 juin pour le temps fort organis\u00e9 par l\u2019\u00e9quipe projet \u00ab Marque employeur \u00bb ! Un projet inter-entreprises de La Ruche Industrielle.\",\"inLanguage\":\"fr-FR\",\"potentialAction\":[{\"@type\":\"ReadAction\",\"target\":[\"https:\\\/\\\/larucheindustrielle.fr\\\/fr\\\/evenement\\\/projet-marque-employeur\\\/\"]}]},{\"@type\":\"ImageObject\",\"inLanguage\":\"fr-FR\",\"@id\":\"https:\\\/\\\/larucheindustrielle.fr\\\/fr\\\/evenement\\\/projet-marque-employeur\\\/#primaryimage\",\"url\":\"https:\\\/\\\/larucheindustrielle.fr\\\/wp-content\\\/uploads\\\/2024\\\/04\\\/Tetiere-REX-ME.png\",\"contentUrl\":\"https:\\\/\\\/larucheindustrielle.fr\\\/wp-content\\\/uploads\\\/2024\\\/04\\\/Tetiere-REX-ME.png\",\"width\":1616,\"height\":771},{\"@type\":\"WebSite\",\"@id\":\"https:\\\/\\\/larucheindustrielle.fr\\\/fr\\\/#website\",\"url\":\"https:\\\/\\\/larucheindustrielle.fr\\\/fr\\\/\",\"name\":\"La Ruche industrielle\",\"description\":\"Ici, on construit ensemble l&#039;industrie du futur !\",\"publisher\":{\"@id\":\"https:\\\/\\\/larucheindustrielle.fr\\\/fr\\\/#organization\"},\"potentialAction\":[{\"@type\":\"SearchAction\",\"target\":{\"@type\":\"EntryPoint\",\"urlTemplate\":\"https:\\\/\\\/larucheindustrielle.fr\\\/fr\\\/?s={search_term_string}\"},\"query-input\":{\"@type\":\"PropertyValueSpecification\",\"valueRequired\":true,\"valueName\":\"search_term_string\"}}],\"inLanguage\":\"fr-FR\"},{\"@type\":\"Organization\",\"@id\":\"https:\\\/\\\/larucheindustrielle.fr\\\/fr\\\/#organization\",\"name\":\"La Ruche industrielle\",\"url\":\"https:\\\/\\\/larucheindustrielle.fr\\\/fr\\\/\",\"logo\":{\"@type\":\"ImageObject\",\"inLanguage\":\"fr-FR\",\"@id\":\"https:\\\/\\\/larucheindustrielle.fr\\\/fr\\\/#\\\/schema\\\/logo\\\/image\\\/\",\"url\":\"https:\\\/\\\/larucheindustrielle.fr\\\/wp-content\\\/uploads\\\/2023\\\/06\\\/Home-page-Logo-la-ruche-en-bois.jpg\",\"contentUrl\":\"https:\\\/\\\/larucheindustrielle.fr\\\/wp-content\\\/uploads\\\/2023\\\/06\\\/Home-page-Logo-la-ruche-en-bois.jpg\",\"width\":1280,\"height\":853,\"caption\":\"La Ruche industrielle\"},\"image\":{\"@id\":\"https:\\\/\\\/larucheindustrielle.fr\\\/fr\\\/#\\\/schema\\\/logo\\\/image\\\/\"},\"sameAs\":[\"https:\\\/\\\/x.com\\\/LaRucheIndus\",\"https:\\\/\\\/fr.linkedin.com\\\/company\\\/la-ruche-industrielle\",\"https:\\\/\\\/www.youtube.com\\\/@larucheindustrielle932\",\"https:\\\/\\\/www.instagram.com\\\/larucheindustrielle\\\/\"]}]}<\/script>\n<!-- \/ Yoast SEO plugin. -->","yoast_head_json":{"title":"Projet Marque Employeur - La Ruche industrielle","description":"RDV le 20 juin pour le temps fort organis\u00e9 par l\u2019\u00e9quipe projet \u00ab Marque employeur \u00bb ! Un projet inter-entreprises de La Ruche Industrielle.","robots":{"index":"index","follow":"follow","max-snippet":"max-snippet:-1","max-image-preview":"max-image-preview:large","max-video-preview":"max-video-preview:-1"},"canonical":"https:\/\/larucheindustrielle.fr\/fr\/evenement\/projet-marque-employeur\/","og_locale":"fr_FR","og_type":"article","og_title":"Projet Marque Employeur - La Ruche industrielle","og_description":"RDV le 20 juin pour le temps fort organis\u00e9 par l\u2019\u00e9quipe projet \u00ab Marque employeur \u00bb ! Un projet inter-entreprises de La Ruche Industrielle.","og_url":"https:\/\/larucheindustrielle.fr\/fr\/evenement\/projet-marque-employeur\/","og_site_name":"La Ruche industrielle","article_modified_time":"2024-05-06T15:27:16+00:00","og_image":[{"width":1616,"height":771,"url":"https:\/\/larucheindustrielle.fr\/wp-content\/uploads\/2024\/04\/Tetiere-REX-ME.png","type":"image\/png"}],"twitter_card":"summary_large_image","twitter_site":"@LaRucheIndus","twitter_misc":{"Dur\u00e9e de lecture estim\u00e9e":"2 minutes"},"schema":{"@context":"https:\/\/schema.org","@graph":[{"@type":"WebPage","@id":"https:\/\/larucheindustrielle.fr\/fr\/evenement\/projet-marque-employeur\/","url":"https:\/\/larucheindustrielle.fr\/fr\/evenement\/projet-marque-employeur\/","name":"Projet Marque Employeur - La Ruche industrielle","isPartOf":{"@id":"https:\/\/larucheindustrielle.fr\/fr\/#website"},"primaryImageOfPage":{"@id":"https:\/\/larucheindustrielle.fr\/fr\/evenement\/projet-marque-employeur\/#primaryimage"},"image":{"@id":"https:\/\/larucheindustrielle.fr\/fr\/evenement\/projet-marque-employeur\/#primaryimage"},"thumbnailUrl":"https:\/\/larucheindustrielle.fr\/wp-content\/uploads\/2024\/04\/Tetiere-REX-ME.png","datePublished":"2024-04-17T14:16:22+00:00","dateModified":"2024-05-06T15:27:16+00:00","description":"RDV le 20 juin pour le temps fort organis\u00e9 par l\u2019\u00e9quipe projet \u00ab Marque employeur \u00bb ! Un projet inter-entreprises de La Ruche Industrielle.","inLanguage":"fr-FR","potentialAction":[{"@type":"ReadAction","target":["https:\/\/larucheindustrielle.fr\/fr\/evenement\/projet-marque-employeur\/"]}]},{"@type":"ImageObject","inLanguage":"fr-FR","@id":"https:\/\/larucheindustrielle.fr\/fr\/evenement\/projet-marque-employeur\/#primaryimage","url":"https:\/\/larucheindustrielle.fr\/wp-content\/uploads\/2024\/04\/Tetiere-REX-ME.png","contentUrl":"https:\/\/larucheindustrielle.fr\/wp-content\/uploads\/2024\/04\/Tetiere-REX-ME.png","width":1616,"height":771},{"@type":"WebSite","@id":"https:\/\/larucheindustrielle.fr\/fr\/#website","url":"https:\/\/larucheindustrielle.fr\/fr\/","name":"La Ruche industrielle","description":"Ici, on construit ensemble l&#039;industrie du futur !","publisher":{"@id":"https:\/\/larucheindustrielle.fr\/fr\/#organization"},"potentialAction":[{"@type":"SearchAction","target":{"@type":"EntryPoint","urlTemplate":"https:\/\/larucheindustrielle.fr\/fr\/?s={search_term_string}"},"query-input":{"@type":"PropertyValueSpecification","valueRequired":true,"valueName":"search_term_string"}}],"inLanguage":"fr-FR"},{"@type":"Organization","@id":"https:\/\/larucheindustrielle.fr\/fr\/#organization","name":"La Ruche industrielle","url":"https:\/\/larucheindustrielle.fr\/fr\/","logo":{"@type":"ImageObject","inLanguage":"fr-FR","@id":"https:\/\/larucheindustrielle.fr\/fr\/#\/schema\/logo\/image\/","url":"https:\/\/larucheindustrielle.fr\/wp-content\/uploads\/2023\/06\/Home-page-Logo-la-ruche-en-bois.jpg","contentUrl":"https:\/\/larucheindustrielle.fr\/wp-content\/uploads\/2023\/06\/Home-page-Logo-la-ruche-en-bois.jpg","width":1280,"height":853,"caption":"La Ruche industrielle"},"image":{"@id":"https:\/\/larucheindustrielle.fr\/fr\/#\/schema\/logo\/image\/"},"sameAs":["https:\/\/x.com\/LaRucheIndus","https:\/\/fr.linkedin.com\/company\/la-ruche-industrielle","https:\/\/www.youtube.com\/@larucheindustrielle932","https:\/\/www.instagram.com\/larucheindustrielle\/"]}]}},"publishpress_future_action":{"enabled":false,"date":"2026-05-04 16:28:02","action":"category","newStatus":"draft","terms":[13],"taxonomy":"category","extraData":[]},"publishpress_future_workflow_manual_trigger":{"enabledWorkflows":[]},"_links":{"self":[{"href":"https:\/\/larucheindustrielle.fr\/fr\/wp-json\/wp\/v2\/evenement\/5413","targetHints":{"allow":["GET"]}}],"collection":[{"href":"https:\/\/larucheindustrielle.fr\/fr\/wp-json\/wp\/v2\/evenement"}],"about":[{"href":"https:\/\/larucheindustrielle.fr\/fr\/wp-json\/wp\/v2\/types\/evenement"}],"wp:featuredmedia":[{"embeddable":true,"href":"https:\/\/larucheindustrielle.fr\/fr\/wp-json\/wp\/v2\/media\/5513"}],"wp:attachment":[{"href":"https:\/\/larucheindustrielle.fr\/fr\/wp-json\/wp\/v2\/media?parent=5413"}],"wp:term":[{"taxonomy":"category","embeddable":true,"href":"https:\/\/larucheindustrielle.fr\/fr\/wp-json\/wp\/v2\/categories?post=5413"},{"taxonomy":"post_tag","embeddable":true,"href":"https:\/\/larucheindustrielle.fr\/fr\/wp-json\/wp\/v2\/tags?post=5413"}],"curies":[{"name":"wp","href":"https:\/\/api.w.org\/{rel}","templated":true}]}}