{"id":5414,"date":"2024-04-04T14:54:26","date_gmt":"2024-04-04T12:54:26","guid":{"rendered":"https:\/\/larucheindustrielle.fr\/fr\/?post_type=evenement&#038;p=5414"},"modified":"2024-05-02T17:56:53","modified_gmt":"2024-05-02T15:56:53","slug":"projet-cybersecurite-industrielle","status":"publish","type":"evenement","link":"https:\/\/larucheindustrielle.fr\/fr\/evenement\/projet-cybersecurite-industrielle\/","title":{"rendered":"Projet Cybers\u00e9curit\u00e9 industrielle"},"content":{"rendered":"<p><img loading=\"lazy\" decoding=\"async\" class=\"aligncenter wp-image-5424 \" src=\"https:\/\/larucheindustrielle.fr\/wp-content\/uploads\/2024\/04\/REX-Cybersecurite-industrielle-1024x576.jpg\" alt=\"\" width=\"759\" height=\"427\" \/><\/p>\n<p>&nbsp;<\/p>\n<p><strong>RDV le 23 mai \u00e0 La Ruche Industrielle pour le temps fort organis\u00e9 par l\u2019\u00e9quipe projet \u00ab Cybers\u00e9curit\u00e9 industrielle \u00bb !<\/strong><\/p>\n<p>Apr\u00e8s un an de projet, les \u00e9quipiers projets ainsi que les partenaires partageront aux industriels de La Ruche :<\/p>\n<ul>\n<li>Le <strong>contexte<\/strong> et les d\u00e9finitions autour de la Cybers\u00e9curit\u00e9 Industrielle \u00ab OT \u00bb (pour Operational Technology)<\/li>\n<li>Le <strong>partages de bonnes pratiques<\/strong> et recommandations pour des r\u00e9seaux plus s\u00fbrs<\/li>\n<li>Les<strong> retours d\u2019exp\u00e9riences et apprentissages<\/strong> dans les entreprises<\/li>\n<li>Des <strong>stands th\u00e9matiques<\/strong> sur la sensibilisation des collaborateurs aux enjeux de la Cybers\u00e9curit\u00e9 OT<\/li>\n<\/ul>\n<p>&nbsp;<\/p>\n<h4><strong>\ud83d\udd12| Pourquoi un projet sur la Cybers\u00e9curit\u00e9 industrielle ?<br \/>\n<\/strong><\/h4>\n<p>La cybers\u00e9curit\u00e9 est au c\u0153ur des pr\u00e9occupations soci\u00e9tales depuis plusieurs ann\u00e9es. Renforc\u00e9e r\u00e9cemment par des contextes g\u00e9opolitiques qui se d\u00e9gradent dans le monde, c\u2019est<strong> 9 entreprises sur 10 en moyenne qui sont touch\u00e9es par des attaques ou tentatives d\u2019attaques en France<\/strong>.<\/p>\n<p>Si les r\u00e8gles d\u2019hygi\u00e8ne autour de l\u2019IT sont de plus en plus respect\u00e9es au sein des structures, la protection de la sph\u00e8re industrielle <strong>\u00ab l\u2019OT \u00bb<\/strong> est encore trop m\u00e9connue. A cela s&rsquo;ajoutent de nouvelles r\u00e9glementations \u00e0 respecter dans les prochaines ann\u00e9es. Par cons\u00e9quent, les entreprises doivent donc d\u00e9j\u00e0 se munir de process plus s\u00fbrs <strong>pour pr\u00e9server la p\u00e9rennit\u00e9 de leurs activit\u00e9s<\/strong>.<\/p>\n<p>Rejoignez-nous pour discuter de la Cybers\u00e9curit\u00e9 Industrielle, cruciale pour la s\u00fbret\u00e9 des entreprises et ses employ\u00e9s !<\/p>\n<p>&nbsp;<\/p>\n<h4><strong>\ud83d\udce3<\/strong><strong> | Le programme<\/strong><\/h4>\n<ul>\n<li>Accueil Caf\u00e9<\/li>\n<li>Mot d\u2019accueil &amp; Introduction<\/li>\n<li>Contexte : pr\u00e9sentation des grandes attaques Cybers\u00e9curit\u00e9<\/li>\n<li>Projet Cybers\u00e9curit\u00e9 de La Ruche : apprentissages &amp; B\u00e9n\u00e9fices<\/li>\n<li>Les 10 r\u00e8gles d\u2019or de la Cybers\u00e9curit\u00e9 OT<\/li>\n<li>Stands\u00a0:\n<ul>\n<li>M\u00e9tropole de Lyon : pr\u00e9sentation du livrable top mangement<\/li>\n<li>Industriels : pr\u00e9sentation livrables g\u00e9n\u00e9raux<\/li>\n<li>Ecam La Salle et INSA : pr\u00e9sentation banc et chantier op\u00e9rateur<\/li>\n<\/ul>\n<\/li>\n<li>Conclusion<\/li>\n<\/ul>\n<p><span class=\"TextRun SCXP83621074 BCX8\" lang=\"FR-FR\" xml:lang=\"FR-FR\" data-usefontface=\"false\" data-contrast=\"none\"><span class=\"NormalTextRun SCXP83621074 BCX8\">A partir de 12h<\/span><\/span><span class=\"EOP SCXP83621074 BCX8\">\u200b &#8211; <\/span><span class=\"TextRun SCXP164570469 BCX8\" lang=\"FR-FR\" xml:lang=\"FR-FR\" data-usefontface=\"true\" data-contrast=\"none\"><span class=\"NormalTextRun SCXP164570469 BCX8\">Buffet et \u00e9changes entre participants<\/span><\/span><span class=\"EOP SCXP164570469 BCX8\">\u200b<\/span><\/p>\n<p>&nbsp;<\/p>\n<h4><strong>\u26a0<\/strong><strong> | Informations pratiques<br \/>\n<\/strong><\/h4>\n<ul>\n<li>\u00c9v\u00e9nement gratuit r\u00e9serv\u00e9 aux collaborateurs des entreprises adh\u00e9rentes de La Ruche.<\/li>\n<li>Nous vous attendons nombreux pour partager les conclusions de ce projet \u00e0 l&rsquo;occasion de ce moment convivial !<\/li>\n<\/ul>\n","protected":false},"excerpt":{"rendered":"<p>RDV le 23 mai \u00e0 La Ruche Industrielle pour le temps fort organis\u00e9 par l\u2019\u00e9quipe projet \u00ab Cybers\u00e9curit\u00e9 industrielle \u00bb ! Un projet inter-entreprises de La Ruche Industrielle.<\/p>\n","protected":false},"featured_media":5515,"template":"","meta":{"_acf_changed":false,"_et_pb_use_builder":"","_et_pb_old_content":"","_et_gb_content_width":""},"categories":[13],"tags":[],"class_list":["post-5414","evenement","type-evenement","status-publish","has-post-thumbnail","hentry","category-passe"],"acf":[],"yoast_head":"<!-- This site is optimized with the Yoast SEO plugin v27.4 - https:\/\/yoast.com\/product\/yoast-seo-wordpress\/ -->\n<title>Projet Cybers\u00e9curit\u00e9 industrielle - La Ruche industrielle<\/title>\n<meta name=\"description\" content=\"RDV le 23 mai \u00e0 La Ruche Industrielle pour le temps fort organis\u00e9 par l\u2019\u00e9quipe projet \u00ab Cybers\u00e9curit\u00e9 industrielle \u00bb !\" \/>\n<meta name=\"robots\" content=\"index, follow, max-snippet:-1, max-image-preview:large, max-video-preview:-1\" \/>\n<link rel=\"canonical\" href=\"https:\/\/larucheindustrielle.fr\/fr\/evenement\/projet-cybersecurite-industrielle\/\" \/>\n<meta property=\"og:locale\" content=\"fr_FR\" \/>\n<meta property=\"og:type\" content=\"article\" \/>\n<meta property=\"og:title\" content=\"Projet Cybers\u00e9curit\u00e9 industrielle - La Ruche industrielle\" \/>\n<meta property=\"og:description\" content=\"RDV le 23 mai \u00e0 La Ruche Industrielle pour le temps fort organis\u00e9 par l\u2019\u00e9quipe projet \u00ab Cybers\u00e9curit\u00e9 industrielle \u00bb !\" \/>\n<meta property=\"og:url\" content=\"https:\/\/larucheindustrielle.fr\/fr\/evenement\/projet-cybersecurite-industrielle\/\" \/>\n<meta property=\"og:site_name\" content=\"La Ruche industrielle\" \/>\n<meta property=\"article:modified_time\" content=\"2024-05-02T15:56:53+00:00\" \/>\n<meta property=\"og:image\" content=\"https:\/\/larucheindustrielle.fr\/wp-content\/uploads\/2024\/04\/Tetiere-REX-CYBERSECURITE.png\" \/>\n\t<meta property=\"og:image:width\" content=\"1603\" \/>\n\t<meta property=\"og:image:height\" content=\"762\" \/>\n\t<meta property=\"og:image:type\" content=\"image\/png\" \/>\n<meta name=\"twitter:card\" content=\"summary_large_image\" \/>\n<meta name=\"twitter:site\" content=\"@LaRucheIndus\" \/>\n<meta name=\"twitter:label1\" content=\"Dur\u00e9e de lecture estim\u00e9e\" \/>\n\t<meta name=\"twitter:data1\" content=\"2 minutes\" \/>\n<script type=\"application\/ld+json\" class=\"yoast-schema-graph\">{\"@context\":\"https:\\\/\\\/schema.org\",\"@graph\":[{\"@type\":\"WebPage\",\"@id\":\"https:\\\/\\\/larucheindustrielle.fr\\\/fr\\\/evenement\\\/projet-cybersecurite-industrielle\\\/\",\"url\":\"https:\\\/\\\/larucheindustrielle.fr\\\/fr\\\/evenement\\\/projet-cybersecurite-industrielle\\\/\",\"name\":\"Projet Cybers\u00e9curit\u00e9 industrielle - La Ruche industrielle\",\"isPartOf\":{\"@id\":\"https:\\\/\\\/larucheindustrielle.fr\\\/fr\\\/#website\"},\"primaryImageOfPage\":{\"@id\":\"https:\\\/\\\/larucheindustrielle.fr\\\/fr\\\/evenement\\\/projet-cybersecurite-industrielle\\\/#primaryimage\"},\"image\":{\"@id\":\"https:\\\/\\\/larucheindustrielle.fr\\\/fr\\\/evenement\\\/projet-cybersecurite-industrielle\\\/#primaryimage\"},\"thumbnailUrl\":\"https:\\\/\\\/larucheindustrielle.fr\\\/wp-content\\\/uploads\\\/2024\\\/04\\\/Tetiere-REX-CYBERSECURITE.png\",\"datePublished\":\"2024-04-04T12:54:26+00:00\",\"dateModified\":\"2024-05-02T15:56:53+00:00\",\"description\":\"RDV le 23 mai \u00e0 La Ruche Industrielle pour le temps fort organis\u00e9 par l\u2019\u00e9quipe projet \u00ab Cybers\u00e9curit\u00e9 industrielle \u00bb !\",\"inLanguage\":\"fr-FR\",\"potentialAction\":[{\"@type\":\"ReadAction\",\"target\":[\"https:\\\/\\\/larucheindustrielle.fr\\\/fr\\\/evenement\\\/projet-cybersecurite-industrielle\\\/\"]}]},{\"@type\":\"ImageObject\",\"inLanguage\":\"fr-FR\",\"@id\":\"https:\\\/\\\/larucheindustrielle.fr\\\/fr\\\/evenement\\\/projet-cybersecurite-industrielle\\\/#primaryimage\",\"url\":\"https:\\\/\\\/larucheindustrielle.fr\\\/wp-content\\\/uploads\\\/2024\\\/04\\\/Tetiere-REX-CYBERSECURITE.png\",\"contentUrl\":\"https:\\\/\\\/larucheindustrielle.fr\\\/wp-content\\\/uploads\\\/2024\\\/04\\\/Tetiere-REX-CYBERSECURITE.png\",\"width\":1603,\"height\":762},{\"@type\":\"WebSite\",\"@id\":\"https:\\\/\\\/larucheindustrielle.fr\\\/fr\\\/#website\",\"url\":\"https:\\\/\\\/larucheindustrielle.fr\\\/fr\\\/\",\"name\":\"La Ruche industrielle\",\"description\":\"Ici, on construit ensemble l&#039;industrie du futur !\",\"publisher\":{\"@id\":\"https:\\\/\\\/larucheindustrielle.fr\\\/fr\\\/#organization\"},\"potentialAction\":[{\"@type\":\"SearchAction\",\"target\":{\"@type\":\"EntryPoint\",\"urlTemplate\":\"https:\\\/\\\/larucheindustrielle.fr\\\/fr\\\/?s={search_term_string}\"},\"query-input\":{\"@type\":\"PropertyValueSpecification\",\"valueRequired\":true,\"valueName\":\"search_term_string\"}}],\"inLanguage\":\"fr-FR\"},{\"@type\":\"Organization\",\"@id\":\"https:\\\/\\\/larucheindustrielle.fr\\\/fr\\\/#organization\",\"name\":\"La Ruche industrielle\",\"url\":\"https:\\\/\\\/larucheindustrielle.fr\\\/fr\\\/\",\"logo\":{\"@type\":\"ImageObject\",\"inLanguage\":\"fr-FR\",\"@id\":\"https:\\\/\\\/larucheindustrielle.fr\\\/fr\\\/#\\\/schema\\\/logo\\\/image\\\/\",\"url\":\"https:\\\/\\\/larucheindustrielle.fr\\\/wp-content\\\/uploads\\\/2023\\\/06\\\/Home-page-Logo-la-ruche-en-bois.jpg\",\"contentUrl\":\"https:\\\/\\\/larucheindustrielle.fr\\\/wp-content\\\/uploads\\\/2023\\\/06\\\/Home-page-Logo-la-ruche-en-bois.jpg\",\"width\":1280,\"height\":853,\"caption\":\"La Ruche industrielle\"},\"image\":{\"@id\":\"https:\\\/\\\/larucheindustrielle.fr\\\/fr\\\/#\\\/schema\\\/logo\\\/image\\\/\"},\"sameAs\":[\"https:\\\/\\\/x.com\\\/LaRucheIndus\",\"https:\\\/\\\/fr.linkedin.com\\\/company\\\/la-ruche-industrielle\",\"https:\\\/\\\/www.youtube.com\\\/@larucheindustrielle932\",\"https:\\\/\\\/www.instagram.com\\\/larucheindustrielle\\\/\"]}]}<\/script>\n<!-- \/ Yoast SEO plugin. -->","yoast_head_json":{"title":"Projet Cybers\u00e9curit\u00e9 industrielle - La Ruche industrielle","description":"RDV le 23 mai \u00e0 La Ruche Industrielle pour le temps fort organis\u00e9 par l\u2019\u00e9quipe projet \u00ab Cybers\u00e9curit\u00e9 industrielle \u00bb !","robots":{"index":"index","follow":"follow","max-snippet":"max-snippet:-1","max-image-preview":"max-image-preview:large","max-video-preview":"max-video-preview:-1"},"canonical":"https:\/\/larucheindustrielle.fr\/fr\/evenement\/projet-cybersecurite-industrielle\/","og_locale":"fr_FR","og_type":"article","og_title":"Projet Cybers\u00e9curit\u00e9 industrielle - La Ruche industrielle","og_description":"RDV le 23 mai \u00e0 La Ruche Industrielle pour le temps fort organis\u00e9 par l\u2019\u00e9quipe projet \u00ab Cybers\u00e9curit\u00e9 industrielle \u00bb !","og_url":"https:\/\/larucheindustrielle.fr\/fr\/evenement\/projet-cybersecurite-industrielle\/","og_site_name":"La Ruche industrielle","article_modified_time":"2024-05-02T15:56:53+00:00","og_image":[{"width":1603,"height":762,"url":"https:\/\/larucheindustrielle.fr\/wp-content\/uploads\/2024\/04\/Tetiere-REX-CYBERSECURITE.png","type":"image\/png"}],"twitter_card":"summary_large_image","twitter_site":"@LaRucheIndus","twitter_misc":{"Dur\u00e9e de lecture estim\u00e9e":"2 minutes"},"schema":{"@context":"https:\/\/schema.org","@graph":[{"@type":"WebPage","@id":"https:\/\/larucheindustrielle.fr\/fr\/evenement\/projet-cybersecurite-industrielle\/","url":"https:\/\/larucheindustrielle.fr\/fr\/evenement\/projet-cybersecurite-industrielle\/","name":"Projet Cybers\u00e9curit\u00e9 industrielle - La Ruche industrielle","isPartOf":{"@id":"https:\/\/larucheindustrielle.fr\/fr\/#website"},"primaryImageOfPage":{"@id":"https:\/\/larucheindustrielle.fr\/fr\/evenement\/projet-cybersecurite-industrielle\/#primaryimage"},"image":{"@id":"https:\/\/larucheindustrielle.fr\/fr\/evenement\/projet-cybersecurite-industrielle\/#primaryimage"},"thumbnailUrl":"https:\/\/larucheindustrielle.fr\/wp-content\/uploads\/2024\/04\/Tetiere-REX-CYBERSECURITE.png","datePublished":"2024-04-04T12:54:26+00:00","dateModified":"2024-05-02T15:56:53+00:00","description":"RDV le 23 mai \u00e0 La Ruche Industrielle pour le temps fort organis\u00e9 par l\u2019\u00e9quipe projet \u00ab Cybers\u00e9curit\u00e9 industrielle \u00bb !","inLanguage":"fr-FR","potentialAction":[{"@type":"ReadAction","target":["https:\/\/larucheindustrielle.fr\/fr\/evenement\/projet-cybersecurite-industrielle\/"]}]},{"@type":"ImageObject","inLanguage":"fr-FR","@id":"https:\/\/larucheindustrielle.fr\/fr\/evenement\/projet-cybersecurite-industrielle\/#primaryimage","url":"https:\/\/larucheindustrielle.fr\/wp-content\/uploads\/2024\/04\/Tetiere-REX-CYBERSECURITE.png","contentUrl":"https:\/\/larucheindustrielle.fr\/wp-content\/uploads\/2024\/04\/Tetiere-REX-CYBERSECURITE.png","width":1603,"height":762},{"@type":"WebSite","@id":"https:\/\/larucheindustrielle.fr\/fr\/#website","url":"https:\/\/larucheindustrielle.fr\/fr\/","name":"La Ruche industrielle","description":"Ici, on construit ensemble l&#039;industrie du futur !","publisher":{"@id":"https:\/\/larucheindustrielle.fr\/fr\/#organization"},"potentialAction":[{"@type":"SearchAction","target":{"@type":"EntryPoint","urlTemplate":"https:\/\/larucheindustrielle.fr\/fr\/?s={search_term_string}"},"query-input":{"@type":"PropertyValueSpecification","valueRequired":true,"valueName":"search_term_string"}}],"inLanguage":"fr-FR"},{"@type":"Organization","@id":"https:\/\/larucheindustrielle.fr\/fr\/#organization","name":"La Ruche industrielle","url":"https:\/\/larucheindustrielle.fr\/fr\/","logo":{"@type":"ImageObject","inLanguage":"fr-FR","@id":"https:\/\/larucheindustrielle.fr\/fr\/#\/schema\/logo\/image\/","url":"https:\/\/larucheindustrielle.fr\/wp-content\/uploads\/2023\/06\/Home-page-Logo-la-ruche-en-bois.jpg","contentUrl":"https:\/\/larucheindustrielle.fr\/wp-content\/uploads\/2023\/06\/Home-page-Logo-la-ruche-en-bois.jpg","width":1280,"height":853,"caption":"La Ruche industrielle"},"image":{"@id":"https:\/\/larucheindustrielle.fr\/fr\/#\/schema\/logo\/image\/"},"sameAs":["https:\/\/x.com\/LaRucheIndus","https:\/\/fr.linkedin.com\/company\/la-ruche-industrielle","https:\/\/www.youtube.com\/@larucheindustrielle932","https:\/\/www.instagram.com\/larucheindustrielle\/"]}]}},"publishpress_future_action":{"enabled":false,"date":"2026-05-04 16:27:46","action":"category","newStatus":"draft","terms":[13],"taxonomy":"category","extraData":[]},"publishpress_future_workflow_manual_trigger":{"enabledWorkflows":[]},"_links":{"self":[{"href":"https:\/\/larucheindustrielle.fr\/fr\/wp-json\/wp\/v2\/evenement\/5414","targetHints":{"allow":["GET"]}}],"collection":[{"href":"https:\/\/larucheindustrielle.fr\/fr\/wp-json\/wp\/v2\/evenement"}],"about":[{"href":"https:\/\/larucheindustrielle.fr\/fr\/wp-json\/wp\/v2\/types\/evenement"}],"wp:featuredmedia":[{"embeddable":true,"href":"https:\/\/larucheindustrielle.fr\/fr\/wp-json\/wp\/v2\/media\/5515"}],"wp:attachment":[{"href":"https:\/\/larucheindustrielle.fr\/fr\/wp-json\/wp\/v2\/media?parent=5414"}],"wp:term":[{"taxonomy":"category","embeddable":true,"href":"https:\/\/larucheindustrielle.fr\/fr\/wp-json\/wp\/v2\/categories?post=5414"},{"taxonomy":"post_tag","embeddable":true,"href":"https:\/\/larucheindustrielle.fr\/fr\/wp-json\/wp\/v2\/tags?post=5414"}],"curies":[{"name":"wp","href":"https:\/\/api.w.org\/{rel}","templated":true}]}}