{"id":5415,"date":"2024-04-10T08:59:08","date_gmt":"2024-04-10T06:59:08","guid":{"rendered":"https:\/\/larucheindustrielle.fr\/fr\/?post_type=evenement&#038;p=5415"},"modified":"2024-05-02T17:51:24","modified_gmt":"2024-05-02T15:51:24","slug":"conference-la-qvt-en-finir-avec-les-conneries","status":"publish","type":"evenement","link":"https:\/\/larucheindustrielle.fr\/fr\/evenement\/conference-la-qvt-en-finir-avec-les-conneries\/","title":{"rendered":"Conf\u00e9rence : La QVT. En finir avec les conneries !"},"content":{"rendered":"<h3><img loading=\"lazy\" decoding=\"async\" class=\"aligncenter wp-image-5453 \" src=\"https:\/\/larucheindustrielle.fr\/wp-content\/uploads\/2024\/04\/La-QVT.-En-finir-avec-les-conneries-VF-1024x1024.png\" alt=\"\" width=\"714\" height=\"714\" \/><\/h3>\n<h3><\/h3>\n<h3><strong><span class=\"OYPEnA text-decoration-none text-strikethrough-none\">Sortez des sentiers battus et \u00e9vitez la QVT-washing !<\/span><\/strong><\/h3>\n<p>Vincent Baud signe en 2022 un livre sur <strong>l&rsquo;\u00e9tat de la pr\u00e9vention des risques professionnels en France et ses n\u00e9cessaires mutations<\/strong>, au titre provocateur : La QVT &#8211; En finir avec les conneries !. Directeur d&rsquo;usine, puis ing\u00e9nieur-conseil \u00e0 la CARSAT et consultant formateur, il r\u00e9alise actuellement un Tour de France QVT et vous propose d&rsquo;\u00e9changer avec lui lors d&rsquo;une conf\u00e9rence d\u00e9bat que vous n&rsquo;\u00eates pas pr\u00eat d&rsquo;oublier ! Il nous livrera sa vision de la QVT bas\u00e9e sur des entretiens men\u00e9s en entreprise.<\/p>\n<p><img loading=\"lazy\" decoding=\"async\" class=\"size-medium wp-image-5449 aligncenter\" src=\"https:\/\/larucheindustrielle.fr\/wp-content\/uploads\/2024\/04\/la-qvt-en-finir-avec-les-conneries-212x300.png\" alt=\"\" width=\"212\" height=\"300\" \/><\/p>\n<p>ABC (Association du Bureau Connect\u00e9, association professionnelle lyonnaise regroupant donneurs d\u2019ordres et prestataires dans les environnements de travail et l\u2019immobilier), La Ruche Industrielle, OSingulier (design d&rsquo;espace et change management), Sabrina Arnaud (psychologue du travail) vous proposent une <strong>conf\u00e9rence Secouage de neurones<\/strong> :<\/p>\n<ul>\n<li>le 25 juin \u00e0 17h30<\/li>\n<li>\u00e0 la Ruche Industrielle<\/li>\n<\/ul>\n<p>Ap\u00e9ritif dinatoire et \u00e9changes \u00e0 partir de 20h.<\/p>\n<h3><strong>Conf\u00e9rence d\u00e9bat pour casser les id\u00e9es re\u00e7ues !<br \/>\n<\/strong><\/h3>\n<p>Vincent Baud estime que les employeurs r\u00e9duisent trop souvent la sant\u00e9 au travail \u00e0 un environnement technique s\u00fbr. Pour lui, <strong>le bien-\u00eatre physique, mental et social sont indissociables<\/strong>. Il regrette que la \u00abqualit\u00e9 de vie au travail\u00bb (QVT) se r\u00e9duise trop fr\u00e9quemment \u00e0 des gadgets (babyfoot, s\u00e9ance yoga, etc) et est convaincu de la n\u00e9cessit\u00e9 d&rsquo;\u00e9couter les collaborateurs pour co-construire ensemble un environnement serein, s\u00e9curitaire et sain.<\/p>\n<p><em>\u00a0\u00bb La QVT ne concerne pas que chacun de nous individuellement : elle s\u2019adresse \u00e0 notre soci\u00e9t\u00e9. Je suis tellement affect\u00e9 de voir la fa\u00e7on dont elle est maltrait\u00e9e que j\u2019ai voulu agir.<\/em><br \/>\n<em>Agir plut\u00f4t que subir.\u00a0\u00bb<\/em> Vincent Baud<\/p>\n<p><strong>&gt;&gt; Inscrivez-vous !<\/strong><\/p>\n","protected":false},"excerpt":{"rendered":"<p>RDV le 25 juin \u00e0 La Ruche Industrielle pour cette conf\u00e9rence Secouage de neurones !<\/p>\n","protected":false},"featured_media":5511,"template":"","meta":{"_acf_changed":false,"_et_pb_use_builder":"","_et_pb_old_content":"","_et_gb_content_width":""},"categories":[13],"tags":[],"class_list":["post-5415","evenement","type-evenement","status-publish","has-post-thumbnail","hentry","category-passe"],"acf":[],"yoast_head":"<!-- This site is optimized with the Yoast SEO plugin v27.4 - https:\/\/yoast.com\/product\/yoast-seo-wordpress\/ -->\n<title>Conf\u00e9rence : La QVT. En finir avec les conneries ! - La Ruche industrielle<\/title>\n<meta name=\"description\" content=\"\u200bRDV le 25 juin \u00e0 La Ruche Industrielle pour cette conf\u00e9rence Secouage de neurones sur la Qualit\u00e9 de Vie au Travail.\" \/>\n<meta name=\"robots\" content=\"index, follow, max-snippet:-1, max-image-preview:large, max-video-preview:-1\" \/>\n<link rel=\"canonical\" href=\"https:\/\/larucheindustrielle.fr\/fr\/evenement\/conference-la-qvt-en-finir-avec-les-conneries\/\" \/>\n<meta property=\"og:locale\" content=\"fr_FR\" \/>\n<meta property=\"og:type\" content=\"article\" \/>\n<meta property=\"og:title\" content=\"Conf\u00e9rence : La QVT. En finir avec les conneries ! - La Ruche industrielle\" \/>\n<meta property=\"og:description\" content=\"\u200bRDV le 25 juin \u00e0 La Ruche Industrielle pour cette conf\u00e9rence Secouage de neurones sur la Qualit\u00e9 de Vie au Travail.\" \/>\n<meta property=\"og:url\" content=\"https:\/\/larucheindustrielle.fr\/fr\/evenement\/conference-la-qvt-en-finir-avec-les-conneries\/\" \/>\n<meta property=\"og:site_name\" content=\"La Ruche industrielle\" \/>\n<meta property=\"article:modified_time\" content=\"2024-05-02T15:51:24+00:00\" \/>\n<meta property=\"og:image\" content=\"https:\/\/larucheindustrielle.fr\/wp-content\/uploads\/2024\/04\/Tetiere-La-QVT.-En-finir-avec-les-conneries.png\" \/>\n\t<meta property=\"og:image:width\" content=\"903\" \/>\n\t<meta property=\"og:image:height\" content=\"358\" \/>\n\t<meta property=\"og:image:type\" content=\"image\/png\" \/>\n<meta name=\"twitter:card\" content=\"summary_large_image\" \/>\n<meta name=\"twitter:site\" content=\"@LaRucheIndus\" \/>\n<meta name=\"twitter:label1\" content=\"Dur\u00e9e de lecture estim\u00e9e\" \/>\n\t<meta name=\"twitter:data1\" content=\"2 minutes\" \/>\n<script type=\"application\/ld+json\" class=\"yoast-schema-graph\">{\"@context\":\"https:\\\/\\\/schema.org\",\"@graph\":[{\"@type\":\"WebPage\",\"@id\":\"https:\\\/\\\/larucheindustrielle.fr\\\/fr\\\/evenement\\\/conference-la-qvt-en-finir-avec-les-conneries\\\/\",\"url\":\"https:\\\/\\\/larucheindustrielle.fr\\\/fr\\\/evenement\\\/conference-la-qvt-en-finir-avec-les-conneries\\\/\",\"name\":\"Conf\u00e9rence : La QVT. En finir avec les conneries ! - La Ruche industrielle\",\"isPartOf\":{\"@id\":\"https:\\\/\\\/larucheindustrielle.fr\\\/fr\\\/#website\"},\"primaryImageOfPage\":{\"@id\":\"https:\\\/\\\/larucheindustrielle.fr\\\/fr\\\/evenement\\\/conference-la-qvt-en-finir-avec-les-conneries\\\/#primaryimage\"},\"image\":{\"@id\":\"https:\\\/\\\/larucheindustrielle.fr\\\/fr\\\/evenement\\\/conference-la-qvt-en-finir-avec-les-conneries\\\/#primaryimage\"},\"thumbnailUrl\":\"https:\\\/\\\/larucheindustrielle.fr\\\/wp-content\\\/uploads\\\/2024\\\/04\\\/Tetiere-La-QVT.-En-finir-avec-les-conneries.png\",\"datePublished\":\"2024-04-10T06:59:08+00:00\",\"dateModified\":\"2024-05-02T15:51:24+00:00\",\"description\":\"\u200bRDV le 25 juin \u00e0 La Ruche Industrielle pour cette conf\u00e9rence Secouage de neurones sur la Qualit\u00e9 de Vie au Travail.\",\"inLanguage\":\"fr-FR\",\"potentialAction\":[{\"@type\":\"ReadAction\",\"target\":[\"https:\\\/\\\/larucheindustrielle.fr\\\/fr\\\/evenement\\\/conference-la-qvt-en-finir-avec-les-conneries\\\/\"]}]},{\"@type\":\"ImageObject\",\"inLanguage\":\"fr-FR\",\"@id\":\"https:\\\/\\\/larucheindustrielle.fr\\\/fr\\\/evenement\\\/conference-la-qvt-en-finir-avec-les-conneries\\\/#primaryimage\",\"url\":\"https:\\\/\\\/larucheindustrielle.fr\\\/wp-content\\\/uploads\\\/2024\\\/04\\\/Tetiere-La-QVT.-En-finir-avec-les-conneries.png\",\"contentUrl\":\"https:\\\/\\\/larucheindustrielle.fr\\\/wp-content\\\/uploads\\\/2024\\\/04\\\/Tetiere-La-QVT.-En-finir-avec-les-conneries.png\",\"width\":903,\"height\":358},{\"@type\":\"WebSite\",\"@id\":\"https:\\\/\\\/larucheindustrielle.fr\\\/fr\\\/#website\",\"url\":\"https:\\\/\\\/larucheindustrielle.fr\\\/fr\\\/\",\"name\":\"La Ruche industrielle\",\"description\":\"Ici, on construit ensemble l&#039;industrie du futur !\",\"publisher\":{\"@id\":\"https:\\\/\\\/larucheindustrielle.fr\\\/fr\\\/#organization\"},\"potentialAction\":[{\"@type\":\"SearchAction\",\"target\":{\"@type\":\"EntryPoint\",\"urlTemplate\":\"https:\\\/\\\/larucheindustrielle.fr\\\/fr\\\/?s={search_term_string}\"},\"query-input\":{\"@type\":\"PropertyValueSpecification\",\"valueRequired\":true,\"valueName\":\"search_term_string\"}}],\"inLanguage\":\"fr-FR\"},{\"@type\":\"Organization\",\"@id\":\"https:\\\/\\\/larucheindustrielle.fr\\\/fr\\\/#organization\",\"name\":\"La Ruche industrielle\",\"url\":\"https:\\\/\\\/larucheindustrielle.fr\\\/fr\\\/\",\"logo\":{\"@type\":\"ImageObject\",\"inLanguage\":\"fr-FR\",\"@id\":\"https:\\\/\\\/larucheindustrielle.fr\\\/fr\\\/#\\\/schema\\\/logo\\\/image\\\/\",\"url\":\"https:\\\/\\\/larucheindustrielle.fr\\\/wp-content\\\/uploads\\\/2023\\\/06\\\/Home-page-Logo-la-ruche-en-bois.jpg\",\"contentUrl\":\"https:\\\/\\\/larucheindustrielle.fr\\\/wp-content\\\/uploads\\\/2023\\\/06\\\/Home-page-Logo-la-ruche-en-bois.jpg\",\"width\":1280,\"height\":853,\"caption\":\"La Ruche industrielle\"},\"image\":{\"@id\":\"https:\\\/\\\/larucheindustrielle.fr\\\/fr\\\/#\\\/schema\\\/logo\\\/image\\\/\"},\"sameAs\":[\"https:\\\/\\\/x.com\\\/LaRucheIndus\",\"https:\\\/\\\/fr.linkedin.com\\\/company\\\/la-ruche-industrielle\",\"https:\\\/\\\/www.youtube.com\\\/@larucheindustrielle932\",\"https:\\\/\\\/www.instagram.com\\\/larucheindustrielle\\\/\"]}]}<\/script>\n<!-- \/ Yoast SEO plugin. -->","yoast_head_json":{"title":"Conf\u00e9rence : La QVT. En finir avec les conneries ! - La Ruche industrielle","description":"\u200bRDV le 25 juin \u00e0 La Ruche Industrielle pour cette conf\u00e9rence Secouage de neurones sur la Qualit\u00e9 de Vie au Travail.","robots":{"index":"index","follow":"follow","max-snippet":"max-snippet:-1","max-image-preview":"max-image-preview:large","max-video-preview":"max-video-preview:-1"},"canonical":"https:\/\/larucheindustrielle.fr\/fr\/evenement\/conference-la-qvt-en-finir-avec-les-conneries\/","og_locale":"fr_FR","og_type":"article","og_title":"Conf\u00e9rence : La QVT. En finir avec les conneries ! - La Ruche industrielle","og_description":"\u200bRDV le 25 juin \u00e0 La Ruche Industrielle pour cette conf\u00e9rence Secouage de neurones sur la Qualit\u00e9 de Vie au Travail.","og_url":"https:\/\/larucheindustrielle.fr\/fr\/evenement\/conference-la-qvt-en-finir-avec-les-conneries\/","og_site_name":"La Ruche industrielle","article_modified_time":"2024-05-02T15:51:24+00:00","og_image":[{"width":903,"height":358,"url":"https:\/\/larucheindustrielle.fr\/wp-content\/uploads\/2024\/04\/Tetiere-La-QVT.-En-finir-avec-les-conneries.png","type":"image\/png"}],"twitter_card":"summary_large_image","twitter_site":"@LaRucheIndus","twitter_misc":{"Dur\u00e9e de lecture estim\u00e9e":"2 minutes"},"schema":{"@context":"https:\/\/schema.org","@graph":[{"@type":"WebPage","@id":"https:\/\/larucheindustrielle.fr\/fr\/evenement\/conference-la-qvt-en-finir-avec-les-conneries\/","url":"https:\/\/larucheindustrielle.fr\/fr\/evenement\/conference-la-qvt-en-finir-avec-les-conneries\/","name":"Conf\u00e9rence : La QVT. En finir avec les conneries ! - La Ruche industrielle","isPartOf":{"@id":"https:\/\/larucheindustrielle.fr\/fr\/#website"},"primaryImageOfPage":{"@id":"https:\/\/larucheindustrielle.fr\/fr\/evenement\/conference-la-qvt-en-finir-avec-les-conneries\/#primaryimage"},"image":{"@id":"https:\/\/larucheindustrielle.fr\/fr\/evenement\/conference-la-qvt-en-finir-avec-les-conneries\/#primaryimage"},"thumbnailUrl":"https:\/\/larucheindustrielle.fr\/wp-content\/uploads\/2024\/04\/Tetiere-La-QVT.-En-finir-avec-les-conneries.png","datePublished":"2024-04-10T06:59:08+00:00","dateModified":"2024-05-02T15:51:24+00:00","description":"\u200bRDV le 25 juin \u00e0 La Ruche Industrielle pour cette conf\u00e9rence Secouage de neurones sur la Qualit\u00e9 de Vie au Travail.","inLanguage":"fr-FR","potentialAction":[{"@type":"ReadAction","target":["https:\/\/larucheindustrielle.fr\/fr\/evenement\/conference-la-qvt-en-finir-avec-les-conneries\/"]}]},{"@type":"ImageObject","inLanguage":"fr-FR","@id":"https:\/\/larucheindustrielle.fr\/fr\/evenement\/conference-la-qvt-en-finir-avec-les-conneries\/#primaryimage","url":"https:\/\/larucheindustrielle.fr\/wp-content\/uploads\/2024\/04\/Tetiere-La-QVT.-En-finir-avec-les-conneries.png","contentUrl":"https:\/\/larucheindustrielle.fr\/wp-content\/uploads\/2024\/04\/Tetiere-La-QVT.-En-finir-avec-les-conneries.png","width":903,"height":358},{"@type":"WebSite","@id":"https:\/\/larucheindustrielle.fr\/fr\/#website","url":"https:\/\/larucheindustrielle.fr\/fr\/","name":"La Ruche industrielle","description":"Ici, on construit ensemble l&#039;industrie du futur !","publisher":{"@id":"https:\/\/larucheindustrielle.fr\/fr\/#organization"},"potentialAction":[{"@type":"SearchAction","target":{"@type":"EntryPoint","urlTemplate":"https:\/\/larucheindustrielle.fr\/fr\/?s={search_term_string}"},"query-input":{"@type":"PropertyValueSpecification","valueRequired":true,"valueName":"search_term_string"}}],"inLanguage":"fr-FR"},{"@type":"Organization","@id":"https:\/\/larucheindustrielle.fr\/fr\/#organization","name":"La Ruche industrielle","url":"https:\/\/larucheindustrielle.fr\/fr\/","logo":{"@type":"ImageObject","inLanguage":"fr-FR","@id":"https:\/\/larucheindustrielle.fr\/fr\/#\/schema\/logo\/image\/","url":"https:\/\/larucheindustrielle.fr\/wp-content\/uploads\/2023\/06\/Home-page-Logo-la-ruche-en-bois.jpg","contentUrl":"https:\/\/larucheindustrielle.fr\/wp-content\/uploads\/2023\/06\/Home-page-Logo-la-ruche-en-bois.jpg","width":1280,"height":853,"caption":"La Ruche industrielle"},"image":{"@id":"https:\/\/larucheindustrielle.fr\/fr\/#\/schema\/logo\/image\/"},"sameAs":["https:\/\/x.com\/LaRucheIndus","https:\/\/fr.linkedin.com\/company\/la-ruche-industrielle","https:\/\/www.youtube.com\/@larucheindustrielle932","https:\/\/www.instagram.com\/larucheindustrielle\/"]}]}},"publishpress_future_action":{"enabled":false,"date":"2026-05-04 15:14:26","action":"category","newStatus":"draft","terms":[13],"taxonomy":"category","extraData":[]},"publishpress_future_workflow_manual_trigger":{"enabledWorkflows":[]},"_links":{"self":[{"href":"https:\/\/larucheindustrielle.fr\/fr\/wp-json\/wp\/v2\/evenement\/5415","targetHints":{"allow":["GET"]}}],"collection":[{"href":"https:\/\/larucheindustrielle.fr\/fr\/wp-json\/wp\/v2\/evenement"}],"about":[{"href":"https:\/\/larucheindustrielle.fr\/fr\/wp-json\/wp\/v2\/types\/evenement"}],"wp:featuredmedia":[{"embeddable":true,"href":"https:\/\/larucheindustrielle.fr\/fr\/wp-json\/wp\/v2\/media\/5511"}],"wp:attachment":[{"href":"https:\/\/larucheindustrielle.fr\/fr\/wp-json\/wp\/v2\/media?parent=5415"}],"wp:term":[{"taxonomy":"category","embeddable":true,"href":"https:\/\/larucheindustrielle.fr\/fr\/wp-json\/wp\/v2\/categories?post=5415"},{"taxonomy":"post_tag","embeddable":true,"href":"https:\/\/larucheindustrielle.fr\/fr\/wp-json\/wp\/v2\/tags?post=5415"}],"curies":[{"name":"wp","href":"https:\/\/api.w.org\/{rel}","templated":true}]}}