{"id":5655,"date":"2024-08-28T10:29:38","date_gmt":"2024-08-28T08:29:38","guid":{"rendered":"https:\/\/larucheindustrielle.fr\/fr\/?post_type=evenement&#038;p=5655"},"modified":"2025-02-19T08:49:40","modified_gmt":"2025-02-19T07:49:40","slug":"culture-de-la-continuite-numerique","status":"publish","type":"evenement","link":"https:\/\/larucheindustrielle.fr\/fr\/evenement\/culture-de-la-continuite-numerique\/","title":{"rendered":"Projet Culture de la continuit\u00e9 num\u00e9rique"},"content":{"rendered":"<p><strong>RDV le 18 f\u00e9vrier \u00e0 La Ruche Industrielle pour le temps fort organis\u00e9 par l\u2019\u00e9quipe projet \u00ab Culture de la continuit\u00e9 num\u00e9rique \u00bb !<\/strong><\/p>\n<p><img loading=\"lazy\" decoding=\"async\" class=\"aligncenter wp-image-6954 size-large\" src=\"https:\/\/larucheindustrielle.fr\/wp-content\/uploads\/2024\/08\/Visuel-REX-Culture-CN-V2-1024x576.png\" alt=\"\" width=\"1024\" height=\"576\" \/><\/p>\n<p>&nbsp;<\/p>\n<p><b><span data-contrast=\"auto\">\ud83d\udce3<\/span><\/b><b><span data-contrast=\"auto\">\u202f| Le contexte<br \/>\n<\/span><\/b><\/p>\n<p>A l\u2019heure o\u00f9 les entreprises sont dans la course \u00e0 la digitalisation de leurs activit\u00e9s et de leurs op\u00e9rations, au-del\u00e0 de la technique, <strong>la connaissance des principes et des b\u00e9n\u00e9fices de la continuit\u00e9 num\u00e9rique par les managers et les collaborateurs est plus que jamais n\u00e9cessaire<\/strong>.<\/p>\n<p>Pour quel impact ? Prendre conscience de sa maturit\u00e9, d\u00e9clencher des investissements et faciliter l\u2019adoption des outils et m\u00e9thodes permettant la continuit\u00e9 de l\u2019information entre services. Et m\u00eame, <strong>faire de certains collaborateurs des \u00ab Leaders Transformants \u00bb<\/strong>, moteurs pour faire \u00e9voluer les processus de l\u2019entreprise. L\u2019Homme est toujours au c\u0153ur de la transformation !<\/p>\n<p><span data-contrast=\"auto\">C\u2019est pour cette raison que les industriels adh\u00e9rents de La Ruche ont choisi le sujet de la culture de la continuit\u00e9 num\u00e9rique\u202fdans la feuille de route des projets 2024.<\/span><\/p>\n<p>Le groupe projet vous pr\u00e9sentera ses apprentissages et vous fera jouer aussi au cours de ce REX instructif et divertissant !<\/p>\n<div id=\"attachment_6977\" style=\"width: 1034px\" class=\"wp-caption aligncenter\"><img loading=\"lazy\" decoding=\"async\" aria-describedby=\"caption-attachment-6977\" class=\"wp-image-6977 size-large\" src=\"https:\/\/larucheindustrielle.fr\/wp-content\/uploads\/2024\/08\/friends-having-fun-with-traditional-games-1024x683.jpg\" alt=\"\" width=\"1024\" height=\"683\" srcset=\"https:\/\/larucheindustrielle.fr\/wp-content\/uploads\/2024\/08\/friends-having-fun-with-traditional-games-980x653.jpg 980w, https:\/\/larucheindustrielle.fr\/wp-content\/uploads\/2024\/08\/friends-having-fun-with-traditional-games-480x320.jpg 480w\" sizes=\"(min-width: 0px) and (max-width: 480px) 480px, (min-width: 481px) and (max-width: 980px) 980px, (min-width: 981px) 1024px, 100vw\" \/><p id=\"caption-attachment-6977\" class=\"wp-caption-text\">Image Freepik<\/p><\/div>\n<h4><span data-contrast=\"auto\"><br \/>\n<a href=\"https:\/\/larucheindustrielle.fr\/fr\/culture-continuite-numerique\/\" target=\"_blank\" rel=\"noopener\">&gt; <\/a><\/span>Pour en savoir plus sur le projet<\/h4>\n<h4><\/h4>\n<p>&nbsp;<\/p>\n<h4><strong>\ud83c\udfa4\u202f| Au programme de ce REX pas comme les autres !<\/strong><\/h4>\n<ul>\n<li>Accueil Caf\u00e9 \u00e0 partir de 8h30<\/li>\n<li><strong>Pr\u00e9sentation du projet\u00a0:<\/strong>\n<ul>\n<li>Gen\u00e8se<\/li>\n<li>Principaux freins \u00e0 la mise en place de la Continuit\u00e9 Num\u00e9rique<\/li>\n<li>B\u00e9n\u00e9fices de la Continuit\u00e9 Num\u00e9rique<\/li>\n<li>D\u00e9marche projet et livrable<\/li>\n<\/ul>\n<\/li>\n<li><strong>Jouons\u00a0\u00e0 la fresque de la Continuit\u00e9\u00a0Num\u00e9rique\u00a0!<\/strong>\n<ul>\n<li>Reconstituez la fresque des diff\u00e9rentes donn\u00e9es m\u00e9tier de votre entreprise en les pla\u00e7ant au bon endroit<\/li>\n<li>Prenez conscience du niveau de continuit\u00e9 num\u00e9rique de votre entreprise<\/li>\n<li>Am\u00e9liorez les interfaces entre les donn\u00e9es de votre entreprise et d\u00e9jouez les \u00e9v\u00e9nements impactant vos activit\u00e9s ! Gare aux discontinuit\u00e9s !<\/li>\n<\/ul>\n<\/li>\n<li><strong>Conclusion :<\/strong>\n<ul>\n<li>Quelle mise en application chez vous\u00a0?<\/li>\n<li>Feedback sur l\u2019exp\u00e9rience de jeu<\/li>\n<\/ul>\n<\/li>\n<li>A partir de 12h\u200b30 \u2013 Buffet et \u00e9changes entre participants<\/li>\n<\/ul>\n<p><img loading=\"lazy\" decoding=\"async\" class=\"aligncenter wp-image-6952 size-large\" src=\"https:\/\/larucheindustrielle.fr\/wp-content\/uploads\/2024\/08\/fresque-1024x683.jpg\" alt=\"\" width=\"1024\" height=\"683\" srcset=\"https:\/\/larucheindustrielle.fr\/wp-content\/uploads\/2024\/08\/fresque-980x653.jpg 980w, https:\/\/larucheindustrielle.fr\/wp-content\/uploads\/2024\/08\/fresque-480x320.jpg 480w\" sizes=\"(min-width: 0px) and (max-width: 480px) 480px, (min-width: 481px) and (max-width: 980px) 980px, (min-width: 981px) 1024px, 100vw\" \/><\/p>\n<h4><\/h4>\n<p>&nbsp;<\/p>\n<h4><strong>\u26a0<\/strong><strong> | Informations pratiques<br \/>\n<\/strong><\/h4>\n<ul>\n<li>\u00c9v\u00e9nement gratuit r\u00e9serv\u00e9 aux collaborateurs des entreprises adh\u00e9rentes de La Ruche.<\/li>\n<li>Nous vous attendons nombreux pour partager les conclusions de ce projet \u00e0 l&rsquo;occasion de ce moment convivial !<\/li>\n<\/ul>\n","protected":false},"excerpt":{"rendered":"<p>RDV le 18 f\u00e9vrier 2025 \u00e0 La Ruche Industrielle pour le temps fort organis\u00e9 par l\u2019\u00e9quipe projet \u00ab Culture de la continuit\u00e9 num\u00e9rique \u00bb ! Un projet inter-entreprises de La Ruche Industrielle.<\/p>\n","protected":false},"featured_media":0,"template":"","meta":{"_acf_changed":false,"_et_pb_use_builder":"","_et_pb_old_content":"","_et_gb_content_width":""},"categories":[13],"tags":[],"class_list":["post-5655","evenement","type-evenement","status-publish","hentry","category-passe"],"acf":[],"yoast_head":"<!-- This site is optimized with the Yoast SEO plugin v27.4 - https:\/\/yoast.com\/product\/yoast-seo-wordpress\/ -->\n<title>Projet Culture de la continuit\u00e9 num\u00e9rique - La Ruche industrielle<\/title>\n<meta name=\"description\" content=\"RDV le 18 f\u00e9vrier 2025 \u00e0 La Ruche Industrielle pour le temps fort organis\u00e9 par l\u2019\u00e9quipe projet \u00ab R\u00e9conciliation des donn\u00e9es de production \u00bb !\" \/>\n<meta name=\"robots\" content=\"index, follow, max-snippet:-1, max-image-preview:large, max-video-preview:-1\" \/>\n<link rel=\"canonical\" href=\"https:\/\/larucheindustrielle.fr\/fr\/evenement\/culture-de-la-continuite-numerique\/\" \/>\n<meta property=\"og:locale\" content=\"fr_FR\" \/>\n<meta property=\"og:type\" content=\"article\" \/>\n<meta property=\"og:title\" content=\"Projet Culture de la continuit\u00e9 num\u00e9rique - La Ruche industrielle\" \/>\n<meta property=\"og:description\" content=\"RDV le 18 f\u00e9vrier 2025 \u00e0 La Ruche Industrielle pour le temps fort organis\u00e9 par l\u2019\u00e9quipe projet \u00ab R\u00e9conciliation des donn\u00e9es de production \u00bb !\" \/>\n<meta property=\"og:url\" content=\"https:\/\/larucheindustrielle.fr\/fr\/evenement\/culture-de-la-continuite-numerique\/\" \/>\n<meta property=\"og:site_name\" content=\"La Ruche industrielle\" \/>\n<meta property=\"article:modified_time\" content=\"2025-02-19T07:49:40+00:00\" \/>\n<meta property=\"og:image\" content=\"https:\/\/larucheindustrielle.fr\/wp-content\/uploads\/2024\/08\/Visuel-REX-Culture-CN-V2.png\" \/>\n\t<meta property=\"og:image:width\" content=\"1920\" \/>\n\t<meta property=\"og:image:height\" content=\"1080\" \/>\n\t<meta property=\"og:image:type\" content=\"image\/png\" \/>\n<meta name=\"twitter:card\" content=\"summary_large_image\" \/>\n<meta name=\"twitter:site\" content=\"@LaRucheIndus\" \/>\n<meta name=\"twitter:label1\" content=\"Dur\u00e9e de lecture estim\u00e9e\" \/>\n\t<meta name=\"twitter:data1\" content=\"3 minutes\" \/>\n<script type=\"application\/ld+json\" class=\"yoast-schema-graph\">{\"@context\":\"https:\\\/\\\/schema.org\",\"@graph\":[{\"@type\":\"WebPage\",\"@id\":\"https:\\\/\\\/larucheindustrielle.fr\\\/fr\\\/evenement\\\/culture-de-la-continuite-numerique\\\/\",\"url\":\"https:\\\/\\\/larucheindustrielle.fr\\\/fr\\\/evenement\\\/culture-de-la-continuite-numerique\\\/\",\"name\":\"Projet Culture de la continuit\u00e9 num\u00e9rique - La Ruche industrielle\",\"isPartOf\":{\"@id\":\"https:\\\/\\\/larucheindustrielle.fr\\\/fr\\\/#website\"},\"primaryImageOfPage\":{\"@id\":\"https:\\\/\\\/larucheindustrielle.fr\\\/fr\\\/evenement\\\/culture-de-la-continuite-numerique\\\/#primaryimage\"},\"image\":{\"@id\":\"https:\\\/\\\/larucheindustrielle.fr\\\/fr\\\/evenement\\\/culture-de-la-continuite-numerique\\\/#primaryimage\"},\"thumbnailUrl\":\"https:\\\/\\\/larucheindustrielle.fr\\\/wp-content\\\/uploads\\\/2024\\\/08\\\/Visuel-REX-Culture-CN-V2-1024x576.png\",\"datePublished\":\"2024-08-28T08:29:38+00:00\",\"dateModified\":\"2025-02-19T07:49:40+00:00\",\"description\":\"RDV le 18 f\u00e9vrier 2025 \u00e0 La Ruche Industrielle pour le temps fort organis\u00e9 par l\u2019\u00e9quipe projet \u00ab R\u00e9conciliation des donn\u00e9es de production \u00bb !\",\"inLanguage\":\"fr-FR\",\"potentialAction\":[{\"@type\":\"ReadAction\",\"target\":[\"https:\\\/\\\/larucheindustrielle.fr\\\/fr\\\/evenement\\\/culture-de-la-continuite-numerique\\\/\"]}]},{\"@type\":\"ImageObject\",\"inLanguage\":\"fr-FR\",\"@id\":\"https:\\\/\\\/larucheindustrielle.fr\\\/fr\\\/evenement\\\/culture-de-la-continuite-numerique\\\/#primaryimage\",\"url\":\"https:\\\/\\\/larucheindustrielle.fr\\\/wp-content\\\/uploads\\\/2024\\\/08\\\/Visuel-REX-Culture-CN-V2-1024x576.png\",\"contentUrl\":\"https:\\\/\\\/larucheindustrielle.fr\\\/wp-content\\\/uploads\\\/2024\\\/08\\\/Visuel-REX-Culture-CN-V2-1024x576.png\"},{\"@type\":\"WebSite\",\"@id\":\"https:\\\/\\\/larucheindustrielle.fr\\\/fr\\\/#website\",\"url\":\"https:\\\/\\\/larucheindustrielle.fr\\\/fr\\\/\",\"name\":\"La Ruche industrielle\",\"description\":\"Ici, on construit ensemble l&#039;industrie du futur !\",\"publisher\":{\"@id\":\"https:\\\/\\\/larucheindustrielle.fr\\\/fr\\\/#organization\"},\"potentialAction\":[{\"@type\":\"SearchAction\",\"target\":{\"@type\":\"EntryPoint\",\"urlTemplate\":\"https:\\\/\\\/larucheindustrielle.fr\\\/fr\\\/?s={search_term_string}\"},\"query-input\":{\"@type\":\"PropertyValueSpecification\",\"valueRequired\":true,\"valueName\":\"search_term_string\"}}],\"inLanguage\":\"fr-FR\"},{\"@type\":\"Organization\",\"@id\":\"https:\\\/\\\/larucheindustrielle.fr\\\/fr\\\/#organization\",\"name\":\"La Ruche industrielle\",\"url\":\"https:\\\/\\\/larucheindustrielle.fr\\\/fr\\\/\",\"logo\":{\"@type\":\"ImageObject\",\"inLanguage\":\"fr-FR\",\"@id\":\"https:\\\/\\\/larucheindustrielle.fr\\\/fr\\\/#\\\/schema\\\/logo\\\/image\\\/\",\"url\":\"https:\\\/\\\/larucheindustrielle.fr\\\/wp-content\\\/uploads\\\/2023\\\/06\\\/Home-page-Logo-la-ruche-en-bois.jpg\",\"contentUrl\":\"https:\\\/\\\/larucheindustrielle.fr\\\/wp-content\\\/uploads\\\/2023\\\/06\\\/Home-page-Logo-la-ruche-en-bois.jpg\",\"width\":1280,\"height\":853,\"caption\":\"La Ruche industrielle\"},\"image\":{\"@id\":\"https:\\\/\\\/larucheindustrielle.fr\\\/fr\\\/#\\\/schema\\\/logo\\\/image\\\/\"},\"sameAs\":[\"https:\\\/\\\/x.com\\\/LaRucheIndus\",\"https:\\\/\\\/fr.linkedin.com\\\/company\\\/la-ruche-industrielle\",\"https:\\\/\\\/www.youtube.com\\\/@larucheindustrielle932\",\"https:\\\/\\\/www.instagram.com\\\/larucheindustrielle\\\/\"]}]}<\/script>\n<!-- \/ Yoast SEO plugin. -->","yoast_head_json":{"title":"Projet Culture de la continuit\u00e9 num\u00e9rique - La Ruche industrielle","description":"RDV le 18 f\u00e9vrier 2025 \u00e0 La Ruche Industrielle pour le temps fort organis\u00e9 par l\u2019\u00e9quipe projet \u00ab R\u00e9conciliation des donn\u00e9es de production \u00bb !","robots":{"index":"index","follow":"follow","max-snippet":"max-snippet:-1","max-image-preview":"max-image-preview:large","max-video-preview":"max-video-preview:-1"},"canonical":"https:\/\/larucheindustrielle.fr\/fr\/evenement\/culture-de-la-continuite-numerique\/","og_locale":"fr_FR","og_type":"article","og_title":"Projet Culture de la continuit\u00e9 num\u00e9rique - La Ruche industrielle","og_description":"RDV le 18 f\u00e9vrier 2025 \u00e0 La Ruche Industrielle pour le temps fort organis\u00e9 par l\u2019\u00e9quipe projet \u00ab R\u00e9conciliation des donn\u00e9es de production \u00bb !","og_url":"https:\/\/larucheindustrielle.fr\/fr\/evenement\/culture-de-la-continuite-numerique\/","og_site_name":"La Ruche industrielle","article_modified_time":"2025-02-19T07:49:40+00:00","og_image":[{"width":1920,"height":1080,"url":"https:\/\/larucheindustrielle.fr\/wp-content\/uploads\/2024\/08\/Visuel-REX-Culture-CN-V2.png","type":"image\/png"}],"twitter_card":"summary_large_image","twitter_site":"@LaRucheIndus","twitter_misc":{"Dur\u00e9e de lecture estim\u00e9e":"3 minutes"},"schema":{"@context":"https:\/\/schema.org","@graph":[{"@type":"WebPage","@id":"https:\/\/larucheindustrielle.fr\/fr\/evenement\/culture-de-la-continuite-numerique\/","url":"https:\/\/larucheindustrielle.fr\/fr\/evenement\/culture-de-la-continuite-numerique\/","name":"Projet Culture de la continuit\u00e9 num\u00e9rique - La Ruche industrielle","isPartOf":{"@id":"https:\/\/larucheindustrielle.fr\/fr\/#website"},"primaryImageOfPage":{"@id":"https:\/\/larucheindustrielle.fr\/fr\/evenement\/culture-de-la-continuite-numerique\/#primaryimage"},"image":{"@id":"https:\/\/larucheindustrielle.fr\/fr\/evenement\/culture-de-la-continuite-numerique\/#primaryimage"},"thumbnailUrl":"https:\/\/larucheindustrielle.fr\/wp-content\/uploads\/2024\/08\/Visuel-REX-Culture-CN-V2-1024x576.png","datePublished":"2024-08-28T08:29:38+00:00","dateModified":"2025-02-19T07:49:40+00:00","description":"RDV le 18 f\u00e9vrier 2025 \u00e0 La Ruche Industrielle pour le temps fort organis\u00e9 par l\u2019\u00e9quipe projet \u00ab R\u00e9conciliation des donn\u00e9es de production \u00bb !","inLanguage":"fr-FR","potentialAction":[{"@type":"ReadAction","target":["https:\/\/larucheindustrielle.fr\/fr\/evenement\/culture-de-la-continuite-numerique\/"]}]},{"@type":"ImageObject","inLanguage":"fr-FR","@id":"https:\/\/larucheindustrielle.fr\/fr\/evenement\/culture-de-la-continuite-numerique\/#primaryimage","url":"https:\/\/larucheindustrielle.fr\/wp-content\/uploads\/2024\/08\/Visuel-REX-Culture-CN-V2-1024x576.png","contentUrl":"https:\/\/larucheindustrielle.fr\/wp-content\/uploads\/2024\/08\/Visuel-REX-Culture-CN-V2-1024x576.png"},{"@type":"WebSite","@id":"https:\/\/larucheindustrielle.fr\/fr\/#website","url":"https:\/\/larucheindustrielle.fr\/fr\/","name":"La Ruche industrielle","description":"Ici, on construit ensemble l&#039;industrie du futur !","publisher":{"@id":"https:\/\/larucheindustrielle.fr\/fr\/#organization"},"potentialAction":[{"@type":"SearchAction","target":{"@type":"EntryPoint","urlTemplate":"https:\/\/larucheindustrielle.fr\/fr\/?s={search_term_string}"},"query-input":{"@type":"PropertyValueSpecification","valueRequired":true,"valueName":"search_term_string"}}],"inLanguage":"fr-FR"},{"@type":"Organization","@id":"https:\/\/larucheindustrielle.fr\/fr\/#organization","name":"La Ruche industrielle","url":"https:\/\/larucheindustrielle.fr\/fr\/","logo":{"@type":"ImageObject","inLanguage":"fr-FR","@id":"https:\/\/larucheindustrielle.fr\/fr\/#\/schema\/logo\/image\/","url":"https:\/\/larucheindustrielle.fr\/wp-content\/uploads\/2023\/06\/Home-page-Logo-la-ruche-en-bois.jpg","contentUrl":"https:\/\/larucheindustrielle.fr\/wp-content\/uploads\/2023\/06\/Home-page-Logo-la-ruche-en-bois.jpg","width":1280,"height":853,"caption":"La Ruche industrielle"},"image":{"@id":"https:\/\/larucheindustrielle.fr\/fr\/#\/schema\/logo\/image\/"},"sameAs":["https:\/\/x.com\/LaRucheIndus","https:\/\/fr.linkedin.com\/company\/la-ruche-industrielle","https:\/\/www.youtube.com\/@larucheindustrielle932","https:\/\/www.instagram.com\/larucheindustrielle\/"]}]}},"publishpress_future_action":{"enabled":false,"date":"2026-05-04 13:02:56","action":"category","newStatus":"draft","terms":[13],"taxonomy":"category","extraData":[]},"publishpress_future_workflow_manual_trigger":{"enabledWorkflows":[]},"_links":{"self":[{"href":"https:\/\/larucheindustrielle.fr\/fr\/wp-json\/wp\/v2\/evenement\/5655","targetHints":{"allow":["GET"]}}],"collection":[{"href":"https:\/\/larucheindustrielle.fr\/fr\/wp-json\/wp\/v2\/evenement"}],"about":[{"href":"https:\/\/larucheindustrielle.fr\/fr\/wp-json\/wp\/v2\/types\/evenement"}],"wp:attachment":[{"href":"https:\/\/larucheindustrielle.fr\/fr\/wp-json\/wp\/v2\/media?parent=5655"}],"wp:term":[{"taxonomy":"category","embeddable":true,"href":"https:\/\/larucheindustrielle.fr\/fr\/wp-json\/wp\/v2\/categories?post=5655"},{"taxonomy":"post_tag","embeddable":true,"href":"https:\/\/larucheindustrielle.fr\/fr\/wp-json\/wp\/v2\/tags?post=5655"}],"curies":[{"name":"wp","href":"https:\/\/api.w.org\/{rel}","templated":true}]}}