{"id":6747,"date":"2024-11-22T14:41:46","date_gmt":"2024-11-22T13:41:46","guid":{"rendered":"https:\/\/larucheindustrielle.fr\/fr\/?post_type=evenement&#038;p=6747"},"modified":"2025-02-07T14:26:10","modified_gmt":"2025-02-07T13:26:10","slug":"indicateurs-de-suivi-de-production","status":"publish","type":"evenement","link":"https:\/\/larucheindustrielle.fr\/fr\/evenement\/indicateurs-de-suivi-de-production\/","title":{"rendered":"Projet Indicateurs de suivi de production"},"content":{"rendered":"<p><img loading=\"lazy\" decoding=\"async\" class=\"aligncenter wp-image-6786 size-large\" src=\"https:\/\/larucheindustrielle.fr\/wp-content\/uploads\/2024\/11\/2024-Template-REX-1024x576.jpg\" alt=\"\" width=\"1024\" height=\"576\" srcset=\"https:\/\/larucheindustrielle.fr\/wp-content\/uploads\/2024\/11\/2024-Template-REX-980x551.jpg 980w, https:\/\/larucheindustrielle.fr\/wp-content\/uploads\/2024\/11\/2024-Template-REX-480x270.jpg 480w\" sizes=\"(min-width: 0px) and (max-width: 480px) 480px, (min-width: 481px) and (max-width: 980px) 980px, (min-width: 981px) 1024px, 100vw\" \/><\/p>\n<p><strong>RDV le 06 f\u00e9vrier \u00e0 La Ruche Industrielle pour le temps fort organis\u00e9 par l\u2019\u00e9quipe projet \u00ab Indicateurs de suivi de production \u00bb ! Un projet inter-entreprises de La Ruche Industrielle.<\/strong><span data-contrast=\"auto\">\u202f<\/span><span data-ccp-props=\"{&quot;201341983&quot;:0,&quot;335559739&quot;:160,&quot;335559740&quot;:278}\">\u00a0<\/span><\/p>\n<p><b><span data-contrast=\"auto\">\ud83d\udd12<\/span><\/b><b><span data-contrast=\"auto\">| Pourquoi <\/span><\/b><strong>se concentrer sur les indicateurs de suivi de production ?<\/strong><\/p>\n<p>Le suivi des indicateurs de production soul\u00e8ve de nombreuses questions. De la s\u00e9lection des bons indicateurs \u00e0 leur pr\u00e9sentation sur le bon support, ce sujet doit \u00eatre <strong>pens\u00e9 en profondeur pour offrir un v\u00e9ritable outil de pilotage et de prise de d\u00e9cision.<\/strong>.<\/p>\n<p>En voici quelques-unes :<\/p>\n<ul>\n<li>Quels indicateurs sont les plus pertinents \u00e0 suivre ?<\/li>\n<li>Quels supports et repr\u00e9sentations graphiques choisir pour les communiquer et faciliter leur adoption\u00a0?<\/li>\n<li>Comment impliquer les utilisateurs dans ce processus ?<\/li>\n<li>Jusqu\u2019o\u00f9 digitaliser et automatiser la mise \u00e0 jour des indicateurs ? Quel co\u00fbt associ\u00e9\u00a0?<\/li>\n<li>Comment collecter et stocker les donn\u00e9es n\u00e9cessaires aux indicateurs\u00a0? Comment s\u2019assurer de leur qualit\u00e9\u00a0?<\/li>\n<\/ul>\n<h4>&gt; <a href=\"https:\/\/larucheindustrielle.fr\/fr\/comment-creer-une-application-mobile-de-suivi-des-indicateurs-de-production\/\" target=\"_blank\" rel=\"noopener\">Pour en savoir plus sur le projet<\/a><\/h4>\n<p>L\u2019\u00e9quipe projet r\u00e9pondra \u00e0 ces questions et vous partagera les bonnes pratiques retenues \u00e0 l\u2019issue du projet\u00a0!<\/p>\n<p><b><span data-contrast=\"auto\">\ud83d\udce3<\/span><\/b><b><span data-contrast=\"auto\">\u202f| Le programme<\/span><\/b><span data-ccp-props=\"{&quot;201341983&quot;:0,&quot;335559739&quot;:160,&quot;335559740&quot;:278}\"><br \/>\n<\/span><\/p>\n<ul>\n<li>Accueil Caf\u00e9 \u00e0 partir de 8h30<\/li>\n<li>Mot d\u2019accueil &amp; Pr\u00e9sentation du projet<\/li>\n<li>Approfondissements par stands th\u00e9matiques :\n<ul>\n<li>Comment mettre en place des indicateurs ?<\/li>\n<li>Quels indicateurs choisir ?<\/li>\n<li>Quels exemples de dashboards impl\u00e9ment\u00e9s par les industriels ?<\/li>\n<li>Comment int\u00e9grer l&rsquo;UX Design dans ses dashboards ?<\/li>\n<\/ul>\n<\/li>\n<li>Conclusions<\/li>\n<\/ul>\n<p>A partir de 12h\u200b30\u00a0\u2013 Buffet et \u00e9changes entre participants<\/p>\n<p><span data-ccp-props=\"{&quot;201341983&quot;:0,&quot;335559739&quot;:160,&quot;335559740&quot;:278}\">\u00a0<\/span><\/p>\n<p><strong>\u26a0<\/strong><strong> | Informations pratiques<br \/>\n<\/strong><\/p>\n<ul>\n<li>\u00c9v\u00e9nement gratuit r\u00e9serv\u00e9 aux collaborateurs des entreprises adh\u00e9rentes de La Ruche.<\/li>\n<li>Nous vous attendons nombreux pour partager les conclusions de ce projet \u00e0 l&rsquo;occasion de ce moment convivial !<\/li>\n<\/ul>\n<p>&nbsp;<\/p>\n<p><a href=\"https:\/\/larucheindustrielle.fr\/fr\/acces\/\" target=\"_blank\" rel=\"noopener\">&gt;&gt; Pour acc\u00e9der \u00e0 La Ruche Industrielle<\/a><\/p>\n","protected":false},"excerpt":{"rendered":"<p>RDV le 06 f\u00e9vrier \u00e0 La Ruche Industrielle pour le temps fort organis\u00e9 par l\u2019\u00e9quipe projet \u00ab Indicateurs de suivi de production \u00bb ! Un projet inter-entreprises de La Ruche Industrielle.<\/p>\n","protected":false},"featured_media":6786,"template":"","meta":{"_acf_changed":false,"_et_pb_use_builder":"","_et_pb_old_content":"","_et_gb_content_width":""},"categories":[13],"tags":[],"class_list":["post-6747","evenement","type-evenement","status-publish","has-post-thumbnail","hentry","category-passe"],"acf":[],"yoast_head":"<!-- This site is optimized with the Yoast SEO plugin v27.4 - https:\/\/yoast.com\/product\/yoast-seo-wordpress\/ -->\n<title>Projet Indicateurs de suivi de production - La Ruche industrielle<\/title>\n<meta name=\"description\" content=\"RDV le 3 octobre \u00e0 La Ruche Industrielle pour le temps fort organis\u00e9 par l\u2019\u00e9quipe projet \u00ab Indicateurs de suivi de production \u00bb !\" \/>\n<meta name=\"robots\" content=\"index, follow, max-snippet:-1, max-image-preview:large, max-video-preview:-1\" \/>\n<link rel=\"canonical\" href=\"https:\/\/larucheindustrielle.fr\/fr\/evenement\/indicateurs-de-suivi-de-production\/\" \/>\n<meta property=\"og:locale\" content=\"fr_FR\" \/>\n<meta property=\"og:type\" content=\"article\" \/>\n<meta property=\"og:title\" content=\"Projet Indicateurs de suivi de production - La Ruche industrielle\" \/>\n<meta property=\"og:description\" content=\"RDV le 3 octobre \u00e0 La Ruche Industrielle pour le temps fort organis\u00e9 par l\u2019\u00e9quipe projet \u00ab Indicateurs de suivi de production \u00bb !\" \/>\n<meta property=\"og:url\" content=\"https:\/\/larucheindustrielle.fr\/fr\/evenement\/indicateurs-de-suivi-de-production\/\" \/>\n<meta property=\"og:site_name\" content=\"La Ruche industrielle\" \/>\n<meta property=\"article:modified_time\" content=\"2025-02-07T13:26:10+00:00\" \/>\n<meta property=\"og:image\" content=\"https:\/\/larucheindustrielle.fr\/wp-content\/uploads\/2024\/11\/2024-Template-REX.jpg\" \/>\n\t<meta property=\"og:image:width\" content=\"1920\" \/>\n\t<meta property=\"og:image:height\" content=\"1080\" \/>\n\t<meta property=\"og:image:type\" content=\"image\/jpeg\" \/>\n<meta name=\"twitter:card\" content=\"summary_large_image\" \/>\n<meta name=\"twitter:site\" content=\"@LaRucheIndus\" \/>\n<meta name=\"twitter:label1\" content=\"Dur\u00e9e de lecture estim\u00e9e\" \/>\n\t<meta name=\"twitter:data1\" content=\"2 minutes\" \/>\n<script type=\"application\/ld+json\" class=\"yoast-schema-graph\">{\"@context\":\"https:\\\/\\\/schema.org\",\"@graph\":[{\"@type\":\"WebPage\",\"@id\":\"https:\\\/\\\/larucheindustrielle.fr\\\/fr\\\/evenement\\\/indicateurs-de-suivi-de-production\\\/\",\"url\":\"https:\\\/\\\/larucheindustrielle.fr\\\/fr\\\/evenement\\\/indicateurs-de-suivi-de-production\\\/\",\"name\":\"Projet Indicateurs de suivi de production - La Ruche industrielle\",\"isPartOf\":{\"@id\":\"https:\\\/\\\/larucheindustrielle.fr\\\/fr\\\/#website\"},\"primaryImageOfPage\":{\"@id\":\"https:\\\/\\\/larucheindustrielle.fr\\\/fr\\\/evenement\\\/indicateurs-de-suivi-de-production\\\/#primaryimage\"},\"image\":{\"@id\":\"https:\\\/\\\/larucheindustrielle.fr\\\/fr\\\/evenement\\\/indicateurs-de-suivi-de-production\\\/#primaryimage\"},\"thumbnailUrl\":\"https:\\\/\\\/larucheindustrielle.fr\\\/wp-content\\\/uploads\\\/2024\\\/11\\\/2024-Template-REX.jpg\",\"datePublished\":\"2024-11-22T13:41:46+00:00\",\"dateModified\":\"2025-02-07T13:26:10+00:00\",\"description\":\"RDV le 3 octobre \u00e0 La Ruche Industrielle pour le temps fort organis\u00e9 par l\u2019\u00e9quipe projet \u00ab Indicateurs de suivi de production \u00bb !\",\"inLanguage\":\"fr-FR\",\"potentialAction\":[{\"@type\":\"ReadAction\",\"target\":[\"https:\\\/\\\/larucheindustrielle.fr\\\/fr\\\/evenement\\\/indicateurs-de-suivi-de-production\\\/\"]}]},{\"@type\":\"ImageObject\",\"inLanguage\":\"fr-FR\",\"@id\":\"https:\\\/\\\/larucheindustrielle.fr\\\/fr\\\/evenement\\\/indicateurs-de-suivi-de-production\\\/#primaryimage\",\"url\":\"https:\\\/\\\/larucheindustrielle.fr\\\/wp-content\\\/uploads\\\/2024\\\/11\\\/2024-Template-REX.jpg\",\"contentUrl\":\"https:\\\/\\\/larucheindustrielle.fr\\\/wp-content\\\/uploads\\\/2024\\\/11\\\/2024-Template-REX.jpg\",\"width\":1920,\"height\":1080},{\"@type\":\"WebSite\",\"@id\":\"https:\\\/\\\/larucheindustrielle.fr\\\/fr\\\/#website\",\"url\":\"https:\\\/\\\/larucheindustrielle.fr\\\/fr\\\/\",\"name\":\"La Ruche industrielle\",\"description\":\"Ici, on construit ensemble l&#039;industrie du futur !\",\"publisher\":{\"@id\":\"https:\\\/\\\/larucheindustrielle.fr\\\/fr\\\/#organization\"},\"potentialAction\":[{\"@type\":\"SearchAction\",\"target\":{\"@type\":\"EntryPoint\",\"urlTemplate\":\"https:\\\/\\\/larucheindustrielle.fr\\\/fr\\\/?s={search_term_string}\"},\"query-input\":{\"@type\":\"PropertyValueSpecification\",\"valueRequired\":true,\"valueName\":\"search_term_string\"}}],\"inLanguage\":\"fr-FR\"},{\"@type\":\"Organization\",\"@id\":\"https:\\\/\\\/larucheindustrielle.fr\\\/fr\\\/#organization\",\"name\":\"La Ruche industrielle\",\"url\":\"https:\\\/\\\/larucheindustrielle.fr\\\/fr\\\/\",\"logo\":{\"@type\":\"ImageObject\",\"inLanguage\":\"fr-FR\",\"@id\":\"https:\\\/\\\/larucheindustrielle.fr\\\/fr\\\/#\\\/schema\\\/logo\\\/image\\\/\",\"url\":\"https:\\\/\\\/larucheindustrielle.fr\\\/wp-content\\\/uploads\\\/2023\\\/06\\\/Home-page-Logo-la-ruche-en-bois.jpg\",\"contentUrl\":\"https:\\\/\\\/larucheindustrielle.fr\\\/wp-content\\\/uploads\\\/2023\\\/06\\\/Home-page-Logo-la-ruche-en-bois.jpg\",\"width\":1280,\"height\":853,\"caption\":\"La Ruche industrielle\"},\"image\":{\"@id\":\"https:\\\/\\\/larucheindustrielle.fr\\\/fr\\\/#\\\/schema\\\/logo\\\/image\\\/\"},\"sameAs\":[\"https:\\\/\\\/x.com\\\/LaRucheIndus\",\"https:\\\/\\\/fr.linkedin.com\\\/company\\\/la-ruche-industrielle\",\"https:\\\/\\\/www.youtube.com\\\/@larucheindustrielle932\",\"https:\\\/\\\/www.instagram.com\\\/larucheindustrielle\\\/\"]}]}<\/script>\n<!-- \/ Yoast SEO plugin. -->","yoast_head_json":{"title":"Projet Indicateurs de suivi de production - La Ruche industrielle","description":"RDV le 3 octobre \u00e0 La Ruche Industrielle pour le temps fort organis\u00e9 par l\u2019\u00e9quipe projet \u00ab Indicateurs de suivi de production \u00bb !","robots":{"index":"index","follow":"follow","max-snippet":"max-snippet:-1","max-image-preview":"max-image-preview:large","max-video-preview":"max-video-preview:-1"},"canonical":"https:\/\/larucheindustrielle.fr\/fr\/evenement\/indicateurs-de-suivi-de-production\/","og_locale":"fr_FR","og_type":"article","og_title":"Projet Indicateurs de suivi de production - La Ruche industrielle","og_description":"RDV le 3 octobre \u00e0 La Ruche Industrielle pour le temps fort organis\u00e9 par l\u2019\u00e9quipe projet \u00ab Indicateurs de suivi de production \u00bb !","og_url":"https:\/\/larucheindustrielle.fr\/fr\/evenement\/indicateurs-de-suivi-de-production\/","og_site_name":"La Ruche industrielle","article_modified_time":"2025-02-07T13:26:10+00:00","og_image":[{"width":1920,"height":1080,"url":"https:\/\/larucheindustrielle.fr\/wp-content\/uploads\/2024\/11\/2024-Template-REX.jpg","type":"image\/jpeg"}],"twitter_card":"summary_large_image","twitter_site":"@LaRucheIndus","twitter_misc":{"Dur\u00e9e de lecture estim\u00e9e":"2 minutes"},"schema":{"@context":"https:\/\/schema.org","@graph":[{"@type":"WebPage","@id":"https:\/\/larucheindustrielle.fr\/fr\/evenement\/indicateurs-de-suivi-de-production\/","url":"https:\/\/larucheindustrielle.fr\/fr\/evenement\/indicateurs-de-suivi-de-production\/","name":"Projet Indicateurs de suivi de production - La Ruche industrielle","isPartOf":{"@id":"https:\/\/larucheindustrielle.fr\/fr\/#website"},"primaryImageOfPage":{"@id":"https:\/\/larucheindustrielle.fr\/fr\/evenement\/indicateurs-de-suivi-de-production\/#primaryimage"},"image":{"@id":"https:\/\/larucheindustrielle.fr\/fr\/evenement\/indicateurs-de-suivi-de-production\/#primaryimage"},"thumbnailUrl":"https:\/\/larucheindustrielle.fr\/wp-content\/uploads\/2024\/11\/2024-Template-REX.jpg","datePublished":"2024-11-22T13:41:46+00:00","dateModified":"2025-02-07T13:26:10+00:00","description":"RDV le 3 octobre \u00e0 La Ruche Industrielle pour le temps fort organis\u00e9 par l\u2019\u00e9quipe projet \u00ab Indicateurs de suivi de production \u00bb !","inLanguage":"fr-FR","potentialAction":[{"@type":"ReadAction","target":["https:\/\/larucheindustrielle.fr\/fr\/evenement\/indicateurs-de-suivi-de-production\/"]}]},{"@type":"ImageObject","inLanguage":"fr-FR","@id":"https:\/\/larucheindustrielle.fr\/fr\/evenement\/indicateurs-de-suivi-de-production\/#primaryimage","url":"https:\/\/larucheindustrielle.fr\/wp-content\/uploads\/2024\/11\/2024-Template-REX.jpg","contentUrl":"https:\/\/larucheindustrielle.fr\/wp-content\/uploads\/2024\/11\/2024-Template-REX.jpg","width":1920,"height":1080},{"@type":"WebSite","@id":"https:\/\/larucheindustrielle.fr\/fr\/#website","url":"https:\/\/larucheindustrielle.fr\/fr\/","name":"La Ruche industrielle","description":"Ici, on construit ensemble l&#039;industrie du futur !","publisher":{"@id":"https:\/\/larucheindustrielle.fr\/fr\/#organization"},"potentialAction":[{"@type":"SearchAction","target":{"@type":"EntryPoint","urlTemplate":"https:\/\/larucheindustrielle.fr\/fr\/?s={search_term_string}"},"query-input":{"@type":"PropertyValueSpecification","valueRequired":true,"valueName":"search_term_string"}}],"inLanguage":"fr-FR"},{"@type":"Organization","@id":"https:\/\/larucheindustrielle.fr\/fr\/#organization","name":"La Ruche industrielle","url":"https:\/\/larucheindustrielle.fr\/fr\/","logo":{"@type":"ImageObject","inLanguage":"fr-FR","@id":"https:\/\/larucheindustrielle.fr\/fr\/#\/schema\/logo\/image\/","url":"https:\/\/larucheindustrielle.fr\/wp-content\/uploads\/2023\/06\/Home-page-Logo-la-ruche-en-bois.jpg","contentUrl":"https:\/\/larucheindustrielle.fr\/wp-content\/uploads\/2023\/06\/Home-page-Logo-la-ruche-en-bois.jpg","width":1280,"height":853,"caption":"La Ruche industrielle"},"image":{"@id":"https:\/\/larucheindustrielle.fr\/fr\/#\/schema\/logo\/image\/"},"sameAs":["https:\/\/x.com\/LaRucheIndus","https:\/\/fr.linkedin.com\/company\/la-ruche-industrielle","https:\/\/www.youtube.com\/@larucheindustrielle932","https:\/\/www.instagram.com\/larucheindustrielle\/"]}]}},"publishpress_future_action":{"enabled":false,"date":"2026-05-03 23:02:32","action":"category","newStatus":"draft","terms":[13],"taxonomy":"category","extraData":[]},"publishpress_future_workflow_manual_trigger":{"enabledWorkflows":[]},"_links":{"self":[{"href":"https:\/\/larucheindustrielle.fr\/fr\/wp-json\/wp\/v2\/evenement\/6747","targetHints":{"allow":["GET"]}}],"collection":[{"href":"https:\/\/larucheindustrielle.fr\/fr\/wp-json\/wp\/v2\/evenement"}],"about":[{"href":"https:\/\/larucheindustrielle.fr\/fr\/wp-json\/wp\/v2\/types\/evenement"}],"wp:featuredmedia":[{"embeddable":true,"href":"https:\/\/larucheindustrielle.fr\/fr\/wp-json\/wp\/v2\/media\/6786"}],"wp:attachment":[{"href":"https:\/\/larucheindustrielle.fr\/fr\/wp-json\/wp\/v2\/media?parent=6747"}],"wp:term":[{"taxonomy":"category","embeddable":true,"href":"https:\/\/larucheindustrielle.fr\/fr\/wp-json\/wp\/v2\/categories?post=6747"},{"taxonomy":"post_tag","embeddable":true,"href":"https:\/\/larucheindustrielle.fr\/fr\/wp-json\/wp\/v2\/tags?post=6747"}],"curies":[{"name":"wp","href":"https:\/\/api.w.org\/{rel}","templated":true}]}}