{"id":6933,"date":"2024-12-13T14:24:10","date_gmt":"2024-12-13T13:24:10","guid":{"rendered":"https:\/\/larucheindustrielle.fr\/fr\/?post_type=evenement&#038;p=6933"},"modified":"2025-06-13T11:02:03","modified_gmt":"2025-06-13T09:02:03","slug":"rex-geant-2025","status":"publish","type":"evenement","link":"https:\/\/larucheindustrielle.fr\/fr\/evenement\/rex-geant-2025\/","title":{"rendered":"REX G\u00c9ANT 2025"},"content":{"rendered":"<h4 style=\"text-align: center;\"><strong>La Ruche Industrielle invite l&rsquo;ensemble de ses adh\u00e9rents \u00e0 son REX G\u00c9ANT annuel et sa SOIR\u00c9E D\u2019\u00c9T\u00c9<\/strong><\/h4>\n<p>Une journ\u00e9e d\u2019\u00e9change et de (re)d\u00e9couverte <strong>sous forme de REX (Retour d\u2019EXp\u00e9rience)<\/strong> pour partager largement les apprentissages des projets inter-entreprises, r\u00e9alis\u00e9s ou en cours, men\u00e9s dans La Ruche Industrielle, suivie d&rsquo;une soir\u00e9e d&rsquo;\u00e9t\u00e9 d\u00e9tente et festive.<\/p>\n<p><img loading=\"lazy\" decoding=\"async\" class=\"aligncenter wp-image-8210 size-full\" src=\"https:\/\/larucheindustrielle.fr\/wp-content\/uploads\/2024\/12\/A4-scaled.png\" alt=\"\" width=\"1820\" height=\"2560\" srcset=\"https:\/\/larucheindustrielle.fr\/wp-content\/uploads\/2024\/12\/A4-scaled.png 1820w, https:\/\/larucheindustrielle.fr\/wp-content\/uploads\/2024\/12\/A4-1280x1800.png 1280w, https:\/\/larucheindustrielle.fr\/wp-content\/uploads\/2024\/12\/A4-980x1378.png 980w, https:\/\/larucheindustrielle.fr\/wp-content\/uploads\/2024\/12\/A4-480x675.png 480w\" sizes=\"(min-width: 0px) and (max-width: 480px) 480px, (min-width: 481px) and (max-width: 980px) 980px, (min-width: 981px) and (max-width: 1280px) 1280px, (min-width: 1281px) 1820px, 100vw\" \/><\/p>\n<h5><strong>Programme d\u00e9taill\u00e9 :<\/strong><\/h5>\n<ul>\n<li>A partir de 13h30 : Accueil caf\u00e9<\/li>\n<li><strong><strong><strong><strong>NOUVEAU ! A 14h pr\u00e9cises ! : Conf\u00e9rence d\u2019ouverture<\/strong><\/strong><\/strong><\/strong><\/li>\n<li><strong>14h45 : Visite guid\u00e9e des stands projets<\/strong>\n<ul>\n<li data-charcodes=\"45\" data-buautonum=\"8\" data-margin=\"270\" data-aria-posinset=\"1\" data-aria-level=\"1\"><b><span data-scheme-color=\"@006EDE,,\" data-usefontface=\"true\" data-contrast=\"none\">Pilier performance <\/span><\/b>: Continuit\u00e9 num\u00e9rique 1.3 , Culture de la S\u00e9curit\u00e9 Industrielle, Lignes flexibles de production,\u00a0R\u00e9conciliation des donn\u00e9es,\u00a0Indicateurs de suivi de production\u200b<\/li>\n<li data-charcodes=\"45\" data-font=\"Calibri,Sans-Serif\" data-buautonum=\"8\" data-margin=\"270\" data-aria-posinset=\"6\" data-aria-level=\"1\">\u200b<strong>Pilier humain<\/strong> :\u00a0Cercle RH, Marque employeur, Ecole de la Transfo, Programme BOOSTART, Programme Leader transformant,\u00a0IA g\u00e9n\u00e9rative industrielle\u200b<\/li>\n<li data-charcodes=\"45\" data-font=\"Calibri,Sans-Serif\" data-buautonum=\"8\" data-margin=\"270\" data-aria-posinset=\"6\" data-aria-level=\"1\">\u200b<strong>Pilier environnement et durabilit\u00e9<\/strong> :\u00a0Feuille de route CEC et CSRD\u200b<\/li>\n<\/ul>\n<\/li>\n<li><strong>17h30 : Conclusion surprise ! <\/strong><br \/>\nUne autre mani\u00e8re de voir ou concevoir nos travaux de l&rsquo;apr\u00e8s-midi&#8230;.<\/li>\n<li><strong>18h : Premi\u00e8re pierre du REX Permanent<br \/>\n<\/strong>Le REX Permanent vise \u00e0 capitaliser et partager durablement avec les industriels et les \u00e9tudiants les apprentissages des projets inter-entreprises de La Ruche Industrielle, autour de trois piliers th\u00e9matiques : les dimensions humaines, les enjeux environnementaux et la performance digitale. Un projet qui verra le jour en 2025 !<\/li>\n<li><strong>\ud83c\udfb6A partir de 18h15 : Soir\u00e9e festive : Ap\u00e9ro, fanfare et buffet convivial\ud83e\udd73<br \/>\n<\/strong>Vous nous faites confiance ? Ambiance garantie !<\/li>\n<\/ul>\n<h5><strong><br \/>\nParticipation gratuite sur inscription :<\/strong><\/h5>\n<ul>\n<li><strong>Pour l&rsquo;apr\u00e8s-midi, <\/strong>les inscriptions se font aupr\u00e8s des coordinateurs ou ambassadeurs des adh\u00e9rents<\/li>\n<li><strong>Pour la soir\u00e9e \u00e0 partir de 18h <\/strong>: soir\u00e9e r\u00e9serv\u00e9e aux adh\u00e9rents, collaborateurs du site USIN et aux partenaires privil\u00e9gi\u00e9s de La Ruche<\/li>\n<\/ul>\n<p style=\"text-align: center;\"><a href='https:\/\/www.helloasso.com\/associations\/la-ruche-industrielle\/evenements\/soiree-d-ete-ruche' class='small-button smallblue' target=\"_blank\">Inscriptions soir\u00e9e<\/a><\/p>\n<p>&nbsp;<\/p>\n<hr \/>\n<p><a href=\"https:\/\/larucheindustrielle.fr\/fr\/acces\/\"><img loading=\"lazy\" decoding=\"async\" class=\"wp-image-8584  aligncenter\" src=\"https:\/\/larucheindustrielle.fr\/wp-content\/uploads\/2025\/03\/Mobilite-douce-visuel.png\" alt=\"\" width=\"616\" height=\"462\" \/><\/a><\/p>\n","protected":false},"excerpt":{"rendered":"<p>Participez \u00e0 la journ\u00e9e des collaborateurs des adh\u00e9rents de La Ruche Industrielle\u202f! <\/p>\n","protected":false},"featured_media":8210,"template":"","meta":{"_acf_changed":false,"_et_pb_use_builder":"off","_et_pb_old_content":"","_et_gb_content_width":""},"categories":[13],"tags":[],"class_list":["post-6933","evenement","type-evenement","status-publish","has-post-thumbnail","hentry","category-passe"],"acf":[],"yoast_head":"<!-- This site is optimized with the Yoast SEO plugin v27.4 - https:\/\/yoast.com\/product\/yoast-seo-wordpress\/ -->\n<title>REX G\u00c9ANT 2025 - La Ruche industrielle<\/title>\n<meta name=\"description\" content=\"Une journ\u00e9e de partages, d&#039;\u00e9changes sous forme de Retour d\u2019EXp\u00e9riences des projets de La Ruche Industrielle, suivie d&#039;une soir\u00e9e festive.\" \/>\n<meta name=\"robots\" content=\"index, follow, max-snippet:-1, max-image-preview:large, max-video-preview:-1\" \/>\n<link rel=\"canonical\" href=\"https:\/\/larucheindustrielle.fr\/fr\/evenement\/rex-geant-2025\/\" \/>\n<meta property=\"og:locale\" content=\"fr_FR\" \/>\n<meta property=\"og:type\" content=\"article\" \/>\n<meta property=\"og:title\" content=\"REX G\u00c9ANT 2025 - La Ruche industrielle\" \/>\n<meta property=\"og:description\" content=\"Une journ\u00e9e de partages, d&#039;\u00e9changes sous forme de Retour d\u2019EXp\u00e9riences des projets de La Ruche Industrielle, suivie d&#039;une soir\u00e9e festive.\" \/>\n<meta property=\"og:url\" content=\"https:\/\/larucheindustrielle.fr\/fr\/evenement\/rex-geant-2025\/\" \/>\n<meta property=\"og:site_name\" content=\"La Ruche industrielle\" \/>\n<meta property=\"article:modified_time\" content=\"2025-06-13T09:02:03+00:00\" \/>\n<meta property=\"og:image\" content=\"https:\/\/larucheindustrielle.fr\/wp-content\/uploads\/2024\/12\/A4-scaled.png\" \/>\n\t<meta property=\"og:image:width\" content=\"1820\" \/>\n\t<meta property=\"og:image:height\" content=\"2560\" \/>\n\t<meta property=\"og:image:type\" content=\"image\/png\" \/>\n<meta name=\"twitter:card\" content=\"summary_large_image\" \/>\n<meta name=\"twitter:site\" content=\"@LaRucheIndus\" \/>\n<meta name=\"twitter:label1\" content=\"Dur\u00e9e de lecture estim\u00e9e\" \/>\n\t<meta name=\"twitter:data1\" content=\"2 minutes\" \/>\n<script type=\"application\/ld+json\" class=\"yoast-schema-graph\">{\"@context\":\"https:\\\/\\\/schema.org\",\"@graph\":[{\"@type\":\"WebPage\",\"@id\":\"https:\\\/\\\/larucheindustrielle.fr\\\/fr\\\/evenement\\\/rex-geant-2025\\\/\",\"url\":\"https:\\\/\\\/larucheindustrielle.fr\\\/fr\\\/evenement\\\/rex-geant-2025\\\/\",\"name\":\"REX G\u00c9ANT 2025 - La Ruche industrielle\",\"isPartOf\":{\"@id\":\"https:\\\/\\\/larucheindustrielle.fr\\\/fr\\\/#website\"},\"primaryImageOfPage\":{\"@id\":\"https:\\\/\\\/larucheindustrielle.fr\\\/fr\\\/evenement\\\/rex-geant-2025\\\/#primaryimage\"},\"image\":{\"@id\":\"https:\\\/\\\/larucheindustrielle.fr\\\/fr\\\/evenement\\\/rex-geant-2025\\\/#primaryimage\"},\"thumbnailUrl\":\"https:\\\/\\\/larucheindustrielle.fr\\\/wp-content\\\/uploads\\\/2024\\\/12\\\/A4-scaled.png\",\"datePublished\":\"2024-12-13T13:24:10+00:00\",\"dateModified\":\"2025-06-13T09:02:03+00:00\",\"description\":\"Une journ\u00e9e de partages, d'\u00e9changes sous forme de Retour d\u2019EXp\u00e9riences des projets de La Ruche Industrielle, suivie d'une soir\u00e9e festive.\",\"inLanguage\":\"fr-FR\",\"potentialAction\":[{\"@type\":\"ReadAction\",\"target\":[\"https:\\\/\\\/larucheindustrielle.fr\\\/fr\\\/evenement\\\/rex-geant-2025\\\/\"]}]},{\"@type\":\"ImageObject\",\"inLanguage\":\"fr-FR\",\"@id\":\"https:\\\/\\\/larucheindustrielle.fr\\\/fr\\\/evenement\\\/rex-geant-2025\\\/#primaryimage\",\"url\":\"https:\\\/\\\/larucheindustrielle.fr\\\/wp-content\\\/uploads\\\/2024\\\/12\\\/A4-scaled.png\",\"contentUrl\":\"https:\\\/\\\/larucheindustrielle.fr\\\/wp-content\\\/uploads\\\/2024\\\/12\\\/A4-scaled.png\",\"width\":1820,\"height\":2560},{\"@type\":\"WebSite\",\"@id\":\"https:\\\/\\\/larucheindustrielle.fr\\\/fr\\\/#website\",\"url\":\"https:\\\/\\\/larucheindustrielle.fr\\\/fr\\\/\",\"name\":\"La Ruche industrielle\",\"description\":\"Ici, on construit ensemble l&#039;industrie du futur !\",\"publisher\":{\"@id\":\"https:\\\/\\\/larucheindustrielle.fr\\\/fr\\\/#organization\"},\"potentialAction\":[{\"@type\":\"SearchAction\",\"target\":{\"@type\":\"EntryPoint\",\"urlTemplate\":\"https:\\\/\\\/larucheindustrielle.fr\\\/fr\\\/?s={search_term_string}\"},\"query-input\":{\"@type\":\"PropertyValueSpecification\",\"valueRequired\":true,\"valueName\":\"search_term_string\"}}],\"inLanguage\":\"fr-FR\"},{\"@type\":\"Organization\",\"@id\":\"https:\\\/\\\/larucheindustrielle.fr\\\/fr\\\/#organization\",\"name\":\"La Ruche industrielle\",\"url\":\"https:\\\/\\\/larucheindustrielle.fr\\\/fr\\\/\",\"logo\":{\"@type\":\"ImageObject\",\"inLanguage\":\"fr-FR\",\"@id\":\"https:\\\/\\\/larucheindustrielle.fr\\\/fr\\\/#\\\/schema\\\/logo\\\/image\\\/\",\"url\":\"https:\\\/\\\/larucheindustrielle.fr\\\/wp-content\\\/uploads\\\/2023\\\/06\\\/Home-page-Logo-la-ruche-en-bois.jpg\",\"contentUrl\":\"https:\\\/\\\/larucheindustrielle.fr\\\/wp-content\\\/uploads\\\/2023\\\/06\\\/Home-page-Logo-la-ruche-en-bois.jpg\",\"width\":1280,\"height\":853,\"caption\":\"La Ruche industrielle\"},\"image\":{\"@id\":\"https:\\\/\\\/larucheindustrielle.fr\\\/fr\\\/#\\\/schema\\\/logo\\\/image\\\/\"},\"sameAs\":[\"https:\\\/\\\/x.com\\\/LaRucheIndus\",\"https:\\\/\\\/fr.linkedin.com\\\/company\\\/la-ruche-industrielle\",\"https:\\\/\\\/www.youtube.com\\\/@larucheindustrielle932\",\"https:\\\/\\\/www.instagram.com\\\/larucheindustrielle\\\/\"]}]}<\/script>\n<!-- \/ Yoast SEO plugin. -->","yoast_head_json":{"title":"REX G\u00c9ANT 2025 - La Ruche industrielle","description":"Une journ\u00e9e de partages, d'\u00e9changes sous forme de Retour d\u2019EXp\u00e9riences des projets de La Ruche Industrielle, suivie d'une soir\u00e9e festive.","robots":{"index":"index","follow":"follow","max-snippet":"max-snippet:-1","max-image-preview":"max-image-preview:large","max-video-preview":"max-video-preview:-1"},"canonical":"https:\/\/larucheindustrielle.fr\/fr\/evenement\/rex-geant-2025\/","og_locale":"fr_FR","og_type":"article","og_title":"REX G\u00c9ANT 2025 - La Ruche industrielle","og_description":"Une journ\u00e9e de partages, d'\u00e9changes sous forme de Retour d\u2019EXp\u00e9riences des projets de La Ruche Industrielle, suivie d'une soir\u00e9e festive.","og_url":"https:\/\/larucheindustrielle.fr\/fr\/evenement\/rex-geant-2025\/","og_site_name":"La Ruche industrielle","article_modified_time":"2025-06-13T09:02:03+00:00","og_image":[{"width":1820,"height":2560,"url":"https:\/\/larucheindustrielle.fr\/wp-content\/uploads\/2024\/12\/A4-scaled.png","type":"image\/png"}],"twitter_card":"summary_large_image","twitter_site":"@LaRucheIndus","twitter_misc":{"Dur\u00e9e de lecture estim\u00e9e":"2 minutes"},"schema":{"@context":"https:\/\/schema.org","@graph":[{"@type":"WebPage","@id":"https:\/\/larucheindustrielle.fr\/fr\/evenement\/rex-geant-2025\/","url":"https:\/\/larucheindustrielle.fr\/fr\/evenement\/rex-geant-2025\/","name":"REX G\u00c9ANT 2025 - La Ruche industrielle","isPartOf":{"@id":"https:\/\/larucheindustrielle.fr\/fr\/#website"},"primaryImageOfPage":{"@id":"https:\/\/larucheindustrielle.fr\/fr\/evenement\/rex-geant-2025\/#primaryimage"},"image":{"@id":"https:\/\/larucheindustrielle.fr\/fr\/evenement\/rex-geant-2025\/#primaryimage"},"thumbnailUrl":"https:\/\/larucheindustrielle.fr\/wp-content\/uploads\/2024\/12\/A4-scaled.png","datePublished":"2024-12-13T13:24:10+00:00","dateModified":"2025-06-13T09:02:03+00:00","description":"Une journ\u00e9e de partages, d'\u00e9changes sous forme de Retour d\u2019EXp\u00e9riences des projets de La Ruche Industrielle, suivie d'une soir\u00e9e festive.","inLanguage":"fr-FR","potentialAction":[{"@type":"ReadAction","target":["https:\/\/larucheindustrielle.fr\/fr\/evenement\/rex-geant-2025\/"]}]},{"@type":"ImageObject","inLanguage":"fr-FR","@id":"https:\/\/larucheindustrielle.fr\/fr\/evenement\/rex-geant-2025\/#primaryimage","url":"https:\/\/larucheindustrielle.fr\/wp-content\/uploads\/2024\/12\/A4-scaled.png","contentUrl":"https:\/\/larucheindustrielle.fr\/wp-content\/uploads\/2024\/12\/A4-scaled.png","width":1820,"height":2560},{"@type":"WebSite","@id":"https:\/\/larucheindustrielle.fr\/fr\/#website","url":"https:\/\/larucheindustrielle.fr\/fr\/","name":"La Ruche industrielle","description":"Ici, on construit ensemble l&#039;industrie du futur !","publisher":{"@id":"https:\/\/larucheindustrielle.fr\/fr\/#organization"},"potentialAction":[{"@type":"SearchAction","target":{"@type":"EntryPoint","urlTemplate":"https:\/\/larucheindustrielle.fr\/fr\/?s={search_term_string}"},"query-input":{"@type":"PropertyValueSpecification","valueRequired":true,"valueName":"search_term_string"}}],"inLanguage":"fr-FR"},{"@type":"Organization","@id":"https:\/\/larucheindustrielle.fr\/fr\/#organization","name":"La Ruche industrielle","url":"https:\/\/larucheindustrielle.fr\/fr\/","logo":{"@type":"ImageObject","inLanguage":"fr-FR","@id":"https:\/\/larucheindustrielle.fr\/fr\/#\/schema\/logo\/image\/","url":"https:\/\/larucheindustrielle.fr\/wp-content\/uploads\/2023\/06\/Home-page-Logo-la-ruche-en-bois.jpg","contentUrl":"https:\/\/larucheindustrielle.fr\/wp-content\/uploads\/2023\/06\/Home-page-Logo-la-ruche-en-bois.jpg","width":1280,"height":853,"caption":"La Ruche industrielle"},"image":{"@id":"https:\/\/larucheindustrielle.fr\/fr\/#\/schema\/logo\/image\/"},"sameAs":["https:\/\/x.com\/LaRucheIndus","https:\/\/fr.linkedin.com\/company\/la-ruche-industrielle","https:\/\/www.youtube.com\/@larucheindustrielle932","https:\/\/www.instagram.com\/larucheindustrielle\/"]}]}},"publishpress_future_action":{"enabled":false,"date":"2026-05-04 12:38:29","action":"category","newStatus":"draft","terms":[13],"taxonomy":"category","extraData":[]},"publishpress_future_workflow_manual_trigger":{"enabledWorkflows":[]},"_links":{"self":[{"href":"https:\/\/larucheindustrielle.fr\/fr\/wp-json\/wp\/v2\/evenement\/6933","targetHints":{"allow":["GET"]}}],"collection":[{"href":"https:\/\/larucheindustrielle.fr\/fr\/wp-json\/wp\/v2\/evenement"}],"about":[{"href":"https:\/\/larucheindustrielle.fr\/fr\/wp-json\/wp\/v2\/types\/evenement"}],"wp:featuredmedia":[{"embeddable":true,"href":"https:\/\/larucheindustrielle.fr\/fr\/wp-json\/wp\/v2\/media\/8210"}],"wp:attachment":[{"href":"https:\/\/larucheindustrielle.fr\/fr\/wp-json\/wp\/v2\/media?parent=6933"}],"wp:term":[{"taxonomy":"category","embeddable":true,"href":"https:\/\/larucheindustrielle.fr\/fr\/wp-json\/wp\/v2\/categories?post=6933"},{"taxonomy":"post_tag","embeddable":true,"href":"https:\/\/larucheindustrielle.fr\/fr\/wp-json\/wp\/v2\/tags?post=6933"}],"curies":[{"name":"wp","href":"https:\/\/api.w.org\/{rel}","templated":true}]}}