{"id":6945,"date":"2024-12-18T14:21:29","date_gmt":"2024-12-18T13:21:29","guid":{"rendered":"https:\/\/larucheindustrielle.fr\/fr\/?post_type=evenement&#038;p=6945"},"modified":"2025-06-13T11:00:48","modified_gmt":"2025-06-13T09:00:48","slug":"projet-tracabilite-produits-et-stocks","status":"publish","type":"evenement","link":"https:\/\/larucheindustrielle.fr\/fr\/evenement\/projet-tracabilite-produits-et-stocks\/","title":{"rendered":"Projet Tra\u00e7abilit\u00e9 produits et stocks"},"content":{"rendered":"<p><img loading=\"lazy\" decoding=\"async\" class=\"alignnone wp-image-7492 \" src=\"https:\/\/larucheindustrielle.fr\/wp-content\/uploads\/2024\/12\/Tracabilite-Template-REX--1024x1024.png\" alt=\"\" width=\"581\" height=\"581\" \/><\/p>\n<p><strong>RDV le 01 juillet \u00e0 La Ruche Industrielle pour le temps fort organis\u00e9 par l\u2019\u00e9quipe projet \u00ab Tra\u00e7abilit\u00e9 des produits et des stocks \u00bb ! Un projet inter-entreprises de La Ruche Industrielle.<\/strong><\/p>\n<p>L\u2019\u00e9quipe projet vous partagera les bonnes pratiques retenues \u00e0 l\u2019issue du projet et r\u00e9pondra \u00e0 ces questions.<br \/>\nElle a travaill\u00e9 sur deux cas d\u2019usages li\u00e9s \u00e0 la tra\u00e7abilit\u00e9 :<\/p>\n<ul>\n<li><strong>R\u00e9ussir \u00e0 localiser les supports de stockage et de transport,<\/strong><\/li>\n<\/ul>\n<ul>\n<li><strong>R\u00e9ussir \u00e0 tracer les composants des produits finis.<\/strong><\/li>\n<\/ul>\n<h4>&gt; <a href=\"https:\/\/larucheindustrielle.fr\/fr\/projet-tracabilite-produits-et-stocks\/\" target=\"_blank\" rel=\"noopener\">Pour en savoir plus sur le projet<\/a><\/h4>\n<p>&nbsp;<\/p>\n<p><b><span data-contrast=\"auto\">\ud83d\udce3<\/span><\/b><b><span data-contrast=\"auto\">\u202f| Le programme<\/span><\/b><span data-ccp-props=\"{&quot;201341983&quot;:0,&quot;335559739&quot;:160,&quot;335559740&quot;:278}\"> &#8211; informations compl\u00e9mentaires \u00e0 venir<br \/>\n<\/span><\/p>\n<ul>\n<li>Accueil Caf\u00e9 \u00e0 partir de 8h30<\/li>\n<li>Mot d\u2019accueil &amp; Pr\u00e9sentation du projet<\/li>\n<li>Approfondissements<\/li>\n<li>Conclusions<\/li>\n<\/ul>\n<p>A partir de 12h\u200b30\u00a0\u2013 Buffet et \u00e9changes entre participants<\/p>\n<p><span data-ccp-props=\"{&quot;201341983&quot;:0,&quot;335559739&quot;:160,&quot;335559740&quot;:278}\">\u00a0<\/span><\/p>\n<p><strong>\u26a0<\/strong><strong> | Informations pratiques<br \/>\n<\/strong><\/p>\n<ul>\n<li>\u00c9v\u00e9nement gratuit r\u00e9serv\u00e9 aux collaborateurs des entreprises adh\u00e9rentes de La Ruche.<\/li>\n<li>Nous vous attendons nombreux pour partager les conclusions de ce projet \u00e0 l&rsquo;occasion de ce moment convivial !<\/li>\n<\/ul>\n<p>&nbsp;<\/p>\n<p><a href=\"https:\/\/larucheindustrielle.fr\/fr\/acces\/\"><img loading=\"lazy\" decoding=\"async\" class=\"wp-image-8584  aligncenter\" src=\"https:\/\/larucheindustrielle.fr\/wp-content\/uploads\/2025\/03\/Mobilite-douce-visuel.png\" alt=\"\" width=\"614\" height=\"461\" \/><\/a><\/p>\n","protected":false},"excerpt":{"rendered":"<p>RDV le 01 juillet \u00e0 La Ruche Industrielle pour le temps fort organis\u00e9 par l\u2019\u00e9quipe projet \u00ab Tra\u00e7abilit\u00e9 des produits et des stocks \u00bb ! Un projet inter-entreprises de La Ruche Industrielle.<\/p>\n","protected":false},"featured_media":7492,"template":"","meta":{"_acf_changed":false,"_et_pb_use_builder":"","_et_pb_old_content":"","_et_gb_content_width":""},"categories":[13],"tags":[],"class_list":["post-6945","evenement","type-evenement","status-publish","has-post-thumbnail","hentry","category-passe"],"acf":[],"yoast_head":"<!-- This site is optimized with the Yoast SEO plugin v27.4 - https:\/\/yoast.com\/product\/yoast-seo-wordpress\/ -->\n<title>Projet Tra\u00e7abilit\u00e9 produits et stocks - La Ruche industrielle<\/title>\n<meta name=\"description\" content=\"RDV le 01 juillet \u00e0 La Ruche Industrielle pour le temps fort organis\u00e9 par l\u2019\u00e9quipe projet \u00ab Tra\u00e7abilit\u00e9 des produits et des stocks \u00bb !\" \/>\n<meta name=\"robots\" content=\"index, follow, max-snippet:-1, max-image-preview:large, max-video-preview:-1\" \/>\n<link rel=\"canonical\" href=\"https:\/\/larucheindustrielle.fr\/fr\/evenement\/projet-tracabilite-produits-et-stocks\/\" \/>\n<meta property=\"og:locale\" content=\"fr_FR\" \/>\n<meta property=\"og:type\" content=\"article\" \/>\n<meta property=\"og:title\" content=\"Projet Tra\u00e7abilit\u00e9 produits et stocks - La Ruche industrielle\" \/>\n<meta property=\"og:description\" content=\"RDV le 01 juillet \u00e0 La Ruche Industrielle pour le temps fort organis\u00e9 par l\u2019\u00e9quipe projet \u00ab Tra\u00e7abilit\u00e9 des produits et des stocks \u00bb !\" \/>\n<meta property=\"og:url\" content=\"https:\/\/larucheindustrielle.fr\/fr\/evenement\/projet-tracabilite-produits-et-stocks\/\" \/>\n<meta property=\"og:site_name\" content=\"La Ruche industrielle\" \/>\n<meta property=\"article:modified_time\" content=\"2025-06-13T09:00:48+00:00\" \/>\n<meta property=\"og:image\" content=\"https:\/\/larucheindustrielle.fr\/wp-content\/uploads\/2024\/12\/Tracabilite-Template-REX-.png\" \/>\n\t<meta property=\"og:image:width\" content=\"1200\" \/>\n\t<meta property=\"og:image:height\" content=\"1200\" \/>\n\t<meta property=\"og:image:type\" content=\"image\/png\" \/>\n<meta name=\"twitter:card\" content=\"summary_large_image\" \/>\n<meta name=\"twitter:site\" content=\"@LaRucheIndus\" \/>\n<meta name=\"twitter:label1\" content=\"Dur\u00e9e de lecture estim\u00e9e\" \/>\n\t<meta name=\"twitter:data1\" content=\"2 minutes\" \/>\n<script type=\"application\/ld+json\" class=\"yoast-schema-graph\">{\"@context\":\"https:\\\/\\\/schema.org\",\"@graph\":[{\"@type\":\"WebPage\",\"@id\":\"https:\\\/\\\/larucheindustrielle.fr\\\/fr\\\/evenement\\\/projet-tracabilite-produits-et-stocks\\\/\",\"url\":\"https:\\\/\\\/larucheindustrielle.fr\\\/fr\\\/evenement\\\/projet-tracabilite-produits-et-stocks\\\/\",\"name\":\"Projet Tra\u00e7abilit\u00e9 produits et stocks - La Ruche industrielle\",\"isPartOf\":{\"@id\":\"https:\\\/\\\/larucheindustrielle.fr\\\/fr\\\/#website\"},\"primaryImageOfPage\":{\"@id\":\"https:\\\/\\\/larucheindustrielle.fr\\\/fr\\\/evenement\\\/projet-tracabilite-produits-et-stocks\\\/#primaryimage\"},\"image\":{\"@id\":\"https:\\\/\\\/larucheindustrielle.fr\\\/fr\\\/evenement\\\/projet-tracabilite-produits-et-stocks\\\/#primaryimage\"},\"thumbnailUrl\":\"https:\\\/\\\/larucheindustrielle.fr\\\/wp-content\\\/uploads\\\/2024\\\/12\\\/Tracabilite-Template-REX-.png\",\"datePublished\":\"2024-12-18T13:21:29+00:00\",\"dateModified\":\"2025-06-13T09:00:48+00:00\",\"description\":\"RDV le 01 juillet \u00e0 La Ruche Industrielle pour le temps fort organis\u00e9 par l\u2019\u00e9quipe projet \u00ab Tra\u00e7abilit\u00e9 des produits et des stocks \u00bb !\",\"inLanguage\":\"fr-FR\",\"potentialAction\":[{\"@type\":\"ReadAction\",\"target\":[\"https:\\\/\\\/larucheindustrielle.fr\\\/fr\\\/evenement\\\/projet-tracabilite-produits-et-stocks\\\/\"]}]},{\"@type\":\"ImageObject\",\"inLanguage\":\"fr-FR\",\"@id\":\"https:\\\/\\\/larucheindustrielle.fr\\\/fr\\\/evenement\\\/projet-tracabilite-produits-et-stocks\\\/#primaryimage\",\"url\":\"https:\\\/\\\/larucheindustrielle.fr\\\/wp-content\\\/uploads\\\/2024\\\/12\\\/Tracabilite-Template-REX-.png\",\"contentUrl\":\"https:\\\/\\\/larucheindustrielle.fr\\\/wp-content\\\/uploads\\\/2024\\\/12\\\/Tracabilite-Template-REX-.png\",\"width\":1200,\"height\":1200},{\"@type\":\"WebSite\",\"@id\":\"https:\\\/\\\/larucheindustrielle.fr\\\/fr\\\/#website\",\"url\":\"https:\\\/\\\/larucheindustrielle.fr\\\/fr\\\/\",\"name\":\"La Ruche industrielle\",\"description\":\"Ici, on construit ensemble l&#039;industrie du futur !\",\"publisher\":{\"@id\":\"https:\\\/\\\/larucheindustrielle.fr\\\/fr\\\/#organization\"},\"potentialAction\":[{\"@type\":\"SearchAction\",\"target\":{\"@type\":\"EntryPoint\",\"urlTemplate\":\"https:\\\/\\\/larucheindustrielle.fr\\\/fr\\\/?s={search_term_string}\"},\"query-input\":{\"@type\":\"PropertyValueSpecification\",\"valueRequired\":true,\"valueName\":\"search_term_string\"}}],\"inLanguage\":\"fr-FR\"},{\"@type\":\"Organization\",\"@id\":\"https:\\\/\\\/larucheindustrielle.fr\\\/fr\\\/#organization\",\"name\":\"La Ruche industrielle\",\"url\":\"https:\\\/\\\/larucheindustrielle.fr\\\/fr\\\/\",\"logo\":{\"@type\":\"ImageObject\",\"inLanguage\":\"fr-FR\",\"@id\":\"https:\\\/\\\/larucheindustrielle.fr\\\/fr\\\/#\\\/schema\\\/logo\\\/image\\\/\",\"url\":\"https:\\\/\\\/larucheindustrielle.fr\\\/wp-content\\\/uploads\\\/2023\\\/06\\\/Home-page-Logo-la-ruche-en-bois.jpg\",\"contentUrl\":\"https:\\\/\\\/larucheindustrielle.fr\\\/wp-content\\\/uploads\\\/2023\\\/06\\\/Home-page-Logo-la-ruche-en-bois.jpg\",\"width\":1280,\"height\":853,\"caption\":\"La Ruche industrielle\"},\"image\":{\"@id\":\"https:\\\/\\\/larucheindustrielle.fr\\\/fr\\\/#\\\/schema\\\/logo\\\/image\\\/\"},\"sameAs\":[\"https:\\\/\\\/x.com\\\/LaRucheIndus\",\"https:\\\/\\\/fr.linkedin.com\\\/company\\\/la-ruche-industrielle\",\"https:\\\/\\\/www.youtube.com\\\/@larucheindustrielle932\",\"https:\\\/\\\/www.instagram.com\\\/larucheindustrielle\\\/\"]}]}<\/script>\n<!-- \/ Yoast SEO plugin. -->","yoast_head_json":{"title":"Projet Tra\u00e7abilit\u00e9 produits et stocks - La Ruche industrielle","description":"RDV le 01 juillet \u00e0 La Ruche Industrielle pour le temps fort organis\u00e9 par l\u2019\u00e9quipe projet \u00ab Tra\u00e7abilit\u00e9 des produits et des stocks \u00bb !","robots":{"index":"index","follow":"follow","max-snippet":"max-snippet:-1","max-image-preview":"max-image-preview:large","max-video-preview":"max-video-preview:-1"},"canonical":"https:\/\/larucheindustrielle.fr\/fr\/evenement\/projet-tracabilite-produits-et-stocks\/","og_locale":"fr_FR","og_type":"article","og_title":"Projet Tra\u00e7abilit\u00e9 produits et stocks - La Ruche industrielle","og_description":"RDV le 01 juillet \u00e0 La Ruche Industrielle pour le temps fort organis\u00e9 par l\u2019\u00e9quipe projet \u00ab Tra\u00e7abilit\u00e9 des produits et des stocks \u00bb !","og_url":"https:\/\/larucheindustrielle.fr\/fr\/evenement\/projet-tracabilite-produits-et-stocks\/","og_site_name":"La Ruche industrielle","article_modified_time":"2025-06-13T09:00:48+00:00","og_image":[{"width":1200,"height":1200,"url":"https:\/\/larucheindustrielle.fr\/wp-content\/uploads\/2024\/12\/Tracabilite-Template-REX-.png","type":"image\/png"}],"twitter_card":"summary_large_image","twitter_site":"@LaRucheIndus","twitter_misc":{"Dur\u00e9e de lecture estim\u00e9e":"2 minutes"},"schema":{"@context":"https:\/\/schema.org","@graph":[{"@type":"WebPage","@id":"https:\/\/larucheindustrielle.fr\/fr\/evenement\/projet-tracabilite-produits-et-stocks\/","url":"https:\/\/larucheindustrielle.fr\/fr\/evenement\/projet-tracabilite-produits-et-stocks\/","name":"Projet Tra\u00e7abilit\u00e9 produits et stocks - La Ruche industrielle","isPartOf":{"@id":"https:\/\/larucheindustrielle.fr\/fr\/#website"},"primaryImageOfPage":{"@id":"https:\/\/larucheindustrielle.fr\/fr\/evenement\/projet-tracabilite-produits-et-stocks\/#primaryimage"},"image":{"@id":"https:\/\/larucheindustrielle.fr\/fr\/evenement\/projet-tracabilite-produits-et-stocks\/#primaryimage"},"thumbnailUrl":"https:\/\/larucheindustrielle.fr\/wp-content\/uploads\/2024\/12\/Tracabilite-Template-REX-.png","datePublished":"2024-12-18T13:21:29+00:00","dateModified":"2025-06-13T09:00:48+00:00","description":"RDV le 01 juillet \u00e0 La Ruche Industrielle pour le temps fort organis\u00e9 par l\u2019\u00e9quipe projet \u00ab Tra\u00e7abilit\u00e9 des produits et des stocks \u00bb !","inLanguage":"fr-FR","potentialAction":[{"@type":"ReadAction","target":["https:\/\/larucheindustrielle.fr\/fr\/evenement\/projet-tracabilite-produits-et-stocks\/"]}]},{"@type":"ImageObject","inLanguage":"fr-FR","@id":"https:\/\/larucheindustrielle.fr\/fr\/evenement\/projet-tracabilite-produits-et-stocks\/#primaryimage","url":"https:\/\/larucheindustrielle.fr\/wp-content\/uploads\/2024\/12\/Tracabilite-Template-REX-.png","contentUrl":"https:\/\/larucheindustrielle.fr\/wp-content\/uploads\/2024\/12\/Tracabilite-Template-REX-.png","width":1200,"height":1200},{"@type":"WebSite","@id":"https:\/\/larucheindustrielle.fr\/fr\/#website","url":"https:\/\/larucheindustrielle.fr\/fr\/","name":"La Ruche industrielle","description":"Ici, on construit ensemble l&#039;industrie du futur !","publisher":{"@id":"https:\/\/larucheindustrielle.fr\/fr\/#organization"},"potentialAction":[{"@type":"SearchAction","target":{"@type":"EntryPoint","urlTemplate":"https:\/\/larucheindustrielle.fr\/fr\/?s={search_term_string}"},"query-input":{"@type":"PropertyValueSpecification","valueRequired":true,"valueName":"search_term_string"}}],"inLanguage":"fr-FR"},{"@type":"Organization","@id":"https:\/\/larucheindustrielle.fr\/fr\/#organization","name":"La Ruche industrielle","url":"https:\/\/larucheindustrielle.fr\/fr\/","logo":{"@type":"ImageObject","inLanguage":"fr-FR","@id":"https:\/\/larucheindustrielle.fr\/fr\/#\/schema\/logo\/image\/","url":"https:\/\/larucheindustrielle.fr\/wp-content\/uploads\/2023\/06\/Home-page-Logo-la-ruche-en-bois.jpg","contentUrl":"https:\/\/larucheindustrielle.fr\/wp-content\/uploads\/2023\/06\/Home-page-Logo-la-ruche-en-bois.jpg","width":1280,"height":853,"caption":"La Ruche industrielle"},"image":{"@id":"https:\/\/larucheindustrielle.fr\/fr\/#\/schema\/logo\/image\/"},"sameAs":["https:\/\/x.com\/LaRucheIndus","https:\/\/fr.linkedin.com\/company\/la-ruche-industrielle","https:\/\/www.youtube.com\/@larucheindustrielle932","https:\/\/www.instagram.com\/larucheindustrielle\/"]}]}},"publishpress_future_action":{"enabled":false,"date":"2026-05-04 12:45:53","action":"category","newStatus":"draft","terms":[13],"taxonomy":"category","extraData":[]},"publishpress_future_workflow_manual_trigger":{"enabledWorkflows":[]},"_links":{"self":[{"href":"https:\/\/larucheindustrielle.fr\/fr\/wp-json\/wp\/v2\/evenement\/6945","targetHints":{"allow":["GET"]}}],"collection":[{"href":"https:\/\/larucheindustrielle.fr\/fr\/wp-json\/wp\/v2\/evenement"}],"about":[{"href":"https:\/\/larucheindustrielle.fr\/fr\/wp-json\/wp\/v2\/types\/evenement"}],"wp:featuredmedia":[{"embeddable":true,"href":"https:\/\/larucheindustrielle.fr\/fr\/wp-json\/wp\/v2\/media\/7492"}],"wp:attachment":[{"href":"https:\/\/larucheindustrielle.fr\/fr\/wp-json\/wp\/v2\/media?parent=6945"}],"wp:term":[{"taxonomy":"category","embeddable":true,"href":"https:\/\/larucheindustrielle.fr\/fr\/wp-json\/wp\/v2\/categories?post=6945"},{"taxonomy":"post_tag","embeddable":true,"href":"https:\/\/larucheindustrielle.fr\/fr\/wp-json\/wp\/v2\/tags?post=6945"}],"curies":[{"name":"wp","href":"https:\/\/api.w.org\/{rel}","templated":true}]}}