{"id":7424,"date":"2025-03-18T11:28:31","date_gmt":"2025-03-18T10:28:31","guid":{"rendered":"https:\/\/larucheindustrielle.fr\/fr\/?post_type=evenement&#038;p=7424"},"modified":"2025-07-07T12:03:04","modified_gmt":"2025-07-07T10:03:04","slug":"gen-ia-industrielle-rex","status":"publish","type":"evenement","link":"https:\/\/larucheindustrielle.fr\/fr\/evenement\/gen-ia-industrielle-rex\/","title":{"rendered":"Projet IA g\u00e9n\u00e9rative industrielle"},"content":{"rendered":"<h5><strong data-renderer-mark=\"true\">DERNI\u00c8RE MINUTE : victimes de leurs succ\u00e8s, les inscriptions pour le REX projet IA g\u00e9n\u00e9rative industrielle sont closes !<\/strong><\/h5>\n<h5>Toutefois, si le sujet vous int\u00e9resse, vous pouvez <strong>rejoindre votre d\u00e9l\u00e9gation-adh\u00e9rent le 26 juin lors du REX g\u00e9ant<\/strong> \u00e0 La Ruche Industrielle. Un stand projet est pr\u00e9vu sur ce projet.<\/h5>\n<p>&gt;&gt; Dans ce cas, merci de vous rapprocher de votre coordinateur projet ou contacter <a href=\"mailto:celine.brossard@larucheindustrielle.fr\" target=\"_blank\" rel=\"noopener\">C\u00e9line Brossard<\/a><\/p>\n<p>&nbsp;<\/p>\n<p><strong data-renderer-mark=\"true\">\ud83d\udce2 RDV le 19 juin \u00e0 La Ruche Industrielle pour le temps fort autour de l\u2019IA G\u00e9n\u00e9rative !<\/strong><\/p>\n<p><img loading=\"lazy\" decoding=\"async\" class=\"alignnone wp-image-7485 \" src=\"https:\/\/larucheindustrielle.fr\/wp-content\/uploads\/2025\/03\/Template-REX-IA-.png\" alt=\"\" width=\"658\" height=\"658\" \/><\/p>\n<p>L\u2019\u00e9quipe projet vous invite \u00e0 d\u00e9couvrir les r\u00e9sultats de son exploration sur l\u2019<strong data-renderer-mark=\"true\">int\u00e9gration de l\u2019IA G\u00e9n\u00e9rative<\/strong> dans deux cas d\u2019usage concrets :<\/p>\n<ul type=\"disc\">\n<li>Rendre facilement accessible le savoir de l\u2019entreprise aux employ\u00e9s<\/li>\n<li>Suivi de production interactif<\/li>\n<\/ul>\n<p>&nbsp;<\/p>\n<p data-renderer-start-pos=\"580\"><strong data-renderer-mark=\"true\">\ud83d\udc49 Venez \u00e9changer sur les bonnes pratiques, les outils test\u00e9s (IA packag\u00e9s, open source, europ\u00e9ens\u2026) et les enseignements issus du projet !<\/strong><\/p>\n<p>\ud83d\udce3 <strong data-renderer-mark=\"true\">| Le programme :<\/strong><\/p>\n<ul>\n<li>Accueil caf\u00e9 d\u00e8s 8h30<\/li>\n<li>Pr\u00e9sentation du projet et des exp\u00e9rimentations<\/li>\n<li>Approfondissements techniques et retours d\u2019exp\u00e9riences<\/li>\n<li>D\u00e9monstrations et partage des r\u00e9sultats<\/li>\n<li>Buffet et \u00e9changes \u00e0 partir de 12h30<\/li>\n<\/ul>\n<p data-renderer-start-pos=\"960\">\u00c9v\u00e9nement gratuit, r\u00e9serv\u00e9 aux collaborateurs des entreprises adh\u00e9rentes de La Ruche Industrielle.<br \/>\n<strong>Venez nombreux<\/strong> pour partager cette exp\u00e9rience et explorer ensemble le potentiel de l\u2019IA G\u00e9n\u00e9rative !<\/p>\n<p style=\"text-align: center;\"><a href=\"https:\/\/larucheindustrielle.fr\/fr\/acces\/\"><img loading=\"lazy\" decoding=\"async\" class=\"alignnone wp-image-8584 \" src=\"https:\/\/larucheindustrielle.fr\/wp-content\/uploads\/2025\/03\/Mobilite-douce-visuel.png\" alt=\"\" width=\"648\" height=\"486\" \/><\/a><\/p>\n","protected":false},"excerpt":{"rendered":"<p>IA G\u00e9n\u00e9rative et IoT : d\u00e9couvrez des cas d\u2019usages concrets et des outils innovants le 19 juin \u00e0 La Ruche Industrielle. Participez aux \u00e9changes sur le Knowledge Management et la maintenance intelligente !<\/p>\n","protected":false},"featured_media":7485,"template":"","meta":{"_acf_changed":false,"_et_pb_use_builder":"","_et_pb_old_content":"","_et_gb_content_width":""},"categories":[13],"tags":[],"class_list":["post-7424","evenement","type-evenement","status-publish","has-post-thumbnail","hentry","category-passe"],"acf":[],"yoast_head":"<!-- This site is optimized with the Yoast SEO plugin v27.4 - https:\/\/yoast.com\/product\/yoast-seo-wordpress\/ -->\n<title>Projet IA g\u00e9n\u00e9rative industrielle - La Ruche industrielle<\/title>\n<meta name=\"description\" content=\"IA G\u00e9n\u00e9rative et IoT : d\u00e9couvrez des cas d\u2019usage concrets et des outils innovants le 19 juin \u00e0 La Ruche Industrielle.\" \/>\n<meta name=\"robots\" content=\"index, follow, max-snippet:-1, max-image-preview:large, max-video-preview:-1\" \/>\n<link rel=\"canonical\" href=\"https:\/\/larucheindustrielle.fr\/fr\/evenement\/gen-ia-industrielle-rex\/\" \/>\n<meta property=\"og:locale\" content=\"fr_FR\" \/>\n<meta property=\"og:type\" content=\"article\" \/>\n<meta property=\"og:title\" content=\"Projet IA g\u00e9n\u00e9rative industrielle - La Ruche industrielle\" \/>\n<meta property=\"og:description\" content=\"IA G\u00e9n\u00e9rative et IoT : d\u00e9couvrez des cas d\u2019usage concrets et des outils innovants le 19 juin \u00e0 La Ruche Industrielle.\" \/>\n<meta property=\"og:url\" content=\"https:\/\/larucheindustrielle.fr\/fr\/evenement\/gen-ia-industrielle-rex\/\" \/>\n<meta property=\"og:site_name\" content=\"La Ruche industrielle\" \/>\n<meta property=\"article:modified_time\" content=\"2025-07-07T10:03:04+00:00\" \/>\n<meta property=\"og:image\" content=\"https:\/\/larucheindustrielle.fr\/wp-content\/uploads\/2025\/03\/Template-REX-IA-.png\" \/>\n\t<meta property=\"og:image:width\" content=\"1200\" \/>\n\t<meta property=\"og:image:height\" content=\"1200\" \/>\n\t<meta property=\"og:image:type\" content=\"image\/png\" \/>\n<meta name=\"twitter:card\" content=\"summary_large_image\" \/>\n<meta name=\"twitter:site\" content=\"@LaRucheIndus\" \/>\n<meta name=\"twitter:label1\" content=\"Dur\u00e9e de lecture estim\u00e9e\" \/>\n\t<meta name=\"twitter:data1\" content=\"2 minutes\" \/>\n<script type=\"application\/ld+json\" class=\"yoast-schema-graph\">{\"@context\":\"https:\\\/\\\/schema.org\",\"@graph\":[{\"@type\":\"WebPage\",\"@id\":\"https:\\\/\\\/larucheindustrielle.fr\\\/fr\\\/evenement\\\/gen-ia-industrielle-rex\\\/\",\"url\":\"https:\\\/\\\/larucheindustrielle.fr\\\/fr\\\/evenement\\\/gen-ia-industrielle-rex\\\/\",\"name\":\"Projet IA g\u00e9n\u00e9rative industrielle - La Ruche industrielle\",\"isPartOf\":{\"@id\":\"https:\\\/\\\/larucheindustrielle.fr\\\/fr\\\/#website\"},\"primaryImageOfPage\":{\"@id\":\"https:\\\/\\\/larucheindustrielle.fr\\\/fr\\\/evenement\\\/gen-ia-industrielle-rex\\\/#primaryimage\"},\"image\":{\"@id\":\"https:\\\/\\\/larucheindustrielle.fr\\\/fr\\\/evenement\\\/gen-ia-industrielle-rex\\\/#primaryimage\"},\"thumbnailUrl\":\"https:\\\/\\\/larucheindustrielle.fr\\\/wp-content\\\/uploads\\\/2025\\\/03\\\/Template-REX-IA-.png\",\"datePublished\":\"2025-03-18T10:28:31+00:00\",\"dateModified\":\"2025-07-07T10:03:04+00:00\",\"description\":\"IA G\u00e9n\u00e9rative et IoT : d\u00e9couvrez des cas d\u2019usage concrets et des outils innovants le 19 juin \u00e0 La Ruche Industrielle.\",\"inLanguage\":\"fr-FR\",\"potentialAction\":[{\"@type\":\"ReadAction\",\"target\":[\"https:\\\/\\\/larucheindustrielle.fr\\\/fr\\\/evenement\\\/gen-ia-industrielle-rex\\\/\"]}]},{\"@type\":\"ImageObject\",\"inLanguage\":\"fr-FR\",\"@id\":\"https:\\\/\\\/larucheindustrielle.fr\\\/fr\\\/evenement\\\/gen-ia-industrielle-rex\\\/#primaryimage\",\"url\":\"https:\\\/\\\/larucheindustrielle.fr\\\/wp-content\\\/uploads\\\/2025\\\/03\\\/Template-REX-IA-.png\",\"contentUrl\":\"https:\\\/\\\/larucheindustrielle.fr\\\/wp-content\\\/uploads\\\/2025\\\/03\\\/Template-REX-IA-.png\",\"width\":1200,\"height\":1200},{\"@type\":\"WebSite\",\"@id\":\"https:\\\/\\\/larucheindustrielle.fr\\\/fr\\\/#website\",\"url\":\"https:\\\/\\\/larucheindustrielle.fr\\\/fr\\\/\",\"name\":\"La Ruche industrielle\",\"description\":\"Ici, on construit ensemble l&#039;industrie du futur !\",\"publisher\":{\"@id\":\"https:\\\/\\\/larucheindustrielle.fr\\\/fr\\\/#organization\"},\"potentialAction\":[{\"@type\":\"SearchAction\",\"target\":{\"@type\":\"EntryPoint\",\"urlTemplate\":\"https:\\\/\\\/larucheindustrielle.fr\\\/fr\\\/?s={search_term_string}\"},\"query-input\":{\"@type\":\"PropertyValueSpecification\",\"valueRequired\":true,\"valueName\":\"search_term_string\"}}],\"inLanguage\":\"fr-FR\"},{\"@type\":\"Organization\",\"@id\":\"https:\\\/\\\/larucheindustrielle.fr\\\/fr\\\/#organization\",\"name\":\"La Ruche industrielle\",\"url\":\"https:\\\/\\\/larucheindustrielle.fr\\\/fr\\\/\",\"logo\":{\"@type\":\"ImageObject\",\"inLanguage\":\"fr-FR\",\"@id\":\"https:\\\/\\\/larucheindustrielle.fr\\\/fr\\\/#\\\/schema\\\/logo\\\/image\\\/\",\"url\":\"https:\\\/\\\/larucheindustrielle.fr\\\/wp-content\\\/uploads\\\/2023\\\/06\\\/Home-page-Logo-la-ruche-en-bois.jpg\",\"contentUrl\":\"https:\\\/\\\/larucheindustrielle.fr\\\/wp-content\\\/uploads\\\/2023\\\/06\\\/Home-page-Logo-la-ruche-en-bois.jpg\",\"width\":1280,\"height\":853,\"caption\":\"La Ruche industrielle\"},\"image\":{\"@id\":\"https:\\\/\\\/larucheindustrielle.fr\\\/fr\\\/#\\\/schema\\\/logo\\\/image\\\/\"},\"sameAs\":[\"https:\\\/\\\/x.com\\\/LaRucheIndus\",\"https:\\\/\\\/fr.linkedin.com\\\/company\\\/la-ruche-industrielle\",\"https:\\\/\\\/www.youtube.com\\\/@larucheindustrielle932\",\"https:\\\/\\\/www.instagram.com\\\/larucheindustrielle\\\/\"]}]}<\/script>\n<!-- \/ Yoast SEO plugin. -->","yoast_head_json":{"title":"Projet IA g\u00e9n\u00e9rative industrielle - La Ruche industrielle","description":"IA G\u00e9n\u00e9rative et IoT : d\u00e9couvrez des cas d\u2019usage concrets et des outils innovants le 19 juin \u00e0 La Ruche Industrielle.","robots":{"index":"index","follow":"follow","max-snippet":"max-snippet:-1","max-image-preview":"max-image-preview:large","max-video-preview":"max-video-preview:-1"},"canonical":"https:\/\/larucheindustrielle.fr\/fr\/evenement\/gen-ia-industrielle-rex\/","og_locale":"fr_FR","og_type":"article","og_title":"Projet IA g\u00e9n\u00e9rative industrielle - La Ruche industrielle","og_description":"IA G\u00e9n\u00e9rative et IoT : d\u00e9couvrez des cas d\u2019usage concrets et des outils innovants le 19 juin \u00e0 La Ruche Industrielle.","og_url":"https:\/\/larucheindustrielle.fr\/fr\/evenement\/gen-ia-industrielle-rex\/","og_site_name":"La Ruche industrielle","article_modified_time":"2025-07-07T10:03:04+00:00","og_image":[{"width":1200,"height":1200,"url":"https:\/\/larucheindustrielle.fr\/wp-content\/uploads\/2025\/03\/Template-REX-IA-.png","type":"image\/png"}],"twitter_card":"summary_large_image","twitter_site":"@LaRucheIndus","twitter_misc":{"Dur\u00e9e de lecture estim\u00e9e":"2 minutes"},"schema":{"@context":"https:\/\/schema.org","@graph":[{"@type":"WebPage","@id":"https:\/\/larucheindustrielle.fr\/fr\/evenement\/gen-ia-industrielle-rex\/","url":"https:\/\/larucheindustrielle.fr\/fr\/evenement\/gen-ia-industrielle-rex\/","name":"Projet IA g\u00e9n\u00e9rative industrielle - La Ruche industrielle","isPartOf":{"@id":"https:\/\/larucheindustrielle.fr\/fr\/#website"},"primaryImageOfPage":{"@id":"https:\/\/larucheindustrielle.fr\/fr\/evenement\/gen-ia-industrielle-rex\/#primaryimage"},"image":{"@id":"https:\/\/larucheindustrielle.fr\/fr\/evenement\/gen-ia-industrielle-rex\/#primaryimage"},"thumbnailUrl":"https:\/\/larucheindustrielle.fr\/wp-content\/uploads\/2025\/03\/Template-REX-IA-.png","datePublished":"2025-03-18T10:28:31+00:00","dateModified":"2025-07-07T10:03:04+00:00","description":"IA G\u00e9n\u00e9rative et IoT : d\u00e9couvrez des cas d\u2019usage concrets et des outils innovants le 19 juin \u00e0 La Ruche Industrielle.","inLanguage":"fr-FR","potentialAction":[{"@type":"ReadAction","target":["https:\/\/larucheindustrielle.fr\/fr\/evenement\/gen-ia-industrielle-rex\/"]}]},{"@type":"ImageObject","inLanguage":"fr-FR","@id":"https:\/\/larucheindustrielle.fr\/fr\/evenement\/gen-ia-industrielle-rex\/#primaryimage","url":"https:\/\/larucheindustrielle.fr\/wp-content\/uploads\/2025\/03\/Template-REX-IA-.png","contentUrl":"https:\/\/larucheindustrielle.fr\/wp-content\/uploads\/2025\/03\/Template-REX-IA-.png","width":1200,"height":1200},{"@type":"WebSite","@id":"https:\/\/larucheindustrielle.fr\/fr\/#website","url":"https:\/\/larucheindustrielle.fr\/fr\/","name":"La Ruche industrielle","description":"Ici, on construit ensemble l&#039;industrie du futur !","publisher":{"@id":"https:\/\/larucheindustrielle.fr\/fr\/#organization"},"potentialAction":[{"@type":"SearchAction","target":{"@type":"EntryPoint","urlTemplate":"https:\/\/larucheindustrielle.fr\/fr\/?s={search_term_string}"},"query-input":{"@type":"PropertyValueSpecification","valueRequired":true,"valueName":"search_term_string"}}],"inLanguage":"fr-FR"},{"@type":"Organization","@id":"https:\/\/larucheindustrielle.fr\/fr\/#organization","name":"La Ruche industrielle","url":"https:\/\/larucheindustrielle.fr\/fr\/","logo":{"@type":"ImageObject","inLanguage":"fr-FR","@id":"https:\/\/larucheindustrielle.fr\/fr\/#\/schema\/logo\/image\/","url":"https:\/\/larucheindustrielle.fr\/wp-content\/uploads\/2023\/06\/Home-page-Logo-la-ruche-en-bois.jpg","contentUrl":"https:\/\/larucheindustrielle.fr\/wp-content\/uploads\/2023\/06\/Home-page-Logo-la-ruche-en-bois.jpg","width":1280,"height":853,"caption":"La Ruche industrielle"},"image":{"@id":"https:\/\/larucheindustrielle.fr\/fr\/#\/schema\/logo\/image\/"},"sameAs":["https:\/\/x.com\/LaRucheIndus","https:\/\/fr.linkedin.com\/company\/la-ruche-industrielle","https:\/\/www.youtube.com\/@larucheindustrielle932","https:\/\/www.instagram.com\/larucheindustrielle\/"]}]}},"publishpress_future_action":{"enabled":false,"date":"2026-05-04 12:48:37","action":"category","newStatus":"draft","terms":[13],"taxonomy":"category","extraData":[]},"publishpress_future_workflow_manual_trigger":{"enabledWorkflows":[]},"_links":{"self":[{"href":"https:\/\/larucheindustrielle.fr\/fr\/wp-json\/wp\/v2\/evenement\/7424","targetHints":{"allow":["GET"]}}],"collection":[{"href":"https:\/\/larucheindustrielle.fr\/fr\/wp-json\/wp\/v2\/evenement"}],"about":[{"href":"https:\/\/larucheindustrielle.fr\/fr\/wp-json\/wp\/v2\/types\/evenement"}],"wp:featuredmedia":[{"embeddable":true,"href":"https:\/\/larucheindustrielle.fr\/fr\/wp-json\/wp\/v2\/media\/7485"}],"wp:attachment":[{"href":"https:\/\/larucheindustrielle.fr\/fr\/wp-json\/wp\/v2\/media?parent=7424"}],"wp:term":[{"taxonomy":"category","embeddable":true,"href":"https:\/\/larucheindustrielle.fr\/fr\/wp-json\/wp\/v2\/categories?post=7424"},{"taxonomy":"post_tag","embeddable":true,"href":"https:\/\/larucheindustrielle.fr\/fr\/wp-json\/wp\/v2\/tags?post=7424"}],"curies":[{"name":"wp","href":"https:\/\/api.w.org\/{rel}","templated":true}]}}