{"id":7437,"date":"2025-03-25T10:28:17","date_gmt":"2025-03-25T09:28:17","guid":{"rendered":"https:\/\/larucheindustrielle.fr\/fr\/?post_type=evenement&#038;p=7437"},"modified":"2025-06-03T15:20:31","modified_gmt":"2025-06-03T13:20:31","slug":"conference-changement-climatique-et-carriere","status":"publish","type":"evenement","link":"https:\/\/larucheindustrielle.fr\/fr\/evenement\/conference-changement-climatique-et-carriere\/","title":{"rendered":"Le changement climatique va affecter votre carri\u00e8re ! Pourquoi et quel r\u00f4le vous pouvez jouer"},"content":{"rendered":"<h3 style=\"text-align: center;\">Dans le cadre des conf\u00e9rences \u00ab\u00a0Secouage de neurones\u00a0\u00bb, La Ruche Industrielle est ravie d&rsquo;accueillir sa premi\u00e8re conf\u00e9rence organis\u00e9e avec Les Shifters !<\/h3>\n<p><img loading=\"lazy\" decoding=\"async\" class=\"aligncenter wp-image-8502 size-full\" src=\"https:\/\/larucheindustrielle.fr\/wp-content\/uploads\/2025\/03\/Conference-1-1.jpg\" alt=\"\" width=\"1200\" height=\"1200\" srcset=\"https:\/\/larucheindustrielle.fr\/wp-content\/uploads\/2025\/03\/Conference-1-1.jpg 1200w, https:\/\/larucheindustrielle.fr\/wp-content\/uploads\/2025\/03\/Conference-1-1-980x980.jpg 980w, https:\/\/larucheindustrielle.fr\/wp-content\/uploads\/2025\/03\/Conference-1-1-480x480.jpg 480w\" sizes=\"(min-width: 0px) and (max-width: 480px) 480px, (min-width: 481px) and (max-width: 980px) 980px, (min-width: 981px) 1200px, 100vw\" \/><\/p>\n<p>&nbsp;<\/p>\n<h2>Qui sont les Shifters ?<\/h2>\n<p>Les Shifters est une association loi 1901, d\u2019int\u00e9r\u00eat g\u00e9n\u00e9ral, cr\u00e9\u00e9e en 2014 pour apporter un soutien b\u00e9n\u00e9vole au laboratoire d\u2019id\u00e9es <a href=\"https:\/\/theshiftproject.org\/\">The Shift Project<\/a>, dont l\u2019action consiste \u00e0 \u00e9clairer et influencer le d\u00e9bat sur la transition \u00e9nerg\u00e9tique. Initialement con\u00e7u comme une structure permettant d&rsquo;accueillir toute personne souhaitant supporter le Shift Project dans son travail de recherche, de relais ou de soutien, nous sommes aujourd\u2019hui un mouvement citoyen d\u2019ampleur, dont l\u2019ambition est de <a href=\"https:\/\/www.theshifters.org\/association\/ambitions\/\">\u00ab faire shifter \u00bb la France<\/a>.<\/p>\n<p>&nbsp;<\/p>\n<h2>La conf\u00e9rence : Le changement climatique va affecter votre carri\u00e8re ! D\u00e9couvrez pourquoi, et quel r\u00f4le vous pouvez jouer<\/h2>\n<p>Cette conf\u00e9rence s&rsquo;adresse aux \u00e9tudiants et professionnels en entreprises.\u00a0Elle cherche \u00e0 convaincre que business et changement climatique ne sont <strong>pas n\u00e9cessairement antinomiques<\/strong>, et que les meilleures opportunit\u00e9s de business sont et seront celles qui participent le moins \u00e0 la d\u00e9stabilisation du climat, voire qui participent \u00e0 l\u2019<strong>att\u00e9nuation du changement climatique<\/strong>.<\/p>\n<p>Programme :<\/p>\n<ul>\n<li><strong>Rappel des causes du changement climatique et des risques<\/strong> que ses cons\u00e9quences font peser sur nos \u00e9cosyst\u00e8mes et en particulier sur les entreprises<\/li>\n<li><strong>Analyse d&rsquo;exemples concrets de strat\u00e9gie climat et d\u00e9codage des communications des entreprises<\/strong> face aux d\u00e9fis environnementaux. Nous y d\u00e9fendons l\u2019id\u00e9e que la transition ne se fera pas sans les entreprises, et que les salari\u00e9s form\u00e9s sur ces sujets \u00e9nergie-climat y auront assur\u00e9ment une carte \u00e0 jouer<\/li>\n<\/ul>\n<p>&nbsp;<\/p>\n<h4>Une conf\u00e9rence-d\u00e9bat anim\u00e9e par :<\/h4>\n<ul>\n<li><strong>Dominique Hell, <\/strong>de la soci\u00e9t\u00e9 KNDS, adh\u00e9rent de la Ruche Industrielle. Dominique est \u00e9galement un membre actif des Shifters.<\/li>\n<li>\n<div class=\"ksrrNrpomfFMwAuCzccGXwQHZFcqTJeRk \">\n<div class=\"ICCdhMCfPJJYwnzjKELanlkqfClzCtI\">\n<p class=\"xdgwJpxSwCguXlQGuBYbenSrrWZDsWKPYsirU inline t-24 v-align-middle break-words\"><strong>Lorris AMATHIEU<\/strong>, accompagnateur de Transition \u00c9cologique et d&rsquo;Adaptation au Changement Climatique &#8211; Consultant Certifi\u00e9 en Management et Transformation des Organisations &#8211; Dirigeant Fondateur PACTIS-conseil.<\/p>\n<\/div>\n<\/div>\n<\/li>\n<\/ul>\n<p>Elle aura lieu :<\/p>\n<ul>\n<li>le 05 juin \u00e0 partir de 16h (la conf\u00e9rence d\u00e9butera \u00e0 16h30).<\/li>\n<li>\u00e0 la Ruche Industrielle \u00e0 V\u00e9nissieux<\/li>\n<\/ul>\n<p>Elle sera suivie du verre de l&rsquo;amiti\u00e9 pour \u00e9changer \u00e0 partir de 18h.<\/p>\n<p><strong>Ne manquez pas cette conf\u00e9rence \u00ab\u00a0Secouage de neurones\u00a0\u00bb : inscrivez-vous !<\/strong><\/p>\n<p>&nbsp;<\/p>\n<h4>\ud83c\udf0dChaque geste compte pour la plan\u00e8te ! \ud83c\udf0d<\/h4>\n<p>La Ruche Industrielle b\u00e9n\u00e9ficie d\u2019un emplacement id\u00e9al en mati\u00e8re d\u2019accessibilit\u00e9 : <a href=\"https:\/\/larucheindustrielle.fr\/fr\/acces\/\" target=\"_blank\" rel=\"noopener\">voir les informations pratiques<\/a><\/p>\n<ul>\n<li>A proximit\u00e9 imm\u00e9diate du m\u00e9tro et du tramway, un parking v\u00e9lo s\u00e9curis\u00e9 est \u00e9galement disponible.<\/li>\n<li><strong>Privil\u00e9giez ces mobilit\u00e9s douces et pensez au covoiturage<\/strong>, surtout si vous venez \u00e0 plusieurs de la m\u00eame entreprise !<\/li>\n<\/ul>\n<p>Des solutions simples et efficaces pour r\u00e9duire votre impact environnemental.<\/p>\n<p>Pour vous aider \u00e0 faire les bons choix : <a href='https:\/\/agirpourlatransition.ademe.fr\/particuliers\/bureau\/deplacements\/calculer-emissions-carbone-trajets' class='small-button smallgreen' target=\"_blank\">Estimez l&#8217;empreinte carbone de votre trajet<\/a><\/p>\n","protected":false},"excerpt":{"rendered":"<p>RDV \u00e0 La Ruche Industrielle pour cette conf\u00e9rence Secouage de neurones !<\/p>\n","protected":false},"featured_media":8502,"template":"","meta":{"_acf_changed":false,"_et_pb_use_builder":"","_et_pb_old_content":"","_et_gb_content_width":""},"categories":[13],"tags":[],"class_list":["post-7437","evenement","type-evenement","status-publish","has-post-thumbnail","hentry","category-passe"],"acf":[],"yoast_head":"<!-- This site is optimized with the Yoast SEO plugin v27.4 - https:\/\/yoast.com\/product\/yoast-seo-wordpress\/ -->\n<title>Le changement climatique va affecter votre carri\u00e8re ! Pourquoi et quel r\u00f4le vous pouvez jouer - La Ruche industrielle<\/title>\n<meta name=\"description\" content=\"\u200bRDV \u00e0 La Ruche Industrielle pour cette conf\u00e9rence Secouage de neurones : &quot;Le changement climatique va affecter votre carri\u00e8re !&quot;\" \/>\n<meta name=\"robots\" content=\"index, follow, max-snippet:-1, max-image-preview:large, max-video-preview:-1\" \/>\n<link rel=\"canonical\" href=\"https:\/\/larucheindustrielle.fr\/fr\/evenement\/conference-changement-climatique-et-carriere\/\" \/>\n<meta property=\"og:locale\" content=\"fr_FR\" \/>\n<meta property=\"og:type\" content=\"article\" \/>\n<meta property=\"og:title\" content=\"Le changement climatique va affecter votre carri\u00e8re ! Pourquoi et quel r\u00f4le vous pouvez jouer - La Ruche industrielle\" \/>\n<meta property=\"og:description\" content=\"\u200bRDV \u00e0 La Ruche Industrielle pour cette conf\u00e9rence Secouage de neurones : &quot;Le changement climatique va affecter votre carri\u00e8re !&quot;\" \/>\n<meta property=\"og:url\" content=\"https:\/\/larucheindustrielle.fr\/fr\/evenement\/conference-changement-climatique-et-carriere\/\" \/>\n<meta property=\"og:site_name\" content=\"La Ruche industrielle\" \/>\n<meta property=\"article:modified_time\" content=\"2025-06-03T13:20:31+00:00\" \/>\n<meta property=\"og:image\" content=\"https:\/\/larucheindustrielle.fr\/wp-content\/uploads\/2025\/03\/Conference-1-1.jpg\" \/>\n\t<meta property=\"og:image:width\" content=\"1200\" \/>\n\t<meta property=\"og:image:height\" content=\"1200\" \/>\n\t<meta property=\"og:image:type\" content=\"image\/jpeg\" \/>\n<meta name=\"twitter:card\" content=\"summary_large_image\" \/>\n<meta name=\"twitter:site\" content=\"@LaRucheIndus\" \/>\n<meta name=\"twitter:label1\" content=\"Dur\u00e9e de lecture estim\u00e9e\" \/>\n\t<meta name=\"twitter:data1\" content=\"3 minutes\" \/>\n<script type=\"application\/ld+json\" class=\"yoast-schema-graph\">{\"@context\":\"https:\\\/\\\/schema.org\",\"@graph\":[{\"@type\":\"WebPage\",\"@id\":\"https:\\\/\\\/larucheindustrielle.fr\\\/fr\\\/evenement\\\/conference-changement-climatique-et-carriere\\\/\",\"url\":\"https:\\\/\\\/larucheindustrielle.fr\\\/fr\\\/evenement\\\/conference-changement-climatique-et-carriere\\\/\",\"name\":\"Le changement climatique va affecter votre carri\u00e8re ! Pourquoi et quel r\u00f4le vous pouvez jouer - La Ruche industrielle\",\"isPartOf\":{\"@id\":\"https:\\\/\\\/larucheindustrielle.fr\\\/fr\\\/#website\"},\"primaryImageOfPage\":{\"@id\":\"https:\\\/\\\/larucheindustrielle.fr\\\/fr\\\/evenement\\\/conference-changement-climatique-et-carriere\\\/#primaryimage\"},\"image\":{\"@id\":\"https:\\\/\\\/larucheindustrielle.fr\\\/fr\\\/evenement\\\/conference-changement-climatique-et-carriere\\\/#primaryimage\"},\"thumbnailUrl\":\"https:\\\/\\\/larucheindustrielle.fr\\\/wp-content\\\/uploads\\\/2025\\\/03\\\/Conference-1-1.jpg\",\"datePublished\":\"2025-03-25T09:28:17+00:00\",\"dateModified\":\"2025-06-03T13:20:31+00:00\",\"description\":\"\u200bRDV \u00e0 La Ruche Industrielle pour cette conf\u00e9rence Secouage de neurones : \\\"Le changement climatique va affecter votre carri\u00e8re !\\\"\",\"inLanguage\":\"fr-FR\",\"potentialAction\":[{\"@type\":\"ReadAction\",\"target\":[\"https:\\\/\\\/larucheindustrielle.fr\\\/fr\\\/evenement\\\/conference-changement-climatique-et-carriere\\\/\"]}]},{\"@type\":\"ImageObject\",\"inLanguage\":\"fr-FR\",\"@id\":\"https:\\\/\\\/larucheindustrielle.fr\\\/fr\\\/evenement\\\/conference-changement-climatique-et-carriere\\\/#primaryimage\",\"url\":\"https:\\\/\\\/larucheindustrielle.fr\\\/wp-content\\\/uploads\\\/2025\\\/03\\\/Conference-1-1.jpg\",\"contentUrl\":\"https:\\\/\\\/larucheindustrielle.fr\\\/wp-content\\\/uploads\\\/2025\\\/03\\\/Conference-1-1.jpg\",\"width\":1200,\"height\":1200},{\"@type\":\"WebSite\",\"@id\":\"https:\\\/\\\/larucheindustrielle.fr\\\/fr\\\/#website\",\"url\":\"https:\\\/\\\/larucheindustrielle.fr\\\/fr\\\/\",\"name\":\"La Ruche industrielle\",\"description\":\"Ici, on construit ensemble l&#039;industrie du futur !\",\"publisher\":{\"@id\":\"https:\\\/\\\/larucheindustrielle.fr\\\/fr\\\/#organization\"},\"potentialAction\":[{\"@type\":\"SearchAction\",\"target\":{\"@type\":\"EntryPoint\",\"urlTemplate\":\"https:\\\/\\\/larucheindustrielle.fr\\\/fr\\\/?s={search_term_string}\"},\"query-input\":{\"@type\":\"PropertyValueSpecification\",\"valueRequired\":true,\"valueName\":\"search_term_string\"}}],\"inLanguage\":\"fr-FR\"},{\"@type\":\"Organization\",\"@id\":\"https:\\\/\\\/larucheindustrielle.fr\\\/fr\\\/#organization\",\"name\":\"La Ruche industrielle\",\"url\":\"https:\\\/\\\/larucheindustrielle.fr\\\/fr\\\/\",\"logo\":{\"@type\":\"ImageObject\",\"inLanguage\":\"fr-FR\",\"@id\":\"https:\\\/\\\/larucheindustrielle.fr\\\/fr\\\/#\\\/schema\\\/logo\\\/image\\\/\",\"url\":\"https:\\\/\\\/larucheindustrielle.fr\\\/wp-content\\\/uploads\\\/2023\\\/06\\\/Home-page-Logo-la-ruche-en-bois.jpg\",\"contentUrl\":\"https:\\\/\\\/larucheindustrielle.fr\\\/wp-content\\\/uploads\\\/2023\\\/06\\\/Home-page-Logo-la-ruche-en-bois.jpg\",\"width\":1280,\"height\":853,\"caption\":\"La Ruche industrielle\"},\"image\":{\"@id\":\"https:\\\/\\\/larucheindustrielle.fr\\\/fr\\\/#\\\/schema\\\/logo\\\/image\\\/\"},\"sameAs\":[\"https:\\\/\\\/x.com\\\/LaRucheIndus\",\"https:\\\/\\\/fr.linkedin.com\\\/company\\\/la-ruche-industrielle\",\"https:\\\/\\\/www.youtube.com\\\/@larucheindustrielle932\",\"https:\\\/\\\/www.instagram.com\\\/larucheindustrielle\\\/\"]}]}<\/script>\n<!-- \/ Yoast SEO plugin. -->","yoast_head_json":{"title":"Le changement climatique va affecter votre carri\u00e8re ! Pourquoi et quel r\u00f4le vous pouvez jouer - La Ruche industrielle","description":"\u200bRDV \u00e0 La Ruche Industrielle pour cette conf\u00e9rence Secouage de neurones : \"Le changement climatique va affecter votre carri\u00e8re !\"","robots":{"index":"index","follow":"follow","max-snippet":"max-snippet:-1","max-image-preview":"max-image-preview:large","max-video-preview":"max-video-preview:-1"},"canonical":"https:\/\/larucheindustrielle.fr\/fr\/evenement\/conference-changement-climatique-et-carriere\/","og_locale":"fr_FR","og_type":"article","og_title":"Le changement climatique va affecter votre carri\u00e8re ! Pourquoi et quel r\u00f4le vous pouvez jouer - La Ruche industrielle","og_description":"\u200bRDV \u00e0 La Ruche Industrielle pour cette conf\u00e9rence Secouage de neurones : \"Le changement climatique va affecter votre carri\u00e8re !\"","og_url":"https:\/\/larucheindustrielle.fr\/fr\/evenement\/conference-changement-climatique-et-carriere\/","og_site_name":"La Ruche industrielle","article_modified_time":"2025-06-03T13:20:31+00:00","og_image":[{"width":1200,"height":1200,"url":"https:\/\/larucheindustrielle.fr\/wp-content\/uploads\/2025\/03\/Conference-1-1.jpg","type":"image\/jpeg"}],"twitter_card":"summary_large_image","twitter_site":"@LaRucheIndus","twitter_misc":{"Dur\u00e9e de lecture estim\u00e9e":"3 minutes"},"schema":{"@context":"https:\/\/schema.org","@graph":[{"@type":"WebPage","@id":"https:\/\/larucheindustrielle.fr\/fr\/evenement\/conference-changement-climatique-et-carriere\/","url":"https:\/\/larucheindustrielle.fr\/fr\/evenement\/conference-changement-climatique-et-carriere\/","name":"Le changement climatique va affecter votre carri\u00e8re ! Pourquoi et quel r\u00f4le vous pouvez jouer - La Ruche industrielle","isPartOf":{"@id":"https:\/\/larucheindustrielle.fr\/fr\/#website"},"primaryImageOfPage":{"@id":"https:\/\/larucheindustrielle.fr\/fr\/evenement\/conference-changement-climatique-et-carriere\/#primaryimage"},"image":{"@id":"https:\/\/larucheindustrielle.fr\/fr\/evenement\/conference-changement-climatique-et-carriere\/#primaryimage"},"thumbnailUrl":"https:\/\/larucheindustrielle.fr\/wp-content\/uploads\/2025\/03\/Conference-1-1.jpg","datePublished":"2025-03-25T09:28:17+00:00","dateModified":"2025-06-03T13:20:31+00:00","description":"\u200bRDV \u00e0 La Ruche Industrielle pour cette conf\u00e9rence Secouage de neurones : \"Le changement climatique va affecter votre carri\u00e8re !\"","inLanguage":"fr-FR","potentialAction":[{"@type":"ReadAction","target":["https:\/\/larucheindustrielle.fr\/fr\/evenement\/conference-changement-climatique-et-carriere\/"]}]},{"@type":"ImageObject","inLanguage":"fr-FR","@id":"https:\/\/larucheindustrielle.fr\/fr\/evenement\/conference-changement-climatique-et-carriere\/#primaryimage","url":"https:\/\/larucheindustrielle.fr\/wp-content\/uploads\/2025\/03\/Conference-1-1.jpg","contentUrl":"https:\/\/larucheindustrielle.fr\/wp-content\/uploads\/2025\/03\/Conference-1-1.jpg","width":1200,"height":1200},{"@type":"WebSite","@id":"https:\/\/larucheindustrielle.fr\/fr\/#website","url":"https:\/\/larucheindustrielle.fr\/fr\/","name":"La Ruche industrielle","description":"Ici, on construit ensemble l&#039;industrie du futur !","publisher":{"@id":"https:\/\/larucheindustrielle.fr\/fr\/#organization"},"potentialAction":[{"@type":"SearchAction","target":{"@type":"EntryPoint","urlTemplate":"https:\/\/larucheindustrielle.fr\/fr\/?s={search_term_string}"},"query-input":{"@type":"PropertyValueSpecification","valueRequired":true,"valueName":"search_term_string"}}],"inLanguage":"fr-FR"},{"@type":"Organization","@id":"https:\/\/larucheindustrielle.fr\/fr\/#organization","name":"La Ruche industrielle","url":"https:\/\/larucheindustrielle.fr\/fr\/","logo":{"@type":"ImageObject","inLanguage":"fr-FR","@id":"https:\/\/larucheindustrielle.fr\/fr\/#\/schema\/logo\/image\/","url":"https:\/\/larucheindustrielle.fr\/wp-content\/uploads\/2023\/06\/Home-page-Logo-la-ruche-en-bois.jpg","contentUrl":"https:\/\/larucheindustrielle.fr\/wp-content\/uploads\/2023\/06\/Home-page-Logo-la-ruche-en-bois.jpg","width":1280,"height":853,"caption":"La Ruche industrielle"},"image":{"@id":"https:\/\/larucheindustrielle.fr\/fr\/#\/schema\/logo\/image\/"},"sameAs":["https:\/\/x.com\/LaRucheIndus","https:\/\/fr.linkedin.com\/company\/la-ruche-industrielle","https:\/\/www.youtube.com\/@larucheindustrielle932","https:\/\/www.instagram.com\/larucheindustrielle\/"]}]}},"publishpress_future_action":{"enabled":false,"date":"2026-05-04 12:48:35","action":"category","newStatus":"draft","terms":[13],"taxonomy":"category","extraData":[]},"publishpress_future_workflow_manual_trigger":{"enabledWorkflows":[]},"_links":{"self":[{"href":"https:\/\/larucheindustrielle.fr\/fr\/wp-json\/wp\/v2\/evenement\/7437","targetHints":{"allow":["GET"]}}],"collection":[{"href":"https:\/\/larucheindustrielle.fr\/fr\/wp-json\/wp\/v2\/evenement"}],"about":[{"href":"https:\/\/larucheindustrielle.fr\/fr\/wp-json\/wp\/v2\/types\/evenement"}],"wp:featuredmedia":[{"embeddable":true,"href":"https:\/\/larucheindustrielle.fr\/fr\/wp-json\/wp\/v2\/media\/8502"}],"wp:attachment":[{"href":"https:\/\/larucheindustrielle.fr\/fr\/wp-json\/wp\/v2\/media?parent=7437"}],"wp:term":[{"taxonomy":"category","embeddable":true,"href":"https:\/\/larucheindustrielle.fr\/fr\/wp-json\/wp\/v2\/categories?post=7437"},{"taxonomy":"post_tag","embeddable":true,"href":"https:\/\/larucheindustrielle.fr\/fr\/wp-json\/wp\/v2\/tags?post=7437"}],"curies":[{"name":"wp","href":"https:\/\/api.w.org\/{rel}","templated":true}]}}