{"id":8286,"date":"2025-05-14T11:50:03","date_gmt":"2025-05-14T09:50:03","guid":{"rendered":"https:\/\/larucheindustrielle.fr\/fr\/?post_type=evenement&#038;p=8286"},"modified":"2025-09-15T17:39:56","modified_gmt":"2025-09-15T15:39:56","slug":"fresque-connaissance","status":"publish","type":"evenement","link":"https:\/\/larucheindustrielle.fr\/fr\/evenement\/fresque-connaissance\/","title":{"rendered":"Fresque de la Connaissance"},"content":{"rendered":"<div class=\"et_pb_module et_pb_text et_pb_text_3 et_pb_text_align_left et_pb_bg_layout_light\">\n<div class=\"et_pb_text_inner\">\n<h2 data-start=\"187\" data-end=\"222\">La Ruche Industrielle a le plaisir de vous inviter \u00e0 la Fresque de la Connaissance. Un atelier collaboratif de 3h pour transformer l\u2019information en savoir utile.<\/h2>\n<p>&nbsp;<\/p>\n<p data-start=\"323\" data-end=\"495\">Dans un monde satur\u00e9 d&rsquo;informations (surinformation, m\u00e9sinformation, mal-information, d\u00e9sinformation&#8230;), <strong data-start=\"428\" data-end=\"467\">cet atelier ludique et collaboratif<\/strong> permet \u00e0 vos \u00e9quipes de :<\/p>\n<ul data-start=\"496\" data-end=\"691\">\n<li data-start=\"496\" data-end=\"537\">\n<p data-start=\"498\" data-end=\"537\">Identifier les pi\u00e8ges informationnels<\/p>\n<\/li>\n<li data-start=\"538\" data-end=\"602\">\n<p data-start=\"540\" data-end=\"602\">Mieux comprendre leurs pratiques de gestion de l\u2019information<\/p>\n<\/li>\n<li data-start=\"603\" data-end=\"691\">\n<p data-start=\"605\" data-end=\"691\">Construire ensemble une <strong data-start=\"629\" data-end=\"660\">Fabrique de la Connaissance<\/strong> adapt\u00e9e \u00e0 votre organisation<\/p>\n<\/li>\n<\/ul>\n<p>&nbsp;<\/p>\n<\/div>\n<\/div>\n<div class=\"et_pb_module et_pb_text et_pb_text_4 et_pb_text_align_left et_pb_bg_layout_light\">\n<p><img loading=\"lazy\" decoding=\"async\" class=\" wp-image-8289 aligncenter\" src=\"https:\/\/larucheindustrielle.fr\/wp-content\/uploads\/2025\/05\/Etudiants-4.png\" alt=\"\" width=\"458\" height=\"458\" \/><strong>\ud83e\udde9 Au programme :<\/strong><\/p>\n<ul data-start=\"722\" data-end=\"1008\">\n<li data-start=\"722\" data-end=\"800\">\n<p data-start=\"724\" data-end=\"800\"><strong data-start=\"724\" data-end=\"745\">Un jeu coop\u00e9ratif<\/strong> pour exprimer les perceptions et pratiques de chacun<\/p>\n<\/li>\n<li data-start=\"801\" data-end=\"886\">\n<p data-start=\"803\" data-end=\"886\">L\u2019exploration des <strong data-start=\"821\" data-end=\"842\">3 dimensions cl\u00e9s<\/strong> d\u2019une gestion efficace de la connaissance<\/p>\n<\/li>\n<li data-start=\"887\" data-end=\"949\">\n<p data-start=\"889\" data-end=\"949\">Un <strong data-start=\"892\" data-end=\"920\">auto-diagnostic collectif<\/strong> pour prioriser les actions<\/p>\n<\/li>\n<li data-start=\"950\" data-end=\"1008\">\n<p data-start=\"952\" data-end=\"1008\">Une <strong data-start=\"956\" data-end=\"995\">mise en valeur des bonnes pratiques<\/strong> existantes<\/p>\n<\/li>\n<\/ul>\n<p>&nbsp;<\/p>\n<p data-start=\"1015\" data-end=\"1034\"><strong>\ud83d\udc65 Pour qui ?<\/strong><\/p>\n<ul data-start=\"1035\" data-end=\"1200\">\n<li data-start=\"1035\" data-end=\"1069\">Id\u00e9al pour \u00e9quipes projet, services transverses, directions\u2026<\/li>\n<li data-start=\"1035\" data-end=\"1069\">Attention, nombre de places limit\u00e9es !<\/li>\n<\/ul>\n<p>&nbsp;<\/p>\n<p><strong>\ud83d\udca1 B\u00e9n\u00e9fices :<\/strong><\/p>\n<\/div>\n<ul data-start=\"1278\" data-end=\"1462\">\n<li data-start=\"1278\" data-end=\"1317\">\n<p data-start=\"1280\" data-end=\"1317\">Renforcer l\u2019intelligence collective<\/p>\n<\/li>\n<li data-start=\"1318\" data-end=\"1363\">\n<p data-start=\"1320\" data-end=\"1363\">Optimiser la circulation de l&rsquo;information<\/p>\n<\/li>\n<li data-start=\"1364\" data-end=\"1394\">\n<p data-start=\"1366\" data-end=\"1394\">R\u00e9duire la perte de savoir<\/p>\n<\/li>\n<li data-start=\"1395\" data-end=\"1462\">\n<p data-start=\"1397\" data-end=\"1462\">Agir concr\u00e8tement pour une meilleure gestion de la connaissance<\/p>\n<\/li>\n<\/ul>\n<p>&nbsp;<\/p>\n<div class=\"et_pb_module et_pb_text et_pb_text_4 et_pb_text_align_left et_pb_bg_layout_light\">\n<p>Anim\u00e9e par <a href=\"https:\/\/www.linkedin.com\/in\/elodie-saillard\" target=\"_blank\" rel=\"noopener\"><b>\u00c9lodie SAILLARD, <\/b><\/a>Conceptrice, facilitatrice et formatrice &#8211; Quintesssence Innovation<\/p>\n<p>&nbsp;<\/p>\n<div class=\"et_pb_text_inner\">\n<h3>Pour en savoir plus<\/h3>\n<ul>\n<li><a href=\"https:\/\/www.fresquedelaconnaissance.org\">Consultez les informations ici\u00a0<\/a><\/li>\n<\/ul>\n<\/div>\n<\/div>\n","protected":false},"excerpt":{"rendered":"<p>Atelier en pr\u00e9sentiel pour transformer l\u2019information en savoir et renforcer l\u2019intelligence collective.<\/p>\n","protected":false},"featured_media":8807,"template":"","meta":{"_acf_changed":false,"_et_pb_use_builder":"","_et_pb_old_content":"","_et_gb_content_width":""},"categories":[13],"tags":[],"class_list":["post-8286","evenement","type-evenement","status-publish","has-post-thumbnail","hentry","category-passe"],"acf":[],"yoast_head":"<!-- This site is optimized with the Yoast SEO plugin v27.4 - https:\/\/yoast.com\/product\/yoast-seo-wordpress\/ -->\n<title>Fresque de la Connaissance - La Ruche industrielle<\/title>\n<meta name=\"description\" content=\"Atelier en pr\u00e9sentiel pour transformer l\u2019information en savoir et renforcer l\u2019intelligence collective.\" \/>\n<meta name=\"robots\" content=\"index, follow, max-snippet:-1, max-image-preview:large, max-video-preview:-1\" \/>\n<link rel=\"canonical\" href=\"https:\/\/larucheindustrielle.fr\/fr\/evenement\/fresque-connaissance\/\" \/>\n<meta property=\"og:locale\" content=\"fr_FR\" \/>\n<meta property=\"og:type\" content=\"article\" \/>\n<meta property=\"og:title\" content=\"Fresque de la Connaissance - La Ruche industrielle\" \/>\n<meta property=\"og:description\" content=\"Atelier en pr\u00e9sentiel pour transformer l\u2019information en savoir et renforcer l\u2019intelligence collective.\" \/>\n<meta property=\"og:url\" content=\"https:\/\/larucheindustrielle.fr\/fr\/evenement\/fresque-connaissance\/\" \/>\n<meta property=\"og:site_name\" content=\"La Ruche industrielle\" \/>\n<meta property=\"article:modified_time\" content=\"2025-09-15T15:39:56+00:00\" \/>\n<meta property=\"og:image\" content=\"https:\/\/larucheindustrielle.fr\/wp-content\/uploads\/2025\/05\/Etudiants-4-1.png\" \/>\n\t<meta property=\"og:image:width\" content=\"675\" \/>\n\t<meta property=\"og:image:height\" content=\"675\" \/>\n\t<meta property=\"og:image:type\" content=\"image\/png\" \/>\n<meta name=\"twitter:card\" content=\"summary_large_image\" \/>\n<meta name=\"twitter:site\" content=\"@LaRucheIndus\" \/>\n<meta name=\"twitter:label1\" content=\"Dur\u00e9e de lecture estim\u00e9e\" \/>\n\t<meta name=\"twitter:data1\" content=\"2 minutes\" \/>\n<script type=\"application\/ld+json\" class=\"yoast-schema-graph\">{\"@context\":\"https:\\\/\\\/schema.org\",\"@graph\":[{\"@type\":\"WebPage\",\"@id\":\"https:\\\/\\\/larucheindustrielle.fr\\\/fr\\\/evenement\\\/fresque-connaissance\\\/\",\"url\":\"https:\\\/\\\/larucheindustrielle.fr\\\/fr\\\/evenement\\\/fresque-connaissance\\\/\",\"name\":\"Fresque de la Connaissance - La Ruche industrielle\",\"isPartOf\":{\"@id\":\"https:\\\/\\\/larucheindustrielle.fr\\\/fr\\\/#website\"},\"primaryImageOfPage\":{\"@id\":\"https:\\\/\\\/larucheindustrielle.fr\\\/fr\\\/evenement\\\/fresque-connaissance\\\/#primaryimage\"},\"image\":{\"@id\":\"https:\\\/\\\/larucheindustrielle.fr\\\/fr\\\/evenement\\\/fresque-connaissance\\\/#primaryimage\"},\"thumbnailUrl\":\"https:\\\/\\\/larucheindustrielle.fr\\\/wp-content\\\/uploads\\\/2025\\\/05\\\/Etudiants-4-1.png\",\"datePublished\":\"2025-05-14T09:50:03+00:00\",\"dateModified\":\"2025-09-15T15:39:56+00:00\",\"description\":\"Atelier en pr\u00e9sentiel pour transformer l\u2019information en savoir et renforcer l\u2019intelligence collective.\",\"inLanguage\":\"fr-FR\",\"potentialAction\":[{\"@type\":\"ReadAction\",\"target\":[\"https:\\\/\\\/larucheindustrielle.fr\\\/fr\\\/evenement\\\/fresque-connaissance\\\/\"]}]},{\"@type\":\"ImageObject\",\"inLanguage\":\"fr-FR\",\"@id\":\"https:\\\/\\\/larucheindustrielle.fr\\\/fr\\\/evenement\\\/fresque-connaissance\\\/#primaryimage\",\"url\":\"https:\\\/\\\/larucheindustrielle.fr\\\/wp-content\\\/uploads\\\/2025\\\/05\\\/Etudiants-4-1.png\",\"contentUrl\":\"https:\\\/\\\/larucheindustrielle.fr\\\/wp-content\\\/uploads\\\/2025\\\/05\\\/Etudiants-4-1.png\",\"width\":675,\"height\":675},{\"@type\":\"WebSite\",\"@id\":\"https:\\\/\\\/larucheindustrielle.fr\\\/fr\\\/#website\",\"url\":\"https:\\\/\\\/larucheindustrielle.fr\\\/fr\\\/\",\"name\":\"La Ruche industrielle\",\"description\":\"Ici, on construit ensemble l&#039;industrie du futur !\",\"publisher\":{\"@id\":\"https:\\\/\\\/larucheindustrielle.fr\\\/fr\\\/#organization\"},\"potentialAction\":[{\"@type\":\"SearchAction\",\"target\":{\"@type\":\"EntryPoint\",\"urlTemplate\":\"https:\\\/\\\/larucheindustrielle.fr\\\/fr\\\/?s={search_term_string}\"},\"query-input\":{\"@type\":\"PropertyValueSpecification\",\"valueRequired\":true,\"valueName\":\"search_term_string\"}}],\"inLanguage\":\"fr-FR\"},{\"@type\":\"Organization\",\"@id\":\"https:\\\/\\\/larucheindustrielle.fr\\\/fr\\\/#organization\",\"name\":\"La Ruche industrielle\",\"url\":\"https:\\\/\\\/larucheindustrielle.fr\\\/fr\\\/\",\"logo\":{\"@type\":\"ImageObject\",\"inLanguage\":\"fr-FR\",\"@id\":\"https:\\\/\\\/larucheindustrielle.fr\\\/fr\\\/#\\\/schema\\\/logo\\\/image\\\/\",\"url\":\"https:\\\/\\\/larucheindustrielle.fr\\\/wp-content\\\/uploads\\\/2023\\\/06\\\/Home-page-Logo-la-ruche-en-bois.jpg\",\"contentUrl\":\"https:\\\/\\\/larucheindustrielle.fr\\\/wp-content\\\/uploads\\\/2023\\\/06\\\/Home-page-Logo-la-ruche-en-bois.jpg\",\"width\":1280,\"height\":853,\"caption\":\"La Ruche industrielle\"},\"image\":{\"@id\":\"https:\\\/\\\/larucheindustrielle.fr\\\/fr\\\/#\\\/schema\\\/logo\\\/image\\\/\"},\"sameAs\":[\"https:\\\/\\\/x.com\\\/LaRucheIndus\",\"https:\\\/\\\/fr.linkedin.com\\\/company\\\/la-ruche-industrielle\",\"https:\\\/\\\/www.youtube.com\\\/@larucheindustrielle932\",\"https:\\\/\\\/www.instagram.com\\\/larucheindustrielle\\\/\"]}]}<\/script>\n<!-- \/ Yoast SEO plugin. -->","yoast_head_json":{"title":"Fresque de la Connaissance - La Ruche industrielle","description":"Atelier en pr\u00e9sentiel pour transformer l\u2019information en savoir et renforcer l\u2019intelligence collective.","robots":{"index":"index","follow":"follow","max-snippet":"max-snippet:-1","max-image-preview":"max-image-preview:large","max-video-preview":"max-video-preview:-1"},"canonical":"https:\/\/larucheindustrielle.fr\/fr\/evenement\/fresque-connaissance\/","og_locale":"fr_FR","og_type":"article","og_title":"Fresque de la Connaissance - La Ruche industrielle","og_description":"Atelier en pr\u00e9sentiel pour transformer l\u2019information en savoir et renforcer l\u2019intelligence collective.","og_url":"https:\/\/larucheindustrielle.fr\/fr\/evenement\/fresque-connaissance\/","og_site_name":"La Ruche industrielle","article_modified_time":"2025-09-15T15:39:56+00:00","og_image":[{"width":675,"height":675,"url":"https:\/\/larucheindustrielle.fr\/wp-content\/uploads\/2025\/05\/Etudiants-4-1.png","type":"image\/png"}],"twitter_card":"summary_large_image","twitter_site":"@LaRucheIndus","twitter_misc":{"Dur\u00e9e de lecture estim\u00e9e":"2 minutes"},"schema":{"@context":"https:\/\/schema.org","@graph":[{"@type":"WebPage","@id":"https:\/\/larucheindustrielle.fr\/fr\/evenement\/fresque-connaissance\/","url":"https:\/\/larucheindustrielle.fr\/fr\/evenement\/fresque-connaissance\/","name":"Fresque de la Connaissance - La Ruche industrielle","isPartOf":{"@id":"https:\/\/larucheindustrielle.fr\/fr\/#website"},"primaryImageOfPage":{"@id":"https:\/\/larucheindustrielle.fr\/fr\/evenement\/fresque-connaissance\/#primaryimage"},"image":{"@id":"https:\/\/larucheindustrielle.fr\/fr\/evenement\/fresque-connaissance\/#primaryimage"},"thumbnailUrl":"https:\/\/larucheindustrielle.fr\/wp-content\/uploads\/2025\/05\/Etudiants-4-1.png","datePublished":"2025-05-14T09:50:03+00:00","dateModified":"2025-09-15T15:39:56+00:00","description":"Atelier en pr\u00e9sentiel pour transformer l\u2019information en savoir et renforcer l\u2019intelligence collective.","inLanguage":"fr-FR","potentialAction":[{"@type":"ReadAction","target":["https:\/\/larucheindustrielle.fr\/fr\/evenement\/fresque-connaissance\/"]}]},{"@type":"ImageObject","inLanguage":"fr-FR","@id":"https:\/\/larucheindustrielle.fr\/fr\/evenement\/fresque-connaissance\/#primaryimage","url":"https:\/\/larucheindustrielle.fr\/wp-content\/uploads\/2025\/05\/Etudiants-4-1.png","contentUrl":"https:\/\/larucheindustrielle.fr\/wp-content\/uploads\/2025\/05\/Etudiants-4-1.png","width":675,"height":675},{"@type":"WebSite","@id":"https:\/\/larucheindustrielle.fr\/fr\/#website","url":"https:\/\/larucheindustrielle.fr\/fr\/","name":"La Ruche industrielle","description":"Ici, on construit ensemble l&#039;industrie du futur !","publisher":{"@id":"https:\/\/larucheindustrielle.fr\/fr\/#organization"},"potentialAction":[{"@type":"SearchAction","target":{"@type":"EntryPoint","urlTemplate":"https:\/\/larucheindustrielle.fr\/fr\/?s={search_term_string}"},"query-input":{"@type":"PropertyValueSpecification","valueRequired":true,"valueName":"search_term_string"}}],"inLanguage":"fr-FR"},{"@type":"Organization","@id":"https:\/\/larucheindustrielle.fr\/fr\/#organization","name":"La Ruche industrielle","url":"https:\/\/larucheindustrielle.fr\/fr\/","logo":{"@type":"ImageObject","inLanguage":"fr-FR","@id":"https:\/\/larucheindustrielle.fr\/fr\/#\/schema\/logo\/image\/","url":"https:\/\/larucheindustrielle.fr\/wp-content\/uploads\/2023\/06\/Home-page-Logo-la-ruche-en-bois.jpg","contentUrl":"https:\/\/larucheindustrielle.fr\/wp-content\/uploads\/2023\/06\/Home-page-Logo-la-ruche-en-bois.jpg","width":1280,"height":853,"caption":"La Ruche industrielle"},"image":{"@id":"https:\/\/larucheindustrielle.fr\/fr\/#\/schema\/logo\/image\/"},"sameAs":["https:\/\/x.com\/LaRucheIndus","https:\/\/fr.linkedin.com\/company\/la-ruche-industrielle","https:\/\/www.youtube.com\/@larucheindustrielle932","https:\/\/www.instagram.com\/larucheindustrielle\/"]}]}},"publishpress_future_action":{"enabled":false,"date":"2026-05-04 11:15:58","action":"category","newStatus":"draft","terms":[13],"taxonomy":"category","extraData":[]},"publishpress_future_workflow_manual_trigger":{"enabledWorkflows":[]},"_links":{"self":[{"href":"https:\/\/larucheindustrielle.fr\/fr\/wp-json\/wp\/v2\/evenement\/8286","targetHints":{"allow":["GET"]}}],"collection":[{"href":"https:\/\/larucheindustrielle.fr\/fr\/wp-json\/wp\/v2\/evenement"}],"about":[{"href":"https:\/\/larucheindustrielle.fr\/fr\/wp-json\/wp\/v2\/types\/evenement"}],"wp:featuredmedia":[{"embeddable":true,"href":"https:\/\/larucheindustrielle.fr\/fr\/wp-json\/wp\/v2\/media\/8807"}],"wp:attachment":[{"href":"https:\/\/larucheindustrielle.fr\/fr\/wp-json\/wp\/v2\/media?parent=8286"}],"wp:term":[{"taxonomy":"category","embeddable":true,"href":"https:\/\/larucheindustrielle.fr\/fr\/wp-json\/wp\/v2\/categories?post=8286"},{"taxonomy":"post_tag","embeddable":true,"href":"https:\/\/larucheindustrielle.fr\/fr\/wp-json\/wp\/v2\/tags?post=8286"}],"curies":[{"name":"wp","href":"https:\/\/api.w.org\/{rel}","templated":true}]}}