{"id":8296,"date":"2025-05-15T11:08:11","date_gmt":"2025-05-15T09:08:11","guid":{"rendered":"https:\/\/larucheindustrielle.fr\/fr\/?post_type=evenement&#038;p=8296"},"modified":"2025-06-13T10:57:51","modified_gmt":"2025-06-13T08:57:51","slug":"portes-ouvertes-location-espaces-07-2025","status":"publish","type":"evenement","link":"https:\/\/larucheindustrielle.fr\/fr\/evenement\/portes-ouvertes-location-espaces-07-2025\/","title":{"rendered":"Portes ouvertes Location d&rsquo;espaces"},"content":{"rendered":"<h5>Vous \u00eates \u00e0 la recherche d\u2019un lieu inspirant pour vos \u00e9v\u00e9nements, r\u00e9unions ou ateliers\u202f? Venez d\u00e9couvrir La Ruche Industrielle, un lieu atypique au c\u0153ur de V\u00e9nissieux, lors de notre apr\u00e8s-midi portes ouvertes d\u00e9di\u00e9e aux professionnels.<\/h5>\n<p>De tailles et de forme vari\u00e9s, nos espaces permettent d\u2019organiser un \u00e9v\u00e8nement \u00e0 votre image, pour vos collaborateurs, vos clients, partenaires ou prospects avec une tr\u00e8s bonne desserte.<\/p>\n<p><img loading=\"lazy\" decoding=\"async\" class=\"aligncenter wp-image-6766 size-large\" src=\"https:\/\/larucheindustrielle.fr\/wp-content\/uploads\/2024\/11\/PXL_20241010_103253905-1024x771.jpg\" alt=\"\" width=\"1024\" height=\"771\" srcset=\"https:\/\/larucheindustrielle.fr\/wp-content\/uploads\/2024\/11\/PXL_20241010_103253905-980x738.jpg 980w, https:\/\/larucheindustrielle.fr\/wp-content\/uploads\/2024\/11\/PXL_20241010_103253905-480x362.jpg 480w\" sizes=\"(min-width: 0px) and (max-width: 480px) 480px, (min-width: 481px) and (max-width: 980px) 980px, (min-width: 981px) 1024px, 100vw\" \/><\/p>\n<p>Au programme de cette porte ouverte :<\/p>\n<ul>\n<li><strong>visite des locaux<\/strong>, conviviaux et collaboratifs<\/li>\n<li><strong>pr\u00e9sentation de notre offre de location de salles et de tous les services<\/strong> que nous pouvons mettre \u00e0 votre disposition pour un \u00e9v\u00e8nement cl\u00e9 en main : traiteur, conf\u00e9rences, activit\u00e9s&#8230;<\/li>\n<li><strong>remise de notre catalogue et goodies offert<\/strong> pour chaque visite !<\/li>\n<\/ul>\n<p>L&rsquo;occasion parfaite pour imaginer vos futurs \u00e9v\u00e9nements dans un lieu stimulant, au service de vos projets.<\/p>\n<p>On vous attend nombreux !<\/p>\n<p><strong>\u00c9v\u00e9nement gratuit \u2013 sur inscription<\/strong><\/p>\n<p><a href=\"https:\/\/larucheindustrielle.fr\/fr\/acces\/\"><img loading=\"lazy\" decoding=\"async\" class=\"aligncenter wp-image-8584 \" src=\"https:\/\/larucheindustrielle.fr\/wp-content\/uploads\/2025\/03\/Mobilite-douce-visuel.png\" alt=\"\" width=\"616\" height=\"462\" \/><\/a><\/p>\n","protected":false},"excerpt":{"rendered":"<p>Vous \u00eates une entreprise \u00e0 la recherche d\u2019un lieu inspirant pour vos \u00e9v\u00e9nements, r\u00e9unions ou ateliers\u202f?<br \/>\nVenez d\u00e9couvrir La Ruche Industrielle, un lieu atypique au c\u0153ur de V\u00e9nissieux, lors de notre apr\u00e8s-midi portes ouvertes d\u00e9di\u00e9e aux professionnels.<\/p>\n","protected":false},"featured_media":6900,"template":"","meta":{"_acf_changed":false,"_et_pb_use_builder":"","_et_pb_old_content":"","_et_gb_content_width":""},"categories":[13],"tags":[],"class_list":["post-8296","evenement","type-evenement","status-publish","has-post-thumbnail","hentry","category-passe"],"acf":[],"yoast_head":"<!-- This site is optimized with the Yoast SEO plugin v27.4 - https:\/\/yoast.com\/product\/yoast-seo-wordpress\/ -->\n<title>Portes ouvertes Location d&#039;espaces - La Ruche industrielle<\/title>\n<meta name=\"robots\" content=\"index, follow, max-snippet:-1, max-image-preview:large, max-video-preview:-1\" \/>\n<link rel=\"canonical\" href=\"https:\/\/larucheindustrielle.fr\/fr\/evenement\/portes-ouvertes-location-espaces-07-2025\/\" \/>\n<meta property=\"og:locale\" content=\"fr_FR\" \/>\n<meta property=\"og:type\" content=\"article\" \/>\n<meta property=\"og:title\" content=\"Portes ouvertes Location d&#039;espaces - La Ruche industrielle\" \/>\n<meta property=\"og:description\" content=\"Vous \u00eates une entreprise \u00e0 la recherche d\u2019un lieu inspirant pour vos \u00e9v\u00e9nements, r\u00e9unions ou ateliers\u202f? Venez d\u00e9couvrir La Ruche Industrielle, un lieu atypique au c\u0153ur de V\u00e9nissieux, lors de notre apr\u00e8s-midi portes ouvertes d\u00e9di\u00e9e aux professionnels.\" \/>\n<meta property=\"og:url\" content=\"https:\/\/larucheindustrielle.fr\/fr\/evenement\/portes-ouvertes-location-espaces-07-2025\/\" \/>\n<meta property=\"og:site_name\" content=\"La Ruche industrielle\" \/>\n<meta property=\"article:modified_time\" content=\"2025-06-13T08:57:51+00:00\" \/>\n<meta property=\"og:image\" content=\"https:\/\/larucheindustrielle.fr\/wp-content\/uploads\/2024\/12\/cecile-cayon-la-ruche-tpe-pme-venissieux-4.jpg\" \/>\n\t<meta property=\"og:image:width\" content=\"1772\" \/>\n\t<meta property=\"og:image:height\" content=\"1181\" \/>\n\t<meta property=\"og:image:type\" content=\"image\/jpeg\" \/>\n<meta name=\"twitter:card\" content=\"summary_large_image\" \/>\n<meta name=\"twitter:site\" content=\"@LaRucheIndus\" \/>\n<meta name=\"twitter:label1\" content=\"Dur\u00e9e de lecture estim\u00e9e\" \/>\n\t<meta name=\"twitter:data1\" content=\"2 minutes\" \/>\n<script type=\"application\/ld+json\" class=\"yoast-schema-graph\">{\"@context\":\"https:\\\/\\\/schema.org\",\"@graph\":[{\"@type\":\"WebPage\",\"@id\":\"https:\\\/\\\/larucheindustrielle.fr\\\/fr\\\/evenement\\\/portes-ouvertes-location-espaces-07-2025\\\/\",\"url\":\"https:\\\/\\\/larucheindustrielle.fr\\\/fr\\\/evenement\\\/portes-ouvertes-location-espaces-07-2025\\\/\",\"name\":\"Portes ouvertes Location d'espaces - La Ruche industrielle\",\"isPartOf\":{\"@id\":\"https:\\\/\\\/larucheindustrielle.fr\\\/fr\\\/#website\"},\"primaryImageOfPage\":{\"@id\":\"https:\\\/\\\/larucheindustrielle.fr\\\/fr\\\/evenement\\\/portes-ouvertes-location-espaces-07-2025\\\/#primaryimage\"},\"image\":{\"@id\":\"https:\\\/\\\/larucheindustrielle.fr\\\/fr\\\/evenement\\\/portes-ouvertes-location-espaces-07-2025\\\/#primaryimage\"},\"thumbnailUrl\":\"https:\\\/\\\/larucheindustrielle.fr\\\/wp-content\\\/uploads\\\/2024\\\/12\\\/cecile-cayon-la-ruche-tpe-pme-venissieux-4.jpg\",\"datePublished\":\"2025-05-15T09:08:11+00:00\",\"dateModified\":\"2025-06-13T08:57:51+00:00\",\"inLanguage\":\"fr-FR\",\"potentialAction\":[{\"@type\":\"ReadAction\",\"target\":[\"https:\\\/\\\/larucheindustrielle.fr\\\/fr\\\/evenement\\\/portes-ouvertes-location-espaces-07-2025\\\/\"]}]},{\"@type\":\"ImageObject\",\"inLanguage\":\"fr-FR\",\"@id\":\"https:\\\/\\\/larucheindustrielle.fr\\\/fr\\\/evenement\\\/portes-ouvertes-location-espaces-07-2025\\\/#primaryimage\",\"url\":\"https:\\\/\\\/larucheindustrielle.fr\\\/wp-content\\\/uploads\\\/2024\\\/12\\\/cecile-cayon-la-ruche-tpe-pme-venissieux-4.jpg\",\"contentUrl\":\"https:\\\/\\\/larucheindustrielle.fr\\\/wp-content\\\/uploads\\\/2024\\\/12\\\/cecile-cayon-la-ruche-tpe-pme-venissieux-4.jpg\",\"width\":1772,\"height\":1181},{\"@type\":\"WebSite\",\"@id\":\"https:\\\/\\\/larucheindustrielle.fr\\\/fr\\\/#website\",\"url\":\"https:\\\/\\\/larucheindustrielle.fr\\\/fr\\\/\",\"name\":\"La Ruche industrielle\",\"description\":\"Ici, on construit ensemble l&#039;industrie du futur !\",\"publisher\":{\"@id\":\"https:\\\/\\\/larucheindustrielle.fr\\\/fr\\\/#organization\"},\"potentialAction\":[{\"@type\":\"SearchAction\",\"target\":{\"@type\":\"EntryPoint\",\"urlTemplate\":\"https:\\\/\\\/larucheindustrielle.fr\\\/fr\\\/?s={search_term_string}\"},\"query-input\":{\"@type\":\"PropertyValueSpecification\",\"valueRequired\":true,\"valueName\":\"search_term_string\"}}],\"inLanguage\":\"fr-FR\"},{\"@type\":\"Organization\",\"@id\":\"https:\\\/\\\/larucheindustrielle.fr\\\/fr\\\/#organization\",\"name\":\"La Ruche industrielle\",\"url\":\"https:\\\/\\\/larucheindustrielle.fr\\\/fr\\\/\",\"logo\":{\"@type\":\"ImageObject\",\"inLanguage\":\"fr-FR\",\"@id\":\"https:\\\/\\\/larucheindustrielle.fr\\\/fr\\\/#\\\/schema\\\/logo\\\/image\\\/\",\"url\":\"https:\\\/\\\/larucheindustrielle.fr\\\/wp-content\\\/uploads\\\/2023\\\/06\\\/Home-page-Logo-la-ruche-en-bois.jpg\",\"contentUrl\":\"https:\\\/\\\/larucheindustrielle.fr\\\/wp-content\\\/uploads\\\/2023\\\/06\\\/Home-page-Logo-la-ruche-en-bois.jpg\",\"width\":1280,\"height\":853,\"caption\":\"La Ruche industrielle\"},\"image\":{\"@id\":\"https:\\\/\\\/larucheindustrielle.fr\\\/fr\\\/#\\\/schema\\\/logo\\\/image\\\/\"},\"sameAs\":[\"https:\\\/\\\/x.com\\\/LaRucheIndus\",\"https:\\\/\\\/fr.linkedin.com\\\/company\\\/la-ruche-industrielle\",\"https:\\\/\\\/www.youtube.com\\\/@larucheindustrielle932\",\"https:\\\/\\\/www.instagram.com\\\/larucheindustrielle\\\/\"]}]}<\/script>\n<!-- \/ Yoast SEO plugin. -->","yoast_head_json":{"title":"Portes ouvertes Location d'espaces - La Ruche industrielle","robots":{"index":"index","follow":"follow","max-snippet":"max-snippet:-1","max-image-preview":"max-image-preview:large","max-video-preview":"max-video-preview:-1"},"canonical":"https:\/\/larucheindustrielle.fr\/fr\/evenement\/portes-ouvertes-location-espaces-07-2025\/","og_locale":"fr_FR","og_type":"article","og_title":"Portes ouvertes Location d'espaces - La Ruche industrielle","og_description":"Vous \u00eates une entreprise \u00e0 la recherche d\u2019un lieu inspirant pour vos \u00e9v\u00e9nements, r\u00e9unions ou ateliers\u202f? Venez d\u00e9couvrir La Ruche Industrielle, un lieu atypique au c\u0153ur de V\u00e9nissieux, lors de notre apr\u00e8s-midi portes ouvertes d\u00e9di\u00e9e aux professionnels.","og_url":"https:\/\/larucheindustrielle.fr\/fr\/evenement\/portes-ouvertes-location-espaces-07-2025\/","og_site_name":"La Ruche industrielle","article_modified_time":"2025-06-13T08:57:51+00:00","og_image":[{"width":1772,"height":1181,"url":"https:\/\/larucheindustrielle.fr\/wp-content\/uploads\/2024\/12\/cecile-cayon-la-ruche-tpe-pme-venissieux-4.jpg","type":"image\/jpeg"}],"twitter_card":"summary_large_image","twitter_site":"@LaRucheIndus","twitter_misc":{"Dur\u00e9e de lecture estim\u00e9e":"2 minutes"},"schema":{"@context":"https:\/\/schema.org","@graph":[{"@type":"WebPage","@id":"https:\/\/larucheindustrielle.fr\/fr\/evenement\/portes-ouvertes-location-espaces-07-2025\/","url":"https:\/\/larucheindustrielle.fr\/fr\/evenement\/portes-ouvertes-location-espaces-07-2025\/","name":"Portes ouvertes Location d'espaces - La Ruche industrielle","isPartOf":{"@id":"https:\/\/larucheindustrielle.fr\/fr\/#website"},"primaryImageOfPage":{"@id":"https:\/\/larucheindustrielle.fr\/fr\/evenement\/portes-ouvertes-location-espaces-07-2025\/#primaryimage"},"image":{"@id":"https:\/\/larucheindustrielle.fr\/fr\/evenement\/portes-ouvertes-location-espaces-07-2025\/#primaryimage"},"thumbnailUrl":"https:\/\/larucheindustrielle.fr\/wp-content\/uploads\/2024\/12\/cecile-cayon-la-ruche-tpe-pme-venissieux-4.jpg","datePublished":"2025-05-15T09:08:11+00:00","dateModified":"2025-06-13T08:57:51+00:00","inLanguage":"fr-FR","potentialAction":[{"@type":"ReadAction","target":["https:\/\/larucheindustrielle.fr\/fr\/evenement\/portes-ouvertes-location-espaces-07-2025\/"]}]},{"@type":"ImageObject","inLanguage":"fr-FR","@id":"https:\/\/larucheindustrielle.fr\/fr\/evenement\/portes-ouvertes-location-espaces-07-2025\/#primaryimage","url":"https:\/\/larucheindustrielle.fr\/wp-content\/uploads\/2024\/12\/cecile-cayon-la-ruche-tpe-pme-venissieux-4.jpg","contentUrl":"https:\/\/larucheindustrielle.fr\/wp-content\/uploads\/2024\/12\/cecile-cayon-la-ruche-tpe-pme-venissieux-4.jpg","width":1772,"height":1181},{"@type":"WebSite","@id":"https:\/\/larucheindustrielle.fr\/fr\/#website","url":"https:\/\/larucheindustrielle.fr\/fr\/","name":"La Ruche industrielle","description":"Ici, on construit ensemble l&#039;industrie du futur !","publisher":{"@id":"https:\/\/larucheindustrielle.fr\/fr\/#organization"},"potentialAction":[{"@type":"SearchAction","target":{"@type":"EntryPoint","urlTemplate":"https:\/\/larucheindustrielle.fr\/fr\/?s={search_term_string}"},"query-input":{"@type":"PropertyValueSpecification","valueRequired":true,"valueName":"search_term_string"}}],"inLanguage":"fr-FR"},{"@type":"Organization","@id":"https:\/\/larucheindustrielle.fr\/fr\/#organization","name":"La Ruche industrielle","url":"https:\/\/larucheindustrielle.fr\/fr\/","logo":{"@type":"ImageObject","inLanguage":"fr-FR","@id":"https:\/\/larucheindustrielle.fr\/fr\/#\/schema\/logo\/image\/","url":"https:\/\/larucheindustrielle.fr\/wp-content\/uploads\/2023\/06\/Home-page-Logo-la-ruche-en-bois.jpg","contentUrl":"https:\/\/larucheindustrielle.fr\/wp-content\/uploads\/2023\/06\/Home-page-Logo-la-ruche-en-bois.jpg","width":1280,"height":853,"caption":"La Ruche industrielle"},"image":{"@id":"https:\/\/larucheindustrielle.fr\/fr\/#\/schema\/logo\/image\/"},"sameAs":["https:\/\/x.com\/LaRucheIndus","https:\/\/fr.linkedin.com\/company\/la-ruche-industrielle","https:\/\/www.youtube.com\/@larucheindustrielle932","https:\/\/www.instagram.com\/larucheindustrielle\/"]}]}},"publishpress_future_action":{"enabled":false,"date":"2026-05-04 12:50:35","action":"category","newStatus":"draft","terms":[13],"taxonomy":"category","extraData":[]},"publishpress_future_workflow_manual_trigger":{"enabledWorkflows":[]},"_links":{"self":[{"href":"https:\/\/larucheindustrielle.fr\/fr\/wp-json\/wp\/v2\/evenement\/8296","targetHints":{"allow":["GET"]}}],"collection":[{"href":"https:\/\/larucheindustrielle.fr\/fr\/wp-json\/wp\/v2\/evenement"}],"about":[{"href":"https:\/\/larucheindustrielle.fr\/fr\/wp-json\/wp\/v2\/types\/evenement"}],"wp:featuredmedia":[{"embeddable":true,"href":"https:\/\/larucheindustrielle.fr\/fr\/wp-json\/wp\/v2\/media\/6900"}],"wp:attachment":[{"href":"https:\/\/larucheindustrielle.fr\/fr\/wp-json\/wp\/v2\/media?parent=8296"}],"wp:term":[{"taxonomy":"category","embeddable":true,"href":"https:\/\/larucheindustrielle.fr\/fr\/wp-json\/wp\/v2\/categories?post=8296"},{"taxonomy":"post_tag","embeddable":true,"href":"https:\/\/larucheindustrielle.fr\/fr\/wp-json\/wp\/v2\/tags?post=8296"}],"curies":[{"name":"wp","href":"https:\/\/api.w.org\/{rel}","templated":true}]}}