{"id":8319,"date":"2025-05-19T12:02:58","date_gmt":"2025-05-19T10:02:58","guid":{"rendered":"https:\/\/larucheindustrielle.fr\/fr\/?post_type=evenement&#038;p=8319"},"modified":"2025-05-19T12:23:01","modified_gmt":"2025-05-19T10:23:01","slug":"indulo-circulaire-06-25","status":"publish","type":"evenement","link":"https:\/\/larucheindustrielle.fr\/fr\/evenement\/indulo-circulaire-06-25\/","title":{"rendered":"Industrie circulaire : d\u00e9couverte des m\u00e9tiers et visite d&rsquo;entreprise"},"content":{"rendered":"<h5>Plongez dans l&rsquo;industrie circulaire ! Une demi-journ\u00e9e d&rsquo;\u00e9changes et de d\u00e9couverte des m\u00e9tiers de l&rsquo;industrie avec un focus sur la th\u00e9matique de l\u2019industrie circulaire.<\/h5>\n<p>Venez d\u00e9couvrir les m\u00e9tiers de l\u2019industrie \u00e0 travers l\u2019\u00e9v\u00e9nement <strong>INDULO Circulaire<\/strong>, un apr\u00e8s-midi immersif \u00e0 destination des <strong>jeunes<\/strong>, de leurs <strong>parents<\/strong>, et aussi des <strong>enseignants<\/strong> et <strong>professionnels de l\u2019orientation<\/strong>.<\/p>\n<p><img loading=\"lazy\" decoding=\"async\" class=\"aligncenter wp-image-8324 size-full\" src=\"https:\/\/larucheindustrielle.fr\/wp-content\/uploads\/2025\/05\/indulo-circulaire-visite-06-25.jpg\" alt=\"\" width=\"618\" height=\"885\" srcset=\"https:\/\/larucheindustrielle.fr\/wp-content\/uploads\/2025\/05\/indulo-circulaire-visite-06-25.jpg 618w, https:\/\/larucheindustrielle.fr\/wp-content\/uploads\/2025\/05\/indulo-circulaire-visite-06-25-480x687.jpg 480w\" sizes=\"(min-width: 0px) and (max-width: 480px) 480px, (min-width: 481px) 618px, 100vw\" \/><\/p>\n<p>&nbsp;<\/p>\n<p>\ud83c\udfaf <strong>Pour qui ?<\/strong><br \/>\nJeunes en r\u00e9flexion sur leur orientation, parents, enseignants, conseillers, curieux&#8230;<\/p>\n<p>\ud83d\udccd<strong>O\u00f9 ?<\/strong><br \/>\nSur le site USIN \u00e0 V\u00e9nissieux, avec un retour \u00e0 La Ruche pour le d\u00e9brief<\/p>\n<p><strong>Une occasion unique de d\u00e9couvrir des initiatives industrielles locales inspirantes, de poser vos questions et d\u2019imaginer de nouveaux futurs professionnels !<\/strong><\/p>\n<p>On vous attend nombreux !<\/p>\n<p><strong>\u00c9v\u00e9nement gratuit \u2013 sur inscription<\/strong><\/p>\n<p>&nbsp;<\/p>\n<p>&nbsp;<\/p>\n<h4>\ud83c\udf0dChaque geste compte pour la plan\u00e8te ! \ud83c\udf0d<\/h4>\n<p>La Ruche Industrielle b\u00e9n\u00e9ficie d\u2019un emplacement id\u00e9al en mati\u00e8re d\u2019accessibilit\u00e9 : <a href=\"https:\/\/larucheindustrielle.fr\/fr\/acces\/\" target=\"_blank\" rel=\"noopener\">voir les informations pratiques<\/a><\/p>\n<ul>\n<li>A proximit\u00e9 imm\u00e9diate du m\u00e9tro et du tramway, un parking v\u00e9lo s\u00e9curis\u00e9 est \u00e9galement disponible.<\/li>\n<li><strong>Privil\u00e9giez ces mobilit\u00e9s douces et pensez au covoiturage<\/strong>, surtout si vous venez \u00e0 plusieurs de la m\u00eame entreprise !<\/li>\n<\/ul>\n<p>Des solutions simples et efficaces pour r\u00e9duire votre impact environnemental.<\/p>\n<p>Pour vous aider \u00e0 faire les bons choix : <a class=\"small-button smallgreen\" href=\"https:\/\/agirpourlatransition.ademe.fr\/particuliers\/bureau\/deplacements\/calculer-emissions-carbone-trajets\" target=\"_blank\" rel=\"noopener\">Estimez l\u2019empreinte carbone de votre trajet<br \/>\n<\/a><\/p>\n","protected":false},"excerpt":{"rendered":"<p>Venez d\u00e9couvrir les m\u00e9tiers de l\u2019industrie \u00e0 travers l\u2019\u00e9v\u00e9nement INDULO Circulaire, un apr\u00e8s-midi immersif \u00e0 destination des jeunes, de leurs parents, et aussi des enseignants et professionnels de l\u2019orientation.<\/p>\n","protected":false},"featured_media":0,"template":"","meta":{"_acf_changed":false,"_et_pb_use_builder":"","_et_pb_old_content":"","_et_gb_content_width":""},"categories":[13],"tags":[],"class_list":["post-8319","evenement","type-evenement","status-publish","hentry","category-passe"],"acf":[],"yoast_head":"<!-- This site is optimized with the Yoast SEO plugin v27.4 - https:\/\/yoast.com\/product\/yoast-seo-wordpress\/ -->\n<title>Industrie circulaire : d\u00e9couverte des m\u00e9tiers et visite d&#039;entreprise - La Ruche industrielle<\/title>\n<meta name=\"robots\" content=\"index, follow, max-snippet:-1, max-image-preview:large, max-video-preview:-1\" \/>\n<link rel=\"canonical\" href=\"https:\/\/larucheindustrielle.fr\/fr\/evenement\/indulo-circulaire-06-25\/\" \/>\n<meta property=\"og:locale\" content=\"fr_FR\" \/>\n<meta property=\"og:type\" content=\"article\" \/>\n<meta property=\"og:title\" content=\"Industrie circulaire : d\u00e9couverte des m\u00e9tiers et visite d&#039;entreprise - La Ruche industrielle\" \/>\n<meta property=\"og:description\" content=\"Venez d\u00e9couvrir les m\u00e9tiers de l\u2019industrie \u00e0 travers l\u2019\u00e9v\u00e9nement INDULO Circulaire, un apr\u00e8s-midi immersif \u00e0 destination des jeunes, de leurs parents, et aussi des enseignants et professionnels de l\u2019orientation.\" \/>\n<meta property=\"og:url\" content=\"https:\/\/larucheindustrielle.fr\/fr\/evenement\/indulo-circulaire-06-25\/\" \/>\n<meta property=\"og:site_name\" content=\"La Ruche industrielle\" \/>\n<meta property=\"article:modified_time\" content=\"2025-05-19T10:23:01+00:00\" \/>\n<meta property=\"og:image\" content=\"https:\/\/larucheindustrielle.fr\/wp-content\/uploads\/2025\/05\/indulo-circulaire.jpg\" \/>\n\t<meta property=\"og:image:width\" content=\"795\" \/>\n\t<meta property=\"og:image:height\" content=\"380\" \/>\n\t<meta property=\"og:image:type\" content=\"image\/jpeg\" \/>\n<meta name=\"twitter:card\" content=\"summary_large_image\" \/>\n<meta name=\"twitter:site\" content=\"@LaRucheIndus\" \/>\n<meta name=\"twitter:label1\" content=\"Dur\u00e9e de lecture estim\u00e9e\" \/>\n\t<meta name=\"twitter:data1\" content=\"2 minutes\" \/>\n<script type=\"application\/ld+json\" class=\"yoast-schema-graph\">{\"@context\":\"https:\\\/\\\/schema.org\",\"@graph\":[{\"@type\":\"WebPage\",\"@id\":\"https:\\\/\\\/larucheindustrielle.fr\\\/fr\\\/evenement\\\/indulo-circulaire-06-25\\\/\",\"url\":\"https:\\\/\\\/larucheindustrielle.fr\\\/fr\\\/evenement\\\/indulo-circulaire-06-25\\\/\",\"name\":\"Industrie circulaire : d\u00e9couverte des m\u00e9tiers et visite d'entreprise - La Ruche industrielle\",\"isPartOf\":{\"@id\":\"https:\\\/\\\/larucheindustrielle.fr\\\/fr\\\/#website\"},\"primaryImageOfPage\":{\"@id\":\"https:\\\/\\\/larucheindustrielle.fr\\\/fr\\\/evenement\\\/indulo-circulaire-06-25\\\/#primaryimage\"},\"image\":{\"@id\":\"https:\\\/\\\/larucheindustrielle.fr\\\/fr\\\/evenement\\\/indulo-circulaire-06-25\\\/#primaryimage\"},\"thumbnailUrl\":\"https:\\\/\\\/larucheindustrielle.fr\\\/wp-content\\\/uploads\\\/2025\\\/05\\\/indulo-circulaire-visite-06-25.jpg\",\"datePublished\":\"2025-05-19T10:02:58+00:00\",\"dateModified\":\"2025-05-19T10:23:01+00:00\",\"inLanguage\":\"fr-FR\",\"potentialAction\":[{\"@type\":\"ReadAction\",\"target\":[\"https:\\\/\\\/larucheindustrielle.fr\\\/fr\\\/evenement\\\/indulo-circulaire-06-25\\\/\"]}]},{\"@type\":\"ImageObject\",\"inLanguage\":\"fr-FR\",\"@id\":\"https:\\\/\\\/larucheindustrielle.fr\\\/fr\\\/evenement\\\/indulo-circulaire-06-25\\\/#primaryimage\",\"url\":\"https:\\\/\\\/larucheindustrielle.fr\\\/wp-content\\\/uploads\\\/2025\\\/05\\\/indulo-circulaire-visite-06-25.jpg\",\"contentUrl\":\"https:\\\/\\\/larucheindustrielle.fr\\\/wp-content\\\/uploads\\\/2025\\\/05\\\/indulo-circulaire-visite-06-25.jpg\"},{\"@type\":\"WebSite\",\"@id\":\"https:\\\/\\\/larucheindustrielle.fr\\\/fr\\\/#website\",\"url\":\"https:\\\/\\\/larucheindustrielle.fr\\\/fr\\\/\",\"name\":\"La Ruche industrielle\",\"description\":\"Ici, on construit ensemble l&#039;industrie du futur !\",\"publisher\":{\"@id\":\"https:\\\/\\\/larucheindustrielle.fr\\\/fr\\\/#organization\"},\"potentialAction\":[{\"@type\":\"SearchAction\",\"target\":{\"@type\":\"EntryPoint\",\"urlTemplate\":\"https:\\\/\\\/larucheindustrielle.fr\\\/fr\\\/?s={search_term_string}\"},\"query-input\":{\"@type\":\"PropertyValueSpecification\",\"valueRequired\":true,\"valueName\":\"search_term_string\"}}],\"inLanguage\":\"fr-FR\"},{\"@type\":\"Organization\",\"@id\":\"https:\\\/\\\/larucheindustrielle.fr\\\/fr\\\/#organization\",\"name\":\"La Ruche industrielle\",\"url\":\"https:\\\/\\\/larucheindustrielle.fr\\\/fr\\\/\",\"logo\":{\"@type\":\"ImageObject\",\"inLanguage\":\"fr-FR\",\"@id\":\"https:\\\/\\\/larucheindustrielle.fr\\\/fr\\\/#\\\/schema\\\/logo\\\/image\\\/\",\"url\":\"https:\\\/\\\/larucheindustrielle.fr\\\/wp-content\\\/uploads\\\/2023\\\/06\\\/Home-page-Logo-la-ruche-en-bois.jpg\",\"contentUrl\":\"https:\\\/\\\/larucheindustrielle.fr\\\/wp-content\\\/uploads\\\/2023\\\/06\\\/Home-page-Logo-la-ruche-en-bois.jpg\",\"width\":1280,\"height\":853,\"caption\":\"La Ruche industrielle\"},\"image\":{\"@id\":\"https:\\\/\\\/larucheindustrielle.fr\\\/fr\\\/#\\\/schema\\\/logo\\\/image\\\/\"},\"sameAs\":[\"https:\\\/\\\/x.com\\\/LaRucheIndus\",\"https:\\\/\\\/fr.linkedin.com\\\/company\\\/la-ruche-industrielle\",\"https:\\\/\\\/www.youtube.com\\\/@larucheindustrielle932\",\"https:\\\/\\\/www.instagram.com\\\/larucheindustrielle\\\/\"]}]}<\/script>\n<!-- \/ Yoast SEO plugin. -->","yoast_head_json":{"title":"Industrie circulaire : d\u00e9couverte des m\u00e9tiers et visite d'entreprise - La Ruche industrielle","robots":{"index":"index","follow":"follow","max-snippet":"max-snippet:-1","max-image-preview":"max-image-preview:large","max-video-preview":"max-video-preview:-1"},"canonical":"https:\/\/larucheindustrielle.fr\/fr\/evenement\/indulo-circulaire-06-25\/","og_locale":"fr_FR","og_type":"article","og_title":"Industrie circulaire : d\u00e9couverte des m\u00e9tiers et visite d'entreprise - La Ruche industrielle","og_description":"Venez d\u00e9couvrir les m\u00e9tiers de l\u2019industrie \u00e0 travers l\u2019\u00e9v\u00e9nement INDULO Circulaire, un apr\u00e8s-midi immersif \u00e0 destination des jeunes, de leurs parents, et aussi des enseignants et professionnels de l\u2019orientation.","og_url":"https:\/\/larucheindustrielle.fr\/fr\/evenement\/indulo-circulaire-06-25\/","og_site_name":"La Ruche industrielle","article_modified_time":"2025-05-19T10:23:01+00:00","og_image":[{"width":795,"height":380,"url":"https:\/\/larucheindustrielle.fr\/wp-content\/uploads\/2025\/05\/indulo-circulaire.jpg","type":"image\/jpeg"}],"twitter_card":"summary_large_image","twitter_site":"@LaRucheIndus","twitter_misc":{"Dur\u00e9e de lecture estim\u00e9e":"2 minutes"},"schema":{"@context":"https:\/\/schema.org","@graph":[{"@type":"WebPage","@id":"https:\/\/larucheindustrielle.fr\/fr\/evenement\/indulo-circulaire-06-25\/","url":"https:\/\/larucheindustrielle.fr\/fr\/evenement\/indulo-circulaire-06-25\/","name":"Industrie circulaire : d\u00e9couverte des m\u00e9tiers et visite d'entreprise - La Ruche industrielle","isPartOf":{"@id":"https:\/\/larucheindustrielle.fr\/fr\/#website"},"primaryImageOfPage":{"@id":"https:\/\/larucheindustrielle.fr\/fr\/evenement\/indulo-circulaire-06-25\/#primaryimage"},"image":{"@id":"https:\/\/larucheindustrielle.fr\/fr\/evenement\/indulo-circulaire-06-25\/#primaryimage"},"thumbnailUrl":"https:\/\/larucheindustrielle.fr\/wp-content\/uploads\/2025\/05\/indulo-circulaire-visite-06-25.jpg","datePublished":"2025-05-19T10:02:58+00:00","dateModified":"2025-05-19T10:23:01+00:00","inLanguage":"fr-FR","potentialAction":[{"@type":"ReadAction","target":["https:\/\/larucheindustrielle.fr\/fr\/evenement\/indulo-circulaire-06-25\/"]}]},{"@type":"ImageObject","inLanguage":"fr-FR","@id":"https:\/\/larucheindustrielle.fr\/fr\/evenement\/indulo-circulaire-06-25\/#primaryimage","url":"https:\/\/larucheindustrielle.fr\/wp-content\/uploads\/2025\/05\/indulo-circulaire-visite-06-25.jpg","contentUrl":"https:\/\/larucheindustrielle.fr\/wp-content\/uploads\/2025\/05\/indulo-circulaire-visite-06-25.jpg"},{"@type":"WebSite","@id":"https:\/\/larucheindustrielle.fr\/fr\/#website","url":"https:\/\/larucheindustrielle.fr\/fr\/","name":"La Ruche industrielle","description":"Ici, on construit ensemble l&#039;industrie du futur !","publisher":{"@id":"https:\/\/larucheindustrielle.fr\/fr\/#organization"},"potentialAction":[{"@type":"SearchAction","target":{"@type":"EntryPoint","urlTemplate":"https:\/\/larucheindustrielle.fr\/fr\/?s={search_term_string}"},"query-input":{"@type":"PropertyValueSpecification","valueRequired":true,"valueName":"search_term_string"}}],"inLanguage":"fr-FR"},{"@type":"Organization","@id":"https:\/\/larucheindustrielle.fr\/fr\/#organization","name":"La Ruche industrielle","url":"https:\/\/larucheindustrielle.fr\/fr\/","logo":{"@type":"ImageObject","inLanguage":"fr-FR","@id":"https:\/\/larucheindustrielle.fr\/fr\/#\/schema\/logo\/image\/","url":"https:\/\/larucheindustrielle.fr\/wp-content\/uploads\/2023\/06\/Home-page-Logo-la-ruche-en-bois.jpg","contentUrl":"https:\/\/larucheindustrielle.fr\/wp-content\/uploads\/2023\/06\/Home-page-Logo-la-ruche-en-bois.jpg","width":1280,"height":853,"caption":"La Ruche industrielle"},"image":{"@id":"https:\/\/larucheindustrielle.fr\/fr\/#\/schema\/logo\/image\/"},"sameAs":["https:\/\/x.com\/LaRucheIndus","https:\/\/fr.linkedin.com\/company\/la-ruche-industrielle","https:\/\/www.youtube.com\/@larucheindustrielle932","https:\/\/www.instagram.com\/larucheindustrielle\/"]}]}},"publishpress_future_action":{"enabled":false,"date":"2026-05-04 12:41:48","action":"category","newStatus":"draft","terms":[13],"taxonomy":"category","extraData":[]},"publishpress_future_workflow_manual_trigger":{"enabledWorkflows":[]},"_links":{"self":[{"href":"https:\/\/larucheindustrielle.fr\/fr\/wp-json\/wp\/v2\/evenement\/8319","targetHints":{"allow":["GET"]}}],"collection":[{"href":"https:\/\/larucheindustrielle.fr\/fr\/wp-json\/wp\/v2\/evenement"}],"about":[{"href":"https:\/\/larucheindustrielle.fr\/fr\/wp-json\/wp\/v2\/types\/evenement"}],"wp:attachment":[{"href":"https:\/\/larucheindustrielle.fr\/fr\/wp-json\/wp\/v2\/media?parent=8319"}],"wp:term":[{"taxonomy":"category","embeddable":true,"href":"https:\/\/larucheindustrielle.fr\/fr\/wp-json\/wp\/v2\/categories?post=8319"},{"taxonomy":"post_tag","embeddable":true,"href":"https:\/\/larucheindustrielle.fr\/fr\/wp-json\/wp\/v2\/tags?post=8319"}],"curies":[{"name":"wp","href":"https:\/\/api.w.org\/{rel}","templated":true}]}}