{"id":8333,"date":"2025-05-20T15:36:15","date_gmt":"2025-05-20T13:36:15","guid":{"rendered":"https:\/\/larucheindustrielle.fr\/fr\/?post_type=evenement&#038;p=8333"},"modified":"2025-09-15T17:38:42","modified_gmt":"2025-09-15T15:38:42","slug":"afterwork-management-inter-generationnel","status":"publish","type":"evenement","link":"https:\/\/larucheindustrielle.fr\/fr\/evenement\/afterwork-management-inter-generationnel\/","title":{"rendered":"Afterwork : Management inter-g\u00e9n\u00e9rationnel"},"content":{"rendered":"<p><img loading=\"lazy\" decoding=\"async\" class=\"alignnone size-medium wp-image-1637\" src=\"https:\/\/larucheindustrielle.fr\/wp-content\/uploads\/2023\/04\/Ateliers-KOLINKIS-miniature-1-300x221.jpg\" alt=\"\" width=\"300\" height=\"221\" \/><\/p>\n<h5>D\u00e9couvrez comment harmoniser les relations entre diff\u00e9rentes g\u00e9n\u00e9rations au sein de votre \u00e9quipe.<\/h5>\n<p>Cet atelier, riche en exercices exp\u00e9rientiels, vous fournira des techniques concr\u00e8tes pour tirer parti des forces de chaque g\u00e9n\u00e9ration. Participez et apprenez \u00e0 cr\u00e9er un environnement de travail inclusif et productif.<\/p>\n<p><strong>Tarifs :<\/strong><\/p>\n<ul>\n<li>Sans frais pour les salari\u00e9s des entreprises membres de la Ruche industrielle.<\/li>\n<li>5\u20ac, si vous \u00eates un particulier ou salari\u00e9 d\u2019une entreprise non adh\u00e9rente.<\/li>\n<\/ul>\n<p><strong>Informations pratiques :<\/strong><\/p>\n<ul>\n<li><em>Veillez \u00e0 venir en tenue confortable et <strong>chaussures plates et ferm\u00e9es.<\/strong><\/em><\/li>\n<li>Si vous \u00eates en <strong>situation de handicap<\/strong> et n\u00e9cessitez des adaptations pour cet afterwork, contactez notre r\u00e9f\u00e9rent handicap H\u00e9l\u00e8ne Morre sur <a href=\"mailto:h.morre@kolinkis.com\" target=\"_blank\" rel=\"noopener\">h.morre@kolinkis.com<\/a><\/li>\n<\/ul>\n<p><a href=\"https:\/\/larucheindustrielle.fr\/fr\/acces\/\"><img loading=\"lazy\" decoding=\"async\" class=\"wp-image-8584 aligncenter\" src=\"https:\/\/larucheindustrielle.fr\/wp-content\/uploads\/2025\/03\/Mobilite-douce-visuel.png\" alt=\"\" width=\"614\" height=\"461\" \/><\/a><\/p>\n","protected":false},"excerpt":{"rendered":"<p>D\u00e9couvrez comment harmoniser les relations entre diff\u00e9rentes g\u00e9n\u00e9rations au sein de votre \u00e9quipe. <\/p>\n","protected":false},"featured_media":5509,"template":"","meta":{"_acf_changed":false,"_et_pb_use_builder":"","_et_pb_old_content":"","_et_gb_content_width":""},"categories":[13],"tags":[],"class_list":["post-8333","evenement","type-evenement","status-publish","has-post-thumbnail","hentry","category-passe"],"acf":[],"yoast_head":"<!-- This site is optimized with the Yoast SEO plugin v27.4 - https:\/\/yoast.com\/product\/yoast-seo-wordpress\/ -->\n<title>Afterwork : Management inter-g\u00e9n\u00e9rationnel - La Ruche industrielle<\/title>\n<meta name=\"description\" content=\"D\u00e9veloppez votre assertivit\u00e9 et apprenez \u00e0 poser vos limites de mani\u00e8re claire et respectueuse.\" \/>\n<meta name=\"robots\" content=\"index, follow, max-snippet:-1, max-image-preview:large, max-video-preview:-1\" \/>\n<link rel=\"canonical\" href=\"https:\/\/larucheindustrielle.fr\/fr\/evenement\/afterwork-management-inter-generationnel\/\" \/>\n<meta property=\"og:locale\" content=\"fr_FR\" \/>\n<meta property=\"og:type\" content=\"article\" \/>\n<meta property=\"og:title\" content=\"Afterwork : Management inter-g\u00e9n\u00e9rationnel - La Ruche industrielle\" \/>\n<meta property=\"og:description\" content=\"D\u00e9veloppez votre assertivit\u00e9 et apprenez \u00e0 poser vos limites de mani\u00e8re claire et respectueuse.\" \/>\n<meta property=\"og:url\" content=\"https:\/\/larucheindustrielle.fr\/fr\/evenement\/afterwork-management-inter-generationnel\/\" \/>\n<meta property=\"og:site_name\" content=\"La Ruche industrielle\" \/>\n<meta property=\"article:modified_time\" content=\"2025-09-15T15:38:42+00:00\" \/>\n<meta property=\"og:image\" content=\"https:\/\/larucheindustrielle.fr\/wp-content\/uploads\/2024\/01\/2024-kolinkis.jpg\" \/>\n\t<meta property=\"og:image:width\" content=\"1024\" \/>\n\t<meta property=\"og:image:height\" content=\"498\" \/>\n\t<meta property=\"og:image:type\" content=\"image\/jpeg\" \/>\n<meta name=\"twitter:card\" content=\"summary_large_image\" \/>\n<meta name=\"twitter:site\" content=\"@LaRucheIndus\" \/>\n<meta name=\"twitter:label1\" content=\"Dur\u00e9e de lecture estim\u00e9e\" \/>\n\t<meta name=\"twitter:data1\" content=\"2 minutes\" \/>\n<script type=\"application\/ld+json\" class=\"yoast-schema-graph\">{\"@context\":\"https:\\\/\\\/schema.org\",\"@graph\":[{\"@type\":\"WebPage\",\"@id\":\"https:\\\/\\\/larucheindustrielle.fr\\\/fr\\\/evenement\\\/afterwork-management-inter-generationnel\\\/\",\"url\":\"https:\\\/\\\/larucheindustrielle.fr\\\/fr\\\/evenement\\\/afterwork-management-inter-generationnel\\\/\",\"name\":\"Afterwork : Management inter-g\u00e9n\u00e9rationnel - La Ruche industrielle\",\"isPartOf\":{\"@id\":\"https:\\\/\\\/larucheindustrielle.fr\\\/fr\\\/#website\"},\"primaryImageOfPage\":{\"@id\":\"https:\\\/\\\/larucheindustrielle.fr\\\/fr\\\/evenement\\\/afterwork-management-inter-generationnel\\\/#primaryimage\"},\"image\":{\"@id\":\"https:\\\/\\\/larucheindustrielle.fr\\\/fr\\\/evenement\\\/afterwork-management-inter-generationnel\\\/#primaryimage\"},\"thumbnailUrl\":\"https:\\\/\\\/larucheindustrielle.fr\\\/wp-content\\\/uploads\\\/2024\\\/01\\\/2024-kolinkis.jpg\",\"datePublished\":\"2025-05-20T13:36:15+00:00\",\"dateModified\":\"2025-09-15T15:38:42+00:00\",\"description\":\"D\u00e9veloppez votre assertivit\u00e9 et apprenez \u00e0 poser vos limites de mani\u00e8re claire et respectueuse.\",\"inLanguage\":\"fr-FR\",\"potentialAction\":[{\"@type\":\"ReadAction\",\"target\":[\"https:\\\/\\\/larucheindustrielle.fr\\\/fr\\\/evenement\\\/afterwork-management-inter-generationnel\\\/\"]}]},{\"@type\":\"ImageObject\",\"inLanguage\":\"fr-FR\",\"@id\":\"https:\\\/\\\/larucheindustrielle.fr\\\/fr\\\/evenement\\\/afterwork-management-inter-generationnel\\\/#primaryimage\",\"url\":\"https:\\\/\\\/larucheindustrielle.fr\\\/wp-content\\\/uploads\\\/2024\\\/01\\\/2024-kolinkis.jpg\",\"contentUrl\":\"https:\\\/\\\/larucheindustrielle.fr\\\/wp-content\\\/uploads\\\/2024\\\/01\\\/2024-kolinkis.jpg\",\"width\":1024,\"height\":498},{\"@type\":\"WebSite\",\"@id\":\"https:\\\/\\\/larucheindustrielle.fr\\\/fr\\\/#website\",\"url\":\"https:\\\/\\\/larucheindustrielle.fr\\\/fr\\\/\",\"name\":\"La Ruche industrielle\",\"description\":\"Ici, on construit ensemble l&#039;industrie du futur !\",\"publisher\":{\"@id\":\"https:\\\/\\\/larucheindustrielle.fr\\\/fr\\\/#organization\"},\"potentialAction\":[{\"@type\":\"SearchAction\",\"target\":{\"@type\":\"EntryPoint\",\"urlTemplate\":\"https:\\\/\\\/larucheindustrielle.fr\\\/fr\\\/?s={search_term_string}\"},\"query-input\":{\"@type\":\"PropertyValueSpecification\",\"valueRequired\":true,\"valueName\":\"search_term_string\"}}],\"inLanguage\":\"fr-FR\"},{\"@type\":\"Organization\",\"@id\":\"https:\\\/\\\/larucheindustrielle.fr\\\/fr\\\/#organization\",\"name\":\"La Ruche industrielle\",\"url\":\"https:\\\/\\\/larucheindustrielle.fr\\\/fr\\\/\",\"logo\":{\"@type\":\"ImageObject\",\"inLanguage\":\"fr-FR\",\"@id\":\"https:\\\/\\\/larucheindustrielle.fr\\\/fr\\\/#\\\/schema\\\/logo\\\/image\\\/\",\"url\":\"https:\\\/\\\/larucheindustrielle.fr\\\/wp-content\\\/uploads\\\/2023\\\/06\\\/Home-page-Logo-la-ruche-en-bois.jpg\",\"contentUrl\":\"https:\\\/\\\/larucheindustrielle.fr\\\/wp-content\\\/uploads\\\/2023\\\/06\\\/Home-page-Logo-la-ruche-en-bois.jpg\",\"width\":1280,\"height\":853,\"caption\":\"La Ruche industrielle\"},\"image\":{\"@id\":\"https:\\\/\\\/larucheindustrielle.fr\\\/fr\\\/#\\\/schema\\\/logo\\\/image\\\/\"},\"sameAs\":[\"https:\\\/\\\/x.com\\\/LaRucheIndus\",\"https:\\\/\\\/fr.linkedin.com\\\/company\\\/la-ruche-industrielle\",\"https:\\\/\\\/www.youtube.com\\\/@larucheindustrielle932\",\"https:\\\/\\\/www.instagram.com\\\/larucheindustrielle\\\/\"]}]}<\/script>\n<!-- \/ Yoast SEO plugin. -->","yoast_head_json":{"title":"Afterwork : Management inter-g\u00e9n\u00e9rationnel - La Ruche industrielle","description":"D\u00e9veloppez votre assertivit\u00e9 et apprenez \u00e0 poser vos limites de mani\u00e8re claire et respectueuse.","robots":{"index":"index","follow":"follow","max-snippet":"max-snippet:-1","max-image-preview":"max-image-preview:large","max-video-preview":"max-video-preview:-1"},"canonical":"https:\/\/larucheindustrielle.fr\/fr\/evenement\/afterwork-management-inter-generationnel\/","og_locale":"fr_FR","og_type":"article","og_title":"Afterwork : Management inter-g\u00e9n\u00e9rationnel - La Ruche industrielle","og_description":"D\u00e9veloppez votre assertivit\u00e9 et apprenez \u00e0 poser vos limites de mani\u00e8re claire et respectueuse.","og_url":"https:\/\/larucheindustrielle.fr\/fr\/evenement\/afterwork-management-inter-generationnel\/","og_site_name":"La Ruche industrielle","article_modified_time":"2025-09-15T15:38:42+00:00","og_image":[{"width":1024,"height":498,"url":"https:\/\/larucheindustrielle.fr\/wp-content\/uploads\/2024\/01\/2024-kolinkis.jpg","type":"image\/jpeg"}],"twitter_card":"summary_large_image","twitter_site":"@LaRucheIndus","twitter_misc":{"Dur\u00e9e de lecture estim\u00e9e":"2 minutes"},"schema":{"@context":"https:\/\/schema.org","@graph":[{"@type":"WebPage","@id":"https:\/\/larucheindustrielle.fr\/fr\/evenement\/afterwork-management-inter-generationnel\/","url":"https:\/\/larucheindustrielle.fr\/fr\/evenement\/afterwork-management-inter-generationnel\/","name":"Afterwork : Management inter-g\u00e9n\u00e9rationnel - La Ruche industrielle","isPartOf":{"@id":"https:\/\/larucheindustrielle.fr\/fr\/#website"},"primaryImageOfPage":{"@id":"https:\/\/larucheindustrielle.fr\/fr\/evenement\/afterwork-management-inter-generationnel\/#primaryimage"},"image":{"@id":"https:\/\/larucheindustrielle.fr\/fr\/evenement\/afterwork-management-inter-generationnel\/#primaryimage"},"thumbnailUrl":"https:\/\/larucheindustrielle.fr\/wp-content\/uploads\/2024\/01\/2024-kolinkis.jpg","datePublished":"2025-05-20T13:36:15+00:00","dateModified":"2025-09-15T15:38:42+00:00","description":"D\u00e9veloppez votre assertivit\u00e9 et apprenez \u00e0 poser vos limites de mani\u00e8re claire et respectueuse.","inLanguage":"fr-FR","potentialAction":[{"@type":"ReadAction","target":["https:\/\/larucheindustrielle.fr\/fr\/evenement\/afterwork-management-inter-generationnel\/"]}]},{"@type":"ImageObject","inLanguage":"fr-FR","@id":"https:\/\/larucheindustrielle.fr\/fr\/evenement\/afterwork-management-inter-generationnel\/#primaryimage","url":"https:\/\/larucheindustrielle.fr\/wp-content\/uploads\/2024\/01\/2024-kolinkis.jpg","contentUrl":"https:\/\/larucheindustrielle.fr\/wp-content\/uploads\/2024\/01\/2024-kolinkis.jpg","width":1024,"height":498},{"@type":"WebSite","@id":"https:\/\/larucheindustrielle.fr\/fr\/#website","url":"https:\/\/larucheindustrielle.fr\/fr\/","name":"La Ruche industrielle","description":"Ici, on construit ensemble l&#039;industrie du futur !","publisher":{"@id":"https:\/\/larucheindustrielle.fr\/fr\/#organization"},"potentialAction":[{"@type":"SearchAction","target":{"@type":"EntryPoint","urlTemplate":"https:\/\/larucheindustrielle.fr\/fr\/?s={search_term_string}"},"query-input":{"@type":"PropertyValueSpecification","valueRequired":true,"valueName":"search_term_string"}}],"inLanguage":"fr-FR"},{"@type":"Organization","@id":"https:\/\/larucheindustrielle.fr\/fr\/#organization","name":"La Ruche industrielle","url":"https:\/\/larucheindustrielle.fr\/fr\/","logo":{"@type":"ImageObject","inLanguage":"fr-FR","@id":"https:\/\/larucheindustrielle.fr\/fr\/#\/schema\/logo\/image\/","url":"https:\/\/larucheindustrielle.fr\/wp-content\/uploads\/2023\/06\/Home-page-Logo-la-ruche-en-bois.jpg","contentUrl":"https:\/\/larucheindustrielle.fr\/wp-content\/uploads\/2023\/06\/Home-page-Logo-la-ruche-en-bois.jpg","width":1280,"height":853,"caption":"La Ruche industrielle"},"image":{"@id":"https:\/\/larucheindustrielle.fr\/fr\/#\/schema\/logo\/image\/"},"sameAs":["https:\/\/x.com\/LaRucheIndus","https:\/\/fr.linkedin.com\/company\/la-ruche-industrielle","https:\/\/www.youtube.com\/@larucheindustrielle932","https:\/\/www.instagram.com\/larucheindustrielle\/"]}]}},"publishpress_future_action":{"enabled":false,"date":"2026-05-04 11:20:46","action":"category","newStatus":"draft","terms":[13],"taxonomy":"category","extraData":[]},"publishpress_future_workflow_manual_trigger":{"enabledWorkflows":[]},"_links":{"self":[{"href":"https:\/\/larucheindustrielle.fr\/fr\/wp-json\/wp\/v2\/evenement\/8333","targetHints":{"allow":["GET"]}}],"collection":[{"href":"https:\/\/larucheindustrielle.fr\/fr\/wp-json\/wp\/v2\/evenement"}],"about":[{"href":"https:\/\/larucheindustrielle.fr\/fr\/wp-json\/wp\/v2\/types\/evenement"}],"wp:featuredmedia":[{"embeddable":true,"href":"https:\/\/larucheindustrielle.fr\/fr\/wp-json\/wp\/v2\/media\/5509"}],"wp:attachment":[{"href":"https:\/\/larucheindustrielle.fr\/fr\/wp-json\/wp\/v2\/media?parent=8333"}],"wp:term":[{"taxonomy":"category","embeddable":true,"href":"https:\/\/larucheindustrielle.fr\/fr\/wp-json\/wp\/v2\/categories?post=8333"},{"taxonomy":"post_tag","embeddable":true,"href":"https:\/\/larucheindustrielle.fr\/fr\/wp-json\/wp\/v2\/tags?post=8333"}],"curies":[{"name":"wp","href":"https:\/\/api.w.org\/{rel}","templated":true}]}}