{"id":8657,"date":"2025-07-18T10:52:38","date_gmt":"2025-07-18T08:52:38","guid":{"rendered":"https:\/\/larucheindustrielle.fr\/fr\/?post_type=evenement&#038;p=8657"},"modified":"2025-11-10T08:38:57","modified_gmt":"2025-11-10T07:38:57","slug":"projet-reduction-du-time-to-market","status":"publish","type":"evenement","link":"https:\/\/larucheindustrielle.fr\/fr\/evenement\/projet-reduction-du-time-to-market\/","title":{"rendered":"Projet R\u00e9duction du Time to Market"},"content":{"rendered":"<p><strong data-renderer-mark=\"true\">\ud83d\udce2 RDV le 6 novembre \u00e0 La Ruche Industrielle pour le temps fort autour du projet r\u00e9duction du Time To Market !<\/strong><\/p>\n<p><img loading=\"lazy\" decoding=\"async\" class=\"alignnone wp-image-8851 \" src=\"https:\/\/larucheindustrielle.fr\/wp-content\/uploads\/2025\/07\/REX-TTM--1024x1024.png\" alt=\"\" width=\"598\" height=\"598\" \/><\/p>\n<p>Les entreprises europ\u00e9ennes font face \u00e0 une concurrence accrue, notamment venue de Chine, sur les d\u00e9lais de mise sur le march\u00e9 de leurs produits et services. Un temps de d\u00e9veloppement produit trop long est un risque de perte de parts de march\u00e9, de moindre correspondance aux attentes des clients, et de co\u00fbts de d\u00e9veloppement suppl\u00e9mentaires.<\/p>\n<p>Aldes, Bosch Rexroth, EFI, Haulotte, JTEKT, PTC et Montabert ont collabor\u00e9 <strong>pour comprendre le contexte actuel<\/strong> et pourquoi il est crucial d&rsquo;\u00eatre performant sur le Time to Market. Ils ont <strong>identifi\u00e9 des leviers et des outils<\/strong> \u00e0 mettre en place sur diff\u00e9rents aspects :<\/p>\n<ul>\n<li>Processus de d\u00e9veloppement : r\u00e9duire les cycles en <strong data-start=\"1570\" data-end=\"1616\">supprimant certaines \u00e9tapes de prototypage<\/strong> gr\u00e2ce \u00e0 des <strong data-start=\"1629\" data-end=\"1664\">validations num\u00e9riques en amont<\/strong><\/li>\n<li>Nouvelle approche : n<span data-olk-copy-source=\"MessageBody\">e pas vouloir faire le meilleur produit possible mais <strong>r\u00e9pondre au juste besoin client\u00a0<\/strong><\/span><\/li>\n<li>Engagement des \u00e9quipes projets : comment<strong> ouvrir les silos<\/strong> en impliquant simultan\u00e9ment plusieurs m\u00e9tiers, en proc\u00e9dant par it\u00e9rations<\/li>\n<li>Gouvernance projet : comment renforcer le r\u00f4le des sponsors, et <strong>oser prendre des risques acceptables\u00a0<\/strong><\/li>\n<li>&#8230;<\/li>\n<\/ul>\n<p>Les apprentissages et les conclusions vous seront partag\u00e9es \u00e0 l\u2019occasion du REX !<\/p>\n<p>\ud83d\udce3 <strong data-renderer-mark=\"true\">| Le programme :<\/strong><\/p>\n<ul>\n<li>Accueil caf\u00e9 d\u00e8s 8h30<\/li>\n<li>Pr\u00e9sentation du projet et des exp\u00e9rimentations<\/li>\n<li>Approfondissements techniques et retours d\u2019exp\u00e9riences<\/li>\n<li>D\u00e9monstrations et partage des r\u00e9sultats<\/li>\n<li>Buffet et \u00e9changes \u00e0 partir de 12h30<\/li>\n<\/ul>\n<p>&nbsp;<\/p>\n<p data-renderer-start-pos=\"960\">\u00c9v\u00e9nement gratuit, r\u00e9serv\u00e9 aux collaborateurs des entreprises adh\u00e9rentes de La Ruche Industrielle.<br \/>\n<strong>Venez nombreux<\/strong> pour partager cette exp\u00e9rience et explorer ensemble ces pistes <strong>pour<\/strong> <strong>r\u00e9duire le Time To Market<\/strong> ! <strong>Un sujet crucial pour les industriels,<\/strong> qui n\u00e9cessite une vraie adaptation.<\/p>\n<p style=\"text-align: center;\"><a href=\"https:\/\/larucheindustrielle.fr\/fr\/acces\/\"><img loading=\"lazy\" decoding=\"async\" class=\"alignnone wp-image-8584 \" src=\"https:\/\/larucheindustrielle.fr\/wp-content\/uploads\/2025\/03\/Mobilite-douce-visuel.png\" alt=\"\" width=\"648\" height=\"486\" \/><\/a><\/p>\n","protected":false},"excerpt":{"rendered":"<p>Face \u00e0 une concurrence mondiale accrue, les industriels europ\u00e9ens optimisent leur Time-to-Market pour rester comp\u00e9titifs. D\u00e9couvrez comment Aldes, Bosch Rexroth, EFI, Haulotte, JTEKT, Montabert et PTC ont identifi\u00e9 les leviers cl\u00e9s pour acc\u00e9l\u00e9rer la mise sur le march\u00e9 de leurs produits.<\/p>\n","protected":false},"featured_media":8851,"template":"","meta":{"_acf_changed":false,"_et_pb_use_builder":"","_et_pb_old_content":"","_et_gb_content_width":""},"categories":[13],"tags":[],"class_list":["post-8657","evenement","type-evenement","status-publish","has-post-thumbnail","hentry","category-passe"],"acf":[],"yoast_head":"<!-- This site is optimized with the Yoast SEO plugin v27.4 - https:\/\/yoast.com\/product\/yoast-seo-wordpress\/ -->\n<title>Projet R\u00e9duction du Time to Market - La Ruche industrielle<\/title>\n<meta name=\"description\" content=\"Time-to-Market : comment acc\u00e9l\u00e9rer le d\u00e9veloppement produit pour rester comp\u00e9titif ? D\u00e9couvrez les leviers identifi\u00e9s par de grands industriels pour r\u00e9duire les d\u00e9lais de mise sur le march\u00e9.\" \/>\n<meta name=\"robots\" content=\"index, follow, max-snippet:-1, max-image-preview:large, max-video-preview:-1\" \/>\n<link rel=\"canonical\" href=\"https:\/\/larucheindustrielle.fr\/fr\/evenement\/projet-reduction-du-time-to-market\/\" \/>\n<meta property=\"og:locale\" content=\"fr_FR\" \/>\n<meta property=\"og:type\" content=\"article\" \/>\n<meta property=\"og:title\" content=\"Projet R\u00e9duction du Time to Market - La Ruche industrielle\" \/>\n<meta property=\"og:description\" content=\"Time-to-Market : comment acc\u00e9l\u00e9rer le d\u00e9veloppement produit pour rester comp\u00e9titif ? D\u00e9couvrez les leviers identifi\u00e9s par de grands industriels pour r\u00e9duire les d\u00e9lais de mise sur le march\u00e9.\" \/>\n<meta property=\"og:url\" content=\"https:\/\/larucheindustrielle.fr\/fr\/evenement\/projet-reduction-du-time-to-market\/\" \/>\n<meta property=\"og:site_name\" content=\"La Ruche industrielle\" \/>\n<meta property=\"article:modified_time\" content=\"2025-11-10T07:38:57+00:00\" \/>\n<meta property=\"og:image\" content=\"https:\/\/larucheindustrielle.fr\/wp-content\/uploads\/2025\/07\/REX-TTM-.png\" \/>\n\t<meta property=\"og:image:width\" content=\"1200\" \/>\n\t<meta property=\"og:image:height\" content=\"1200\" \/>\n\t<meta property=\"og:image:type\" content=\"image\/png\" \/>\n<meta name=\"twitter:card\" content=\"summary_large_image\" \/>\n<meta name=\"twitter:site\" content=\"@LaRucheIndus\" \/>\n<meta name=\"twitter:label1\" content=\"Dur\u00e9e de lecture estim\u00e9e\" \/>\n\t<meta name=\"twitter:data1\" content=\"2 minutes\" \/>\n<script type=\"application\/ld+json\" class=\"yoast-schema-graph\">{\"@context\":\"https:\\\/\\\/schema.org\",\"@graph\":[{\"@type\":\"WebPage\",\"@id\":\"https:\\\/\\\/larucheindustrielle.fr\\\/fr\\\/evenement\\\/projet-reduction-du-time-to-market\\\/\",\"url\":\"https:\\\/\\\/larucheindustrielle.fr\\\/fr\\\/evenement\\\/projet-reduction-du-time-to-market\\\/\",\"name\":\"Projet R\u00e9duction du Time to Market - La Ruche industrielle\",\"isPartOf\":{\"@id\":\"https:\\\/\\\/larucheindustrielle.fr\\\/fr\\\/#website\"},\"primaryImageOfPage\":{\"@id\":\"https:\\\/\\\/larucheindustrielle.fr\\\/fr\\\/evenement\\\/projet-reduction-du-time-to-market\\\/#primaryimage\"},\"image\":{\"@id\":\"https:\\\/\\\/larucheindustrielle.fr\\\/fr\\\/evenement\\\/projet-reduction-du-time-to-market\\\/#primaryimage\"},\"thumbnailUrl\":\"https:\\\/\\\/larucheindustrielle.fr\\\/wp-content\\\/uploads\\\/2025\\\/07\\\/REX-TTM-.png\",\"datePublished\":\"2025-07-18T08:52:38+00:00\",\"dateModified\":\"2025-11-10T07:38:57+00:00\",\"description\":\"Time-to-Market : comment acc\u00e9l\u00e9rer le d\u00e9veloppement produit pour rester comp\u00e9titif ? D\u00e9couvrez les leviers identifi\u00e9s par de grands industriels pour r\u00e9duire les d\u00e9lais de mise sur le march\u00e9.\",\"inLanguage\":\"fr-FR\",\"potentialAction\":[{\"@type\":\"ReadAction\",\"target\":[\"https:\\\/\\\/larucheindustrielle.fr\\\/fr\\\/evenement\\\/projet-reduction-du-time-to-market\\\/\"]}]},{\"@type\":\"ImageObject\",\"inLanguage\":\"fr-FR\",\"@id\":\"https:\\\/\\\/larucheindustrielle.fr\\\/fr\\\/evenement\\\/projet-reduction-du-time-to-market\\\/#primaryimage\",\"url\":\"https:\\\/\\\/larucheindustrielle.fr\\\/wp-content\\\/uploads\\\/2025\\\/07\\\/REX-TTM-.png\",\"contentUrl\":\"https:\\\/\\\/larucheindustrielle.fr\\\/wp-content\\\/uploads\\\/2025\\\/07\\\/REX-TTM-.png\",\"width\":1200,\"height\":1200},{\"@type\":\"WebSite\",\"@id\":\"https:\\\/\\\/larucheindustrielle.fr\\\/fr\\\/#website\",\"url\":\"https:\\\/\\\/larucheindustrielle.fr\\\/fr\\\/\",\"name\":\"La Ruche industrielle\",\"description\":\"Ici, on construit ensemble l&#039;industrie du futur !\",\"publisher\":{\"@id\":\"https:\\\/\\\/larucheindustrielle.fr\\\/fr\\\/#organization\"},\"potentialAction\":[{\"@type\":\"SearchAction\",\"target\":{\"@type\":\"EntryPoint\",\"urlTemplate\":\"https:\\\/\\\/larucheindustrielle.fr\\\/fr\\\/?s={search_term_string}\"},\"query-input\":{\"@type\":\"PropertyValueSpecification\",\"valueRequired\":true,\"valueName\":\"search_term_string\"}}],\"inLanguage\":\"fr-FR\"},{\"@type\":\"Organization\",\"@id\":\"https:\\\/\\\/larucheindustrielle.fr\\\/fr\\\/#organization\",\"name\":\"La Ruche industrielle\",\"url\":\"https:\\\/\\\/larucheindustrielle.fr\\\/fr\\\/\",\"logo\":{\"@type\":\"ImageObject\",\"inLanguage\":\"fr-FR\",\"@id\":\"https:\\\/\\\/larucheindustrielle.fr\\\/fr\\\/#\\\/schema\\\/logo\\\/image\\\/\",\"url\":\"https:\\\/\\\/larucheindustrielle.fr\\\/wp-content\\\/uploads\\\/2023\\\/06\\\/Home-page-Logo-la-ruche-en-bois.jpg\",\"contentUrl\":\"https:\\\/\\\/larucheindustrielle.fr\\\/wp-content\\\/uploads\\\/2023\\\/06\\\/Home-page-Logo-la-ruche-en-bois.jpg\",\"width\":1280,\"height\":853,\"caption\":\"La Ruche industrielle\"},\"image\":{\"@id\":\"https:\\\/\\\/larucheindustrielle.fr\\\/fr\\\/#\\\/schema\\\/logo\\\/image\\\/\"},\"sameAs\":[\"https:\\\/\\\/x.com\\\/LaRucheIndus\",\"https:\\\/\\\/fr.linkedin.com\\\/company\\\/la-ruche-industrielle\",\"https:\\\/\\\/www.youtube.com\\\/@larucheindustrielle932\",\"https:\\\/\\\/www.instagram.com\\\/larucheindustrielle\\\/\"]}]}<\/script>\n<!-- \/ Yoast SEO plugin. -->","yoast_head_json":{"title":"Projet R\u00e9duction du Time to Market - La Ruche industrielle","description":"Time-to-Market : comment acc\u00e9l\u00e9rer le d\u00e9veloppement produit pour rester comp\u00e9titif ? D\u00e9couvrez les leviers identifi\u00e9s par de grands industriels pour r\u00e9duire les d\u00e9lais de mise sur le march\u00e9.","robots":{"index":"index","follow":"follow","max-snippet":"max-snippet:-1","max-image-preview":"max-image-preview:large","max-video-preview":"max-video-preview:-1"},"canonical":"https:\/\/larucheindustrielle.fr\/fr\/evenement\/projet-reduction-du-time-to-market\/","og_locale":"fr_FR","og_type":"article","og_title":"Projet R\u00e9duction du Time to Market - La Ruche industrielle","og_description":"Time-to-Market : comment acc\u00e9l\u00e9rer le d\u00e9veloppement produit pour rester comp\u00e9titif ? D\u00e9couvrez les leviers identifi\u00e9s par de grands industriels pour r\u00e9duire les d\u00e9lais de mise sur le march\u00e9.","og_url":"https:\/\/larucheindustrielle.fr\/fr\/evenement\/projet-reduction-du-time-to-market\/","og_site_name":"La Ruche industrielle","article_modified_time":"2025-11-10T07:38:57+00:00","og_image":[{"width":1200,"height":1200,"url":"https:\/\/larucheindustrielle.fr\/wp-content\/uploads\/2025\/07\/REX-TTM-.png","type":"image\/png"}],"twitter_card":"summary_large_image","twitter_site":"@LaRucheIndus","twitter_misc":{"Dur\u00e9e de lecture estim\u00e9e":"2 minutes"},"schema":{"@context":"https:\/\/schema.org","@graph":[{"@type":"WebPage","@id":"https:\/\/larucheindustrielle.fr\/fr\/evenement\/projet-reduction-du-time-to-market\/","url":"https:\/\/larucheindustrielle.fr\/fr\/evenement\/projet-reduction-du-time-to-market\/","name":"Projet R\u00e9duction du Time to Market - La Ruche industrielle","isPartOf":{"@id":"https:\/\/larucheindustrielle.fr\/fr\/#website"},"primaryImageOfPage":{"@id":"https:\/\/larucheindustrielle.fr\/fr\/evenement\/projet-reduction-du-time-to-market\/#primaryimage"},"image":{"@id":"https:\/\/larucheindustrielle.fr\/fr\/evenement\/projet-reduction-du-time-to-market\/#primaryimage"},"thumbnailUrl":"https:\/\/larucheindustrielle.fr\/wp-content\/uploads\/2025\/07\/REX-TTM-.png","datePublished":"2025-07-18T08:52:38+00:00","dateModified":"2025-11-10T07:38:57+00:00","description":"Time-to-Market : comment acc\u00e9l\u00e9rer le d\u00e9veloppement produit pour rester comp\u00e9titif ? D\u00e9couvrez les leviers identifi\u00e9s par de grands industriels pour r\u00e9duire les d\u00e9lais de mise sur le march\u00e9.","inLanguage":"fr-FR","potentialAction":[{"@type":"ReadAction","target":["https:\/\/larucheindustrielle.fr\/fr\/evenement\/projet-reduction-du-time-to-market\/"]}]},{"@type":"ImageObject","inLanguage":"fr-FR","@id":"https:\/\/larucheindustrielle.fr\/fr\/evenement\/projet-reduction-du-time-to-market\/#primaryimage","url":"https:\/\/larucheindustrielle.fr\/wp-content\/uploads\/2025\/07\/REX-TTM-.png","contentUrl":"https:\/\/larucheindustrielle.fr\/wp-content\/uploads\/2025\/07\/REX-TTM-.png","width":1200,"height":1200},{"@type":"WebSite","@id":"https:\/\/larucheindustrielle.fr\/fr\/#website","url":"https:\/\/larucheindustrielle.fr\/fr\/","name":"La Ruche industrielle","description":"Ici, on construit ensemble l&#039;industrie du futur !","publisher":{"@id":"https:\/\/larucheindustrielle.fr\/fr\/#organization"},"potentialAction":[{"@type":"SearchAction","target":{"@type":"EntryPoint","urlTemplate":"https:\/\/larucheindustrielle.fr\/fr\/?s={search_term_string}"},"query-input":{"@type":"PropertyValueSpecification","valueRequired":true,"valueName":"search_term_string"}}],"inLanguage":"fr-FR"},{"@type":"Organization","@id":"https:\/\/larucheindustrielle.fr\/fr\/#organization","name":"La Ruche industrielle","url":"https:\/\/larucheindustrielle.fr\/fr\/","logo":{"@type":"ImageObject","inLanguage":"fr-FR","@id":"https:\/\/larucheindustrielle.fr\/fr\/#\/schema\/logo\/image\/","url":"https:\/\/larucheindustrielle.fr\/wp-content\/uploads\/2023\/06\/Home-page-Logo-la-ruche-en-bois.jpg","contentUrl":"https:\/\/larucheindustrielle.fr\/wp-content\/uploads\/2023\/06\/Home-page-Logo-la-ruche-en-bois.jpg","width":1280,"height":853,"caption":"La Ruche industrielle"},"image":{"@id":"https:\/\/larucheindustrielle.fr\/fr\/#\/schema\/logo\/image\/"},"sameAs":["https:\/\/x.com\/LaRucheIndus","https:\/\/fr.linkedin.com\/company\/la-ruche-industrielle","https:\/\/www.youtube.com\/@larucheindustrielle932","https:\/\/www.instagram.com\/larucheindustrielle\/"]}]}},"publishpress_future_action":{"enabled":false,"date":"2026-05-03 23:02:32","action":"category","newStatus":"draft","terms":[13],"taxonomy":"category","extraData":[]},"publishpress_future_workflow_manual_trigger":{"enabledWorkflows":[]},"_links":{"self":[{"href":"https:\/\/larucheindustrielle.fr\/fr\/wp-json\/wp\/v2\/evenement\/8657","targetHints":{"allow":["GET"]}}],"collection":[{"href":"https:\/\/larucheindustrielle.fr\/fr\/wp-json\/wp\/v2\/evenement"}],"about":[{"href":"https:\/\/larucheindustrielle.fr\/fr\/wp-json\/wp\/v2\/types\/evenement"}],"wp:featuredmedia":[{"embeddable":true,"href":"https:\/\/larucheindustrielle.fr\/fr\/wp-json\/wp\/v2\/media\/8851"}],"wp:attachment":[{"href":"https:\/\/larucheindustrielle.fr\/fr\/wp-json\/wp\/v2\/media?parent=8657"}],"wp:term":[{"taxonomy":"category","embeddable":true,"href":"https:\/\/larucheindustrielle.fr\/fr\/wp-json\/wp\/v2\/categories?post=8657"},{"taxonomy":"post_tag","embeddable":true,"href":"https:\/\/larucheindustrielle.fr\/fr\/wp-json\/wp\/v2\/tags?post=8657"}],"curies":[{"name":"wp","href":"https:\/\/api.w.org\/{rel}","templated":true}]}}