{"id":8663,"date":"2025-07-25T12:25:11","date_gmt":"2025-07-25T10:25:11","guid":{"rendered":"https:\/\/larucheindustrielle.fr\/fr\/?post_type=evenement&#038;p=8663"},"modified":"2025-10-20T14:59:59","modified_gmt":"2025-10-20T12:59:59","slug":"projet-digitalisation-de-lexcellence-operationnelle","status":"publish","type":"evenement","link":"https:\/\/larucheindustrielle.fr\/fr\/evenement\/projet-digitalisation-de-lexcellence-operationnelle\/","title":{"rendered":"Digitalisation au service de l\u2019excellence op\u00e9rationnelle"},"content":{"rendered":"<p><strong data-renderer-mark=\"true\">\ud83d\udce2 RDV le 13 janvier \u00e0 La Ruche Industrielle pour le temps fort autour du projet Digitalisation <b>au service<\/b> de l\u2019excellence op\u00e9rationnelle<\/strong><\/p>\n<p><img loading=\"lazy\" decoding=\"async\" class=\"alignnone wp-image-9085 \" src=\"https:\/\/larucheindustrielle.fr\/wp-content\/uploads\/2025\/07\/Nouveau-Template-REX-2025-2.png\" alt=\"\" width=\"660\" height=\"660\" \/><\/p>\n<p><span data-olk-copy-source=\"MessageBody\">Dans un contexte industriel en pleine mutation, la performance doit \u00eatre au c\u0153ur des priorit\u00e9s, port\u00e9e par une culture d\u2019excellence op\u00e9rationnelle mature. <\/span>Pourtant, la digitalisation n\u2019est pas une fin en soi, elle doit s\u2019inscrire dans une d\u00e9marche globale d\u2019am\u00e9lioration continue. C\u2019est autour de cette conviction que plusieurs entreprises industrielles dont KNDS, Fives, Groupe SEB, Volvo Renault Trucks, JTEKT, \u00a0ALDES et CNR se sont r\u00e9unies pour partager leur r\u00e9flexion sur la transformation digitale au service de la performance.<\/p>\n<p>Elles vous pr\u00e9senteront ces trois axes de travail :<\/p>\n<p>1- Excellence op\u00e9rationnelle \/ culture Lean<\/p>\n<p>2- Les outils digitaux en support de l\u2019excellence op\u00e9rationnelle<\/p>\n<p>3- Gouvernance et Culture de Transformation\u00a0\u00bb<\/p>\n<p>\ud83d\udce3 <strong data-renderer-mark=\"true\">| Le programme :<\/strong><\/p>\n<ul>\n<li>Accueil caf\u00e9 d\u00e8s 8h30<\/li>\n<li>Pr\u00e9sentation du projet et des exp\u00e9rimentations<\/li>\n<li>Approfondissements techniques et retours d\u2019exp\u00e9riences<\/li>\n<li>D\u00e9monstrations et partage des r\u00e9sultats<\/li>\n<li>Buffet et \u00e9changes \u00e0 partir de 12h30<\/li>\n<\/ul>\n<p data-renderer-start-pos=\"960\">\u00c9v\u00e9nement gratuit, r\u00e9serv\u00e9 aux collaborateurs des entreprises adh\u00e9rentes de La Ruche Industrielle.<br \/>\n<strong>Venez nombreux<\/strong> pour partager cette exp\u00e9rience !<\/p>\n<p style=\"text-align: center;\"><a href=\"https:\/\/larucheindustrielle.fr\/fr\/acces\/\"><img loading=\"lazy\" decoding=\"async\" class=\"alignnone wp-image-8584 \" src=\"https:\/\/larucheindustrielle.fr\/wp-content\/uploads\/2025\/03\/Mobilite-douce-visuel.png\" alt=\"\" width=\"648\" height=\"486\" \/><\/a><\/p>\n","protected":false},"excerpt":{"rendered":"<p>Une demi-journ\u00e9e d\u2019\u00e9changes entre industriels pour partager les pratiques concr\u00e8tes de digitalisation au service de l\u2019excellence op\u00e9rationnelle.<\/p>\n","protected":false},"featured_media":9089,"template":"","meta":{"_acf_changed":false,"_et_pb_use_builder":"","_et_pb_old_content":"","_et_gb_content_width":""},"categories":[13],"tags":[],"class_list":["post-8663","evenement","type-evenement","status-publish","has-post-thumbnail","hentry","category-passe"],"acf":[],"yoast_head":"<!-- This site is optimized with the Yoast SEO plugin v27.4 - https:\/\/yoast.com\/product\/yoast-seo-wordpress\/ -->\n<title>Digitalisation au service de l\u2019excellence op\u00e9rationnelle - La Ruche industrielle<\/title>\n<meta name=\"description\" content=\"Un temps fort d\u2019\u00e9changes autour de la digitalisation de l\u2019excellence op\u00e9rationnelle, avec des retours d\u2019exp\u00e9rience d\u2019industriels engag\u00e9s.\" \/>\n<meta name=\"robots\" content=\"index, follow, max-snippet:-1, max-image-preview:large, max-video-preview:-1\" \/>\n<link rel=\"canonical\" href=\"https:\/\/larucheindustrielle.fr\/fr\/evenement\/projet-digitalisation-de-lexcellence-operationnelle\/\" \/>\n<meta property=\"og:locale\" content=\"fr_FR\" \/>\n<meta property=\"og:type\" content=\"article\" \/>\n<meta property=\"og:title\" content=\"Digitalisation au service de l\u2019excellence op\u00e9rationnelle - La Ruche industrielle\" \/>\n<meta property=\"og:description\" content=\"Un temps fort d\u2019\u00e9changes autour de la digitalisation de l\u2019excellence op\u00e9rationnelle, avec des retours d\u2019exp\u00e9rience d\u2019industriels engag\u00e9s.\" \/>\n<meta property=\"og:url\" content=\"https:\/\/larucheindustrielle.fr\/fr\/evenement\/projet-digitalisation-de-lexcellence-operationnelle\/\" \/>\n<meta property=\"og:site_name\" content=\"La Ruche industrielle\" \/>\n<meta property=\"article:modified_time\" content=\"2025-10-20T12:59:59+00:00\" \/>\n<meta property=\"og:image\" content=\"https:\/\/larucheindustrielle.fr\/wp-content\/uploads\/2025\/07\/Nouveau-Template-REX-2025-2-1.png\" \/>\n\t<meta property=\"og:image:width\" content=\"1200\" \/>\n\t<meta property=\"og:image:height\" content=\"1200\" \/>\n\t<meta property=\"og:image:type\" content=\"image\/png\" \/>\n<meta name=\"twitter:card\" content=\"summary_large_image\" \/>\n<meta name=\"twitter:site\" content=\"@LaRucheIndus\" \/>\n<meta name=\"twitter:label1\" content=\"Dur\u00e9e de lecture estim\u00e9e\" \/>\n\t<meta name=\"twitter:data1\" content=\"2 minutes\" \/>\n<script type=\"application\/ld+json\" class=\"yoast-schema-graph\">{\"@context\":\"https:\\\/\\\/schema.org\",\"@graph\":[{\"@type\":\"WebPage\",\"@id\":\"https:\\\/\\\/larucheindustrielle.fr\\\/fr\\\/evenement\\\/projet-digitalisation-de-lexcellence-operationnelle\\\/\",\"url\":\"https:\\\/\\\/larucheindustrielle.fr\\\/fr\\\/evenement\\\/projet-digitalisation-de-lexcellence-operationnelle\\\/\",\"name\":\"Digitalisation au service de l\u2019excellence op\u00e9rationnelle - La Ruche industrielle\",\"isPartOf\":{\"@id\":\"https:\\\/\\\/larucheindustrielle.fr\\\/fr\\\/#website\"},\"primaryImageOfPage\":{\"@id\":\"https:\\\/\\\/larucheindustrielle.fr\\\/fr\\\/evenement\\\/projet-digitalisation-de-lexcellence-operationnelle\\\/#primaryimage\"},\"image\":{\"@id\":\"https:\\\/\\\/larucheindustrielle.fr\\\/fr\\\/evenement\\\/projet-digitalisation-de-lexcellence-operationnelle\\\/#primaryimage\"},\"thumbnailUrl\":\"https:\\\/\\\/larucheindustrielle.fr\\\/wp-content\\\/uploads\\\/2025\\\/07\\\/Nouveau-Template-REX-2025-2-1.png\",\"datePublished\":\"2025-07-25T10:25:11+00:00\",\"dateModified\":\"2025-10-20T12:59:59+00:00\",\"description\":\"Un temps fort d\u2019\u00e9changes autour de la digitalisation de l\u2019excellence op\u00e9rationnelle, avec des retours d\u2019exp\u00e9rience d\u2019industriels engag\u00e9s.\",\"inLanguage\":\"fr-FR\",\"potentialAction\":[{\"@type\":\"ReadAction\",\"target\":[\"https:\\\/\\\/larucheindustrielle.fr\\\/fr\\\/evenement\\\/projet-digitalisation-de-lexcellence-operationnelle\\\/\"]}]},{\"@type\":\"ImageObject\",\"inLanguage\":\"fr-FR\",\"@id\":\"https:\\\/\\\/larucheindustrielle.fr\\\/fr\\\/evenement\\\/projet-digitalisation-de-lexcellence-operationnelle\\\/#primaryimage\",\"url\":\"https:\\\/\\\/larucheindustrielle.fr\\\/wp-content\\\/uploads\\\/2025\\\/07\\\/Nouveau-Template-REX-2025-2-1.png\",\"contentUrl\":\"https:\\\/\\\/larucheindustrielle.fr\\\/wp-content\\\/uploads\\\/2025\\\/07\\\/Nouveau-Template-REX-2025-2-1.png\",\"width\":1200,\"height\":1200},{\"@type\":\"WebSite\",\"@id\":\"https:\\\/\\\/larucheindustrielle.fr\\\/fr\\\/#website\",\"url\":\"https:\\\/\\\/larucheindustrielle.fr\\\/fr\\\/\",\"name\":\"La Ruche industrielle\",\"description\":\"Ici, on construit ensemble l&#039;industrie du futur !\",\"publisher\":{\"@id\":\"https:\\\/\\\/larucheindustrielle.fr\\\/fr\\\/#organization\"},\"potentialAction\":[{\"@type\":\"SearchAction\",\"target\":{\"@type\":\"EntryPoint\",\"urlTemplate\":\"https:\\\/\\\/larucheindustrielle.fr\\\/fr\\\/?s={search_term_string}\"},\"query-input\":{\"@type\":\"PropertyValueSpecification\",\"valueRequired\":true,\"valueName\":\"search_term_string\"}}],\"inLanguage\":\"fr-FR\"},{\"@type\":\"Organization\",\"@id\":\"https:\\\/\\\/larucheindustrielle.fr\\\/fr\\\/#organization\",\"name\":\"La Ruche industrielle\",\"url\":\"https:\\\/\\\/larucheindustrielle.fr\\\/fr\\\/\",\"logo\":{\"@type\":\"ImageObject\",\"inLanguage\":\"fr-FR\",\"@id\":\"https:\\\/\\\/larucheindustrielle.fr\\\/fr\\\/#\\\/schema\\\/logo\\\/image\\\/\",\"url\":\"https:\\\/\\\/larucheindustrielle.fr\\\/wp-content\\\/uploads\\\/2023\\\/06\\\/Home-page-Logo-la-ruche-en-bois.jpg\",\"contentUrl\":\"https:\\\/\\\/larucheindustrielle.fr\\\/wp-content\\\/uploads\\\/2023\\\/06\\\/Home-page-Logo-la-ruche-en-bois.jpg\",\"width\":1280,\"height\":853,\"caption\":\"La Ruche industrielle\"},\"image\":{\"@id\":\"https:\\\/\\\/larucheindustrielle.fr\\\/fr\\\/#\\\/schema\\\/logo\\\/image\\\/\"},\"sameAs\":[\"https:\\\/\\\/x.com\\\/LaRucheIndus\",\"https:\\\/\\\/fr.linkedin.com\\\/company\\\/la-ruche-industrielle\",\"https:\\\/\\\/www.youtube.com\\\/@larucheindustrielle932\",\"https:\\\/\\\/www.instagram.com\\\/larucheindustrielle\\\/\"]}]}<\/script>\n<!-- \/ Yoast SEO plugin. -->","yoast_head_json":{"title":"Digitalisation au service de l\u2019excellence op\u00e9rationnelle - La Ruche industrielle","description":"Un temps fort d\u2019\u00e9changes autour de la digitalisation de l\u2019excellence op\u00e9rationnelle, avec des retours d\u2019exp\u00e9rience d\u2019industriels engag\u00e9s.","robots":{"index":"index","follow":"follow","max-snippet":"max-snippet:-1","max-image-preview":"max-image-preview:large","max-video-preview":"max-video-preview:-1"},"canonical":"https:\/\/larucheindustrielle.fr\/fr\/evenement\/projet-digitalisation-de-lexcellence-operationnelle\/","og_locale":"fr_FR","og_type":"article","og_title":"Digitalisation au service de l\u2019excellence op\u00e9rationnelle - La Ruche industrielle","og_description":"Un temps fort d\u2019\u00e9changes autour de la digitalisation de l\u2019excellence op\u00e9rationnelle, avec des retours d\u2019exp\u00e9rience d\u2019industriels engag\u00e9s.","og_url":"https:\/\/larucheindustrielle.fr\/fr\/evenement\/projet-digitalisation-de-lexcellence-operationnelle\/","og_site_name":"La Ruche industrielle","article_modified_time":"2025-10-20T12:59:59+00:00","og_image":[{"width":1200,"height":1200,"url":"https:\/\/larucheindustrielle.fr\/wp-content\/uploads\/2025\/07\/Nouveau-Template-REX-2025-2-1.png","type":"image\/png"}],"twitter_card":"summary_large_image","twitter_site":"@LaRucheIndus","twitter_misc":{"Dur\u00e9e de lecture estim\u00e9e":"2 minutes"},"schema":{"@context":"https:\/\/schema.org","@graph":[{"@type":"WebPage","@id":"https:\/\/larucheindustrielle.fr\/fr\/evenement\/projet-digitalisation-de-lexcellence-operationnelle\/","url":"https:\/\/larucheindustrielle.fr\/fr\/evenement\/projet-digitalisation-de-lexcellence-operationnelle\/","name":"Digitalisation au service de l\u2019excellence op\u00e9rationnelle - La Ruche industrielle","isPartOf":{"@id":"https:\/\/larucheindustrielle.fr\/fr\/#website"},"primaryImageOfPage":{"@id":"https:\/\/larucheindustrielle.fr\/fr\/evenement\/projet-digitalisation-de-lexcellence-operationnelle\/#primaryimage"},"image":{"@id":"https:\/\/larucheindustrielle.fr\/fr\/evenement\/projet-digitalisation-de-lexcellence-operationnelle\/#primaryimage"},"thumbnailUrl":"https:\/\/larucheindustrielle.fr\/wp-content\/uploads\/2025\/07\/Nouveau-Template-REX-2025-2-1.png","datePublished":"2025-07-25T10:25:11+00:00","dateModified":"2025-10-20T12:59:59+00:00","description":"Un temps fort d\u2019\u00e9changes autour de la digitalisation de l\u2019excellence op\u00e9rationnelle, avec des retours d\u2019exp\u00e9rience d\u2019industriels engag\u00e9s.","inLanguage":"fr-FR","potentialAction":[{"@type":"ReadAction","target":["https:\/\/larucheindustrielle.fr\/fr\/evenement\/projet-digitalisation-de-lexcellence-operationnelle\/"]}]},{"@type":"ImageObject","inLanguage":"fr-FR","@id":"https:\/\/larucheindustrielle.fr\/fr\/evenement\/projet-digitalisation-de-lexcellence-operationnelle\/#primaryimage","url":"https:\/\/larucheindustrielle.fr\/wp-content\/uploads\/2025\/07\/Nouveau-Template-REX-2025-2-1.png","contentUrl":"https:\/\/larucheindustrielle.fr\/wp-content\/uploads\/2025\/07\/Nouveau-Template-REX-2025-2-1.png","width":1200,"height":1200},{"@type":"WebSite","@id":"https:\/\/larucheindustrielle.fr\/fr\/#website","url":"https:\/\/larucheindustrielle.fr\/fr\/","name":"La Ruche industrielle","description":"Ici, on construit ensemble l&#039;industrie du futur !","publisher":{"@id":"https:\/\/larucheindustrielle.fr\/fr\/#organization"},"potentialAction":[{"@type":"SearchAction","target":{"@type":"EntryPoint","urlTemplate":"https:\/\/larucheindustrielle.fr\/fr\/?s={search_term_string}"},"query-input":{"@type":"PropertyValueSpecification","valueRequired":true,"valueName":"search_term_string"}}],"inLanguage":"fr-FR"},{"@type":"Organization","@id":"https:\/\/larucheindustrielle.fr\/fr\/#organization","name":"La Ruche industrielle","url":"https:\/\/larucheindustrielle.fr\/fr\/","logo":{"@type":"ImageObject","inLanguage":"fr-FR","@id":"https:\/\/larucheindustrielle.fr\/fr\/#\/schema\/logo\/image\/","url":"https:\/\/larucheindustrielle.fr\/wp-content\/uploads\/2023\/06\/Home-page-Logo-la-ruche-en-bois.jpg","contentUrl":"https:\/\/larucheindustrielle.fr\/wp-content\/uploads\/2023\/06\/Home-page-Logo-la-ruche-en-bois.jpg","width":1280,"height":853,"caption":"La Ruche industrielle"},"image":{"@id":"https:\/\/larucheindustrielle.fr\/fr\/#\/schema\/logo\/image\/"},"sameAs":["https:\/\/x.com\/LaRucheIndus","https:\/\/fr.linkedin.com\/company\/la-ruche-industrielle","https:\/\/www.youtube.com\/@larucheindustrielle932","https:\/\/www.instagram.com\/larucheindustrielle\/"]}]}},"publishpress_future_action":{"enabled":false,"date":"2026-05-04 09:56:53","action":"category","newStatus":"draft","terms":[13],"taxonomy":"category","extraData":[]},"publishpress_future_workflow_manual_trigger":{"enabledWorkflows":[]},"_links":{"self":[{"href":"https:\/\/larucheindustrielle.fr\/fr\/wp-json\/wp\/v2\/evenement\/8663","targetHints":{"allow":["GET"]}}],"collection":[{"href":"https:\/\/larucheindustrielle.fr\/fr\/wp-json\/wp\/v2\/evenement"}],"about":[{"href":"https:\/\/larucheindustrielle.fr\/fr\/wp-json\/wp\/v2\/types\/evenement"}],"wp:featuredmedia":[{"embeddable":true,"href":"https:\/\/larucheindustrielle.fr\/fr\/wp-json\/wp\/v2\/media\/9089"}],"wp:attachment":[{"href":"https:\/\/larucheindustrielle.fr\/fr\/wp-json\/wp\/v2\/media?parent=8663"}],"wp:term":[{"taxonomy":"category","embeddable":true,"href":"https:\/\/larucheindustrielle.fr\/fr\/wp-json\/wp\/v2\/categories?post=8663"},{"taxonomy":"post_tag","embeddable":true,"href":"https:\/\/larucheindustrielle.fr\/fr\/wp-json\/wp\/v2\/tags?post=8663"}],"curies":[{"name":"wp","href":"https:\/\/api.w.org\/{rel}","templated":true}]}}