{"id":8767,"date":"2025-07-18T14:52:29","date_gmt":"2025-07-18T12:52:29","guid":{"rendered":"https:\/\/larucheindustrielle.fr\/fr\/?post_type=evenement&#038;p=8767"},"modified":"2025-11-13T11:29:11","modified_gmt":"2025-11-13T10:29:11","slug":"forum-des-metiers-de-lindustrie","status":"publish","type":"evenement","link":"https:\/\/larucheindustrielle.fr\/fr\/evenement\/forum-des-metiers-de-lindustrie\/","title":{"rendered":"Forum des m\u00e9tiers de l&rsquo;industrie"},"content":{"rendered":"<p><img loading=\"lazy\" decoding=\"async\" class=\"aligncenter wp-image-8952\" src=\"https:\/\/larucheindustrielle.fr\/wp-content\/uploads\/2025\/07\/2025-Visuel-Forum-des-metiers-carre-1024x1024.png\" alt=\"\" width=\"700\" height=\"700\" \/><\/p>\n<p>La Ruche Industrielle et ses partenaires convient les personnes en recherche d&#8217;emploi ou en reconversion et les jeunes \u00e0 un<strong> forum des m\u00e9tiers de l&rsquo;industrie, <\/strong>organis\u00e9 dans le cadre de la Semaine de l&rsquo;industrie* :<\/p>\n<ul>\n<li><strong>mardi 18 novembre <\/strong><\/li>\n<li><strong>de 9h \u00e0 17h <\/strong><\/li>\n<li><strong>\u00e0 <a href=\"https:\/\/larucheindustrielle.fr\/fr\/acces\/\" target=\"_blank\" rel=\"noopener\">La Ruche Industrielle \u00e0 V\u00e9nissieux<\/a><br \/>\n<\/strong><\/li>\n<\/ul>\n<h5 class=\"cvGsUA direction-ltr align-center para-style-body\"><strong><span class=\"OYPEnA text-decoration-none text-strikethrough-none\">Trois espaces <\/span><span class=\"OYPEnA text-decoration-none text-strikethrough-none\">\u00e0 d\u00e9couvrir avec de nombreux exposants et entreprises :<\/span><\/strong><\/h5>\n<ul>\n<li class=\"cvGsUA direction-ltr align-center para-style-body\"><span class=\"OYPEnA text-decoration-none text-strikethrough-none\"><strong>Je d\u00e9couvre les m\u00e9tiers<\/strong> :\u00a0<\/span>\n<ul>\n<li>CAP EMPLOI<\/li>\n<li>FAIR INDUSTRIE (avec la CPME)<\/li>\n<li>GRETA CFA Lyon M\u00e9tropole :\u00a0simulateur de soudure et\u00a0casques de r\u00e9alit\u00e9 virtuelle<\/li>\n<li>MISSIONS LOCALES<\/li>\n<li>UIMM<\/li>\n<li>LA RUCHE INDUSTRIELLE<\/li>\n<\/ul>\n<\/li>\n<li class=\"cvGsUA direction-ltr align-center para-style-body\"><span class=\"OYPEnA text-decoration-none text-strikethrough-none\"><strong>Je me forme<\/strong><\/span><span class=\"OYPEnA text-decoration-none text-strikethrough-none\"><br \/>\n<\/span><\/p>\n<ul>\n<li>AFPA<\/li>\n<li>CERTA<\/li>\n<li>COMPAGNON DU DEVOIR<\/li>\n<li>EFIP IMT<\/li>\n<li>GRETA CFA Lyon M\u00e9tropole<\/li>\n<li>INTERFORA<\/li>\n<li>ISPA POLYVIA<\/li>\n<li>LA MACHE<\/li>\n<\/ul>\n<\/li>\n<li class=\"cvGsUA direction-ltr align-center para-style-body\"><span class=\"OYPEnA text-decoration-none text-strikethrough-none\"><strong>Je candidate<\/strong> : job dating <strong>uniquement le matin<\/strong><\/span><strong><span class=\"OYPEnA text-decoration-none text-strikethrough-none\"><br \/>\n<\/span><\/strong><\/p>\n<ul>\n<li>ADF GROUP<\/li>\n<li>DALKIA<\/li>\n<li>GIEQ Industrie Is\u00e8re Rh\u00f4ne<\/li>\n<li>MONTABERT<\/li>\n<li>PARTNAIRE<\/li>\n<\/ul>\n<\/li>\n<\/ul>\n<p><em>Liste des exposants \u00e0 jour du 13\/11 &#8211; liste susceptible d&rsquo;\u00e9voluer jusqu&rsquo;au 17\/11<\/em><\/p>\n<p>&nbsp;<\/p>\n<h5><strong>Comment venir ?<\/strong><\/h5>\n<p><strong>Si vous \u00eates un particulier :<\/strong><\/p>\n<ul>\n<li>L&rsquo;acc\u00e8s est libre toute la journ\u00e9e ! Vous pouvez venir sans inscription.<\/li>\n<li>Pr\u00e9voir une pi\u00e8ce d&rsquo;identit\u00e9 car nous sommes implant\u00e9s sur un complexe industriel.<\/li>\n<li>Pi\u00e8ces accept\u00e9es : Carte Nationale d&rsquo;Identit\u00e9, Passeport, Carte Vitale avec photo, Cartes de transport TCL ou autre avec photo.<\/li>\n<\/ul>\n<p><strong>Si vous \u00eates une association, un \u00e9tablissement scolaire ou un r\u00e9seau d&rsquo;aide \u00e0 l&#8217;emploi :<\/strong><\/p>\n<ul>\n<li>Les inscriptions s&rsquo;effectuent <strong>par d\u00e9l\u00e9gation<\/strong>.<\/li>\n<li>Si vous souhaitez constituer une d\u00e9l\u00e9gation, vous pouvez contacter <a href=\"laetitia.gouttenoire.ext@larucheindustrielle.fr\" target=\"_blank\" rel=\"noopener\">Laetitia Gouttenoire par mail<\/a><\/li>\n<\/ul>\n<p>Nous vous attendons nombreux !<\/p>\n<p>&nbsp;<\/p>\n<p><em>*Organis\u00e9 par le Ministre de l\u2019\u00c9conomie, des Finances et de la Souverainet\u00e9 industrielle et num\u00e9rique, <strong>La Semaine de l\u2019industrie aura lieu du 17 au 23 novembre 2025<\/strong>.<\/em><\/p>\n","protected":false},"excerpt":{"rendered":"<p>La Ruche Industrielle et ses partenaires convient les jeunes et les personnes en recherche d&#8217;emploi ou en reconversion \u00e0 une journ\u00e9e portes ouvertes.<\/p>\n","protected":false},"featured_media":8952,"template":"","meta":{"_acf_changed":false,"_et_pb_use_builder":"","_et_pb_old_content":"","_et_gb_content_width":""},"categories":[13],"tags":[],"class_list":["post-8767","evenement","type-evenement","status-publish","has-post-thumbnail","hentry","category-passe"],"acf":[],"yoast_head":"<!-- This site is optimized with the Yoast SEO plugin v27.4 - https:\/\/yoast.com\/product\/yoast-seo-wordpress\/ -->\n<title>Forum des m\u00e9tiers de l&#039;industrie - La Ruche industrielle<\/title>\n<meta name=\"robots\" content=\"index, follow, max-snippet:-1, max-image-preview:large, max-video-preview:-1\" \/>\n<link rel=\"canonical\" href=\"https:\/\/larucheindustrielle.fr\/fr\/evenement\/forum-des-metiers-de-lindustrie\/\" \/>\n<meta property=\"og:locale\" content=\"fr_FR\" \/>\n<meta property=\"og:type\" content=\"article\" \/>\n<meta property=\"og:title\" content=\"Forum des m\u00e9tiers de l&#039;industrie - La Ruche industrielle\" \/>\n<meta property=\"og:description\" content=\"La Ruche Industrielle et ses partenaires convient les jeunes et les personnes en recherche d&#039;emploi ou en reconversion \u00e0 une journ\u00e9e portes ouvertes.\" \/>\n<meta property=\"og:url\" content=\"https:\/\/larucheindustrielle.fr\/fr\/evenement\/forum-des-metiers-de-lindustrie\/\" \/>\n<meta property=\"og:site_name\" content=\"La Ruche industrielle\" \/>\n<meta property=\"article:modified_time\" content=\"2025-11-13T10:29:11+00:00\" \/>\n<meta property=\"og:image\" content=\"https:\/\/larucheindustrielle.fr\/wp-content\/uploads\/2025\/07\/2025-Visuel-Forum-des-metiers-carre.png\" \/>\n\t<meta property=\"og:image:width\" content=\"1080\" \/>\n\t<meta property=\"og:image:height\" content=\"1080\" \/>\n\t<meta property=\"og:image:type\" content=\"image\/png\" \/>\n<meta name=\"twitter:card\" content=\"summary_large_image\" \/>\n<meta name=\"twitter:site\" content=\"@LaRucheIndus\" \/>\n<meta name=\"twitter:label1\" content=\"Dur\u00e9e de lecture estim\u00e9e\" \/>\n\t<meta name=\"twitter:data1\" content=\"2 minutes\" \/>\n<script type=\"application\/ld+json\" class=\"yoast-schema-graph\">{\"@context\":\"https:\\\/\\\/schema.org\",\"@graph\":[{\"@type\":\"WebPage\",\"@id\":\"https:\\\/\\\/larucheindustrielle.fr\\\/fr\\\/evenement\\\/forum-des-metiers-de-lindustrie\\\/\",\"url\":\"https:\\\/\\\/larucheindustrielle.fr\\\/fr\\\/evenement\\\/forum-des-metiers-de-lindustrie\\\/\",\"name\":\"Forum des m\u00e9tiers de l'industrie - La Ruche industrielle\",\"isPartOf\":{\"@id\":\"https:\\\/\\\/larucheindustrielle.fr\\\/fr\\\/#website\"},\"primaryImageOfPage\":{\"@id\":\"https:\\\/\\\/larucheindustrielle.fr\\\/fr\\\/evenement\\\/forum-des-metiers-de-lindustrie\\\/#primaryimage\"},\"image\":{\"@id\":\"https:\\\/\\\/larucheindustrielle.fr\\\/fr\\\/evenement\\\/forum-des-metiers-de-lindustrie\\\/#primaryimage\"},\"thumbnailUrl\":\"https:\\\/\\\/larucheindustrielle.fr\\\/wp-content\\\/uploads\\\/2025\\\/07\\\/2025-Visuel-Forum-des-metiers-carre.png\",\"datePublished\":\"2025-07-18T12:52:29+00:00\",\"dateModified\":\"2025-11-13T10:29:11+00:00\",\"inLanguage\":\"fr-FR\",\"potentialAction\":[{\"@type\":\"ReadAction\",\"target\":[\"https:\\\/\\\/larucheindustrielle.fr\\\/fr\\\/evenement\\\/forum-des-metiers-de-lindustrie\\\/\"]}]},{\"@type\":\"ImageObject\",\"inLanguage\":\"fr-FR\",\"@id\":\"https:\\\/\\\/larucheindustrielle.fr\\\/fr\\\/evenement\\\/forum-des-metiers-de-lindustrie\\\/#primaryimage\",\"url\":\"https:\\\/\\\/larucheindustrielle.fr\\\/wp-content\\\/uploads\\\/2025\\\/07\\\/2025-Visuel-Forum-des-metiers-carre.png\",\"contentUrl\":\"https:\\\/\\\/larucheindustrielle.fr\\\/wp-content\\\/uploads\\\/2025\\\/07\\\/2025-Visuel-Forum-des-metiers-carre.png\",\"width\":1080,\"height\":1080},{\"@type\":\"WebSite\",\"@id\":\"https:\\\/\\\/larucheindustrielle.fr\\\/fr\\\/#website\",\"url\":\"https:\\\/\\\/larucheindustrielle.fr\\\/fr\\\/\",\"name\":\"La Ruche industrielle\",\"description\":\"Ici, on construit ensemble l&#039;industrie du futur !\",\"publisher\":{\"@id\":\"https:\\\/\\\/larucheindustrielle.fr\\\/fr\\\/#organization\"},\"potentialAction\":[{\"@type\":\"SearchAction\",\"target\":{\"@type\":\"EntryPoint\",\"urlTemplate\":\"https:\\\/\\\/larucheindustrielle.fr\\\/fr\\\/?s={search_term_string}\"},\"query-input\":{\"@type\":\"PropertyValueSpecification\",\"valueRequired\":true,\"valueName\":\"search_term_string\"}}],\"inLanguage\":\"fr-FR\"},{\"@type\":\"Organization\",\"@id\":\"https:\\\/\\\/larucheindustrielle.fr\\\/fr\\\/#organization\",\"name\":\"La Ruche industrielle\",\"url\":\"https:\\\/\\\/larucheindustrielle.fr\\\/fr\\\/\",\"logo\":{\"@type\":\"ImageObject\",\"inLanguage\":\"fr-FR\",\"@id\":\"https:\\\/\\\/larucheindustrielle.fr\\\/fr\\\/#\\\/schema\\\/logo\\\/image\\\/\",\"url\":\"https:\\\/\\\/larucheindustrielle.fr\\\/wp-content\\\/uploads\\\/2023\\\/06\\\/Home-page-Logo-la-ruche-en-bois.jpg\",\"contentUrl\":\"https:\\\/\\\/larucheindustrielle.fr\\\/wp-content\\\/uploads\\\/2023\\\/06\\\/Home-page-Logo-la-ruche-en-bois.jpg\",\"width\":1280,\"height\":853,\"caption\":\"La Ruche industrielle\"},\"image\":{\"@id\":\"https:\\\/\\\/larucheindustrielle.fr\\\/fr\\\/#\\\/schema\\\/logo\\\/image\\\/\"},\"sameAs\":[\"https:\\\/\\\/x.com\\\/LaRucheIndus\",\"https:\\\/\\\/fr.linkedin.com\\\/company\\\/la-ruche-industrielle\",\"https:\\\/\\\/www.youtube.com\\\/@larucheindustrielle932\",\"https:\\\/\\\/www.instagram.com\\\/larucheindustrielle\\\/\"]}]}<\/script>\n<!-- \/ Yoast SEO plugin. -->","yoast_head_json":{"title":"Forum des m\u00e9tiers de l'industrie - La Ruche industrielle","robots":{"index":"index","follow":"follow","max-snippet":"max-snippet:-1","max-image-preview":"max-image-preview:large","max-video-preview":"max-video-preview:-1"},"canonical":"https:\/\/larucheindustrielle.fr\/fr\/evenement\/forum-des-metiers-de-lindustrie\/","og_locale":"fr_FR","og_type":"article","og_title":"Forum des m\u00e9tiers de l'industrie - La Ruche industrielle","og_description":"La Ruche Industrielle et ses partenaires convient les jeunes et les personnes en recherche d'emploi ou en reconversion \u00e0 une journ\u00e9e portes ouvertes.","og_url":"https:\/\/larucheindustrielle.fr\/fr\/evenement\/forum-des-metiers-de-lindustrie\/","og_site_name":"La Ruche industrielle","article_modified_time":"2025-11-13T10:29:11+00:00","og_image":[{"width":1080,"height":1080,"url":"https:\/\/larucheindustrielle.fr\/wp-content\/uploads\/2025\/07\/2025-Visuel-Forum-des-metiers-carre.png","type":"image\/png"}],"twitter_card":"summary_large_image","twitter_site":"@LaRucheIndus","twitter_misc":{"Dur\u00e9e de lecture estim\u00e9e":"2 minutes"},"schema":{"@context":"https:\/\/schema.org","@graph":[{"@type":"WebPage","@id":"https:\/\/larucheindustrielle.fr\/fr\/evenement\/forum-des-metiers-de-lindustrie\/","url":"https:\/\/larucheindustrielle.fr\/fr\/evenement\/forum-des-metiers-de-lindustrie\/","name":"Forum des m\u00e9tiers de l'industrie - La Ruche industrielle","isPartOf":{"@id":"https:\/\/larucheindustrielle.fr\/fr\/#website"},"primaryImageOfPage":{"@id":"https:\/\/larucheindustrielle.fr\/fr\/evenement\/forum-des-metiers-de-lindustrie\/#primaryimage"},"image":{"@id":"https:\/\/larucheindustrielle.fr\/fr\/evenement\/forum-des-metiers-de-lindustrie\/#primaryimage"},"thumbnailUrl":"https:\/\/larucheindustrielle.fr\/wp-content\/uploads\/2025\/07\/2025-Visuel-Forum-des-metiers-carre.png","datePublished":"2025-07-18T12:52:29+00:00","dateModified":"2025-11-13T10:29:11+00:00","inLanguage":"fr-FR","potentialAction":[{"@type":"ReadAction","target":["https:\/\/larucheindustrielle.fr\/fr\/evenement\/forum-des-metiers-de-lindustrie\/"]}]},{"@type":"ImageObject","inLanguage":"fr-FR","@id":"https:\/\/larucheindustrielle.fr\/fr\/evenement\/forum-des-metiers-de-lindustrie\/#primaryimage","url":"https:\/\/larucheindustrielle.fr\/wp-content\/uploads\/2025\/07\/2025-Visuel-Forum-des-metiers-carre.png","contentUrl":"https:\/\/larucheindustrielle.fr\/wp-content\/uploads\/2025\/07\/2025-Visuel-Forum-des-metiers-carre.png","width":1080,"height":1080},{"@type":"WebSite","@id":"https:\/\/larucheindustrielle.fr\/fr\/#website","url":"https:\/\/larucheindustrielle.fr\/fr\/","name":"La Ruche industrielle","description":"Ici, on construit ensemble l&#039;industrie du futur !","publisher":{"@id":"https:\/\/larucheindustrielle.fr\/fr\/#organization"},"potentialAction":[{"@type":"SearchAction","target":{"@type":"EntryPoint","urlTemplate":"https:\/\/larucheindustrielle.fr\/fr\/?s={search_term_string}"},"query-input":{"@type":"PropertyValueSpecification","valueRequired":true,"valueName":"search_term_string"}}],"inLanguage":"fr-FR"},{"@type":"Organization","@id":"https:\/\/larucheindustrielle.fr\/fr\/#organization","name":"La Ruche industrielle","url":"https:\/\/larucheindustrielle.fr\/fr\/","logo":{"@type":"ImageObject","inLanguage":"fr-FR","@id":"https:\/\/larucheindustrielle.fr\/fr\/#\/schema\/logo\/image\/","url":"https:\/\/larucheindustrielle.fr\/wp-content\/uploads\/2023\/06\/Home-page-Logo-la-ruche-en-bois.jpg","contentUrl":"https:\/\/larucheindustrielle.fr\/wp-content\/uploads\/2023\/06\/Home-page-Logo-la-ruche-en-bois.jpg","width":1280,"height":853,"caption":"La Ruche industrielle"},"image":{"@id":"https:\/\/larucheindustrielle.fr\/fr\/#\/schema\/logo\/image\/"},"sameAs":["https:\/\/x.com\/LaRucheIndus","https:\/\/fr.linkedin.com\/company\/la-ruche-industrielle","https:\/\/www.youtube.com\/@larucheindustrielle932","https:\/\/www.instagram.com\/larucheindustrielle\/"]}]}},"publishpress_future_action":{"enabled":false,"date":"2026-05-03 23:01:10","action":"category","newStatus":"draft","terms":[13],"taxonomy":"category","extraData":[]},"publishpress_future_workflow_manual_trigger":{"enabledWorkflows":[]},"_links":{"self":[{"href":"https:\/\/larucheindustrielle.fr\/fr\/wp-json\/wp\/v2\/evenement\/8767","targetHints":{"allow":["GET"]}}],"collection":[{"href":"https:\/\/larucheindustrielle.fr\/fr\/wp-json\/wp\/v2\/evenement"}],"about":[{"href":"https:\/\/larucheindustrielle.fr\/fr\/wp-json\/wp\/v2\/types\/evenement"}],"wp:featuredmedia":[{"embeddable":true,"href":"https:\/\/larucheindustrielle.fr\/fr\/wp-json\/wp\/v2\/media\/8952"}],"wp:attachment":[{"href":"https:\/\/larucheindustrielle.fr\/fr\/wp-json\/wp\/v2\/media?parent=8767"}],"wp:term":[{"taxonomy":"category","embeddable":true,"href":"https:\/\/larucheindustrielle.fr\/fr\/wp-json\/wp\/v2\/categories?post=8767"},{"taxonomy":"post_tag","embeddable":true,"href":"https:\/\/larucheindustrielle.fr\/fr\/wp-json\/wp\/v2\/tags?post=8767"}],"curies":[{"name":"wp","href":"https:\/\/api.w.org\/{rel}","templated":true}]}}