{"id":8770,"date":"2025-07-21T09:20:07","date_gmt":"2025-07-21T07:20:07","guid":{"rendered":"https:\/\/larucheindustrielle.fr\/fr\/?post_type=evenement&#038;p=8770"},"modified":"2025-10-08T17:06:24","modified_gmt":"2025-10-08T15:06:24","slug":"en-quete-de-sens","status":"publish","type":"evenement","link":"https:\/\/larucheindustrielle.fr\/fr\/evenement\/en-quete-de-sens\/","title":{"rendered":"Qu\u00eate de sens et cul de sac :  Quelle boussole int\u00e9rieure pour retrouver du pouvoir d&rsquo;agir ?"},"content":{"rendered":"<h4 style=\"text-align: center;\"><span class=\"TextRun SCXW193455851 BCX8\" lang=\"FR-FR\" xml:lang=\"FR-FR\" data-contrast=\"auto\"><span class=\"NormalTextRun SCXW193455851 BCX8\">Dans le cadre de son cycle de conf\u00e9rences \u00ab Secouage de neurones \u00bb,<br \/>\n<\/span><\/span><span class=\"TextRun SCXW193455851 BCX8\" lang=\"FR-FR\" xml:lang=\"FR-FR\" data-contrast=\"auto\"><span class=\"NormalTextRun SCXW193455851 BCX8\">La Ruche Industrielle est ravie d\u2019organiser sa deuxi\u00e8me conf\u00e9rence organis\u00e9e avec <\/span><span class=\"NormalTextRun SCXW193455851 BCX8\">un speaker <span class=\"NormalTextRun SCXW251007357 BCX8\">inspirant, d\u00e9tonnant, <\/span><span class=\"NormalTextRun SCXW251007357 BCX8\">hors-norme et d\u00e9capant : <\/span><\/span><\/span><span class=\"TextRun SCXW193455851 BCX8\" lang=\"FR-FR\" xml:lang=\"FR-FR\" data-contrast=\"auto\"><span class=\"NormalTextRun SCXW193455851 BCX8\">Marc de la <\/span><span class=\"NormalTextRun SpellingErrorV2Themed SCXW193455851 BCX8\">M\u00e9nardi\u00e8re<\/span><span class=\"NormalTextRun SCXW193455851 BCX8\"> !<\/span><\/span><span class=\"EOP SCXW193455851 BCX8\" data-ccp-props=\"{}\">\u00a0<\/span><\/h4>\n<h3 aria-level=\"3\"><img loading=\"lazy\" decoding=\"async\" class=\"aligncenter wp-image-8899\" src=\"https:\/\/larucheindustrielle.fr\/wp-content\/uploads\/2025\/07\/visuel-conference-10-octobre-1024x576.png\" alt=\"\" width=\"700\" height=\"394\" \/><\/h3>\n<h3 data-start=\"113\" data-end=\"178\"><\/h3>\n<h3 data-start=\"113\" data-end=\"178\">Marc de la M\u00e9nardi\u00e8re \u2013 Conf\u00e9rencier, auteur et r\u00e9alisateur<\/h3>\n<p data-start=\"180\" data-end=\"475\">Marc de la M\u00e9nardi\u00e8re est conf\u00e9rencier, auteur et r\u00e9alisateur du documentaire <strong data-start=\"258\" data-end=\"325\"><a class=\"decorated-link\" href=\"https:\/\/enquetedesens-lefilm.com\/index.html\" target=\"_new\" rel=\"noopener\" data-start=\"260\" data-end=\"323\">En Qu\u00eate de Sens<\/a><\/strong>, devenu embl\u00e9matique pour toute une g\u00e9n\u00e9ration en recherche d\u2019un mode de vie plus align\u00e9 avec les grands enjeux \u00e9cologiques, humains et spirituels.<\/p>\n<p data-start=\"477\" data-end=\"878\">Dipl\u00f4m\u00e9 d\u2019une \u00e9cole de commerce, il d\u00e9bute sa carri\u00e8re \u00e0 New York comme business developer chez Danone. Mais un accident et une brutale prise de conscience de l\u2019\u00e9tat du monde bouleversent sa trajectoire. Il d\u00e9cide alors de tout quitter pour partir, cam\u00e9ra au poing, \u00e0 la rencontre de penseurs, scientifiques et pionniers qui r\u00e9inventent notre rapport au vivant, aux c\u00f4t\u00e9s de son ami Nathana\u00ebl Coste.<\/p>\n<p data-start=\"880\" data-end=\"1171\">De cette aventure na\u00eet <strong data-start=\"903\" data-end=\"923\">En Qu\u00eate de Sens<\/strong>, un road-movie initiatique et engag\u00e9, vu par plus de <strong data-start=\"977\" data-end=\"1000\">200 000 spectateurs<\/strong> gr\u00e2ce \u00e0 une diffusion en circuit court. V\u00e9ritable manifeste pour une transition \u00e9cologique et int\u00e9rieure, ce film a profond\u00e9ment marqu\u00e9 son parcours et ses engagements.<\/p>\n<p data-start=\"1173\" data-end=\"1480\">Parall\u00e8lement, Marc s\u2019implique dans le mouvement <strong data-start=\"1222\" data-end=\"1234\">Colibris<\/strong> et cofonde en 2017 <strong data-start=\"1254\" data-end=\"1271\">La Kambrousse<\/strong>, un \u00e9colieu situ\u00e9 dans les Deux-S\u00e8vres. Cet espace de r\u00e9g\u00e9n\u00e9ration accueille s\u00e9minaires, retraites et exp\u00e9riences collectives autour de la connaissance de soi, de l\u2019autonomie et de la transition \u00e9cologique.<\/p>\n<p data-start=\"1482\" data-end=\"1733\">Aujourd\u2019hui, il transmet son chemin de vie \u00e0 travers des conf\u00e9rences inspirantes o\u00f9 il questionne notre rapport au progr\u00e8s, \u00e0 la nature et \u00e0 la conscience. Sa mission : contribuer \u00e0 l\u2019\u00e9mergence de <strong data-start=\"1679\" data-end=\"1698\">nouveaux r\u00e9cits<\/strong> pour habiter le monde autrement.<\/p>\n<hr data-start=\"1735\" data-end=\"1738\" \/>\n<h3 data-start=\"1740\" data-end=\"1808\">Les conf\u00e9rences <em data-start=\"1760\" data-end=\"1782\">Secouage de neurones<\/em> \u2013 La Ruche Industrielle<\/h3>\n<p data-start=\"1810\" data-end=\"2019\">Lanc\u00e9e en juin 2025, la premi\u00e8re conf\u00e9rence a vu le jour en partenariat avec <strong data-start=\"1887\" data-end=\"1903\">Les Shifters<\/strong> : <em data-start=\"1906\" data-end=\"2017\">\u00ab Le changement climatique va affecter votre carri\u00e8re ! D\u00e9couvrez pourquoi, et quel r\u00f4le vous pouvez jouer. \u00bb<\/em><\/p>\n<p data-start=\"2021\" data-end=\"2262\">\u00c0 La Ruche Industrielle, nous croyons que la transformation ne se d\u00e9cr\u00e8te pas : elle se construit. Et pour \u00e9veiller les consciences, rien de tel qu\u2019un cycle de conf\u00e9rences con\u00e7u pour questionner, bousculer et enrichir nos fa\u00e7ons de penser.\u00a0C\u2019est tout l\u2019esprit des <strong data-start=\"2288\" data-end=\"2324\">conf\u00e9rences Secouage de neurones<\/strong> : des rendez-vous qui ouvrent des perspectives, nourrissent les r\u00e9flexions et inspirent l\u2019action.<\/p>\n<p data-start=\"2426\" data-end=\"2504\">\ud83d\udc49 Tentez l\u2019exp\u00e9rience et inscrivez-vous : vous en ressortirez transform\u00e9s !<\/p>\n<p><a href=\"https:\/\/larucheindustrielle.fr\/fr\/acces\/\"><img loading=\"lazy\" decoding=\"async\" class=\"aligncenter wp-image-8584 size-full\" src=\"https:\/\/larucheindustrielle.fr\/wp-content\/uploads\/2025\/03\/Mobilite-douce-visuel.png\" alt=\"\" width=\"1024\" height=\"768\" srcset=\"https:\/\/larucheindustrielle.fr\/wp-content\/uploads\/2025\/03\/Mobilite-douce-visuel.png 1024w, https:\/\/larucheindustrielle.fr\/wp-content\/uploads\/2025\/03\/Mobilite-douce-visuel-480x360.png 480w\" sizes=\"(min-width: 0px) and (max-width: 480px) 480px, (min-width: 481px) 1024px, 100vw\" \/><\/a><\/p>\n","protected":false},"excerpt":{"rendered":"<p>RDV \u00e0 La Ruche Industrielle pour cette conf\u00e9rence Secouage de neurones !<\/p>\n","protected":false},"featured_media":8899,"template":"","meta":{"_acf_changed":false,"_et_pb_use_builder":"","_et_pb_old_content":"","_et_gb_content_width":""},"categories":[13],"tags":[],"class_list":["post-8770","evenement","type-evenement","status-publish","has-post-thumbnail","hentry","category-passe"],"acf":[],"yoast_head":"<!-- This site is optimized with the Yoast SEO plugin v27.4 - https:\/\/yoast.com\/product\/yoast-seo-wordpress\/ -->\n<title>Qu\u00eate de sens et cul de sac : Quelle boussole int\u00e9rieure pour retrouver du pouvoir d&#039;agir ? - La Ruche industrielle<\/title>\n<meta name=\"description\" content=\"\u200bRDV \u00e0 La Ruche Industrielle pour cette conf\u00e9rence Secouage de neurones : &quot;En qu\u00eate de sens : r\u00e9inventer nos r\u00e9cits, modes de vie et organisations&quot;\" \/>\n<meta name=\"robots\" content=\"index, follow, max-snippet:-1, max-image-preview:large, max-video-preview:-1\" \/>\n<link rel=\"canonical\" href=\"https:\/\/larucheindustrielle.fr\/fr\/evenement\/en-quete-de-sens\/\" \/>\n<meta property=\"og:locale\" content=\"fr_FR\" \/>\n<meta property=\"og:type\" content=\"article\" \/>\n<meta property=\"og:title\" content=\"Qu\u00eate de sens et cul de sac : Quelle boussole int\u00e9rieure pour retrouver du pouvoir d&#039;agir ? - La Ruche industrielle\" \/>\n<meta property=\"og:description\" content=\"\u200bRDV \u00e0 La Ruche Industrielle pour cette conf\u00e9rence Secouage de neurones : &quot;En qu\u00eate de sens : r\u00e9inventer nos r\u00e9cits, modes de vie et organisations&quot;\" \/>\n<meta property=\"og:url\" content=\"https:\/\/larucheindustrielle.fr\/fr\/evenement\/en-quete-de-sens\/\" \/>\n<meta property=\"og:site_name\" content=\"La Ruche industrielle\" \/>\n<meta property=\"article:modified_time\" content=\"2025-10-08T15:06:24+00:00\" \/>\n<meta property=\"og:image\" content=\"https:\/\/larucheindustrielle.fr\/wp-content\/uploads\/2025\/07\/visuel-conference-10-octobre.png\" \/>\n\t<meta property=\"og:image:width\" content=\"1920\" \/>\n\t<meta property=\"og:image:height\" content=\"1080\" \/>\n\t<meta property=\"og:image:type\" content=\"image\/png\" \/>\n<meta name=\"twitter:card\" content=\"summary_large_image\" \/>\n<meta name=\"twitter:site\" content=\"@LaRucheIndus\" \/>\n<meta name=\"twitter:label1\" content=\"Dur\u00e9e de lecture estim\u00e9e\" \/>\n\t<meta name=\"twitter:data1\" content=\"3 minutes\" \/>\n<script type=\"application\/ld+json\" class=\"yoast-schema-graph\">{\"@context\":\"https:\\\/\\\/schema.org\",\"@graph\":[{\"@type\":\"WebPage\",\"@id\":\"https:\\\/\\\/larucheindustrielle.fr\\\/fr\\\/evenement\\\/en-quete-de-sens\\\/\",\"url\":\"https:\\\/\\\/larucheindustrielle.fr\\\/fr\\\/evenement\\\/en-quete-de-sens\\\/\",\"name\":\"Qu\u00eate de sens et cul de sac : Quelle boussole int\u00e9rieure pour retrouver du pouvoir d'agir ? - La Ruche industrielle\",\"isPartOf\":{\"@id\":\"https:\\\/\\\/larucheindustrielle.fr\\\/fr\\\/#website\"},\"primaryImageOfPage\":{\"@id\":\"https:\\\/\\\/larucheindustrielle.fr\\\/fr\\\/evenement\\\/en-quete-de-sens\\\/#primaryimage\"},\"image\":{\"@id\":\"https:\\\/\\\/larucheindustrielle.fr\\\/fr\\\/evenement\\\/en-quete-de-sens\\\/#primaryimage\"},\"thumbnailUrl\":\"https:\\\/\\\/larucheindustrielle.fr\\\/wp-content\\\/uploads\\\/2025\\\/07\\\/visuel-conference-10-octobre.png\",\"datePublished\":\"2025-07-21T07:20:07+00:00\",\"dateModified\":\"2025-10-08T15:06:24+00:00\",\"description\":\"\u200bRDV \u00e0 La Ruche Industrielle pour cette conf\u00e9rence Secouage de neurones : \\\"En qu\u00eate de sens : r\u00e9inventer nos r\u00e9cits, modes de vie et organisations\\\"\",\"inLanguage\":\"fr-FR\",\"potentialAction\":[{\"@type\":\"ReadAction\",\"target\":[\"https:\\\/\\\/larucheindustrielle.fr\\\/fr\\\/evenement\\\/en-quete-de-sens\\\/\"]}]},{\"@type\":\"ImageObject\",\"inLanguage\":\"fr-FR\",\"@id\":\"https:\\\/\\\/larucheindustrielle.fr\\\/fr\\\/evenement\\\/en-quete-de-sens\\\/#primaryimage\",\"url\":\"https:\\\/\\\/larucheindustrielle.fr\\\/wp-content\\\/uploads\\\/2025\\\/07\\\/visuel-conference-10-octobre.png\",\"contentUrl\":\"https:\\\/\\\/larucheindustrielle.fr\\\/wp-content\\\/uploads\\\/2025\\\/07\\\/visuel-conference-10-octobre.png\",\"width\":1920,\"height\":1080},{\"@type\":\"WebSite\",\"@id\":\"https:\\\/\\\/larucheindustrielle.fr\\\/fr\\\/#website\",\"url\":\"https:\\\/\\\/larucheindustrielle.fr\\\/fr\\\/\",\"name\":\"La Ruche industrielle\",\"description\":\"Ici, on construit ensemble l&#039;industrie du futur !\",\"publisher\":{\"@id\":\"https:\\\/\\\/larucheindustrielle.fr\\\/fr\\\/#organization\"},\"potentialAction\":[{\"@type\":\"SearchAction\",\"target\":{\"@type\":\"EntryPoint\",\"urlTemplate\":\"https:\\\/\\\/larucheindustrielle.fr\\\/fr\\\/?s={search_term_string}\"},\"query-input\":{\"@type\":\"PropertyValueSpecification\",\"valueRequired\":true,\"valueName\":\"search_term_string\"}}],\"inLanguage\":\"fr-FR\"},{\"@type\":\"Organization\",\"@id\":\"https:\\\/\\\/larucheindustrielle.fr\\\/fr\\\/#organization\",\"name\":\"La Ruche industrielle\",\"url\":\"https:\\\/\\\/larucheindustrielle.fr\\\/fr\\\/\",\"logo\":{\"@type\":\"ImageObject\",\"inLanguage\":\"fr-FR\",\"@id\":\"https:\\\/\\\/larucheindustrielle.fr\\\/fr\\\/#\\\/schema\\\/logo\\\/image\\\/\",\"url\":\"https:\\\/\\\/larucheindustrielle.fr\\\/wp-content\\\/uploads\\\/2023\\\/06\\\/Home-page-Logo-la-ruche-en-bois.jpg\",\"contentUrl\":\"https:\\\/\\\/larucheindustrielle.fr\\\/wp-content\\\/uploads\\\/2023\\\/06\\\/Home-page-Logo-la-ruche-en-bois.jpg\",\"width\":1280,\"height\":853,\"caption\":\"La Ruche industrielle\"},\"image\":{\"@id\":\"https:\\\/\\\/larucheindustrielle.fr\\\/fr\\\/#\\\/schema\\\/logo\\\/image\\\/\"},\"sameAs\":[\"https:\\\/\\\/x.com\\\/LaRucheIndus\",\"https:\\\/\\\/fr.linkedin.com\\\/company\\\/la-ruche-industrielle\",\"https:\\\/\\\/www.youtube.com\\\/@larucheindustrielle932\",\"https:\\\/\\\/www.instagram.com\\\/larucheindustrielle\\\/\"]}]}<\/script>\n<!-- \/ Yoast SEO plugin. -->","yoast_head_json":{"title":"Qu\u00eate de sens et cul de sac : Quelle boussole int\u00e9rieure pour retrouver du pouvoir d'agir ? - La Ruche industrielle","description":"\u200bRDV \u00e0 La Ruche Industrielle pour cette conf\u00e9rence Secouage de neurones : \"En qu\u00eate de sens : r\u00e9inventer nos r\u00e9cits, modes de vie et organisations\"","robots":{"index":"index","follow":"follow","max-snippet":"max-snippet:-1","max-image-preview":"max-image-preview:large","max-video-preview":"max-video-preview:-1"},"canonical":"https:\/\/larucheindustrielle.fr\/fr\/evenement\/en-quete-de-sens\/","og_locale":"fr_FR","og_type":"article","og_title":"Qu\u00eate de sens et cul de sac : Quelle boussole int\u00e9rieure pour retrouver du pouvoir d'agir ? - La Ruche industrielle","og_description":"\u200bRDV \u00e0 La Ruche Industrielle pour cette conf\u00e9rence Secouage de neurones : \"En qu\u00eate de sens : r\u00e9inventer nos r\u00e9cits, modes de vie et organisations\"","og_url":"https:\/\/larucheindustrielle.fr\/fr\/evenement\/en-quete-de-sens\/","og_site_name":"La Ruche industrielle","article_modified_time":"2025-10-08T15:06:24+00:00","og_image":[{"width":1920,"height":1080,"url":"https:\/\/larucheindustrielle.fr\/wp-content\/uploads\/2025\/07\/visuel-conference-10-octobre.png","type":"image\/png"}],"twitter_card":"summary_large_image","twitter_site":"@LaRucheIndus","twitter_misc":{"Dur\u00e9e de lecture estim\u00e9e":"3 minutes"},"schema":{"@context":"https:\/\/schema.org","@graph":[{"@type":"WebPage","@id":"https:\/\/larucheindustrielle.fr\/fr\/evenement\/en-quete-de-sens\/","url":"https:\/\/larucheindustrielle.fr\/fr\/evenement\/en-quete-de-sens\/","name":"Qu\u00eate de sens et cul de sac : Quelle boussole int\u00e9rieure pour retrouver du pouvoir d'agir ? - La Ruche industrielle","isPartOf":{"@id":"https:\/\/larucheindustrielle.fr\/fr\/#website"},"primaryImageOfPage":{"@id":"https:\/\/larucheindustrielle.fr\/fr\/evenement\/en-quete-de-sens\/#primaryimage"},"image":{"@id":"https:\/\/larucheindustrielle.fr\/fr\/evenement\/en-quete-de-sens\/#primaryimage"},"thumbnailUrl":"https:\/\/larucheindustrielle.fr\/wp-content\/uploads\/2025\/07\/visuel-conference-10-octobre.png","datePublished":"2025-07-21T07:20:07+00:00","dateModified":"2025-10-08T15:06:24+00:00","description":"\u200bRDV \u00e0 La Ruche Industrielle pour cette conf\u00e9rence Secouage de neurones : \"En qu\u00eate de sens : r\u00e9inventer nos r\u00e9cits, modes de vie et organisations\"","inLanguage":"fr-FR","potentialAction":[{"@type":"ReadAction","target":["https:\/\/larucheindustrielle.fr\/fr\/evenement\/en-quete-de-sens\/"]}]},{"@type":"ImageObject","inLanguage":"fr-FR","@id":"https:\/\/larucheindustrielle.fr\/fr\/evenement\/en-quete-de-sens\/#primaryimage","url":"https:\/\/larucheindustrielle.fr\/wp-content\/uploads\/2025\/07\/visuel-conference-10-octobre.png","contentUrl":"https:\/\/larucheindustrielle.fr\/wp-content\/uploads\/2025\/07\/visuel-conference-10-octobre.png","width":1920,"height":1080},{"@type":"WebSite","@id":"https:\/\/larucheindustrielle.fr\/fr\/#website","url":"https:\/\/larucheindustrielle.fr\/fr\/","name":"La Ruche industrielle","description":"Ici, on construit ensemble l&#039;industrie du futur !","publisher":{"@id":"https:\/\/larucheindustrielle.fr\/fr\/#organization"},"potentialAction":[{"@type":"SearchAction","target":{"@type":"EntryPoint","urlTemplate":"https:\/\/larucheindustrielle.fr\/fr\/?s={search_term_string}"},"query-input":{"@type":"PropertyValueSpecification","valueRequired":true,"valueName":"search_term_string"}}],"inLanguage":"fr-FR"},{"@type":"Organization","@id":"https:\/\/larucheindustrielle.fr\/fr\/#organization","name":"La Ruche industrielle","url":"https:\/\/larucheindustrielle.fr\/fr\/","logo":{"@type":"ImageObject","inLanguage":"fr-FR","@id":"https:\/\/larucheindustrielle.fr\/fr\/#\/schema\/logo\/image\/","url":"https:\/\/larucheindustrielle.fr\/wp-content\/uploads\/2023\/06\/Home-page-Logo-la-ruche-en-bois.jpg","contentUrl":"https:\/\/larucheindustrielle.fr\/wp-content\/uploads\/2023\/06\/Home-page-Logo-la-ruche-en-bois.jpg","width":1280,"height":853,"caption":"La Ruche industrielle"},"image":{"@id":"https:\/\/larucheindustrielle.fr\/fr\/#\/schema\/logo\/image\/"},"sameAs":["https:\/\/x.com\/LaRucheIndus","https:\/\/fr.linkedin.com\/company\/la-ruche-industrielle","https:\/\/www.youtube.com\/@larucheindustrielle932","https:\/\/www.instagram.com\/larucheindustrielle\/"]}]}},"publishpress_future_action":{"enabled":false,"date":"2026-05-04 11:19:30","action":"category","newStatus":"draft","terms":[13],"taxonomy":"category","extraData":[]},"publishpress_future_workflow_manual_trigger":{"enabledWorkflows":[]},"_links":{"self":[{"href":"https:\/\/larucheindustrielle.fr\/fr\/wp-json\/wp\/v2\/evenement\/8770","targetHints":{"allow":["GET"]}}],"collection":[{"href":"https:\/\/larucheindustrielle.fr\/fr\/wp-json\/wp\/v2\/evenement"}],"about":[{"href":"https:\/\/larucheindustrielle.fr\/fr\/wp-json\/wp\/v2\/types\/evenement"}],"wp:featuredmedia":[{"embeddable":true,"href":"https:\/\/larucheindustrielle.fr\/fr\/wp-json\/wp\/v2\/media\/8899"}],"wp:attachment":[{"href":"https:\/\/larucheindustrielle.fr\/fr\/wp-json\/wp\/v2\/media?parent=8770"}],"wp:term":[{"taxonomy":"category","embeddable":true,"href":"https:\/\/larucheindustrielle.fr\/fr\/wp-json\/wp\/v2\/categories?post=8770"},{"taxonomy":"post_tag","embeddable":true,"href":"https:\/\/larucheindustrielle.fr\/fr\/wp-json\/wp\/v2\/tags?post=8770"}],"curies":[{"name":"wp","href":"https:\/\/api.w.org\/{rel}","templated":true}]}}