{"id":8777,"date":"2025-07-23T10:42:49","date_gmt":"2025-07-23T08:42:49","guid":{"rendered":"https:\/\/larucheindustrielle.fr\/fr\/?post_type=evenement&#038;p=8777"},"modified":"2025-10-06T10:40:06","modified_gmt":"2025-10-06T08:40:06","slug":"en-route-vers-lindustrie-un-evenement-pour-une-industrie-plus-inclusive","status":"publish","type":"evenement","link":"https:\/\/larucheindustrielle.fr\/fr\/evenement\/en-route-vers-lindustrie-un-evenement-pour-une-industrie-plus-inclusive\/","title":{"rendered":"En route vers l&rsquo;industrie : Un \u00e9v\u00e9nement pour une industrie plus inclusive"},"content":{"rendered":"<p><strong data-renderer-mark=\"true\">\ud83d\udce2 RDV le 2 octobre \u00e0 La Ruche Industrielle pour le temps fort autour de l\u2019inclusion des jeunes femmes dans l\u2019industrie et de la lev\u00e9e des freins invisibles \u00e0 leur r\u00e9ussite.<\/strong><\/p>\n<h3 data-start=\"386\" data-end=\"401\">\ud83d\udd0d Objectif<\/h3>\n<p data-start=\"403\" data-end=\"520\">Cr\u00e9er un espace de dialogue authentique entre jeunes femmes \u00e9tudiantes et acteurs du monde de l\u2019entreprise, afin de :<\/p>\n<ul data-start=\"522\" data-end=\"764\">\n<li data-start=\"522\" data-end=\"625\">\n<p data-start=\"524\" data-end=\"625\">Faire \u00e9merger les freins invisibles \u00e0 la r\u00e9ussite de leurs \u00e9tudes et \u00e0 leur insertion professionnelle<\/p>\n<\/li>\n<li data-start=\"626\" data-end=\"673\">\n<p data-start=\"628\" data-end=\"673\">Valoriser leurs parcours et leurs exp\u00e9riences<\/p>\n<\/li>\n<li data-start=\"674\" data-end=\"764\">\n<p data-start=\"676\" data-end=\"764\">Susciter une prise de conscience collective en faveur d\u2019une <strong data-start=\"736\" data-end=\"764\">industrie plus inclusive<\/strong><\/p>\n<\/li>\n<\/ul>\n<h3 data-start=\"771\" data-end=\"787\">\ud83d\uddd3 Programme<\/h3>\n<ul>\n<li><strong>17h :\u00a0<\/strong>Accueil &amp; Ice Breaker<\/li>\n<li><strong>17h50 :\u00a0<\/strong>Mots d\u2019ouverture des organisateurs : La Ruche Industrielle, Propulseo et Aldes<\/li>\n<li><strong>18h10\u00a0: <\/strong>Table ronde avec des intervenants engag\u00e9s<\/li>\n<li><strong>19h15 :<\/strong> Lancement des ateliers<\/li>\n<li><strong>20h15 \u00e0 21h :\u00a0<\/strong>Cocktail et poursuite des \u00e9changes dans une ambiance conviviale<\/li>\n<\/ul>\n<p>\u2728 D\u00e9couvrez ce nouvel \u00e9pisode des Kolinkis consacr\u00e9 \u00e0 un sujet essentiel : <a href=\"https:\/\/youtu.be\/QCOwxTvV5BM\">l\u2019inclusion des femmes dans l\u2019industrie.<\/a><\/p>\n<p><img loading=\"lazy\" decoding=\"async\" class=\"aligncenter wp-image-8879 size-large\" src=\"https:\/\/larucheindustrielle.fr\/wp-content\/uploads\/2025\/07\/intervenants-en-route-vers-l-industrie-1024x515.jpg\" alt=\"\" width=\"1024\" height=\"515\" srcset=\"https:\/\/larucheindustrielle.fr\/wp-content\/uploads\/2025\/07\/intervenants-en-route-vers-l-industrie-980x493.jpg 980w, https:\/\/larucheindustrielle.fr\/wp-content\/uploads\/2025\/07\/intervenants-en-route-vers-l-industrie-480x241.jpg 480w\" sizes=\"(min-width: 0px) and (max-width: 480px) 480px, (min-width: 481px) and (max-width: 980px) 980px, (min-width: 981px) 1024px, 100vw\" \/><\/p>\n<p><a href=\"https:\/\/larucheindustrielle.fr\/fr\/acces\/\"><img loading=\"lazy\" decoding=\"async\" class=\"aligncenter wp-image-8584 \" src=\"https:\/\/larucheindustrielle.fr\/wp-content\/uploads\/2025\/03\/Mobilite-douce-visuel.png\" alt=\"\" width=\"640\" height=\"480\" \/><\/a><\/p>\n","protected":false},"excerpt":{"rendered":"<p>Participez le 2 octobre \u00e0 La Ruche Industrielle \u00e0 un \u00e9v\u00e9nement d\u00e9di\u00e9 \u00e0 l&rsquo;inclusion des jeunes femmes dans l&rsquo;industrie : \u00e9changes, table ronde, ateliers et cocktail au programme.<\/p>\n","protected":false},"featured_media":8778,"template":"","meta":{"_acf_changed":false,"_et_pb_use_builder":"","_et_pb_old_content":"","_et_gb_content_width":""},"categories":[13],"tags":[],"class_list":["post-8777","evenement","type-evenement","status-publish","has-post-thumbnail","hentry","category-passe"],"acf":[],"yoast_head":"<!-- This site is optimized with the Yoast SEO plugin v27.4 - https:\/\/yoast.com\/product\/yoast-seo-wordpress\/ -->\n<title>En route vers l&#039;industrie : Un \u00e9v\u00e9nement pour une industrie plus inclusive - La Ruche industrielle<\/title>\n<meta name=\"description\" content=\"Participez le 2 octobre \u00e0 La Ruche Industrielle \u00e0 un \u00e9v\u00e9nement d\u00e9di\u00e9 \u00e0 l&#039;inclusion des jeunes femmes dans l&#039;industrie\" \/>\n<meta name=\"robots\" content=\"index, follow, max-snippet:-1, max-image-preview:large, max-video-preview:-1\" \/>\n<link rel=\"canonical\" href=\"https:\/\/larucheindustrielle.fr\/fr\/evenement\/en-route-vers-lindustrie-un-evenement-pour-une-industrie-plus-inclusive\/\" \/>\n<meta property=\"og:locale\" content=\"fr_FR\" \/>\n<meta property=\"og:type\" content=\"article\" \/>\n<meta property=\"og:title\" content=\"En route vers l&#039;industrie : Un \u00e9v\u00e9nement pour une industrie plus inclusive - La Ruche industrielle\" \/>\n<meta property=\"og:description\" content=\"Participez le 2 octobre \u00e0 La Ruche Industrielle \u00e0 un \u00e9v\u00e9nement d\u00e9di\u00e9 \u00e0 l&#039;inclusion des jeunes femmes dans l&#039;industrie\" \/>\n<meta property=\"og:url\" content=\"https:\/\/larucheindustrielle.fr\/fr\/evenement\/en-route-vers-lindustrie-un-evenement-pour-une-industrie-plus-inclusive\/\" \/>\n<meta property=\"og:site_name\" content=\"La Ruche industrielle\" \/>\n<meta property=\"article:modified_time\" content=\"2025-10-06T08:40:06+00:00\" \/>\n<meta property=\"og:image\" content=\"https:\/\/larucheindustrielle.fr\/wp-content\/uploads\/2025\/07\/Affiche-A4-EN-ROUTE-VERS-LINDUSTRIE-724x1024.png\" \/>\n\t<meta property=\"og:image:width\" content=\"724\" \/>\n\t<meta property=\"og:image:height\" content=\"1024\" \/>\n\t<meta property=\"og:image:type\" content=\"image\/png\" \/>\n<meta name=\"twitter:card\" content=\"summary_large_image\" \/>\n<meta name=\"twitter:site\" content=\"@LaRucheIndus\" \/>\n<meta name=\"twitter:label1\" content=\"Dur\u00e9e de lecture estim\u00e9e\" \/>\n\t<meta name=\"twitter:data1\" content=\"2 minutes\" \/>\n<script type=\"application\/ld+json\" class=\"yoast-schema-graph\">{\"@context\":\"https:\\\/\\\/schema.org\",\"@graph\":[{\"@type\":\"WebPage\",\"@id\":\"https:\\\/\\\/larucheindustrielle.fr\\\/fr\\\/evenement\\\/en-route-vers-lindustrie-un-evenement-pour-une-industrie-plus-inclusive\\\/\",\"url\":\"https:\\\/\\\/larucheindustrielle.fr\\\/fr\\\/evenement\\\/en-route-vers-lindustrie-un-evenement-pour-une-industrie-plus-inclusive\\\/\",\"name\":\"En route vers l'industrie : Un \u00e9v\u00e9nement pour une industrie plus inclusive - La Ruche industrielle\",\"isPartOf\":{\"@id\":\"https:\\\/\\\/larucheindustrielle.fr\\\/fr\\\/#website\"},\"primaryImageOfPage\":{\"@id\":\"https:\\\/\\\/larucheindustrielle.fr\\\/fr\\\/evenement\\\/en-route-vers-lindustrie-un-evenement-pour-une-industrie-plus-inclusive\\\/#primaryimage\"},\"image\":{\"@id\":\"https:\\\/\\\/larucheindustrielle.fr\\\/fr\\\/evenement\\\/en-route-vers-lindustrie-un-evenement-pour-une-industrie-plus-inclusive\\\/#primaryimage\"},\"thumbnailUrl\":\"https:\\\/\\\/larucheindustrielle.fr\\\/wp-content\\\/uploads\\\/2025\\\/07\\\/Affiche-A4-EN-ROUTE-VERS-LINDUSTRIE.png\",\"datePublished\":\"2025-07-23T08:42:49+00:00\",\"dateModified\":\"2025-10-06T08:40:06+00:00\",\"description\":\"Participez le 2 octobre \u00e0 La Ruche Industrielle \u00e0 un \u00e9v\u00e9nement d\u00e9di\u00e9 \u00e0 l'inclusion des jeunes femmes dans l'industrie\",\"inLanguage\":\"fr-FR\",\"potentialAction\":[{\"@type\":\"ReadAction\",\"target\":[\"https:\\\/\\\/larucheindustrielle.fr\\\/fr\\\/evenement\\\/en-route-vers-lindustrie-un-evenement-pour-une-industrie-plus-inclusive\\\/\"]}]},{\"@type\":\"ImageObject\",\"inLanguage\":\"fr-FR\",\"@id\":\"https:\\\/\\\/larucheindustrielle.fr\\\/fr\\\/evenement\\\/en-route-vers-lindustrie-un-evenement-pour-une-industrie-plus-inclusive\\\/#primaryimage\",\"url\":\"https:\\\/\\\/larucheindustrielle.fr\\\/wp-content\\\/uploads\\\/2025\\\/07\\\/Affiche-A4-EN-ROUTE-VERS-LINDUSTRIE.png\",\"contentUrl\":\"https:\\\/\\\/larucheindustrielle.fr\\\/wp-content\\\/uploads\\\/2025\\\/07\\\/Affiche-A4-EN-ROUTE-VERS-LINDUSTRIE.png\",\"width\":1414,\"height\":2000},{\"@type\":\"WebSite\",\"@id\":\"https:\\\/\\\/larucheindustrielle.fr\\\/fr\\\/#website\",\"url\":\"https:\\\/\\\/larucheindustrielle.fr\\\/fr\\\/\",\"name\":\"La Ruche industrielle\",\"description\":\"Ici, on construit ensemble l&#039;industrie du futur !\",\"publisher\":{\"@id\":\"https:\\\/\\\/larucheindustrielle.fr\\\/fr\\\/#organization\"},\"potentialAction\":[{\"@type\":\"SearchAction\",\"target\":{\"@type\":\"EntryPoint\",\"urlTemplate\":\"https:\\\/\\\/larucheindustrielle.fr\\\/fr\\\/?s={search_term_string}\"},\"query-input\":{\"@type\":\"PropertyValueSpecification\",\"valueRequired\":true,\"valueName\":\"search_term_string\"}}],\"inLanguage\":\"fr-FR\"},{\"@type\":\"Organization\",\"@id\":\"https:\\\/\\\/larucheindustrielle.fr\\\/fr\\\/#organization\",\"name\":\"La Ruche industrielle\",\"url\":\"https:\\\/\\\/larucheindustrielle.fr\\\/fr\\\/\",\"logo\":{\"@type\":\"ImageObject\",\"inLanguage\":\"fr-FR\",\"@id\":\"https:\\\/\\\/larucheindustrielle.fr\\\/fr\\\/#\\\/schema\\\/logo\\\/image\\\/\",\"url\":\"https:\\\/\\\/larucheindustrielle.fr\\\/wp-content\\\/uploads\\\/2023\\\/06\\\/Home-page-Logo-la-ruche-en-bois.jpg\",\"contentUrl\":\"https:\\\/\\\/larucheindustrielle.fr\\\/wp-content\\\/uploads\\\/2023\\\/06\\\/Home-page-Logo-la-ruche-en-bois.jpg\",\"width\":1280,\"height\":853,\"caption\":\"La Ruche industrielle\"},\"image\":{\"@id\":\"https:\\\/\\\/larucheindustrielle.fr\\\/fr\\\/#\\\/schema\\\/logo\\\/image\\\/\"},\"sameAs\":[\"https:\\\/\\\/x.com\\\/LaRucheIndus\",\"https:\\\/\\\/fr.linkedin.com\\\/company\\\/la-ruche-industrielle\",\"https:\\\/\\\/www.youtube.com\\\/@larucheindustrielle932\",\"https:\\\/\\\/www.instagram.com\\\/larucheindustrielle\\\/\"]}]}<\/script>\n<!-- \/ Yoast SEO plugin. -->","yoast_head_json":{"title":"En route vers l'industrie : Un \u00e9v\u00e9nement pour une industrie plus inclusive - La Ruche industrielle","description":"Participez le 2 octobre \u00e0 La Ruche Industrielle \u00e0 un \u00e9v\u00e9nement d\u00e9di\u00e9 \u00e0 l'inclusion des jeunes femmes dans l'industrie","robots":{"index":"index","follow":"follow","max-snippet":"max-snippet:-1","max-image-preview":"max-image-preview:large","max-video-preview":"max-video-preview:-1"},"canonical":"https:\/\/larucheindustrielle.fr\/fr\/evenement\/en-route-vers-lindustrie-un-evenement-pour-une-industrie-plus-inclusive\/","og_locale":"fr_FR","og_type":"article","og_title":"En route vers l'industrie : Un \u00e9v\u00e9nement pour une industrie plus inclusive - La Ruche industrielle","og_description":"Participez le 2 octobre \u00e0 La Ruche Industrielle \u00e0 un \u00e9v\u00e9nement d\u00e9di\u00e9 \u00e0 l'inclusion des jeunes femmes dans l'industrie","og_url":"https:\/\/larucheindustrielle.fr\/fr\/evenement\/en-route-vers-lindustrie-un-evenement-pour-une-industrie-plus-inclusive\/","og_site_name":"La Ruche industrielle","article_modified_time":"2025-10-06T08:40:06+00:00","og_image":[{"width":724,"height":1024,"url":"https:\/\/larucheindustrielle.fr\/wp-content\/uploads\/2025\/07\/Affiche-A4-EN-ROUTE-VERS-LINDUSTRIE-724x1024.png","type":"image\/png"}],"twitter_card":"summary_large_image","twitter_site":"@LaRucheIndus","twitter_misc":{"Dur\u00e9e de lecture estim\u00e9e":"2 minutes"},"schema":{"@context":"https:\/\/schema.org","@graph":[{"@type":"WebPage","@id":"https:\/\/larucheindustrielle.fr\/fr\/evenement\/en-route-vers-lindustrie-un-evenement-pour-une-industrie-plus-inclusive\/","url":"https:\/\/larucheindustrielle.fr\/fr\/evenement\/en-route-vers-lindustrie-un-evenement-pour-une-industrie-plus-inclusive\/","name":"En route vers l'industrie : Un \u00e9v\u00e9nement pour une industrie plus inclusive - La Ruche industrielle","isPartOf":{"@id":"https:\/\/larucheindustrielle.fr\/fr\/#website"},"primaryImageOfPage":{"@id":"https:\/\/larucheindustrielle.fr\/fr\/evenement\/en-route-vers-lindustrie-un-evenement-pour-une-industrie-plus-inclusive\/#primaryimage"},"image":{"@id":"https:\/\/larucheindustrielle.fr\/fr\/evenement\/en-route-vers-lindustrie-un-evenement-pour-une-industrie-plus-inclusive\/#primaryimage"},"thumbnailUrl":"https:\/\/larucheindustrielle.fr\/wp-content\/uploads\/2025\/07\/Affiche-A4-EN-ROUTE-VERS-LINDUSTRIE.png","datePublished":"2025-07-23T08:42:49+00:00","dateModified":"2025-10-06T08:40:06+00:00","description":"Participez le 2 octobre \u00e0 La Ruche Industrielle \u00e0 un \u00e9v\u00e9nement d\u00e9di\u00e9 \u00e0 l'inclusion des jeunes femmes dans l'industrie","inLanguage":"fr-FR","potentialAction":[{"@type":"ReadAction","target":["https:\/\/larucheindustrielle.fr\/fr\/evenement\/en-route-vers-lindustrie-un-evenement-pour-une-industrie-plus-inclusive\/"]}]},{"@type":"ImageObject","inLanguage":"fr-FR","@id":"https:\/\/larucheindustrielle.fr\/fr\/evenement\/en-route-vers-lindustrie-un-evenement-pour-une-industrie-plus-inclusive\/#primaryimage","url":"https:\/\/larucheindustrielle.fr\/wp-content\/uploads\/2025\/07\/Affiche-A4-EN-ROUTE-VERS-LINDUSTRIE.png","contentUrl":"https:\/\/larucheindustrielle.fr\/wp-content\/uploads\/2025\/07\/Affiche-A4-EN-ROUTE-VERS-LINDUSTRIE.png","width":1414,"height":2000},{"@type":"WebSite","@id":"https:\/\/larucheindustrielle.fr\/fr\/#website","url":"https:\/\/larucheindustrielle.fr\/fr\/","name":"La Ruche industrielle","description":"Ici, on construit ensemble l&#039;industrie du futur !","publisher":{"@id":"https:\/\/larucheindustrielle.fr\/fr\/#organization"},"potentialAction":[{"@type":"SearchAction","target":{"@type":"EntryPoint","urlTemplate":"https:\/\/larucheindustrielle.fr\/fr\/?s={search_term_string}"},"query-input":{"@type":"PropertyValueSpecification","valueRequired":true,"valueName":"search_term_string"}}],"inLanguage":"fr-FR"},{"@type":"Organization","@id":"https:\/\/larucheindustrielle.fr\/fr\/#organization","name":"La Ruche industrielle","url":"https:\/\/larucheindustrielle.fr\/fr\/","logo":{"@type":"ImageObject","inLanguage":"fr-FR","@id":"https:\/\/larucheindustrielle.fr\/fr\/#\/schema\/logo\/image\/","url":"https:\/\/larucheindustrielle.fr\/wp-content\/uploads\/2023\/06\/Home-page-Logo-la-ruche-en-bois.jpg","contentUrl":"https:\/\/larucheindustrielle.fr\/wp-content\/uploads\/2023\/06\/Home-page-Logo-la-ruche-en-bois.jpg","width":1280,"height":853,"caption":"La Ruche industrielle"},"image":{"@id":"https:\/\/larucheindustrielle.fr\/fr\/#\/schema\/logo\/image\/"},"sameAs":["https:\/\/x.com\/LaRucheIndus","https:\/\/fr.linkedin.com\/company\/la-ruche-industrielle","https:\/\/www.youtube.com\/@larucheindustrielle932","https:\/\/www.instagram.com\/larucheindustrielle\/"]}]}},"publishpress_future_action":{"enabled":false,"date":"2026-05-04 11:20:58","action":"category","newStatus":"draft","terms":[13],"taxonomy":"category","extraData":[]},"publishpress_future_workflow_manual_trigger":{"enabledWorkflows":[]},"_links":{"self":[{"href":"https:\/\/larucheindustrielle.fr\/fr\/wp-json\/wp\/v2\/evenement\/8777","targetHints":{"allow":["GET"]}}],"collection":[{"href":"https:\/\/larucheindustrielle.fr\/fr\/wp-json\/wp\/v2\/evenement"}],"about":[{"href":"https:\/\/larucheindustrielle.fr\/fr\/wp-json\/wp\/v2\/types\/evenement"}],"wp:featuredmedia":[{"embeddable":true,"href":"https:\/\/larucheindustrielle.fr\/fr\/wp-json\/wp\/v2\/media\/8778"}],"wp:attachment":[{"href":"https:\/\/larucheindustrielle.fr\/fr\/wp-json\/wp\/v2\/media?parent=8777"}],"wp:term":[{"taxonomy":"category","embeddable":true,"href":"https:\/\/larucheindustrielle.fr\/fr\/wp-json\/wp\/v2\/categories?post=8777"},{"taxonomy":"post_tag","embeddable":true,"href":"https:\/\/larucheindustrielle.fr\/fr\/wp-json\/wp\/v2\/tags?post=8777"}],"curies":[{"name":"wp","href":"https:\/\/api.w.org\/{rel}","templated":true}]}}