{"id":8794,"date":"2025-07-25T14:33:28","date_gmt":"2025-07-25T12:33:28","guid":{"rendered":"https:\/\/larucheindustrielle.fr\/fr\/?post_type=evenement&#038;p=8794"},"modified":"2025-09-15T17:42:19","modified_gmt":"2025-09-15T15:42:19","slug":"industrie-circulaire-visite-octobre-2025","status":"publish","type":"evenement","link":"https:\/\/larucheindustrielle.fr\/fr\/evenement\/industrie-circulaire-visite-octobre-2025\/","title":{"rendered":"INDULO Circulaire \u2013 Plongez dans les coulisses de l&rsquo;entreprise Bosch Rexroth"},"content":{"rendered":"<p><strong>\ud83d\udcc5 Mercredi 8 octobre 2025 | \ud83d\udd51 14h \u00e0 17h | \ud83d\udccdLa Ruche Industrielle (V\u00e9nissieux)<\/strong><\/p>\n<p><strong>Et si vous d\u00e9couvriez l\u2019industrie autrement ?<\/strong><\/p>\n<p>INDULO et La Ruche Industrielle vous proposent un apr\u00e8s-midi immersif autour de l\u2019industrie circulaire. Con\u00e7u pour les duos parents\/ados, cet \u00e9v\u00e9nement vous invite \u00e0 explorer un secteur en transformation, d\u00e9couvrir de nouveaux m\u00e9tiers et poser toutes vos questions \u00e0 des professionnels.<\/p>\n<p><img loading=\"lazy\" decoding=\"async\" class=\"aligncenter wp-image-8795 size-large\" src=\"https:\/\/larucheindustrielle.fr\/wp-content\/uploads\/2025\/07\/Affiche-8-octobre-724x1024.png\" alt=\"\" width=\"724\" height=\"1024\" \/><\/p>\n<p><strong>Au programme : entre d\u00e9couverte, immersion et \u00e9change<\/strong><\/p>\n<ul>\n<li><strong>Pr\u00e9sentation de La Ruche Industrielle<\/strong><\/li>\n<\/ul>\n<p>Une association qui r\u00e9unit entreprises et \u00e9coles pour transformer collectivement l\u2019industrie de demain. Sera suivi, d\u2019un temps d\u2019\u00e9change pour comprendre comment l\u2019industrie prend en compte les enjeux environnementaux, et comment cela influence la conception et la fabrication des produits.<\/p>\n<ul>\n<li><strong>Atelier INDULO : immersion dans la maintenance industrielle<\/strong><\/li>\n<\/ul>\n<p>D\u00e9couvrez le m\u00e9tier de technicien de maintenance gr\u00e2ce \u00e0 un atelier pratique, imagin\u00e9 par INDULO. L\u2019occasion de manipuler, tester, et mieux comprendre les comp\u00e9tences requises pour exercer ce m\u00e9tier essentiel.<\/p>\n<ul>\n<li><strong>Visite de l\u2019entreprise Bosch Rexroth<\/strong><\/li>\n<\/ul>\n<p>Plongez dans l\u2019univers d\u2019une entreprise industrielle en activit\u00e9. Un parcours guid\u00e9 pour observer concr\u00e8tement les r\u00e9alit\u00e9s du monde professionnel et de l\u2019industrie.<\/p>\n<ul>\n<li><strong>\u00c9change avec un centre de formation<\/strong><\/li>\n<\/ul>\n<p>Un temps pour poser vos questions sur les parcours, les d\u00e9bouch\u00e9s, les conditions d\u2019admission\u2026 et mieux accompagner votre adolescent dans son orientation.<\/p>\n<p><strong>Un \u00e9v\u00e9nement co-port\u00e9 avec les membres d\u2019INDULO Circulaire.<br \/>\n<\/strong>Ce programme est propos\u00e9 dans le cadre d\u2019INDULO Circulaire, laur\u00e9at de l\u2019appel \u00e0 projets \u201cTransitions durables dans l\u2019industrie\u201d de la <a href=\"https:\/\/fondation-ilyse.org\/\">Fondation ILYSE<\/a>.<\/p>\n<p><strong>\u00c9v\u00e9nement gratuit \u2013 sur inscription<\/strong> : on vous attend nombreux !<\/p>\n<p><a href=\"https:\/\/larucheindustrielle.fr\/fr\/acces\/\"><img loading=\"lazy\" decoding=\"async\" class=\"aligncenter wp-image-8584\" src=\"https:\/\/larucheindustrielle.fr\/wp-content\/uploads\/2025\/03\/Mobilite-douce-visuel.png\" alt=\"\" width=\"750\" height=\"563\" \/><\/a><\/p>\n","protected":false},"excerpt":{"rendered":"<p>Venez d\u00e9couvrir les m\u00e9tiers de l\u2019industrie \u00e0 travers l\u2019\u00e9v\u00e9nement INDULO Circulaire, un apr\u00e8s-midi immersif \u00e0 destination des jeunes, de leurs parents, et aussi des enseignants et professionnels de l\u2019orientation.<\/p>\n","protected":false},"featured_media":8795,"template":"","meta":{"_acf_changed":false,"_et_pb_use_builder":"","_et_pb_old_content":"","_et_gb_content_width":""},"categories":[13],"tags":[],"class_list":["post-8794","evenement","type-evenement","status-publish","has-post-thumbnail","hentry","category-passe"],"acf":[],"yoast_head":"<!-- This site is optimized with the Yoast SEO plugin v27.4 - https:\/\/yoast.com\/product\/yoast-seo-wordpress\/ -->\n<title>INDULO Circulaire \u2013 Plongez dans les coulisses de l&#039;entreprise Bosch Rexroth - La Ruche industrielle<\/title>\n<meta name=\"robots\" content=\"index, follow, max-snippet:-1, max-image-preview:large, max-video-preview:-1\" \/>\n<link rel=\"canonical\" href=\"https:\/\/larucheindustrielle.fr\/fr\/evenement\/industrie-circulaire-visite-octobre-2025\/\" \/>\n<meta property=\"og:locale\" content=\"fr_FR\" \/>\n<meta property=\"og:type\" content=\"article\" \/>\n<meta property=\"og:title\" content=\"INDULO Circulaire \u2013 Plongez dans les coulisses de l&#039;entreprise Bosch Rexroth - La Ruche industrielle\" \/>\n<meta property=\"og:description\" content=\"Venez d\u00e9couvrir les m\u00e9tiers de l\u2019industrie \u00e0 travers l\u2019\u00e9v\u00e9nement INDULO Circulaire, un apr\u00e8s-midi immersif \u00e0 destination des jeunes, de leurs parents, et aussi des enseignants et professionnels de l\u2019orientation.\" \/>\n<meta property=\"og:url\" content=\"https:\/\/larucheindustrielle.fr\/fr\/evenement\/industrie-circulaire-visite-octobre-2025\/\" \/>\n<meta property=\"og:site_name\" content=\"La Ruche industrielle\" \/>\n<meta property=\"article:modified_time\" content=\"2025-09-15T15:42:19+00:00\" \/>\n<meta property=\"og:image\" content=\"https:\/\/larucheindustrielle.fr\/wp-content\/uploads\/2025\/07\/Affiche-8-octobre-scaled.png\" \/>\n\t<meta property=\"og:image:width\" content=\"1810\" \/>\n\t<meta property=\"og:image:height\" content=\"2560\" \/>\n\t<meta property=\"og:image:type\" content=\"image\/png\" \/>\n<meta name=\"twitter:card\" content=\"summary_large_image\" \/>\n<meta name=\"twitter:site\" content=\"@LaRucheIndus\" \/>\n<meta name=\"twitter:label1\" content=\"Dur\u00e9e de lecture estim\u00e9e\" \/>\n\t<meta name=\"twitter:data1\" content=\"2 minutes\" \/>\n<script type=\"application\/ld+json\" class=\"yoast-schema-graph\">{\"@context\":\"https:\\\/\\\/schema.org\",\"@graph\":[{\"@type\":\"WebPage\",\"@id\":\"https:\\\/\\\/larucheindustrielle.fr\\\/fr\\\/evenement\\\/industrie-circulaire-visite-octobre-2025\\\/\",\"url\":\"https:\\\/\\\/larucheindustrielle.fr\\\/fr\\\/evenement\\\/industrie-circulaire-visite-octobre-2025\\\/\",\"name\":\"INDULO Circulaire \u2013 Plongez dans les coulisses de l'entreprise Bosch Rexroth - La Ruche industrielle\",\"isPartOf\":{\"@id\":\"https:\\\/\\\/larucheindustrielle.fr\\\/fr\\\/#website\"},\"primaryImageOfPage\":{\"@id\":\"https:\\\/\\\/larucheindustrielle.fr\\\/fr\\\/evenement\\\/industrie-circulaire-visite-octobre-2025\\\/#primaryimage\"},\"image\":{\"@id\":\"https:\\\/\\\/larucheindustrielle.fr\\\/fr\\\/evenement\\\/industrie-circulaire-visite-octobre-2025\\\/#primaryimage\"},\"thumbnailUrl\":\"https:\\\/\\\/larucheindustrielle.fr\\\/wp-content\\\/uploads\\\/2025\\\/07\\\/Affiche-8-octobre-scaled.png\",\"datePublished\":\"2025-07-25T12:33:28+00:00\",\"dateModified\":\"2025-09-15T15:42:19+00:00\",\"inLanguage\":\"fr-FR\",\"potentialAction\":[{\"@type\":\"ReadAction\",\"target\":[\"https:\\\/\\\/larucheindustrielle.fr\\\/fr\\\/evenement\\\/industrie-circulaire-visite-octobre-2025\\\/\"]}]},{\"@type\":\"ImageObject\",\"inLanguage\":\"fr-FR\",\"@id\":\"https:\\\/\\\/larucheindustrielle.fr\\\/fr\\\/evenement\\\/industrie-circulaire-visite-octobre-2025\\\/#primaryimage\",\"url\":\"https:\\\/\\\/larucheindustrielle.fr\\\/wp-content\\\/uploads\\\/2025\\\/07\\\/Affiche-8-octobre-scaled.png\",\"contentUrl\":\"https:\\\/\\\/larucheindustrielle.fr\\\/wp-content\\\/uploads\\\/2025\\\/07\\\/Affiche-8-octobre-scaled.png\",\"width\":1810,\"height\":2560},{\"@type\":\"WebSite\",\"@id\":\"https:\\\/\\\/larucheindustrielle.fr\\\/fr\\\/#website\",\"url\":\"https:\\\/\\\/larucheindustrielle.fr\\\/fr\\\/\",\"name\":\"La Ruche industrielle\",\"description\":\"Ici, on construit ensemble l&#039;industrie du futur !\",\"publisher\":{\"@id\":\"https:\\\/\\\/larucheindustrielle.fr\\\/fr\\\/#organization\"},\"potentialAction\":[{\"@type\":\"SearchAction\",\"target\":{\"@type\":\"EntryPoint\",\"urlTemplate\":\"https:\\\/\\\/larucheindustrielle.fr\\\/fr\\\/?s={search_term_string}\"},\"query-input\":{\"@type\":\"PropertyValueSpecification\",\"valueRequired\":true,\"valueName\":\"search_term_string\"}}],\"inLanguage\":\"fr-FR\"},{\"@type\":\"Organization\",\"@id\":\"https:\\\/\\\/larucheindustrielle.fr\\\/fr\\\/#organization\",\"name\":\"La Ruche industrielle\",\"url\":\"https:\\\/\\\/larucheindustrielle.fr\\\/fr\\\/\",\"logo\":{\"@type\":\"ImageObject\",\"inLanguage\":\"fr-FR\",\"@id\":\"https:\\\/\\\/larucheindustrielle.fr\\\/fr\\\/#\\\/schema\\\/logo\\\/image\\\/\",\"url\":\"https:\\\/\\\/larucheindustrielle.fr\\\/wp-content\\\/uploads\\\/2023\\\/06\\\/Home-page-Logo-la-ruche-en-bois.jpg\",\"contentUrl\":\"https:\\\/\\\/larucheindustrielle.fr\\\/wp-content\\\/uploads\\\/2023\\\/06\\\/Home-page-Logo-la-ruche-en-bois.jpg\",\"width\":1280,\"height\":853,\"caption\":\"La Ruche industrielle\"},\"image\":{\"@id\":\"https:\\\/\\\/larucheindustrielle.fr\\\/fr\\\/#\\\/schema\\\/logo\\\/image\\\/\"},\"sameAs\":[\"https:\\\/\\\/x.com\\\/LaRucheIndus\",\"https:\\\/\\\/fr.linkedin.com\\\/company\\\/la-ruche-industrielle\",\"https:\\\/\\\/www.youtube.com\\\/@larucheindustrielle932\",\"https:\\\/\\\/www.instagram.com\\\/larucheindustrielle\\\/\"]}]}<\/script>\n<!-- \/ Yoast SEO plugin. -->","yoast_head_json":{"title":"INDULO Circulaire \u2013 Plongez dans les coulisses de l'entreprise Bosch Rexroth - La Ruche industrielle","robots":{"index":"index","follow":"follow","max-snippet":"max-snippet:-1","max-image-preview":"max-image-preview:large","max-video-preview":"max-video-preview:-1"},"canonical":"https:\/\/larucheindustrielle.fr\/fr\/evenement\/industrie-circulaire-visite-octobre-2025\/","og_locale":"fr_FR","og_type":"article","og_title":"INDULO Circulaire \u2013 Plongez dans les coulisses de l'entreprise Bosch Rexroth - La Ruche industrielle","og_description":"Venez d\u00e9couvrir les m\u00e9tiers de l\u2019industrie \u00e0 travers l\u2019\u00e9v\u00e9nement INDULO Circulaire, un apr\u00e8s-midi immersif \u00e0 destination des jeunes, de leurs parents, et aussi des enseignants et professionnels de l\u2019orientation.","og_url":"https:\/\/larucheindustrielle.fr\/fr\/evenement\/industrie-circulaire-visite-octobre-2025\/","og_site_name":"La Ruche industrielle","article_modified_time":"2025-09-15T15:42:19+00:00","og_image":[{"width":1810,"height":2560,"url":"https:\/\/larucheindustrielle.fr\/wp-content\/uploads\/2025\/07\/Affiche-8-octobre-scaled.png","type":"image\/png"}],"twitter_card":"summary_large_image","twitter_site":"@LaRucheIndus","twitter_misc":{"Dur\u00e9e de lecture estim\u00e9e":"2 minutes"},"schema":{"@context":"https:\/\/schema.org","@graph":[{"@type":"WebPage","@id":"https:\/\/larucheindustrielle.fr\/fr\/evenement\/industrie-circulaire-visite-octobre-2025\/","url":"https:\/\/larucheindustrielle.fr\/fr\/evenement\/industrie-circulaire-visite-octobre-2025\/","name":"INDULO Circulaire \u2013 Plongez dans les coulisses de l'entreprise Bosch Rexroth - La Ruche industrielle","isPartOf":{"@id":"https:\/\/larucheindustrielle.fr\/fr\/#website"},"primaryImageOfPage":{"@id":"https:\/\/larucheindustrielle.fr\/fr\/evenement\/industrie-circulaire-visite-octobre-2025\/#primaryimage"},"image":{"@id":"https:\/\/larucheindustrielle.fr\/fr\/evenement\/industrie-circulaire-visite-octobre-2025\/#primaryimage"},"thumbnailUrl":"https:\/\/larucheindustrielle.fr\/wp-content\/uploads\/2025\/07\/Affiche-8-octobre-scaled.png","datePublished":"2025-07-25T12:33:28+00:00","dateModified":"2025-09-15T15:42:19+00:00","inLanguage":"fr-FR","potentialAction":[{"@type":"ReadAction","target":["https:\/\/larucheindustrielle.fr\/fr\/evenement\/industrie-circulaire-visite-octobre-2025\/"]}]},{"@type":"ImageObject","inLanguage":"fr-FR","@id":"https:\/\/larucheindustrielle.fr\/fr\/evenement\/industrie-circulaire-visite-octobre-2025\/#primaryimage","url":"https:\/\/larucheindustrielle.fr\/wp-content\/uploads\/2025\/07\/Affiche-8-octobre-scaled.png","contentUrl":"https:\/\/larucheindustrielle.fr\/wp-content\/uploads\/2025\/07\/Affiche-8-octobre-scaled.png","width":1810,"height":2560},{"@type":"WebSite","@id":"https:\/\/larucheindustrielle.fr\/fr\/#website","url":"https:\/\/larucheindustrielle.fr\/fr\/","name":"La Ruche industrielle","description":"Ici, on construit ensemble l&#039;industrie du futur !","publisher":{"@id":"https:\/\/larucheindustrielle.fr\/fr\/#organization"},"potentialAction":[{"@type":"SearchAction","target":{"@type":"EntryPoint","urlTemplate":"https:\/\/larucheindustrielle.fr\/fr\/?s={search_term_string}"},"query-input":{"@type":"PropertyValueSpecification","valueRequired":true,"valueName":"search_term_string"}}],"inLanguage":"fr-FR"},{"@type":"Organization","@id":"https:\/\/larucheindustrielle.fr\/fr\/#organization","name":"La Ruche industrielle","url":"https:\/\/larucheindustrielle.fr\/fr\/","logo":{"@type":"ImageObject","inLanguage":"fr-FR","@id":"https:\/\/larucheindustrielle.fr\/fr\/#\/schema\/logo\/image\/","url":"https:\/\/larucheindustrielle.fr\/wp-content\/uploads\/2023\/06\/Home-page-Logo-la-ruche-en-bois.jpg","contentUrl":"https:\/\/larucheindustrielle.fr\/wp-content\/uploads\/2023\/06\/Home-page-Logo-la-ruche-en-bois.jpg","width":1280,"height":853,"caption":"La Ruche industrielle"},"image":{"@id":"https:\/\/larucheindustrielle.fr\/fr\/#\/schema\/logo\/image\/"},"sameAs":["https:\/\/x.com\/LaRucheIndus","https:\/\/fr.linkedin.com\/company\/la-ruche-industrielle","https:\/\/www.youtube.com\/@larucheindustrielle932","https:\/\/www.instagram.com\/larucheindustrielle\/"]}]}},"publishpress_future_action":{"enabled":false,"date":"2026-05-04 11:18:55","action":"category","newStatus":"draft","terms":[13],"taxonomy":"category","extraData":[]},"publishpress_future_workflow_manual_trigger":{"enabledWorkflows":[]},"_links":{"self":[{"href":"https:\/\/larucheindustrielle.fr\/fr\/wp-json\/wp\/v2\/evenement\/8794","targetHints":{"allow":["GET"]}}],"collection":[{"href":"https:\/\/larucheindustrielle.fr\/fr\/wp-json\/wp\/v2\/evenement"}],"about":[{"href":"https:\/\/larucheindustrielle.fr\/fr\/wp-json\/wp\/v2\/types\/evenement"}],"wp:featuredmedia":[{"embeddable":true,"href":"https:\/\/larucheindustrielle.fr\/fr\/wp-json\/wp\/v2\/media\/8795"}],"wp:attachment":[{"href":"https:\/\/larucheindustrielle.fr\/fr\/wp-json\/wp\/v2\/media?parent=8794"}],"wp:term":[{"taxonomy":"category","embeddable":true,"href":"https:\/\/larucheindustrielle.fr\/fr\/wp-json\/wp\/v2\/categories?post=8794"},{"taxonomy":"post_tag","embeddable":true,"href":"https:\/\/larucheindustrielle.fr\/fr\/wp-json\/wp\/v2\/tags?post=8794"}],"curies":[{"name":"wp","href":"https:\/\/api.w.org\/{rel}","templated":true}]}}