{"id":9635,"date":"2026-01-15T09:20:45","date_gmt":"2026-01-15T08:20:45","guid":{"rendered":"https:\/\/larucheindustrielle.fr\/fr\/?post_type=evenement&#038;p=9635"},"modified":"2026-04-21T16:07:06","modified_gmt":"2026-04-21T14:07:06","slug":"rex-geant-2026","status":"publish","type":"evenement","link":"https:\/\/larucheindustrielle.fr\/fr\/evenement\/rex-geant-2026\/","title":{"rendered":"REX G\u00c9ANT 2026"},"content":{"rendered":"<h2 data-section-id=\"18owijb\" data-start=\"107\" data-end=\"140\"><strong>L\u2019\u00e9v\u00e9nement phare de la Ruche<\/strong><\/h2>\n<p data-start=\"142\" data-end=\"276\">Un rendez-vous incontournable pour <strong data-start=\"177\" data-end=\"214\">d\u00e9couvrir, partager et s\u2019inspirer<\/strong> des retours d\u2019exp\u00e9rience issus des projets inter-entreprises.<\/p>\n<p data-start=\"278\" data-end=\"431\">Plongez au c\u0153ur d\u2019un <strong data-start=\"299\" data-end=\"320\">parcours immersif<\/strong> articul\u00e9 autour des 3 piliers de transformation de l\u2019industrie :<br data-start=\"385\" data-end=\"388\" \/>\ud83d\udd35 Technologique<br data-start=\"404\" data-end=\"407\" \/>\ud83d\udfe1 Humain<br data-start=\"416\" data-end=\"419\" \/>\ud83d\udfe2 Durable<\/p>\n<p data-start=\"278\" data-end=\"431\"><img loading=\"lazy\" decoding=\"async\" class=\"wp-image-10341 aligncenter\" src=\"https:\/\/larucheindustrielle.fr\/wp-content\/uploads\/2026\/01\/REX-GEANT-PNG.png\" alt=\"\" width=\"461\" height=\"649\" \/><\/p>\n<hr data-start=\"433\" data-end=\"436\" \/>\n<h2 data-section-id=\"19pfglv\" data-start=\"438\" data-end=\"466\"><span role=\"text\"><strong data-start=\"441\" data-end=\"466\">Pourquoi participer ?<\/strong><\/span><\/h2>\n<p data-start=\"468\" data-end=\"508\">Le REX G\u00e9ant, c\u2019est l\u2019opportunit\u00e9 de :<\/p>\n<ul data-start=\"509\" data-end=\"722\">\n<li data-section-id=\"16clrs0\" data-start=\"509\" data-end=\"567\">S\u2019inspirer de projets concrets men\u00e9s par les adh\u00e9rents<\/li>\n<li data-section-id=\"1tqy47m\" data-start=\"568\" data-end=\"619\">Acc\u00e9l\u00e9rer la transformation de votre entreprise<\/li>\n<li data-section-id=\"fqicxe\" data-start=\"620\" data-end=\"671\">\u00c9changer avec un \u00e9cosyst\u00e8me engag\u00e9 et dynamique<\/li>\n<li data-section-id=\"xw1wxn\" data-start=\"672\" data-end=\"722\">Cr\u00e9er des connexions et renforcer votre r\u00e9seau<\/li>\n<\/ul>\n<hr data-start=\"724\" data-end=\"727\" \/>\n<h2 data-section-id=\"5h5tcd\" data-start=\"729\" data-end=\"750\"><span role=\"text\"><strong data-start=\"732\" data-end=\"750\">Nouveaut\u00e9 2026<\/strong><\/span><\/h2>\n<p data-start=\"752\" data-end=\"902\">L\u2019apr\u00e8s-midi d\u00e9butera \u00e0 <strong data-start=\"776\" data-end=\"783\">14h00 <\/strong>avec :\u00a0<br data-start=\"823\" data-end=\"826\" \/>\u27a1\ufe0f T\u00e9moignages concrets de suivi d\u2019actions post-projets chez nos adh\u00e9rents<\/p>\n<p data-start=\"904\" data-end=\"1043\">Elle se conclura par un moment fort :<br data-start=\"941\" data-end=\"944\" \/>\ud83c\udfc6 <strong data-start=\"947\" data-end=\"977\">Les Bee Awards de la Ruche<\/strong> \u2013 une remise de prix pour valoriser les initiatives inspirantes<\/p>\n<hr data-start=\"1045\" data-end=\"1048\" \/>\n<h2 data-section-id=\"1fw2at5\" data-start=\"1050\" data-end=\"1066\"><span role=\"text\"><strong data-start=\"1053\" data-end=\"1066\">Programme<\/strong><\/span><\/h2>\n<p data-start=\"1068\" data-end=\"1150\"><strong data-start=\"1068\" data-end=\"1102\">14h00 \u2013 Conf\u00e9rence d\u2019ouverture<\/strong><br data-start=\"1102\" data-end=\"1105\" \/>Retour d\u2019exp\u00e9rience et t\u00e9moignages concrets<\/p>\n<p data-start=\"1152\" data-end=\"1221\"><strong data-start=\"1152\" data-end=\"1173\">Parcours immersif<\/strong><br data-start=\"1173\" data-end=\"1176\" \/>D\u00e9couverte des projets autour des 3 piliers \u00e0 travers des stands<\/p>\n<p data-start=\"1223\" data-end=\"1297\"><strong data-start=\"1223\" data-end=\"1248\">Remise des Bee Awards<\/strong><br data-start=\"1248\" data-end=\"1251\" \/>Mise en lumi\u00e8re des initiatives remarquables<\/p>\n<p data-start=\"1299\" data-end=\"1410\"><strong data-start=\"1299\" data-end=\"1337\">\u00c0 partir de 18h \u2013 Moment convivial et surprise\u00a0<\/strong><br data-start=\"1337\" data-end=\"1340\" \/>Un temps festif pour \u00e9changer, c\u00e9l\u00e9brer et prolonger les discussions<\/p>\n<p data-start=\"1299\" data-end=\"1410\"><a href=\"https:\/\/www.helloasso.com\/associations\/la-ruche-industrielle\/evenements\/soiree-d-ete-ruche-2026\"><img loading=\"lazy\" decoding=\"async\" class=\"wp-image-10348  aligncenter\" src=\"https:\/\/larucheindustrielle.fr\/wp-content\/uploads\/2026\/01\/2026-Visuel-evenement-partenariat-e1776780387961.png\" alt=\"\" width=\"402\" height=\"94\" \/><\/a><\/p>\n<hr data-start=\"1840\" data-end=\"1843\" \/>\n<h2 data-section-id=\"14dvz9f\" data-start=\"1845\" data-end=\"1868\"><span role=\"text\"><strong data-start=\"1848\" data-end=\"1868\">Rejoignez-nous !<\/strong><\/span><\/h2>\n<p data-start=\"1870\" data-end=\"2036\">Nous esp\u00e9rons vous voir nombreux pour cette nouvelle \u00e9dition du <strong data-start=\"1934\" data-end=\"1947\">REX G\u00e9ant<\/strong>, un moment unique pour apprendre, partager et construire ensemble l\u2019industrie de demain.<\/p>\n<h4 data-start=\"1870\" data-end=\"2036\">\ud83d\udea8<strong> \u00c9v\u00e8nement r\u00e9serv\u00e9 aux adh\u00e9rents !!<\/strong><\/h4>\n<p><strong>Important : Pour les inscriptions contactez votre coordinateur projet ou <a href=\"doreen.viala@larucheindustrielle.fr\">Doreen, office manager.\u00a0<\/a><\/strong><\/p>\n<h5><strong>Un avant go\u00fbt avec la retrospective de 2025 :\u00a0<\/strong><\/h5>\n<p><iframe loading=\"lazy\" title=\"REX G\u00c9ANT 2025 \ud83c\udf89\" width=\"1080\" height=\"608\" src=\"https:\/\/www.youtube.com\/embed\/5-OLaDXYWjk?feature=oembed\"  allow=\"accelerometer; autoplay; clipboard-write; encrypted-media; gyroscope; picture-in-picture; web-share\" referrerpolicy=\"strict-origin-when-cross-origin\" allowfullscreen><\/iframe><\/p>\n<hr \/>\n<p><a href=\"https:\/\/larucheindustrielle.fr\/fr\/acces\/\"><img loading=\"lazy\" decoding=\"async\" class=\"wp-image-8584 aligncenter\" src=\"https:\/\/larucheindustrielle.fr\/wp-content\/uploads\/2025\/03\/Mobilite-douce-visuel.png\" alt=\"\" width=\"616\" height=\"462\" \/><\/a><\/p>\n","protected":false},"excerpt":{"rendered":"<p>Participez \u00e0 la journ\u00e9e des collaborateurs des adh\u00e9rents de La Ruche Industrielle\u202f! <\/p>\n","protected":false},"featured_media":10239,"template":"","meta":{"_acf_changed":false,"_et_pb_use_builder":"off","_et_pb_old_content":"","_et_gb_content_width":""},"categories":[14],"tags":[36],"class_list":["post-9635","evenement","type-evenement","status-publish","has-post-thumbnail","hentry","category-prochainement","tag-evenement-adherents"],"acf":[],"yoast_head":"<!-- This site is optimized with the Yoast SEO plugin v27.4 - https:\/\/yoast.com\/product\/yoast-seo-wordpress\/ -->\n<title>REX G\u00c9ANT 2026 - La Ruche industrielle<\/title>\n<meta name=\"description\" content=\"Une journ\u00e9e de partages, d&#039;\u00e9changes sous forme de Retour d\u2019EXp\u00e9riences des projets de La Ruche Industrielle, suivie d&#039;une soir\u00e9e festive.\" \/>\n<meta name=\"robots\" content=\"index, follow, max-snippet:-1, max-image-preview:large, max-video-preview:-1\" \/>\n<link rel=\"canonical\" href=\"https:\/\/larucheindustrielle.fr\/fr\/evenement\/rex-geant-2026\/\" \/>\n<meta property=\"og:locale\" content=\"fr_FR\" \/>\n<meta property=\"og:type\" content=\"article\" \/>\n<meta property=\"og:title\" content=\"REX G\u00c9ANT 2026 - La Ruche industrielle\" \/>\n<meta property=\"og:description\" content=\"Une journ\u00e9e de partages, d&#039;\u00e9changes sous forme de Retour d\u2019EXp\u00e9riences des projets de La Ruche Industrielle, suivie d&#039;une soir\u00e9e festive.\" \/>\n<meta property=\"og:url\" content=\"https:\/\/larucheindustrielle.fr\/fr\/evenement\/rex-geant-2026\/\" \/>\n<meta property=\"og:site_name\" content=\"La Ruche industrielle\" \/>\n<meta property=\"article:modified_time\" content=\"2026-04-21T14:07:06+00:00\" \/>\n<meta property=\"og:image\" content=\"https:\/\/larucheindustrielle.fr\/wp-content\/uploads\/2026\/01\/CAP.png\" \/>\n\t<meta property=\"og:image:width\" content=\"2510\" \/>\n\t<meta property=\"og:image:height\" content=\"988\" \/>\n\t<meta property=\"og:image:type\" content=\"image\/png\" \/>\n<meta name=\"twitter:card\" content=\"summary_large_image\" \/>\n<meta name=\"twitter:site\" content=\"@LaRucheIndus\" \/>\n<meta name=\"twitter:label1\" content=\"Dur\u00e9e de lecture estim\u00e9e\" \/>\n\t<meta name=\"twitter:data1\" content=\"2 minutes\" \/>\n<script type=\"application\/ld+json\" class=\"yoast-schema-graph\">{\"@context\":\"https:\\\/\\\/schema.org\",\"@graph\":[{\"@type\":\"WebPage\",\"@id\":\"https:\\\/\\\/larucheindustrielle.fr\\\/fr\\\/evenement\\\/rex-geant-2026\\\/\",\"url\":\"https:\\\/\\\/larucheindustrielle.fr\\\/fr\\\/evenement\\\/rex-geant-2026\\\/\",\"name\":\"REX G\u00c9ANT 2026 - La Ruche industrielle\",\"isPartOf\":{\"@id\":\"https:\\\/\\\/larucheindustrielle.fr\\\/fr\\\/#website\"},\"primaryImageOfPage\":{\"@id\":\"https:\\\/\\\/larucheindustrielle.fr\\\/fr\\\/evenement\\\/rex-geant-2026\\\/#primaryimage\"},\"image\":{\"@id\":\"https:\\\/\\\/larucheindustrielle.fr\\\/fr\\\/evenement\\\/rex-geant-2026\\\/#primaryimage\"},\"thumbnailUrl\":\"https:\\\/\\\/larucheindustrielle.fr\\\/wp-content\\\/uploads\\\/2026\\\/01\\\/CAP.png\",\"datePublished\":\"2026-01-15T08:20:45+00:00\",\"dateModified\":\"2026-04-21T14:07:06+00:00\",\"description\":\"Une journ\u00e9e de partages, d'\u00e9changes sous forme de Retour d\u2019EXp\u00e9riences des projets de La Ruche Industrielle, suivie d'une soir\u00e9e festive.\",\"inLanguage\":\"fr-FR\",\"potentialAction\":[{\"@type\":\"ReadAction\",\"target\":[\"https:\\\/\\\/larucheindustrielle.fr\\\/fr\\\/evenement\\\/rex-geant-2026\\\/\"]}]},{\"@type\":\"ImageObject\",\"inLanguage\":\"fr-FR\",\"@id\":\"https:\\\/\\\/larucheindustrielle.fr\\\/fr\\\/evenement\\\/rex-geant-2026\\\/#primaryimage\",\"url\":\"https:\\\/\\\/larucheindustrielle.fr\\\/wp-content\\\/uploads\\\/2026\\\/01\\\/CAP.png\",\"contentUrl\":\"https:\\\/\\\/larucheindustrielle.fr\\\/wp-content\\\/uploads\\\/2026\\\/01\\\/CAP.png\",\"width\":2510,\"height\":988},{\"@type\":\"WebSite\",\"@id\":\"https:\\\/\\\/larucheindustrielle.fr\\\/fr\\\/#website\",\"url\":\"https:\\\/\\\/larucheindustrielle.fr\\\/fr\\\/\",\"name\":\"La Ruche industrielle\",\"description\":\"Ici, on construit ensemble l&#039;industrie du futur !\",\"publisher\":{\"@id\":\"https:\\\/\\\/larucheindustrielle.fr\\\/fr\\\/#organization\"},\"potentialAction\":[{\"@type\":\"SearchAction\",\"target\":{\"@type\":\"EntryPoint\",\"urlTemplate\":\"https:\\\/\\\/larucheindustrielle.fr\\\/fr\\\/?s={search_term_string}\"},\"query-input\":{\"@type\":\"PropertyValueSpecification\",\"valueRequired\":true,\"valueName\":\"search_term_string\"}}],\"inLanguage\":\"fr-FR\"},{\"@type\":\"Organization\",\"@id\":\"https:\\\/\\\/larucheindustrielle.fr\\\/fr\\\/#organization\",\"name\":\"La Ruche industrielle\",\"url\":\"https:\\\/\\\/larucheindustrielle.fr\\\/fr\\\/\",\"logo\":{\"@type\":\"ImageObject\",\"inLanguage\":\"fr-FR\",\"@id\":\"https:\\\/\\\/larucheindustrielle.fr\\\/fr\\\/#\\\/schema\\\/logo\\\/image\\\/\",\"url\":\"https:\\\/\\\/larucheindustrielle.fr\\\/wp-content\\\/uploads\\\/2023\\\/06\\\/Home-page-Logo-la-ruche-en-bois.jpg\",\"contentUrl\":\"https:\\\/\\\/larucheindustrielle.fr\\\/wp-content\\\/uploads\\\/2023\\\/06\\\/Home-page-Logo-la-ruche-en-bois.jpg\",\"width\":1280,\"height\":853,\"caption\":\"La Ruche industrielle\"},\"image\":{\"@id\":\"https:\\\/\\\/larucheindustrielle.fr\\\/fr\\\/#\\\/schema\\\/logo\\\/image\\\/\"},\"sameAs\":[\"https:\\\/\\\/x.com\\\/LaRucheIndus\",\"https:\\\/\\\/fr.linkedin.com\\\/company\\\/la-ruche-industrielle\",\"https:\\\/\\\/www.youtube.com\\\/@larucheindustrielle932\",\"https:\\\/\\\/www.instagram.com\\\/larucheindustrielle\\\/\"]}]}<\/script>\n<!-- \/ Yoast SEO plugin. -->","yoast_head_json":{"title":"REX G\u00c9ANT 2026 - La Ruche industrielle","description":"Une journ\u00e9e de partages, d'\u00e9changes sous forme de Retour d\u2019EXp\u00e9riences des projets de La Ruche Industrielle, suivie d'une soir\u00e9e festive.","robots":{"index":"index","follow":"follow","max-snippet":"max-snippet:-1","max-image-preview":"max-image-preview:large","max-video-preview":"max-video-preview:-1"},"canonical":"https:\/\/larucheindustrielle.fr\/fr\/evenement\/rex-geant-2026\/","og_locale":"fr_FR","og_type":"article","og_title":"REX G\u00c9ANT 2026 - La Ruche industrielle","og_description":"Une journ\u00e9e de partages, d'\u00e9changes sous forme de Retour d\u2019EXp\u00e9riences des projets de La Ruche Industrielle, suivie d'une soir\u00e9e festive.","og_url":"https:\/\/larucheindustrielle.fr\/fr\/evenement\/rex-geant-2026\/","og_site_name":"La Ruche industrielle","article_modified_time":"2026-04-21T14:07:06+00:00","og_image":[{"width":2510,"height":988,"url":"https:\/\/larucheindustrielle.fr\/wp-content\/uploads\/2026\/01\/CAP.png","type":"image\/png"}],"twitter_card":"summary_large_image","twitter_site":"@LaRucheIndus","twitter_misc":{"Dur\u00e9e de lecture estim\u00e9e":"2 minutes"},"schema":{"@context":"https:\/\/schema.org","@graph":[{"@type":"WebPage","@id":"https:\/\/larucheindustrielle.fr\/fr\/evenement\/rex-geant-2026\/","url":"https:\/\/larucheindustrielle.fr\/fr\/evenement\/rex-geant-2026\/","name":"REX G\u00c9ANT 2026 - La Ruche industrielle","isPartOf":{"@id":"https:\/\/larucheindustrielle.fr\/fr\/#website"},"primaryImageOfPage":{"@id":"https:\/\/larucheindustrielle.fr\/fr\/evenement\/rex-geant-2026\/#primaryimage"},"image":{"@id":"https:\/\/larucheindustrielle.fr\/fr\/evenement\/rex-geant-2026\/#primaryimage"},"thumbnailUrl":"https:\/\/larucheindustrielle.fr\/wp-content\/uploads\/2026\/01\/CAP.png","datePublished":"2026-01-15T08:20:45+00:00","dateModified":"2026-04-21T14:07:06+00:00","description":"Une journ\u00e9e de partages, d'\u00e9changes sous forme de Retour d\u2019EXp\u00e9riences des projets de La Ruche Industrielle, suivie d'une soir\u00e9e festive.","inLanguage":"fr-FR","potentialAction":[{"@type":"ReadAction","target":["https:\/\/larucheindustrielle.fr\/fr\/evenement\/rex-geant-2026\/"]}]},{"@type":"ImageObject","inLanguage":"fr-FR","@id":"https:\/\/larucheindustrielle.fr\/fr\/evenement\/rex-geant-2026\/#primaryimage","url":"https:\/\/larucheindustrielle.fr\/wp-content\/uploads\/2026\/01\/CAP.png","contentUrl":"https:\/\/larucheindustrielle.fr\/wp-content\/uploads\/2026\/01\/CAP.png","width":2510,"height":988},{"@type":"WebSite","@id":"https:\/\/larucheindustrielle.fr\/fr\/#website","url":"https:\/\/larucheindustrielle.fr\/fr\/","name":"La Ruche industrielle","description":"Ici, on construit ensemble l&#039;industrie du futur !","publisher":{"@id":"https:\/\/larucheindustrielle.fr\/fr\/#organization"},"potentialAction":[{"@type":"SearchAction","target":{"@type":"EntryPoint","urlTemplate":"https:\/\/larucheindustrielle.fr\/fr\/?s={search_term_string}"},"query-input":{"@type":"PropertyValueSpecification","valueRequired":true,"valueName":"search_term_string"}}],"inLanguage":"fr-FR"},{"@type":"Organization","@id":"https:\/\/larucheindustrielle.fr\/fr\/#organization","name":"La Ruche industrielle","url":"https:\/\/larucheindustrielle.fr\/fr\/","logo":{"@type":"ImageObject","inLanguage":"fr-FR","@id":"https:\/\/larucheindustrielle.fr\/fr\/#\/schema\/logo\/image\/","url":"https:\/\/larucheindustrielle.fr\/wp-content\/uploads\/2023\/06\/Home-page-Logo-la-ruche-en-bois.jpg","contentUrl":"https:\/\/larucheindustrielle.fr\/wp-content\/uploads\/2023\/06\/Home-page-Logo-la-ruche-en-bois.jpg","width":1280,"height":853,"caption":"La Ruche industrielle"},"image":{"@id":"https:\/\/larucheindustrielle.fr\/fr\/#\/schema\/logo\/image\/"},"sameAs":["https:\/\/x.com\/LaRucheIndus","https:\/\/fr.linkedin.com\/company\/la-ruche-industrielle","https:\/\/www.youtube.com\/@larucheindustrielle932","https:\/\/www.instagram.com\/larucheindustrielle\/"]}]}},"publishpress_future_action":{"enabled":true,"date":"2026-06-26 08:17:00","action":"category","newStatus":"draft","terms":[13],"taxonomy":"category","extraData":[]},"publishpress_future_workflow_manual_trigger":{"enabledWorkflows":[]},"_links":{"self":[{"href":"https:\/\/larucheindustrielle.fr\/fr\/wp-json\/wp\/v2\/evenement\/9635","targetHints":{"allow":["GET"]}}],"collection":[{"href":"https:\/\/larucheindustrielle.fr\/fr\/wp-json\/wp\/v2\/evenement"}],"about":[{"href":"https:\/\/larucheindustrielle.fr\/fr\/wp-json\/wp\/v2\/types\/evenement"}],"wp:featuredmedia":[{"embeddable":true,"href":"https:\/\/larucheindustrielle.fr\/fr\/wp-json\/wp\/v2\/media\/10239"}],"wp:attachment":[{"href":"https:\/\/larucheindustrielle.fr\/fr\/wp-json\/wp\/v2\/media?parent=9635"}],"wp:term":[{"taxonomy":"category","embeddable":true,"href":"https:\/\/larucheindustrielle.fr\/fr\/wp-json\/wp\/v2\/categories?post=9635"},{"taxonomy":"post_tag","embeddable":true,"href":"https:\/\/larucheindustrielle.fr\/fr\/wp-json\/wp\/v2\/tags?post=9635"}],"curies":[{"name":"wp","href":"https:\/\/api.w.org\/{rel}","templated":true}]}}